{"id":133655,"date":"2021-10-22T08:50:16","date_gmt":"2021-10-22T06:50:16","guid":{"rendered":"https:\/\/www.familinparis.fr\/what-to-do-in-paris-in-november\/"},"modified":"2026-04-29T05:22:48","modified_gmt":"2026-04-29T03:22:48","slug":"what-to-do-in-paris-in-november","status":"publish","type":"page","link":"https:\/\/www.familinparis.fr\/en\/what-to-do-in-paris-in-november\/","title":{"rendered":"What to do in Paris in November?"},"content":{"rendered":"<div class=\"lazyblock-baseline-Z21IVIC wp-block-lazyblock-baseline\"><div class=\"baseline\">Toute l&#8217;actualit\u00e9 parisienne du mois de novembre \u00e0 ne pas rater<\/div><\/div>\n<div style=\"height:50px\" aria-hidden=\"true\" class=\"wp-block-spacer\"><\/div>\n<div class=\"wp-block-image\">\n<figure class=\"aligncenter\"><a href=\"https:\/\/www.awin1.com\/cread.php?awinmid=12494&amp;awinaffid=291657&amp;ued=https%3A%2F%2Fwww.fnacspectacles.com%2Fcampaign%2Fblack-friday%3Fint%3Danimation%7Ccampagne-blackfriday%7Chome%7Cblackfriday\" target=\"_blank\" rel=\" noreferrer noopener nofollow\"><img decoding=\"async\" src=\"https:\/\/www.awin1.com\/cshow.php?s=4600258&amp;v=12494&amp;q=341361&amp;r=291657\" alt=\"\" \/><\/a><\/figure>\n<\/div>\n<div style=\"height:50px\" aria-hidden=\"true\" class=\"wp-block-spacer\"><\/div>\n\n<p>Novembre, c\u2019est le mois des\u00a0<strong>couleurs d\u2019automne et des premi\u00e8res lumi\u00e8res de No\u00ebl<\/strong>. On profite encore des\u00a0<strong>balades dans les parcs<\/strong>, des\u00a0<strong>expositions temporaires<\/strong>, des\u00a0<strong>spectacles familiaux<\/strong>\u00a0et des\u00a0<strong>grands rendez-vous culturels<\/strong>. C\u2019est aussi le moment de\u00a0<strong>pr\u00e9parer les f\u00eates de fin d\u2019ann\u00e9e<\/strong>\u00a0:\u00a0<strong>march\u00e9s de No\u00ebl, illuminations, patinoires<\/strong>\u00a0et\u00a0<strong>activit\u00e9s f\u00e9\u00e9riques pour enfants<\/strong>\u00a0commencent \u00e0 animer Paris et l\u2019\u00cele-de-France.<\/p>\n\n<div class=\"wp-block-columns is-layout-flex wp-container-core-columns-is-layout-9d6595d7 wp-block-columns-is-layout-flex\">\n<div class=\"wp-block-column is-layout-flow wp-block-column-is-layout-flow\" style=\"flex-basis:70%\"><div class=\"lazyblock-grids-1MrNID wp-block-lazyblock-grids\"><!--\n<div class=\"row new-grids grids-style-2\">\n    <div class=\"glide grid-carousel\">\n        <div class=\"grid-title grid-carousel--title\">\n            <div>\n                                    <h2>News in Paris in November<\/h2>\n                                            <\/div>\n            <div>\n                <div class=\"glide__arrows\" data-glide-el=\"controls\">\n                    <button class=\"glide__arrow glide__arrow--left\" data-glide-dir=\"|&lt;\"><i class=\"fa fa-angle-left\"><\/i><\/button>\n                    <button class=\"glide__arrow glide__arrow--right\" data-glide-dir=\"|&gt;\"><i class=\"fa fa-angle-right\"><\/i><\/button>\n                <\/div>\n            <\/div>\n        <\/div>\n        \n        <div class=\"glide__track\" data-glide-el=\"track\">\n            <ul class=\"glide__slides\">\n                <li class=\"glide__slide\">\n\n<div class=\"grid\">\n\t<a href=\"https:\/\/www.familinparis.fr\/en\/science-experiences-at-bercy-village\/\" target=\"_self\">\n\t    <div class=\"image\" style=\"background-image:url('https:\/\/www.familinparis.fr\/wp-content\/uploads\/photos-partenaires\/Science-experiences\/Volcan-1-564x282.jpg')\">\n\t    \t\t    \t<div class=\"dateOnImg\">7 days a week<\/div>\n\t    \t\t\t\t\t    <\/div>\n\t    <div class=\"texte\">\n\t        <h5>Bercy (Paris 12th)<\/h5>\n\t        <h3>Science Experiences at Bercy Village<\/h3>\n\t        <div class=\"tags\">\n\t        \t\t        \t\t<span>From 5 years old<\/span>\n\t        \t\t        \t<span>Promo : 5%<\/span>\n\t        <\/div>\n\t        <div class=\"bas\">\n        \t\t<div class=\"prix\">\n        \t\t\t        \t\t<\/div>\n            \t<div class=\"review-stars\" data-productId=\"\">\n            \t<\/div>\n\t        <\/div>\n\t    <\/div>\n\t<\/a>\n<\/div><\/li><li class=\"glide__slide\">\n\n<div class=\"grid\">\n\t<a href=\"https:\/\/www.familinparis.fr\/en\/educational-farm-in-paris-noahs-world-for-children\/\" target=\"_self\">\n\t    <div class=\"image\" style=\"background-image:url('https:\/\/www.familinparis.fr\/wp-content\/uploads\/Animaux\/Monde-de-Noe\/Monde-de-noe--564x282.jpg')\">\n\t    \t\t    \t<div class=\"dateOnImg\">7j\/7<\/div>\n\t    \t\t\t\t\t\t\t\t<div class=\"rond-blanc-age\"><span>from <span class=\"age-number\">1<\/span> yo<\/span><\/div>\n\t\t\t\t    <\/div>\n\t    <div class=\"texte\">\n\t        <h5>Dans le 14\u00e8me et le 16\u00e8me <\/h5>\n\t        <h3>Finding Noah, the immersive experience on the animal world<\/h3>\n\t        <div class=\"tags\">\n\t        \t\t        \t\t<span>Ferme p\u00e9dadogique<\/span>\n\t        \t\t        \t<span>1h environ<\/span>\n\t        <\/div>\n\t        <div class=\"bas\">\n        \t\t<div class=\"prix\">\n        \t\t\t        \t\t<\/div>\n            \t<div class=\"review-stars\" data-productId=\"\">\n            \t<\/div>\n\t        <\/div>\n\t    <\/div>\n\t<\/a>\n<\/div><\/li><li class=\"glide__slide\">\n\n<div class=\"grid\">\n\t<a href=\"https:\/\/www.familinparis.fr\/en\/visite-guidee-stade-de-france\/\" target=\"_self\">\n\t    <div class=\"image\" style=\"background-image:url('https:\/\/www.familinparis.fr\/wp-content\/uploads\/photos-partenaires\/stade-de-france-Macary-Zublenaet-Regembal-Costantini-Architectes-ADAGP-Paris\u20132016-F-Aguilhon-C-Jamet-564x282.jpg')\">\n\t    \t\t    \t<div class=\"dateOnImg\">Jusqu'au 30 juillet<\/div>\n\t    \t\t\t\t\t    <\/div>\n\t    <div class=\"texte\">\n\t        <h5>In Saint-Denis (93)<\/h5>\n\t        <h3>Behind-the-scenes tour of the Stade de France<\/h3>\n\t        <div class=\"tags\">\n\t        \t\t        \t\t<span>D\u00e8s 5-6 ans<\/span>\n\t        \t\t        \t<span>90mn<\/span>\n\t        <\/div>\n\t        <div class=\"bas\">\n        \t\t<div class=\"prix\">\n        \t\t\t        \t\t<\/div>\n            \t<div class=\"review-stars\" data-productId=\"\">\n            \t<\/div>\n\t        <\/div>\n\t    <\/div>\n\t<\/a>\n<\/div><\/li><li class=\"glide__slide\">\n\n<div class=\"grid\">\n\t<a href=\"https:\/\/www.familinparis.fr\/en\/the-origins-of-paris-immersive-tour-along-the-banks-of-the-seine\/\" target=\"_self\">\n\t    <div class=\"image\" style=\"background-image:url('https:\/\/www.familinparis.fr\/wp-content\/uploads\/2025\/07\/Capture-decran-2025-07-01-a-16.22.31-520x282.png')\">\n\t    \t\t    \t<div class=\"dateOnImg\">Jusqu'au 31 janvier 2026<\/div>\n\t    \t\t\t\t\t\t\t\t<div class=\"rond-blanc-age\"><span>from <span class=\"age-number\">8<\/span> yo<\/span><\/div>\n\t\t\t\t    <\/div>\n\t    <div class=\"texte\">\n\t        <h5>D\u00e9part sous le Pont Louis-Philippe <\/h5>\n\t        <h3>The Origins of Paris - An immersive journey<\/h3>\n\t        <div class=\"tags\">\n\t        \t\t        \t\t<span>exp\u00e9rience immersive<\/span>\n\t        \t\t        \t<span>1h<\/span>\n\t        <\/div>\n\t        <div class=\"bas\">\n        \t\t<div class=\"prix\">\n        \t\t\t\t        \t\t\t<span>From<\/span>\n\t        \t\t\t<span class=\"\">19\u20ac<\/span>\n\t        \t\t\t\t        \t\t        \t\t<\/div>\n            \t<div class=\"review-stars\" data-productId=\"\">\n            \t<\/div>\n\t        <\/div>\n\t    <\/div>\n\t<\/a>\n<\/div><\/li><li class=\"glide__slide\">\n\n<div class=\"grid\">\n\t<a href=\"https:\/\/www.familinparis.fr\/en\/christmas-illuminations-bus-tour-paris\/\" target=\"_self\">\n\t    <div class=\"image\" style=\"background-image:url('https:\/\/www.familinparis.fr\/wp-content\/uploads\/photos-partenaires\/Tootbus\/paris-by-night-en-bus-panoramique-tootbus-564x282.jpg')\">\n\t    \t\t    \t<div class=\"dateOnImg\">Resumption in November 2026<\/div>\n\t    \t\t\t\t\t    <\/div>\n\t    <div class=\"texte\">\n\t        <h5>Departure Auber<\/h5>\n\t        <h3>The Christmas lights tour by panoramic bus<\/h3>\n\t        <div class=\"tags\">\n\t        \t\t        \t\t<span>Christmas Magic<\/span>\n\t        \t\t        \t<span>1h30<\/span>\n\t        <\/div>\n\t        <div class=\"bas\">\n        \t\t<div class=\"prix\">\n        \t\t\t\t        \t\t\t<span>From<\/span>\n\t        \t\t\t<span class=\"\">29\u20ac<\/span>\n\t        \t\t\t\t        \t\t        \t\t<\/div>\n            \t<div class=\"review-stars\" data-productId=\"54\">\n            \t<\/div>\n\t        <\/div>\n\t    <\/div>\n\t<\/a>\n<\/div><\/li><li class=\"glide__slide\">\n\n<div class=\"grid\">\n\t<a href=\"https:\/\/www.familinparis.fr\/en\/what-to-do-on-november-1st\/\" target=\"_self\">\n\t    <div class=\"image\" style=\"background-image:url('https:\/\/www.familinparis.fr\/wp-content\/uploads\/parc-et-jardin\/parc-et-jardin-enfant-paris-SH-564x282.jpg')\">\n\t    \t\t\t\t\t    <\/div>\n\t    <div class=\"texte\">\n\t        <h5><\/h5>\n\t        <h3>What to do on November 1st?<\/h3>\n\t        <div class=\"tags\">\n\t        \t\t        \t<span><\/span>\n\t        <\/div>\n\t        <div class=\"bas\">\n        \t\t<div class=\"prix\">\n        \t\t\t        \t\t<\/div>\n            \t<div class=\"review-stars\" data-productId=\"\">\n            \t<\/div>\n\t        <\/div>\n\t    <\/div>\n\t<\/a>\n<\/div><\/li>            <\/ul>\n        <\/div>\n    <\/div>\n    \n            <div class=\"col-12 t-center m-b-20\">\n            <div class=\"labels__fam\">\n                                    <a href=\"\/tag\/novembre\/\" class=\"labels__fam-color-secondary labels__fam-radius-rounded\">\n                        All the news in November                    <\/a>\n                            <\/div>\n        <\/div>\n    <\/div>\n-->\n<style type=\"text\/css\">\n    .swiper{\n        width: 100%;\n    }\n    .grid-carousel__arrows {\n        display: flex;\n        gap: 1rem;\n\n    }\n    button.grid-carousel__arrow {\n        background: #008098;\n        border-radius: 50%;\n        height: 50px;\n        width: 50px;\n        border: 2px solid #008098;\n        color: #ffff;\n        padding: 0px;\n        text-align: center;\n    }\n\n    button.grid-carousel__arrow.swiper-button-disabled{\n        opacity: .15;\n    }\n    .grid-carousel .swiper-slide {\n         min-width: 300px;\n    }\n    @media (max-width: 799px) {\n        .grid-carousel__arrows {\n            display: none;\n        }\n        .grid-carousel .swiper-slide {\n            width: 40%;\n        }\n    }\n    @media (max-width: 529px) {\n        .grid-carousel .swiper-slide {\n            width: 75%;\n        }\n    }\n<\/style>\n\n<div class=\"row new-grids grids-style-2\">\n    <div class=\"swiper grid-carousel\">\n        <div class=\"grid-title grid-carousel--title\">\n            <div>\n                                    <h2>News in Paris in November<\/h2>\n                                            <\/div>\n            <div>\n                <div class=\"grid-carousel__arrows\">\n                    <button class=\"grid-carousel__arrow grid-carousel__arrow--left\">\n                        <i class=\"fa fa-angle-left\"><\/i>\n                    <\/button>\n                    <button class=\"grid-carousel__arrow grid-carousel__arrow--right\">\n                        <i class=\"fa fa-angle-right\"><\/i>\n                    <\/button>\n                <\/div>\n            <\/div>\n        <\/div>\n        \n        <div class=\"swiper-wrapper\">\n            <div class=\"swiper-slide\">\n\n<div class=\"grid\">\n\t<a href=\"https:\/\/www.familinparis.fr\/en\/science-experiences-at-bercy-village\/\" target=\"_self\">\n\t    <div class=\"image\" style=\"background-image:url('https:\/\/www.familinparis.fr\/wp-content\/uploads\/photos-partenaires\/Science-experiences\/Volcan-1-564x282.jpg')\">\n\t    \t\t    \t<div class=\"dateOnImg\">7 days a week<\/div>\n\t    \t\t\t\t\t    <\/div>\n\t    <div class=\"texte\">\n\t        <h5>Bercy (Paris 12th)<\/h5>\n\t        <h3>Science Experiences at Bercy Village<\/h3>\n\t        <div class=\"tags\">\n\t        \t\t        \t\t<span>From 5 years old<\/span>\n\t        \t\t        \t<span>Promo : 5%<\/span>\n\t        <\/div>\n\t        <div class=\"bas\">\n        \t\t<div class=\"prix\">\n        \t\t\t        \t\t<\/div>\n            \t<div class=\"review-stars\" data-productId=\"\">\n            \t<\/div>\n\t        <\/div>\n\t    <\/div>\n\t<\/a>\n<\/div><\/div><div class=\"swiper-slide\">\n\n<div class=\"grid\">\n\t<a href=\"https:\/\/www.familinparis.fr\/en\/educational-farm-in-paris-noahs-world-for-children\/\" target=\"_self\">\n\t    <div class=\"image\" style=\"background-image:url('https:\/\/www.familinparis.fr\/wp-content\/uploads\/Animaux\/Monde-de-Noe\/Monde-de-noe--564x282.jpg')\">\n\t    \t\t    \t<div class=\"dateOnImg\">7j\/7<\/div>\n\t    \t\t\t\t\t\t\t\t<div class=\"rond-blanc-age\"><span>from <span class=\"age-number\">1<\/span> yo<\/span><\/div>\n\t\t\t\t    <\/div>\n\t    <div class=\"texte\">\n\t        <h5>Dans le 14\u00e8me et le 16\u00e8me <\/h5>\n\t        <h3>Finding Noah, the immersive experience on the animal world<\/h3>\n\t        <div class=\"tags\">\n\t        \t\t        \t\t<span>Ferme p\u00e9dadogique<\/span>\n\t        \t\t        \t<span>1h environ<\/span>\n\t        <\/div>\n\t        <div class=\"bas\">\n        \t\t<div class=\"prix\">\n        \t\t\t        \t\t<\/div>\n            \t<div class=\"review-stars\" data-productId=\"\">\n            \t<\/div>\n\t        <\/div>\n\t    <\/div>\n\t<\/a>\n<\/div><\/div><div class=\"swiper-slide\">\n\n<div class=\"grid\">\n\t<a href=\"https:\/\/www.familinparis.fr\/en\/visite-guidee-stade-de-france\/\" target=\"_self\">\n\t    <div class=\"image\" style=\"background-image:url('https:\/\/www.familinparis.fr\/wp-content\/uploads\/photos-partenaires\/stade-de-france-Macary-Zublenaet-Regembal-Costantini-Architectes-ADAGP-Paris\u20132016-F-Aguilhon-C-Jamet-564x282.jpg')\">\n\t    \t\t    \t<div class=\"dateOnImg\">Jusqu&#8217;au 30 juillet<\/div>\n\t    \t\t\t\t\t    <\/div>\n\t    <div class=\"texte\">\n\t        <h5>In Saint-Denis (93)<\/h5>\n\t        <h3>Behind-the-scenes tour of the Stade de France<\/h3>\n\t        <div class=\"tags\">\n\t        \t\t        \t\t<span>D\u00e8s 5-6 ans<\/span>\n\t        \t\t        \t<span>90mn<\/span>\n\t        <\/div>\n\t        <div class=\"bas\">\n        \t\t<div class=\"prix\">\n        \t\t\t        \t\t<\/div>\n            \t<div class=\"review-stars\" data-productId=\"\">\n            \t<\/div>\n\t        <\/div>\n\t    <\/div>\n\t<\/a>\n<\/div><\/div><div class=\"swiper-slide\">\n\n<div class=\"grid\">\n\t<a href=\"https:\/\/www.familinparis.fr\/en\/the-origins-of-paris-immersive-tour-along-the-banks-of-the-seine\/\" target=\"_self\">\n\t    <div class=\"image\" style=\"background-image:url('https:\/\/www.familinparis.fr\/wp-content\/uploads\/2025\/07\/Capture-decran-2025-07-01-a-16.22.31-520x282.png')\">\n\t    \t\t    \t<div class=\"dateOnImg\">Jusqu&#8217;au 31 janvier 2026<\/div>\n\t    \t\t\t\t\t\t\t\t<div class=\"rond-blanc-age\"><span>from <span class=\"age-number\">8<\/span> yo<\/span><\/div>\n\t\t\t\t    <\/div>\n\t    <div class=\"texte\">\n\t        <h5>D\u00e9part sous le Pont Louis-Philippe <\/h5>\n\t        <h3>The Origins of Paris &#8211; An immersive journey<\/h3>\n\t        <div class=\"tags\">\n\t        \t\t        \t\t<span>exp\u00e9rience immersive<\/span>\n\t        \t\t        \t<span>1h<\/span>\n\t        <\/div>\n\t        <div class=\"bas\">\n        \t\t<div class=\"prix\">\n        \t\t\t\t        \t\t\t<span>From<\/span>\n\t        \t\t\t<span class=\"\">19\u20ac<\/span>\n\t        \t\t\t\t        \t\t        \t\t<\/div>\n            \t<div class=\"review-stars\" data-productId=\"\">\n            \t<\/div>\n\t        <\/div>\n\t    <\/div>\n\t<\/a>\n<\/div><\/div><div class=\"swiper-slide\">\n\n<div class=\"grid\">\n\t<a href=\"https:\/\/www.familinparis.fr\/en\/christmas-illuminations-bus-tour-paris\/\" target=\"_self\">\n\t    <div class=\"image\" style=\"background-image:url('https:\/\/www.familinparis.fr\/wp-content\/uploads\/photos-partenaires\/Tootbus\/paris-by-night-en-bus-panoramique-tootbus-564x282.jpg')\">\n\t    \t\t    \t<div class=\"dateOnImg\">Resumption in November 2026<\/div>\n\t    \t\t\t\t\t    <\/div>\n\t    <div class=\"texte\">\n\t        <h5>Departure Auber<\/h5>\n\t        <h3>The Christmas lights tour by panoramic bus<\/h3>\n\t        <div class=\"tags\">\n\t        \t\t        \t\t<span>Christmas Magic<\/span>\n\t        \t\t        \t<span>1h30<\/span>\n\t        <\/div>\n\t        <div class=\"bas\">\n        \t\t<div class=\"prix\">\n        \t\t\t\t        \t\t\t<span>From<\/span>\n\t        \t\t\t<span class=\"\">29\u20ac<\/span>\n\t        \t\t\t\t        \t\t        \t\t<\/div>\n            \t<div class=\"review-stars\" data-productId=\"54\">\n            \t<\/div>\n\t        <\/div>\n\t    <\/div>\n\t<\/a>\n<\/div><\/div><div class=\"swiper-slide\">\n\n<div class=\"grid\">\n\t<a href=\"https:\/\/www.familinparis.fr\/en\/what-to-do-on-november-1st\/\" target=\"_self\">\n\t    <div class=\"image\" style=\"background-image:url('https:\/\/www.familinparis.fr\/wp-content\/uploads\/parc-et-jardin\/parc-et-jardin-enfant-paris-SH-564x282.jpg')\">\n\t    \t\t\t\t\t    <\/div>\n\t    <div class=\"texte\">\n\t        <h5><\/h5>\n\t        <h3>What to do on November 1st?<\/h3>\n\t        <div class=\"tags\">\n\t        \t\t        \t<span><\/span>\n\t        <\/div>\n\t        <div class=\"bas\">\n        \t\t<div class=\"prix\">\n        \t\t\t        \t\t<\/div>\n            \t<div class=\"review-stars\" data-productId=\"\">\n            \t<\/div>\n\t        <\/div>\n\t    <\/div>\n\t<\/a>\n<\/div><\/div>        <\/div>\n    <\/div>\n    \n            <div class=\"col-12 t-center m-b-20\">\n            <div class=\"labels__fam\">\n                                    <a href=\"\/tag\/novembre\/\" class=\"labels__fam-color-secondary labels__fam-radius-rounded\">\n                        All the news in November                    <\/a>\n                            <\/div>\n        <\/div>\n    <\/div>\n\n<\/div><\/div>\n\n\n\n<div class=\"wp-block-column is-layout-flow wp-block-column-is-layout-flow\" style=\"flex-basis:30%\">\n<div style=\"height:15px\" aria-hidden=\"true\" class=\"wp-block-spacer\"><\/div>\n\n\n<div class=\"lazyblock-etiquettes-iSDrN wp-block-lazyblock-etiquettes\"><div class=\"labels__fam\">\n        <a href=\"https:\/\/www.familinparis.fr\/en\/inscription-newsletter\/\" class=\"labels__fam-color-pink labels__fam-radius-rounded\">\n        SUBSCRIBE TO THE NEWSLETTER \u2709\ufe0f        <\/a>\n  <\/div><\/div>\n\n<div class=\"lazyblock-etiquettes-2nQh5s wp-block-lazyblock-etiquettes\"><div class=\"labels__fam\">\n        <a href=\"https:\/\/www.familinparis.fr\/en\/quoi-faire-en-decembre\/\" class=\"labels__fam-color-red labels__fam-radius-rounded\">\n        PARIS EN D\u00c9CEMBRE      <\/a>\n        <a href=\"https:\/\/www.familinparis.fr\/en\/vacances-de-noel\/\" class=\"labels__fam-color-red labels__fam-radius-rounded\">\n        NO\u00cbL \u00c0 PARIS      <\/a>\n        <a href=\"https:\/\/www.familinparis.fr\/en\/ouvert-le-1er-janvier\/\" class=\"labels__fam-color-red labels__fam-radius-rounded\">\n        LE JOUR DE L&#8217;AN      <\/a>\n  <\/div><\/div>\n\n\n<div style=\"height:30px\" aria-hidden=\"true\" class=\"wp-block-spacer\"><\/div>\n\n\n\n<section class=\"wp-block-uagb-section uagb-section__wrap uagb-section__background-color uagb-block-c72fec0f m-l-20\"><div class=\"uagb-section__overlay\"><\/div><div class=\"uagb-section__inner-wrap\">\n<h2 class=\"wp-block-heading has-text-align-center\">Bon \u00e0 savoir pour vos sorties \u00e0 Paris<\/h2>\n\n\n\n<ul class=\"wp-block-list\">\n<li><a href=\"https:\/\/www.familinparis.fr\/sunset-sunside-jazz-et-gouter\/\">Les concerts Jazz et Go\u00fbter au Sunset Sunside<\/a> sont programm\u00e9s tous les dimanches de novembre<\/li>\n\n\n\n<li><a href=\"\/musee-gratuit-a-paris\/\">Les mus\u00e9es sont gratuits<\/a> le dimanche 2 novembre 2025<\/li>\n<\/ul>\n<\/div><\/section>\n\n\n\n<div style=\"height:30px\" aria-hidden=\"true\" class=\"wp-block-spacer\"><\/div>\n<\/div>\n<\/div>\n\n<div style=\"height:100px\" aria-hidden=\"true\" class=\"wp-block-spacer\"><\/div>\n\n<div class=\"wp-block-columns is-layout-flex wp-container-core-columns-is-layout-9d6595d7 wp-block-columns-is-layout-flex\">\n<div class=\"wp-block-column is-layout-flow wp-block-column-is-layout-flow\">\n<section class=\"wp-block-uagb-section uagb-section__wrap uagb-section__background-color uagb-block-eb7ec68a m-b-20\"><div class=\"uagb-section__overlay\"><\/div><div class=\"uagb-section__inner-wrap\">\n<h2 class=\"wp-block-heading has-text-align-center\">Visites famille et enfants dans les mus\u00e9es en novembre<\/h2>\n\n\n\n<p>Ces visites sont con\u00e7ues pour les familles et sont anim\u00e9es par des guides conf\u00e9renciers sp\u00e9cialistes du jeune public. Elles durent 1h30 et s&#8217;adressent selon la programmation d\u00e8s l&#8217;\u00e2ge de 3 ans et jusqu&#8217;au ados.<\/p>\n\n\n<div class=\"lazyblock-button-l0x7w wp-block-lazyblock-button\"><div class=\"t-center\" data-shop=\"\">\n  <a href=\"\/visite-guidee-musee-en-famille\/#novembre\" \n    class=\"buttons__fam buttons__fam-color-blue buttons__fam-radius-rounded\"\n     \n    \n  >\n    See the dates\n  <\/a>\n<\/div><\/div>\n\n\n<div style=\"height:21px\" aria-hidden=\"true\" class=\"wp-block-spacer\"><\/div>\n\n\n<div class=\"wp-block-image\">\n<figure class=\"aligncenter size-medium\"><img decoding=\"async\" width=\"300\" height=\"248\" src=\"https:\/\/www.familinparis.fr\/wp-content\/uploads\/Dessins\/Mus&#xE9;es\/les-musses-avec-des-enfants-300x248.jpg\" alt=\"see a museum on Easter Day\" class=\"wp-image-2361\" \/><\/figure>\n<\/div><\/div><\/section>\n<\/div>\n\n\n\n<div class=\"wp-block-column is-layout-flow wp-block-column-is-layout-flow\">\n<section class=\"wp-block-uagb-section uagb-section__wrap uagb-section__background-color uagb-block-d6199f48\" id=\"border-green\"><div class=\"uagb-section__overlay\"><\/div><div class=\"uagb-section__inner-wrap\">\n<h2 class=\"wp-block-heading has-text-align-center m-t-5\">Sorties incontournables \u00e0 Paris en novembre<\/h2>\n\n\n\n<div class=\"wp-block-buttons is-content-justification-center is-layout-flex wp-container-core-buttons-is-layout-16018d1d wp-block-buttons-is-layout-flex\">\n<div class=\"wp-block-button\"><a class=\"wp-block-button__link has-white-color has-luminous-vivid-orange-background-color has-text-color has-background has-link-color has-small-font-size has-custom-font-size wp-element-button\" href=\"https:\/\/www.familinparis.fr\/en\/must-see-family-exhibitions-in-paris\/\" style=\"border-radius:0px\">Expos<\/a><\/div>\n\n\n\n<div class=\"wp-block-button\"><a class=\"wp-block-button__link has-white-color has-vivid-cyan-blue-background-color has-text-color has-background has-link-color has-small-font-size has-custom-font-size wp-element-button\" href=\"https:\/\/www.familinparis.fr\/en\/where-to-see-animals-in-paris-and-ile-de-france\/\" style=\"border-radius:0px\">Animals<\/a><\/div>\n\n\n\n<div class=\"wp-block-button\"><a class=\"wp-block-button__link has-white-color has-vivid-purple-background-color has-text-color has-background has-link-color has-small-font-size has-custom-font-size wp-element-button\" href=\"https:\/\/www.familinparis.fr\/en\/must-see-museum-in-paris\/\" style=\"border-radius:0px\">Museums<\/a><\/div>\n\n\n\n<div class=\"wp-block-button\"><a class=\"wp-block-button__link has-white-color has-vivid-red-background-color has-text-color has-background has-link-color has-small-font-size has-custom-font-size wp-element-button\" href=\"https:\/\/www.familinparis.fr\/en\/castles-around-paris\/\" style=\"border-radius:0px\">Castles<\/a><\/div>\n\n\n\n<div class=\"wp-block-button\"><a class=\"wp-block-button__link has-white-color has-vivid-green-cyan-background-color has-text-color has-background has-link-color has-small-font-size has-custom-font-size wp-element-button\" href=\"https:\/\/www.familinparis.fr\/en\/theme-and-leisure-parks\/\" style=\"border-radius:0px\">Amusement parks<\/a><\/div>\n<\/div>\n<\/div><\/section>\n<\/div>\n<\/div>\n\n<div style=\"height:100px\" aria-hidden=\"true\" class=\"wp-block-spacer\"><\/div>\n\n<div style=\"height:31px\" aria-hidden=\"true\" class=\"wp-block-spacer\"><\/div>\n<div class=\"wp-block-image\">\n<figure class=\"aligncenter size-full\"><a href=\"https:\/\/www.awin1.com\/cread.php?awinmid=12494&amp;awinaffid=291657&amp;ued=https%3A%2F%2Fwww.fnacspectacles.com%2Fcity%2Fparis-369%2Fspectacles-94%2Fspectacles-pour-enfants-2135%2F\" target=\"_blank\" rel=\" noreferrer noopener nofollow\"><img decoding=\"async\" width=\"970\" height=\"250\" src=\"https:\/\/www.familinparis.fr\/wp-content\/uploads\/2025\/10\/sorties-enfants-affiliations-970x250-1.jpg\" alt=\"\" class=\"wp-image-148174\" srcset=\"https:\/\/www.familinparis.fr\/wp-content\/uploads\/2025\/10\/sorties-enfants-affiliations-970x250-1.jpg 970w, https:\/\/www.familinparis.fr\/wp-content\/uploads\/2025\/10\/sorties-enfants-affiliations-970x250-1-300x77.jpg 300w, https:\/\/www.familinparis.fr\/wp-content\/uploads\/2025\/10\/sorties-enfants-affiliations-970x250-1-768x198.jpg 768w, https:\/\/www.familinparis.fr\/wp-content\/uploads\/2025\/10\/sorties-enfants-affiliations-970x250-1-730x188.jpg 730w\" sizes=\"(max-width: 970px) 100vw, 970px\" \/><\/a><\/figure>\n<\/div>\n<div style=\"height:31px\" aria-hidden=\"true\" class=\"wp-block-spacer\"><\/div>\n\n<div class=\"wp-block-columns is-layout-flex wp-container-core-columns-is-layout-9d6595d7 wp-block-columns-is-layout-flex\">\n<div class=\"wp-block-column is-layout-flow wp-block-column-is-layout-flow\">\n<section class=\"wp-block-uagb-section uagb-section__wrap uagb-section__background-color uagb-block-c1586da8 border-green\"><div class=\"uagb-section__overlay\"><\/div><div class=\"uagb-section__inner-wrap\">\n<h2 class=\"wp-block-heading has-text-align-center\">Nos visites guid\u00e9es en famille \u00e0 Paris en novembre<\/h2>\n\n\n\n<ul class=\"wp-block-list\">\n<li><strong>A Saint-Germain des Pr\u00e9s<\/strong>\u00a0\u2022 Du mardi au samedi, \u201c<a href=\"https:\/\/www.familinparis.fr\/balade-gourmande-saint-germain-des-pres-paris\/\">Balade gourmande \u00e0 Saint-Germain\u201d<\/a><\/li>\n\n\n\n<li><strong>Le 1er novembre\u00a0<\/strong>\u2022 La visite ludique\u00a0<a href=\"\/jeu-de-piste-mythologie-tuilerie\/\">Les h\u00e9ros de la Mythologie aux Tuileries<\/a><\/li>\n\n\n\n<li><strong>Le 11 novembre et tous les samedis<\/strong> : la visite Enqu\u00eate <a href=\"\/visite-guidee-palais-royal\/\"> L&#8217;enqu\u00eate du Palais Royal<\/a> (d\u00e8s 9 ans)<\/li>\n\n\n\n<li><strong>Le 11 novembre et le 29 novembre <\/strong> : la visite avec des com\u00e9diens  <a href=\"\/visite-guidee-montmartre\/\">L&#8217;\u00e9ternel esprit de Montmartre<\/a> (d\u00e8s 8 ans)<\/li>\n\n\n\n<li><strong>Nov. 1 and every Sunday <\/strong>  : the visit <a href=\"https:\/\/www.familinparis.fr\/en\/visit-the-investigation-of-father-lachaise\/\">Enqu\u00eate &#8220;L&#8217;enqu\u00eate du P\u00e8re Lachaise<\/a>&#8221; (from 10 years old)<\/li>\n\n\n\n<li><strong>Nov. 10 and 24<\/strong> : The &#8221; <a href=\"https:\/\/www.familinparis.fr\/en\/investigation-tour-the-marvelous-legend-of-the-tuileries\/\">The Marvellous Legend of the Tuileries&#8221;<\/a> Investigation Tour (from 6 years old) <\/li>\n<\/ul>\n<\/div><\/section>\n<\/div>\n\n\n\n<div class=\"wp-block-column is-layout-flow wp-block-column-is-layout-flow\">\n<section class=\"wp-block-uagb-section uagb-section__wrap uagb-section__background-color uagb-block-9a353374 border-green\"><div class=\"uagb-section__overlay\"><\/div><div class=\"uagb-section__inner-wrap\">\n<h2 class=\"wp-block-heading has-text-align-center\">Les escape games ext\u00e9rieurs \u00e0 Paris avant l\u2019hiver<\/h2>\n\n\n\n<p class=\"has-text-align-center has-vivid-red-color has-text-color\"><strong>-10% with the code FAMILINPROMO<\/strong><\/p>\n\n\n\n<ul class=\"wp-block-list\">\n<li><a href=\"https:\/\/www.familinparis.fr\/en\/escape-game-with-kids-the-mysteries-of-montmartre\/\">The Mysteries of Montmartre<\/a> (for 6-9 year olds)<\/li>\n\n\n\n<li><a href=\"https:\/\/www.familinparis.fr\/en\/the-escape-game-the-secrets-of-the-covered-passages-childrens-course\/\">Covered passages <\/a>(for 6-9 year olds)<\/li>\n\n\n\n<li><a href=\"https:\/\/www.familinparis.fr\/en\/the-escape-game-the-secrets-of-the-covered-passages-teenager-adult\/\">Covered passages<\/a> (from 10 years old)<\/li>\n\n\n\n<li><a href=\"https:\/\/www.familinparis.fr\/en\/the-escape-game-the-mysteries-of-montmartre-teenager-adult\/\">The Mysteries of Montmartre<\/a> (from 10 years old)<\/li>\n\n\n\n<li><a href=\"https:\/\/www.familinparis.fr\/en\/the-escape-game-the-secrets-of-the-marais\/\">The secrets of the Marais<\/a> (from 10\/11 years old)<\/li>\n\n\n\n<li><a href=\"https:\/\/www.familinparis.fr\/en\/the-escape-game-the-mysteries-of-the-latin-quarter\/\">In the Latin Quarter<\/a> (from 12 years old)<\/li>\n\n\n\n<li><a href=\"https:\/\/www.familinparis.fr\/en\/the-street-art-at-the-butte-aux-cailles-escape-game\/\">Street art at the Butte aux Cailles <\/a>(from 13 years old)<\/li>\n\n\n\n<li><a href=\"https:\/\/www.familinparis.fr\/en\/escape-game-arsene-lupins-last-secret\/\">2 hours to discover Ars\u00e8ne Lupin&#8217;s last secret<\/a> (from 10 years old &#8211; Ile Saint-Louis)<\/li>\n\n\n\n<li><a href=\"https:\/\/www.familinparis.fr\/en\/2-hours-to-discover-the-secret-of-montmartre-treasure-hunt\/\">2 hours to discover the secret of Montmartre<\/a> (from 10 years old -Montmartre)<\/li>\n<\/ul>\n\n\n\n<div class=\"wp-block-buttons is-content-justification-center is-layout-flex wp-container-core-buttons-is-layout-16018d1d wp-block-buttons-is-layout-flex\">\n<div class=\"wp-block-button\"><a class=\"wp-block-button__link has-white-color has-vivid-red-background-color has-text-color has-background wp-element-button\" href=\"https:\/\/www.familinparis.fr\/en\/escape-game-exterieur-paris\/\">See all Escape Games<\/a><\/div>\n<\/div>\n<\/div><\/section>\n<\/div>\n<\/div>\n\n<div style=\"height:35px\" aria-hidden=\"true\" class=\"wp-block-spacer\"><\/div>\n\n<section class=\"wp-block-uagb-section uagb-section__wrap uagb-section__background-undefined uagb-block-90c87116\"><div class=\"uagb-section__overlay\"><\/div><div class=\"uagb-section__inner-wrap\">\n<h2 class=\"wp-block-heading has-text-align-center\">Any ideas if the weather isn&#8217;t super nice &#8230;<\/h2>\n\n\n\n<ul class=\"wp-block-list\">\n<li><a href=\"https:\/\/www.familinparis.fr\/en\/keepers-of-the-tales-escape-game\/\">The escape game &#8220;Keepers of the Tales&#8221;,<\/a> a great game for 5-10 year olds<\/li>\n\n\n\n<li><a href=\"https:\/\/www.familinparis.fr\/en\/batman-escape-game-paris\/\">The Batman escape game<\/a> : the largest escape game in France (from 7 years old)<\/li>\n\n\n\n<li><a href=\"https:\/\/www.familinparis.fr\/stage-magie-mercredi-musee-de-la-magie\/\">Les Ateliers Magie du mercredi<\/a> (6-8 ans)<\/li>\n\n\n\n<li><a href=\"https:\/\/www.familinparis.fr\/stage-magie-des-cartes-musee-de-la-magie\/\">Stage \u201cMagie de Sc\u00e8ne\u201d<\/a> \u2013 pour les 8-14 ans, uniquement le 1er novembre<\/li>\n\n\n\n<li><a href=\"\/experience-immersive-paris\/\">Une exp\u00e9rience immersive<\/a>, comme <a href=\"https:\/\/www.familinparis.fr\/la-belle-et-la-bete-spectacle-immersive-paris\/\">&#8220;La Belle et la B\u00eate&#8221;<\/a> ou encore <a href=\"https:\/\/www.familinparis.fr\/lhorizon-de-kheops-exposition\/\">&#8220;L\u2019horizon de Kh\u00e9ops&#8221;<\/a> ==&gt; les exp\u00e9riences immersives sont la sortie tendance du moment !<\/li>\n\n\n\n<li><a href=\"https:\/\/www.familinparis.fr\/un-amour-d-opera-billets-reduit\/\">La visite cont\u00e9e \u2013 \u201cUn amour d\u2019Op\u00e9ra\u201d<\/a><\/li>\n<\/ul>\n\n\n\n<div class=\"wp-block-buttons is-content-justification-center is-layout-flex wp-container-core-buttons-is-layout-16018d1d wp-block-buttons-is-layout-flex\">\n<div class=\"wp-block-button\"><a class=\"wp-block-button__link has-white-color has-vivid-red-background-color has-text-color has-background has-link-color wp-element-button\">ALL OUR IDEAS IN PARIS WHEN IT RAINS<\/a><\/div>\n<\/div>\n<\/div><\/section>\n\n<div style=\"height:38px\" aria-hidden=\"true\" class=\"wp-block-spacer\"><\/div>\n\n<div class=\"wp-block-columns is-layout-flex wp-container-core-columns-is-layout-9d6595d7 wp-block-columns-is-layout-flex\">\n<div class=\"wp-block-column is-layout-flow wp-block-column-is-layout-flow\" style=\"flex-basis:50%\">\n<section class=\"wp-block-uagb-section uagb-section__wrap uagb-section__background-color uagb-block-42aed433 m-l-20\"><div class=\"uagb-section__overlay\"><\/div><div class=\"uagb-section__inner-wrap\">\n<h2 class=\"wp-block-heading has-text-align-center\">Cool ideas around Paris<\/h2>\n\n\n\n<ul class=\"wp-block-list\">\n<li><a href=\"https:\/\/www.familinparis.fr\/en\/visite-guidee-stade-de-france\/\">Behind the scenes of the Stade de France<\/a> (93)<\/li>\n\n\n\n<li><a href=\"https:\/\/www.familinparis.fr\/en\/visite-guidee-insolite-roland-garros-paris-75016\/\">Behind the scenes of Roland Garos<\/a> (92)<\/li>\n\n\n\n<li><a href=\"https:\/\/www.familinparis.fr\/zoo-de-thoiry-prix-et-avis\/\">Le Zoo safari de Thoiry<\/a>\u00a0(78)<\/li>\n\n\n\n<li><a href=\"\/paris-en-tuk-tuk\/\"><\/a><a href=\"https:\/\/www.tiqets.com\/fr\/billets-zooparc-de-beauval-l145987\/?partner=familinparis&amp;tq_campaign=septembre\" target=\"_blank\" rel=\"noreferrer noopener nofollow\">Beauval Zoo<\/a> (41)<\/li>\n\n\n\n<li><a href=\"\/paris-en-tuk-tuk\/\"><\/a><a href=\"https:\/\/www.familinparis.fr\/en\/parc-asterix-tickets-and-timetables\/\">Parc Asterix<\/a> (60)<\/li>\n\n\n\n<li><a href=\"\/paris-en-tuk-tuk\/\"><\/a><a href=\"https:\/\/www.familinparis.fr\/en\/france-miniature-tickets\/\">France Miniature<\/a> (78) &#8211; Last days before winter closure<\/li>\n\n\n\n<li><a href=\"https:\/\/www.familinparis.fr\/la-mer-de-sable-tarif\/\">La mer de sable<\/a> (60) &#8211; Derniers jours avant fermeture hivernale<\/li>\n\n\n\n<li><a href=\"https:\/\/www.familinparis.fr\/en\/disneyland-ticket\/\">Disneyland<\/a> (77)<\/li>\n<\/ul>\n\n\n\n<div class=\"wp-block-buttons is-content-justification-center is-layout-flex wp-container-core-buttons-is-layout-16018d1d wp-block-buttons-is-layout-flex\">\n<div class=\"wp-block-button\"><a class=\"wp-block-button__link has-white-color has-vivid-red-background-color has-text-color has-background wp-element-button\" href=\"https:\/\/www.familinparis.fr\/en\/the-best-activities-around-paris\/\">Around Paris in November<\/a><\/div>\n<\/div>\n<\/div><\/section>\n\n\n\n<div style=\"height:31px\" aria-hidden=\"true\" class=\"wp-block-spacer\"><\/div>\n\n\n\n<div style=\"height:31px\" aria-hidden=\"true\" class=\"wp-block-spacer\"><\/div>\n<\/div>\n\n\n\n<div class=\"wp-block-column is-layout-flow wp-block-column-is-layout-flow\" style=\"flex-basis:50%\">\n<section class=\"wp-block-uagb-section uagb-section__wrap uagb-section__background-color uagb-block-53f541fc m-l-20\"><div class=\"uagb-section__overlay\"><\/div><div class=\"uagb-section__inner-wrap\">\n<h2 class=\"wp-block-heading has-text-align-center\">  In Versailles (78)<\/h2>\n\n\n\n<ul class=\"wp-block-list\">\n<li><a href=\"https:\/\/www.familinparis.fr\/chateau-de-versailles-visite-famille\/\">Le ch\u00e2teau de Versailles<\/a><\/li>\n\n\n\n<li><a href=\"\/paris-en-tuk-tuk\/\"><\/a><a href=\"https:\/\/www.familinparis.fr\/en\/the-musical-fountains-show\/\">The Musical Fountains Show at the Palace of Versailles<\/a> <\/li>\n\n\n\n<li><a href=\"https:\/\/www.familinparis.fr\/en\/enigma-walk-treasure-hunt-in-versailles-castle-district\/\">Enigma walk in Versailles<\/a> (from 8 years old) &#8211; the fun and cheap visit without a guide<\/li>\n\n\n\n<li><a href=\"https:\/\/www.familinparis.fr\/en\/escape-game-in-versailles-2-hours-to-save-the-king\/\">2 hours to save the King,<\/a> the escape game in the city or the castle park (from 10 years old) &#8211; from Wednesday to Sunday<\/li>\n\n\n\n<li><a href=\"https:\/\/www.familinparis.fr\/en\/2-hours-in-1789-treasure-hunt\/\">2 hours in 1789<\/a> , the historical escape game (from 10 years old) &#8211; Every day<\/li>\n\n\n\n<li><a href=\"https:\/\/www.familinparis.fr\/en\/revolution-tour-versailles-guided-tour\/\">Revolution tour,<\/a> the guided tour on the French Revolution in the streets of Versailles (from 10 years old) &#8211; every day<\/li>\n<\/ul>\n\n\n\n<div class=\"wp-block-buttons is-content-justification-center is-layout-flex wp-container-core-buttons-is-layout-16018d1d wp-block-buttons-is-layout-flex\">\n<div class=\"wp-block-button\"><a class=\"wp-block-button__link has-white-color has-vivid-red-background-color has-text-color has-background wp-element-button\">Family activities in Versailles<\/a><\/div>\n<\/div>\n\n\n<div class=\"wp-block-image\">\n<figure class=\"aligncenter size-large\"><img decoding=\"async\" src=\"https:\/\/www.familinparis.fr\/wp-content\/uploads\/photos-familinparis-2021\/chateau\/versailles\/le-petit-trianon-a-versailles-78-&#xA9;FamilinParis-1280x717-1-1024x574.jpg\" alt=\"\" class=\"wp-image-52716\" \/><\/figure>\n<\/div><\/div><\/section>\n<\/div>\n<\/div>\n\n<div style=\"height:50px\" aria-hidden=\"true\" class=\"wp-block-spacer\"><\/div>\n<div class=\"lazyblock-grids-Z2fv8ze wp-block-lazyblock-grids\"><!--\n<div class=\"row new-grids grids-style-2\">\n    <div class=\"glide grid-carousel\">\n        <div class=\"grid-title grid-carousel--title\">\n            <div>\n                                    <h2>Les premi\u00e8res activit\u00e9s de No\u00ebl \u00e0 Paris<\/h2>\n                                            <\/div>\n            <div>\n                <div class=\"glide__arrows\" data-glide-el=\"controls\">\n                    <button class=\"glide__arrow glide__arrow--left\" data-glide-dir=\"|&lt;\"><i class=\"fa fa-angle-left\"><\/i><\/button>\n                    <button class=\"glide__arrow glide__arrow--right\" data-glide-dir=\"|&gt;\"><i class=\"fa fa-angle-right\"><\/i><\/button>\n                <\/div>\n            <\/div>\n        <\/div>\n        \n        <div class=\"glide__track\" data-glide-el=\"track\">\n            <ul class=\"glide__slides\">\n                <li class=\"glide__slide\">\n\n<div class=\"grid\">\n\t<a href=\"https:\/\/www.familinparis.fr\/en\/magic-workshop-for-6-8-year-olds\/\" target=\"_self\">\n\t    <div class=\"image\" style=\"background-image:url('https:\/\/www.familinparis.fr\/wp-content\/uploads\/photos-partenaires\/musee-de-la-magie-paris-564x282.jpg')\">\n\t    \t\t    \t<div class=\"dateOnImg\">School holidays + public holidays<\/div>\n\t    \t\t\t\t\t    <\/div>\n\t    <div class=\"texte\">\n\t        <h5>Museum of Magic and Automata (Paris 4th)<\/h5>\n\t        <h3>Magic Workshop for 6-8 year olds<\/h3>\n\t        <div class=\"tags\">\n\t        \t\t        \t\t<span>6 - 8 years old<\/span>\n\t        \t\t        \t<span>2h30<\/span>\n\t        <\/div>\n\t        <div class=\"bas\">\n        \t\t<div class=\"prix\">\n        \t\t\t        \t\t<\/div>\n            \t<div class=\"review-stars\" data-productId=\"67\">\n            \t<\/div>\n\t        <\/div>\n\t    <\/div>\n\t<\/a>\n<\/div><\/li><li class=\"glide__slide\">\n\n<div class=\"grid\">\n\t<a href=\"https:\/\/www.familinparis.fr\/en\/magic-course-for-8-12-year-olds\/\" target=\"_self\">\n\t    <div class=\"image\" style=\"background-image:url('https:\/\/www.familinparis.fr\/wp-content\/uploads\/2023\/01\/museedesautomates-\u00a9museedelamagie-564x282.jpg')\">\n\t    \t\t    \t<div class=\"dateOnImg\">School holidays - Afternoon<\/div>\n\t    \t\t\t\t\t    <\/div>\n\t    <div class=\"texte\">\n\t        <h5>At the Museum of Magic and Automata<\/h5>\n\t        <h3>Magic course for 8-12 year olds<\/h3>\n\t        <div class=\"tags\">\n\t        \t\t        \t\t<span>  8 - 12 years old<\/span>\n\t        \t\t        \t<span>3 hours<\/span>\n\t        <\/div>\n\t        <div class=\"bas\">\n        \t\t<div class=\"prix\">\n        \t\t\t        \t\t<\/div>\n            \t<div class=\"review-stars\" data-productId=\"103\">\n            \t<\/div>\n\t        <\/div>\n\t    <\/div>\n\t<\/a>\n<\/div><\/li><li class=\"glide__slide\">\n\n<div class=\"grid\">\n\t<a href=\"https:\/\/www.familinparis.fr\/en\/chantilly-cooking-class\/\" target=\"_self\">\n\t    <div class=\"image\" style=\"background-image:url('https:\/\/www.familinparis.fr\/wp-content\/uploads\/2025\/01\/\u00a9atelierdelachantilly2025-9-564x282.jpg')\">\n\t    \t\t    \t<div class=\"dateOnImg\">du mardi au samedi<\/div>\n\t    \t\t\t\t\t    <\/div>\n\t    <div class=\"texte\">\n\t        <h5>L'Atelier de la Chantilly<\/h5>\n\t        <h3>Chantilly workshop: the musical battle<\/h3>\n\t        <div class=\"tags\">\n\t        \t\t        \t\t<span>Pour tous d\u00e8s 7 ans <\/span>\n\t        \t\t        \t<span>de 45 min \u00e0 1h30<\/span>\n\t        <\/div>\n\t        <div class=\"bas\">\n        \t\t<div class=\"prix\">\n        \t\t\t        \t\t<\/div>\n            \t<div class=\"review-stars\" data-productId=\"238\">\n            \t<\/div>\n\t        <\/div>\n\t    <\/div>\n\t<\/a>\n<\/div><\/li><li class=\"glide__slide\">\n\n<div class=\"grid\">\n\t<a href=\"https:\/\/www.familinparis.fr\/en\/amphibious-bus-tour-of-paris-on-the-seine\/\" target=\"_self\">\n\t    <div class=\"image\" style=\"background-image:url('https:\/\/www.familinparis.fr\/wp-content\/uploads\/2025\/06\/\u00a9Les-Carnards-de-la-Seine-1-564x282.jpg')\">\n\t    \t\t    \t<div class=\"dateOnImg\">Every day (except WE)<\/div>\n\t    \t\t\t\t\t    <\/div>\n\t    <div class=\"texte\">\n\t        <h5>Paris and Haut-de-Seine<\/h5>\n\t        <h3>Paris amphibious bus tour on the Seine<\/h3>\n\t        <div class=\"tags\">\n\t        \t\t        \t\t<span>Original<\/span>\n\t        \t\t        \t<span>2 hours<\/span>\n\t        <\/div>\n\t        <div class=\"bas\">\n        \t\t<div class=\"prix\">\n        \t\t\t        \t\t<\/div>\n            \t<div class=\"review-stars\" data-productId=\"\">\n            \t<\/div>\n\t        <\/div>\n\t    <\/div>\n\t<\/a>\n<\/div><\/li><li class=\"glide__slide\">\n\n<div class=\"grid\">\n\t<a href=\"https:\/\/www.familinparis.fr\/en\/magic-courses-at-the-museum-of-magic\/\" target=\"_self\">\n\t    <div class=\"image\" style=\"background-image:url('https:\/\/www.familinparis.fr\/wp-content\/uploads\/E-SHOP\/Musee-de-la-magie\/Stage-de-magie-de-scene-564x282.jpg')\">\n\t    \t\t    \t<div class=\"dateOnImg\">All year round<\/div>\n\t    \t\t\t\t\t    <\/div>\n\t    <div class=\"texte\">\n\t        <h5>Museum of Magic and Automata (Paris 4th)<\/h5>\n\t        <h3>Magic Courses at the Museum of Magic<\/h3>\n\t        <div class=\"tags\">\n\t        \t\t        \t\t<span>For everyone from 6 years old<\/span>\n\t        \t\t        \t<span>2h30 or 3h<\/span>\n\t        <\/div>\n\t        <div class=\"bas\">\n        \t\t<div class=\"prix\">\n        \t\t\t        \t\t<\/div>\n            \t<div class=\"review-stars\" data-productId=\"67\">\n            \t<\/div>\n\t        <\/div>\n\t    <\/div>\n\t<\/a>\n<\/div><\/li><li class=\"glide__slide\">\n\n<div class=\"grid\">\n\t<a href=\"https:\/\/www.familinparis.fr\/en\/the-bois-dattilly-zoo\/\" target=\"_self\">\n\t    <div class=\"image\" style=\"background-image:url('https:\/\/www.familinparis.fr\/wp-content\/uploads\/photos-partenaires\/animaux\/zoo-du-jardin-des-plantes-tarif-75005-564x282.jpg')\">\n\t    \t\t\t\t\t    <\/div>\n\t    <div class=\"texte\">\n\t        <h5><\/h5>\n\t        <h3>The Bois d'Attilly Zoo<\/h3>\n\t        <div class=\"tags\">\n\t        \t\t        \t<span><\/span>\n\t        <\/div>\n\t        <div class=\"bas\">\n        \t\t<div class=\"prix\">\n        \t\t\t\t        \t\t\t<span>From<\/span>\n\t        \t\t\t<span class=\"chiffre-barre\">21\u20ac<\/span>\n\t        \t\t\t<span class=\"chiffre\">19\u20ac<\/span>\t        \t\t        \t\t<\/div>\n            \t<div class=\"review-stars\" data-productId=\"\">\n            \t<\/div>\n\t        <\/div>\n\t    <\/div>\n\t<\/a>\n<\/div><\/li><li class=\"glide__slide\">\n\n<div class=\"grid\">\n\t<a href=\"https:\/\/www.familinparis.fr\/en\/mummies-exhibition-at-the-musee-de-l-homme\/\" target=\"_self\">\n\t    <div class=\"image\" style=\"background-image:url('https:\/\/www.familinparis.fr\/wp-content\/uploads\/2025\/11\/AFFICHE-MH_MOMIES_40x32-564x282.jpg')\">\n\t    \t\t    \t<div class=\"dateOnImg\">Jusqu'au 25 mai 2026<\/div>\n\t    \t\t\t\t\t\t\t\t<div class=\"rond-blanc-age\"><span>from <span class=\"age-number\">8<\/span> yo<\/span><\/div>\n\t\t\t\t    <\/div>\n\t    <div class=\"texte\">\n\t        <h5>Mus\u00e9e de l'Homme (Paris 16\u00e8me)<\/h5>\n\t        <h3>MOMIES \u2022 At the Mus\u00e9e de l'Homme<\/h3>\n\t        <div class=\"tags\">\n\t        \t\t        \t\t<span>exposition<\/span>\n\t        \t\t        \t<span>1h<\/span>\n\t        <\/div>\n\t        <div class=\"bas\">\n        \t\t<div class=\"prix\">\n        \t\t\t        \t\t<\/div>\n            \t<div class=\"review-stars\" data-productId=\"\">\n            \t<\/div>\n\t        <\/div>\n\t    <\/div>\n\t<\/a>\n<\/div><\/li><li class=\"glide__slide\">\n\n<div class=\"grid\">\n\t<a href=\"https:\/\/www.familinparis.fr\/en\/street-art-at-the-butte-aux-cailles-guided-tour\/\" target=\"_self\">\n\t    <div class=\"image\" style=\"background-image:url('https:\/\/www.familinparis.fr\/wp-content\/uploads\/photos-familinparis-2021\/quartier\/rue-des-cinq-diamants-street-art-butte-aux-cailles-\u00a9FamilinParis-564x282.jpg')\">\n\t    \t\t\t\t\t    <\/div>\n\t    <div class=\"texte\">\n\t        <h5><\/h5>\n\t        <h3>Street Art at the Butte aux Cailles (guided tour)<\/h3>\n\t        <div class=\"tags\">\n\t        \t\t        \t<span><\/span>\n\t        <\/div>\n\t        <div class=\"bas\">\n        \t\t<div class=\"prix\">\n        \t\t\t        \t\t<\/div>\n            \t<div class=\"review-stars\" data-productId=\"266\">\n            \t<\/div>\n\t        <\/div>\n\t    <\/div>\n\t<\/a>\n<\/div><\/li><li class=\"glide__slide\">\n\n<div class=\"grid\">\n\t<a href=\"https:\/\/www.familinparis.fr\/en\/revolution-tour-versailles-guided-tour\/\" target=\"_self\">\n\t    <div class=\"image\" style=\"background-image:url('https:\/\/www.familinparis.fr\/wp-content\/uploads\/Visites-Insolites\/Versailles\/Versailles-Revolution-Tour-2025-564x282.jpg')\">\n\t    \t\t\t\t\t    <\/div>\n\t    <div class=\"texte\">\n\t        <h5><\/h5>\n\t        <h3>Revolution tour Versailles (guided tour)<\/h3>\n\t        <div class=\"tags\">\n\t        \t\t        \t<span><\/span>\n\t        <\/div>\n\t        <div class=\"bas\">\n        \t\t<div class=\"prix\">\n        \t\t\t        \t\t<\/div>\n            \t<div class=\"review-stars\" data-productId=\"155\">\n            \t<\/div>\n\t        <\/div>\n\t    <\/div>\n\t<\/a>\n<\/div><\/li><li class=\"glide__slide\">\n\n<div class=\"grid\">\n\t<a href=\"https:\/\/www.familinparis.fr\/en\/teens\/\" target=\"_self\">\n\t    <div class=\"image\" style=\"background-image:url('https:\/\/www.familinparis.fr\/wp-content\/uploads\/THEATRE\/Ados\/piece-de-theatre-ados-paris-490x282.jpg')\">\n\t    \t\t\t\t\t    <\/div>\n\t    <div class=\"texte\">\n\t        <h5><\/h5>\n\t        <h3>Teens<\/h3>\n\t        <div class=\"tags\">\n\t        \t\t        \t<span><\/span>\n\t        <\/div>\n\t        <div class=\"bas\">\n        \t\t<div class=\"prix\">\n        \t\t\t        \t\t<\/div>\n            \t<div class=\"review-stars\" data-productId=\"\">\n            \t<\/div>\n\t        <\/div>\n\t    <\/div>\n\t<\/a>\n<\/div><\/li><li class=\"glide__slide\">\n\n<div class=\"grid\">\n\t<a href=\"https:\/\/www.familinparis.fr\/en\/gallic-christmas-at-parc-asterix\/\" target=\"_self\">\n\t    <div class=\"image\" style=\"background-image:url('https:\/\/www.familinparis.fr\/wp-content\/uploads\/2024\/08\/NoelGaulois2025-564x282.jpg')\">\n\t    \t\t    \t<div class=\"dateOnImg\">Du 20 d\u00e9cembre 2025 au 4 janvier 2026<\/div>\n\t    \t\t\t\t\t\t\t\t<div class=\"rond-blanc-age\"><span>For all<\/span><\/div>\n\t\t\t\t    <\/div>\n\t    <div class=\"texte\">\n\t        <h5>Au Parc Ast\u00e9rix (60)<\/h5>\n\t        <h3>Gallic Christmas at Parc Ast\u00e9rix<\/h3>\n\t        <div class=\"tags\">\n\t        \t\t        \t\t<span>No\u00ebl 2025<\/span>\n\t        \t\t        \t<span><\/span>\n\t        <\/div>\n\t        <div class=\"bas\">\n        \t\t<div class=\"prix\">\n        \t\t\t        \t\t<\/div>\n            \t<div class=\"review-stars\" data-productId=\"\">\n            \t<\/div>\n\t        <\/div>\n\t    <\/div>\n\t<\/a>\n<\/div><\/li><li class=\"glide__slide\">\n\n<div class=\"grid\">\n\t<a href=\"https:\/\/www.familinparis.fr\/en\/the-most-beautiful-christmas-lights\/\" target=\"_self\">\n\t    <div class=\"image\" style=\"background-image:url('https:\/\/www.familinparis.fr\/wp-content\/uploads\/2025\/11\/christmas-4669635_1280-564x282.jpg')\">\n\t    \t\t    \t<div class=\"dateOnImg\">Jusqu'\u00e0 d\u00e9but janvier 2026<\/div>\n\t    \t\t\t\t\t\t\t\t<div class=\"rond-blanc-age\"><span>For all<\/span><\/div>\n\t\t\t\t    <\/div>\n\t    <div class=\"texte\">\n\t        <h5>A Paris et autour<\/h5>\n\t        <h3>The most beautiful Christmas lights in Paris<\/h3>\n\t        <div class=\"tags\">\n\t        \t\t        \t\t<span>FEERIE DE NO\u00cbL<\/span>\n\t        \t\t        \t<span><\/span>\n\t        <\/div>\n\t        <div class=\"bas\">\n        \t\t<div class=\"prix\">\n        \t\t\t        \t\t<\/div>\n            \t<div class=\"review-stars\" data-productId=\"\">\n            \t<\/div>\n\t        <\/div>\n\t    <\/div>\n\t<\/a>\n<\/div><\/li>            <\/ul>\n        <\/div>\n    <\/div>\n    \n    <\/div>\n-->\n<style type=\"text\/css\">\n    .swiper{\n        width: 100%;\n    }\n    .grid-carousel__arrows {\n        display: flex;\n        gap: 1rem;\n\n    }\n    button.grid-carousel__arrow {\n        background: #008098;\n        border-radius: 50%;\n        height: 50px;\n        width: 50px;\n        border: 2px solid #008098;\n        color: #ffff;\n        padding: 0px;\n        text-align: center;\n    }\n\n    button.grid-carousel__arrow.swiper-button-disabled{\n        opacity: .15;\n    }\n    .grid-carousel .swiper-slide {\n         min-width: 300px;\n    }\n    @media (max-width: 799px) {\n        .grid-carousel__arrows {\n            display: none;\n        }\n        .grid-carousel .swiper-slide {\n            width: 40%;\n        }\n    }\n    @media (max-width: 529px) {\n        .grid-carousel .swiper-slide {\n            width: 75%;\n        }\n    }\n<\/style>\n\n<div class=\"row new-grids grids-style-2\">\n    <div class=\"swiper grid-carousel\">\n        <div class=\"grid-title grid-carousel--title\">\n            <div>\n                                    <h2>Les premi\u00e8res activit\u00e9s de No\u00ebl \u00e0 Paris<\/h2>\n                                            <\/div>\n            <div>\n                <div class=\"grid-carousel__arrows\">\n                    <button class=\"grid-carousel__arrow grid-carousel__arrow--left\">\n                        <i class=\"fa fa-angle-left\"><\/i>\n                    <\/button>\n                    <button class=\"grid-carousel__arrow grid-carousel__arrow--right\">\n                        <i class=\"fa fa-angle-right\"><\/i>\n                    <\/button>\n                <\/div>\n            <\/div>\n        <\/div>\n        \n        <div class=\"swiper-wrapper\">\n            <div class=\"swiper-slide\">\n\n<div class=\"grid\">\n\t<a href=\"https:\/\/www.familinparis.fr\/en\/magic-workshop-for-6-8-year-olds\/\" target=\"_self\">\n\t    <div class=\"image\" style=\"background-image:url('https:\/\/www.familinparis.fr\/wp-content\/uploads\/photos-partenaires\/musee-de-la-magie-paris-564x282.jpg')\">\n\t    \t\t    \t<div class=\"dateOnImg\">School holidays + public holidays<\/div>\n\t    \t\t\t\t\t    <\/div>\n\t    <div class=\"texte\">\n\t        <h5>Museum of Magic and Automata (Paris 4th)<\/h5>\n\t        <h3>Magic Workshop for 6-8 year olds<\/h3>\n\t        <div class=\"tags\">\n\t        \t\t        \t\t<span>6 &#8211; 8 years old<\/span>\n\t        \t\t        \t<span>2h30<\/span>\n\t        <\/div>\n\t        <div class=\"bas\">\n        \t\t<div class=\"prix\">\n        \t\t\t        \t\t<\/div>\n            \t<div class=\"review-stars\" data-productId=\"67\">\n            \t<\/div>\n\t        <\/div>\n\t    <\/div>\n\t<\/a>\n<\/div><\/div><div class=\"swiper-slide\">\n\n<div class=\"grid\">\n\t<a href=\"https:\/\/www.familinparis.fr\/en\/magic-course-for-8-12-year-olds\/\" target=\"_self\">\n\t    <div class=\"image\" style=\"background-image:url('https:\/\/www.familinparis.fr\/wp-content\/uploads\/2023\/01\/museedesautomates-\u00a9museedelamagie-564x282.jpg')\">\n\t    \t\t    \t<div class=\"dateOnImg\">School holidays &#8211; Afternoon<\/div>\n\t    \t\t\t\t\t    <\/div>\n\t    <div class=\"texte\">\n\t        <h5>At the Museum of Magic and Automata<\/h5>\n\t        <h3>Magic course for 8-12 year olds<\/h3>\n\t        <div class=\"tags\">\n\t        \t\t        \t\t<span>  8 &#8211; 12 years old<\/span>\n\t        \t\t        \t<span>3 hours<\/span>\n\t        <\/div>\n\t        <div class=\"bas\">\n        \t\t<div class=\"prix\">\n        \t\t\t        \t\t<\/div>\n            \t<div class=\"review-stars\" data-productId=\"103\">\n            \t<\/div>\n\t        <\/div>\n\t    <\/div>\n\t<\/a>\n<\/div><\/div><div class=\"swiper-slide\">\n\n<div class=\"grid\">\n\t<a href=\"https:\/\/www.familinparis.fr\/en\/chantilly-cooking-class\/\" target=\"_self\">\n\t    <div class=\"image\" style=\"background-image:url('https:\/\/www.familinparis.fr\/wp-content\/uploads\/2025\/01\/\u00a9atelierdelachantilly2025-9-564x282.jpg')\">\n\t    \t\t    \t<div class=\"dateOnImg\">du mardi au samedi<\/div>\n\t    \t\t\t\t\t    <\/div>\n\t    <div class=\"texte\">\n\t        <h5>L&#8217;Atelier de la Chantilly<\/h5>\n\t        <h3>Chantilly workshop: the musical battle<\/h3>\n\t        <div class=\"tags\">\n\t        \t\t        \t\t<span>Pour tous d\u00e8s 7 ans <\/span>\n\t        \t\t        \t<span>de 45 min \u00e0 1h30<\/span>\n\t        <\/div>\n\t        <div class=\"bas\">\n        \t\t<div class=\"prix\">\n        \t\t\t        \t\t<\/div>\n            \t<div class=\"review-stars\" data-productId=\"238\">\n            \t<\/div>\n\t        <\/div>\n\t    <\/div>\n\t<\/a>\n<\/div><\/div><div class=\"swiper-slide\">\n\n<div class=\"grid\">\n\t<a href=\"https:\/\/www.familinparis.fr\/en\/amphibious-bus-tour-of-paris-on-the-seine\/\" target=\"_self\">\n\t    <div class=\"image\" style=\"background-image:url('https:\/\/www.familinparis.fr\/wp-content\/uploads\/2025\/06\/\u00a9Les-Carnards-de-la-Seine-1-564x282.jpg')\">\n\t    \t\t    \t<div class=\"dateOnImg\">Every day (except WE)<\/div>\n\t    \t\t\t\t\t    <\/div>\n\t    <div class=\"texte\">\n\t        <h5>Paris and Haut-de-Seine<\/h5>\n\t        <h3>Paris amphibious bus tour on the Seine<\/h3>\n\t        <div class=\"tags\">\n\t        \t\t        \t\t<span>Original<\/span>\n\t        \t\t        \t<span>2 hours<\/span>\n\t        <\/div>\n\t        <div class=\"bas\">\n        \t\t<div class=\"prix\">\n        \t\t\t        \t\t<\/div>\n            \t<div class=\"review-stars\" data-productId=\"\">\n            \t<\/div>\n\t        <\/div>\n\t    <\/div>\n\t<\/a>\n<\/div><\/div><div class=\"swiper-slide\">\n\n<div class=\"grid\">\n\t<a href=\"https:\/\/www.familinparis.fr\/en\/magic-courses-at-the-museum-of-magic\/\" target=\"_self\">\n\t    <div class=\"image\" style=\"background-image:url('https:\/\/www.familinparis.fr\/wp-content\/uploads\/E-SHOP\/Musee-de-la-magie\/Stage-de-magie-de-scene-564x282.jpg')\">\n\t    \t\t    \t<div class=\"dateOnImg\">All year round<\/div>\n\t    \t\t\t\t\t    <\/div>\n\t    <div class=\"texte\">\n\t        <h5>Museum of Magic and Automata (Paris 4th)<\/h5>\n\t        <h3>Magic Courses at the Museum of Magic<\/h3>\n\t        <div class=\"tags\">\n\t        \t\t        \t\t<span>For everyone from 6 years old<\/span>\n\t        \t\t        \t<span>2h30 or 3h<\/span>\n\t        <\/div>\n\t        <div class=\"bas\">\n        \t\t<div class=\"prix\">\n        \t\t\t        \t\t<\/div>\n            \t<div class=\"review-stars\" data-productId=\"67\">\n            \t<\/div>\n\t        <\/div>\n\t    <\/div>\n\t<\/a>\n<\/div><\/div><div class=\"swiper-slide\">\n\n<div class=\"grid\">\n\t<a href=\"https:\/\/www.familinparis.fr\/en\/the-bois-dattilly-zoo\/\" target=\"_self\">\n\t    <div class=\"image\" style=\"background-image:url('https:\/\/www.familinparis.fr\/wp-content\/uploads\/photos-partenaires\/animaux\/zoo-du-jardin-des-plantes-tarif-75005-564x282.jpg')\">\n\t    \t\t\t\t\t    <\/div>\n\t    <div class=\"texte\">\n\t        <h5><\/h5>\n\t        <h3>The Bois d&#8217;Attilly Zoo<\/h3>\n\t        <div class=\"tags\">\n\t        \t\t        \t<span><\/span>\n\t        <\/div>\n\t        <div class=\"bas\">\n        \t\t<div class=\"prix\">\n        \t\t\t\t        \t\t\t<span>From<\/span>\n\t        \t\t\t<span class=\"chiffre-barre\">21\u20ac<\/span>\n\t        \t\t\t<span class=\"chiffre\">19\u20ac<\/span>\t        \t\t        \t\t<\/div>\n            \t<div class=\"review-stars\" data-productId=\"\">\n            \t<\/div>\n\t        <\/div>\n\t    <\/div>\n\t<\/a>\n<\/div><\/div><div class=\"swiper-slide\">\n\n<div class=\"grid\">\n\t<a href=\"https:\/\/www.familinparis.fr\/en\/mummies-exhibition-at-the-musee-de-l-homme\/\" target=\"_self\">\n\t    <div class=\"image\" style=\"background-image:url('https:\/\/www.familinparis.fr\/wp-content\/uploads\/2025\/11\/AFFICHE-MH_MOMIES_40x32-564x282.jpg')\">\n\t    \t\t    \t<div class=\"dateOnImg\">Jusqu&#8217;au 25 mai 2026<\/div>\n\t    \t\t\t\t\t\t\t\t<div class=\"rond-blanc-age\"><span>from <span class=\"age-number\">8<\/span> yo<\/span><\/div>\n\t\t\t\t    <\/div>\n\t    <div class=\"texte\">\n\t        <h5>Mus\u00e9e de l&#8217;Homme (Paris 16\u00e8me)<\/h5>\n\t        <h3>MOMIES \u2022 At the Mus\u00e9e de l&#8217;Homme<\/h3>\n\t        <div class=\"tags\">\n\t        \t\t        \t\t<span>exposition<\/span>\n\t        \t\t        \t<span>1h<\/span>\n\t        <\/div>\n\t        <div class=\"bas\">\n        \t\t<div class=\"prix\">\n        \t\t\t        \t\t<\/div>\n            \t<div class=\"review-stars\" data-productId=\"\">\n            \t<\/div>\n\t        <\/div>\n\t    <\/div>\n\t<\/a>\n<\/div><\/div><div class=\"swiper-slide\">\n\n<div class=\"grid\">\n\t<a href=\"https:\/\/www.familinparis.fr\/en\/street-art-at-the-butte-aux-cailles-guided-tour\/\" target=\"_self\">\n\t    <div class=\"image\" style=\"background-image:url('https:\/\/www.familinparis.fr\/wp-content\/uploads\/photos-familinparis-2021\/quartier\/rue-des-cinq-diamants-street-art-butte-aux-cailles-\u00a9FamilinParis-564x282.jpg')\">\n\t    \t\t\t\t\t    <\/div>\n\t    <div class=\"texte\">\n\t        <h5><\/h5>\n\t        <h3>Street Art at the Butte aux Cailles (guided tour)<\/h3>\n\t        <div class=\"tags\">\n\t        \t\t        \t<span><\/span>\n\t        <\/div>\n\t        <div class=\"bas\">\n        \t\t<div class=\"prix\">\n        \t\t\t        \t\t<\/div>\n            \t<div class=\"review-stars\" data-productId=\"266\">\n            \t<\/div>\n\t        <\/div>\n\t    <\/div>\n\t<\/a>\n<\/div><\/div><div class=\"swiper-slide\">\n\n<div class=\"grid\">\n\t<a href=\"https:\/\/www.familinparis.fr\/en\/revolution-tour-versailles-guided-tour\/\" target=\"_self\">\n\t    <div class=\"image\" style=\"background-image:url('https:\/\/www.familinparis.fr\/wp-content\/uploads\/Visites-Insolites\/Versailles\/Versailles-Revolution-Tour-2025-564x282.jpg')\">\n\t    \t\t\t\t\t    <\/div>\n\t    <div class=\"texte\">\n\t        <h5><\/h5>\n\t        <h3>Revolution tour Versailles (guided tour)<\/h3>\n\t        <div class=\"tags\">\n\t        \t\t        \t<span><\/span>\n\t        <\/div>\n\t        <div class=\"bas\">\n        \t\t<div class=\"prix\">\n        \t\t\t        \t\t<\/div>\n            \t<div class=\"review-stars\" data-productId=\"155\">\n            \t<\/div>\n\t        <\/div>\n\t    <\/div>\n\t<\/a>\n<\/div><\/div><div class=\"swiper-slide\">\n\n<div class=\"grid\">\n\t<a href=\"https:\/\/www.familinparis.fr\/en\/teens\/\" target=\"_self\">\n\t    <div class=\"image\" style=\"background-image:url('https:\/\/www.familinparis.fr\/wp-content\/uploads\/THEATRE\/Ados\/piece-de-theatre-ados-paris-490x282.jpg')\">\n\t    \t\t\t\t\t    <\/div>\n\t    <div class=\"texte\">\n\t        <h5><\/h5>\n\t        <h3>Teens<\/h3>\n\t        <div class=\"tags\">\n\t        \t\t        \t<span><\/span>\n\t        <\/div>\n\t        <div class=\"bas\">\n        \t\t<div class=\"prix\">\n        \t\t\t        \t\t<\/div>\n            \t<div class=\"review-stars\" data-productId=\"\">\n            \t<\/div>\n\t        <\/div>\n\t    <\/div>\n\t<\/a>\n<\/div><\/div><div class=\"swiper-slide\">\n\n<div class=\"grid\">\n\t<a href=\"https:\/\/www.familinparis.fr\/en\/gallic-christmas-at-parc-asterix\/\" target=\"_self\">\n\t    <div class=\"image\" style=\"background-image:url('https:\/\/www.familinparis.fr\/wp-content\/uploads\/2024\/08\/NoelGaulois2025-564x282.jpg')\">\n\t    \t\t    \t<div class=\"dateOnImg\">Du 20 d\u00e9cembre 2025 au 4 janvier 2026<\/div>\n\t    \t\t\t\t\t\t\t\t<div class=\"rond-blanc-age\"><span>For all<\/span><\/div>\n\t\t\t\t    <\/div>\n\t    <div class=\"texte\">\n\t        <h5>Au Parc Ast\u00e9rix (60)<\/h5>\n\t        <h3>Gallic Christmas at Parc Ast\u00e9rix<\/h3>\n\t        <div class=\"tags\">\n\t        \t\t        \t\t<span>No\u00ebl 2025<\/span>\n\t        \t\t        \t<span><\/span>\n\t        <\/div>\n\t        <div class=\"bas\">\n        \t\t<div class=\"prix\">\n        \t\t\t        \t\t<\/div>\n            \t<div class=\"review-stars\" data-productId=\"\">\n            \t<\/div>\n\t        <\/div>\n\t    <\/div>\n\t<\/a>\n<\/div><\/div><div class=\"swiper-slide\">\n\n<div class=\"grid\">\n\t<a href=\"https:\/\/www.familinparis.fr\/en\/the-most-beautiful-christmas-lights\/\" target=\"_self\">\n\t    <div class=\"image\" style=\"background-image:url('https:\/\/www.familinparis.fr\/wp-content\/uploads\/2025\/11\/christmas-4669635_1280-564x282.jpg')\">\n\t    \t\t    \t<div class=\"dateOnImg\">Jusqu&#8217;\u00e0 d\u00e9but janvier 2026<\/div>\n\t    \t\t\t\t\t\t\t\t<div class=\"rond-blanc-age\"><span>For all<\/span><\/div>\n\t\t\t\t    <\/div>\n\t    <div class=\"texte\">\n\t        <h5>A Paris et autour<\/h5>\n\t        <h3>The most beautiful Christmas lights in Paris<\/h3>\n\t        <div class=\"tags\">\n\t        \t\t        \t\t<span>FEERIE DE NO\u00cbL<\/span>\n\t        \t\t        \t<span><\/span>\n\t        <\/div>\n\t        <div class=\"bas\">\n        \t\t<div class=\"prix\">\n        \t\t\t        \t\t<\/div>\n            \t<div class=\"review-stars\" data-productId=\"\">\n            \t<\/div>\n\t        <\/div>\n\t    <\/div>\n\t<\/a>\n<\/div><\/div>        <\/div>\n    <\/div>\n    \n    <\/div>\n\n<\/div><div class=\"lazyblock-grids-Zn1cV9 wp-block-lazyblock-grids\"><div class=\"row new-grids grids-style-2\">\n        <div class=\"col-12 grid-title\">\n        <h2 class=\"c-blue\">Pr\u00e9parer les vacances de No\u00ebl et le jour de l\u2019an<\/h2>\n\n            <\/div>\n        \n    <div class=\"col-12 grids columns-4\">\n        \n\n<div class=\"grid\">\n\t<a href=\"https:\/\/www.familinparis.fr\/en\/magic-workshop-for-6-8-year-olds\/\" target=\"_self\">\n\t    <div class=\"image\" style=\"background-image:url('https:\/\/www.familinparis.fr\/wp-content\/uploads\/photos-partenaires\/musee-de-la-magie-paris-564x282.jpg')\">\n\t    \t\t    \t<div class=\"dateOnImg\">School holidays + public holidays<\/div>\n\t    \t\t\t\t\t    <\/div>\n\t    <div class=\"texte\">\n\t        <h5>Museum of Magic and Automata (Paris 4th)<\/h5>\n\t        <h3>Magic Workshop for 6-8 year olds<\/h3>\n\t        <div class=\"tags\">\n\t        \t\t        \t\t<span>6 &#8211; 8 years old<\/span>\n\t        \t\t        \t<span>2h30<\/span>\n\t        <\/div>\n\t        <div class=\"bas\">\n        \t\t<div class=\"prix\">\n        \t\t\t        \t\t<\/div>\n            \t<div class=\"review-stars\" data-productId=\"67\">\n            \t<\/div>\n\t        <\/div>\n\t    <\/div>\n\t<\/a>\n<\/div>\n\n<div class=\"grid\">\n\t<a href=\"https:\/\/www.familinparis.fr\/en\/magic-course-for-8-12-year-olds\/\" target=\"_self\">\n\t    <div class=\"image\" style=\"background-image:url('https:\/\/www.familinparis.fr\/wp-content\/uploads\/2023\/01\/museedesautomates-\u00a9museedelamagie-564x282.jpg')\">\n\t    \t\t    \t<div class=\"dateOnImg\">School holidays &#8211; Afternoon<\/div>\n\t    \t\t\t\t\t    <\/div>\n\t    <div class=\"texte\">\n\t        <h5>At the Museum of Magic and Automata<\/h5>\n\t        <h3>Magic course for 8-12 year olds<\/h3>\n\t        <div class=\"tags\">\n\t        \t\t        \t\t<span>  8 &#8211; 12 years old<\/span>\n\t        \t\t        \t<span>3 hours<\/span>\n\t        <\/div>\n\t        <div class=\"bas\">\n        \t\t<div class=\"prix\">\n        \t\t\t        \t\t<\/div>\n            \t<div class=\"review-stars\" data-productId=\"103\">\n            \t<\/div>\n\t        <\/div>\n\t    <\/div>\n\t<\/a>\n<\/div>\n\n<div class=\"grid\">\n\t<a href=\"https:\/\/www.familinparis.fr\/en\/aquarium-of-paris-price\/\" target=\"_self\">\n\t    <div class=\"image\" style=\"background-image:url('https:\/\/www.familinparis.fr\/wp-content\/uploads\/photos-familinparis-2021\/animaux\/l-aquarium-de-paris-enfant-\u00a9Estelle-Hirrien-564x282.jpg')\">\n\t    \t\t    \t<div class=\"dateOnImg\">7 days a week<\/div>\n\t    \t\t\t\t\t    <\/div>\n\t    <div class=\"texte\">\n\t        <h5>Trocadero Garden<\/h5>\n\t        <h3>Aquarium of Paris<\/h3>\n\t        <div class=\"tags\">\n\t        \t\t        \t\t<span>PROMO on duo tickets<\/span>\n\t        \t\t        \t<span>About 1 hour<\/span>\n\t        <\/div>\n\t        <div class=\"bas\">\n        \t\t<div class=\"prix\">\n        \t\t\t\t        \t\t\t<span>From<\/span>\n\t        \t\t\t<span class=\"chiffre-barre\">48\u20ac<\/span>\n\t        \t\t\t<span class=\"chiffre\">36\u20ac<\/span>\t        \t\t        \t\t<\/div>\n            \t<div class=\"review-stars\" data-productId=\"25\">\n            \t<\/div>\n\t        <\/div>\n\t    <\/div>\n\t<\/a>\n<\/div>\n\n<div class=\"grid\">\n\t<a href=\"https:\/\/www.familinparis.fr\/en\/rex-studios-reduced-rate\/\" target=\"_self\">\n\t    <div class=\"image\" style=\"background-image:url('https:\/\/www.familinparis.fr\/wp-content\/uploads\/photos-familinparis-2021\/loisirs\/rex-studios\/visite-du-rex-studios-grad-rex-\u00a9FamilinParis-1280x960-1-564x282.jpg')\">\n\t    \t\t    \t<div class=\"dateOnImg\">All year round<\/div>\n\t    \t\t\t\t\t    <\/div>\n\t    <div class=\"texte\">\n\t        <h5>In the 2nd<\/h5>\n\t        <h3>Rex Studios, the behind-the-scenes tour of the Grand Rex<\/h3>\n\t        <div class=\"tags\">\n\t        \t\t        \t\t<span>PROMO : -12%<\/span>\n\t        \t\t        \t<span>50 minutes <\/span>\n\t        <\/div>\n\t        <div class=\"bas\">\n        \t\t<div class=\"prix\">\n        \t\t\t\t        \t\t\t<span>From<\/span>\n\t        \t\t\t<span class=\"chiffre-barre\">10\u20ac<\/span>\n\t        \t\t\t<span class=\"chiffre\">8,8\u20ac<\/span>\t        \t\t        \t\t<\/div>\n            \t<div class=\"review-stars\" data-productId=\"10\">\n            \t<\/div>\n\t        <\/div>\n\t    <\/div>\n\t<\/a>\n<\/div>    <\/div>\n\n    \n    \n\n<\/div>\n<\/div><div class=\"lazyblock-grids-tkjFC wp-block-lazyblock-grids\"><!--\n<div class=\"row new-grids grids-style-2\">\n    <div class=\"glide grid-carousel\">\n        <div class=\"grid-title grid-carousel--title\">\n            <div>\n                                    <h2>Que faire \u00e0 Paris en d\u00e9cembre ?<\/h2>\n                                            <\/div>\n            <div>\n                <div class=\"glide__arrows\" data-glide-el=\"controls\">\n                    <button class=\"glide__arrow glide__arrow--left\" data-glide-dir=\"|&lt;\"><i class=\"fa fa-angle-left\"><\/i><\/button>\n                    <button class=\"glide__arrow glide__arrow--right\" data-glide-dir=\"|&gt;\"><i class=\"fa fa-angle-right\"><\/i><\/button>\n                <\/div>\n            <\/div>\n        <\/div>\n        \n        <div class=\"glide__track\" data-glide-el=\"track\">\n            <ul class=\"glide__slides\">\n                <li class=\"glide__slide\">\n\n<div class=\"grid\">\n\t<a href=\"https:\/\/www.familinparis.fr\/en\/magic-course-for-8-12-year-olds\/\" target=\"_self\">\n\t    <div class=\"image\" style=\"background-image:url('https:\/\/www.familinparis.fr\/wp-content\/uploads\/2023\/01\/museedesautomates-\u00a9museedelamagie-564x282.jpg')\">\n\t    \t\t    \t<div class=\"dateOnImg\">School holidays - Afternoon<\/div>\n\t    \t\t\t\t\t    <\/div>\n\t    <div class=\"texte\">\n\t        <h5>At the Museum of Magic and Automata<\/h5>\n\t        <h3>Magic course for 8-12 year olds<\/h3>\n\t        <div class=\"tags\">\n\t        \t\t        \t\t<span>  8 - 12 years old<\/span>\n\t        \t\t        \t<span>3 hours<\/span>\n\t        <\/div>\n\t        <div class=\"bas\">\n        \t\t<div class=\"prix\">\n        \t\t\t        \t\t<\/div>\n            \t<div class=\"review-stars\" data-productId=\"103\">\n            \t<\/div>\n\t        <\/div>\n\t    <\/div>\n\t<\/a>\n<\/div><\/li><li class=\"glide__slide\">\n\n<div class=\"grid\">\n\t<a href=\"https:\/\/www.familinparis.fr\/en\/magic-courses-at-the-museum-of-magic\/\" target=\"_self\">\n\t    <div class=\"image\" style=\"background-image:url('https:\/\/www.familinparis.fr\/wp-content\/uploads\/E-SHOP\/Musee-de-la-magie\/Stage-de-magie-de-scene-564x282.jpg')\">\n\t    \t\t    \t<div class=\"dateOnImg\">All year round<\/div>\n\t    \t\t\t\t\t    <\/div>\n\t    <div class=\"texte\">\n\t        <h5>Museum of Magic and Automata (Paris 4th)<\/h5>\n\t        <h3>Magic Courses at the Museum of Magic<\/h3>\n\t        <div class=\"tags\">\n\t        \t\t        \t\t<span>For everyone from 6 years old<\/span>\n\t        \t\t        \t<span>2h30 or 3h<\/span>\n\t        <\/div>\n\t        <div class=\"bas\">\n        \t\t<div class=\"prix\">\n        \t\t\t        \t\t<\/div>\n            \t<div class=\"review-stars\" data-productId=\"67\">\n            \t<\/div>\n\t        <\/div>\n\t    <\/div>\n\t<\/a>\n<\/div><\/li><li class=\"glide__slide\">\n\n<div class=\"grid\">\n\t<a href=\"https:\/\/www.familinparis.fr\/en\/science-experiences-at-bercy-village\/\" target=\"_self\">\n\t    <div class=\"image\" style=\"background-image:url('https:\/\/www.familinparis.fr\/wp-content\/uploads\/photos-partenaires\/Science-experiences\/Volcan-1-564x282.jpg')\">\n\t    \t\t    \t<div class=\"dateOnImg\">7 days a week<\/div>\n\t    \t\t\t\t\t    <\/div>\n\t    <div class=\"texte\">\n\t        <h5>Bercy (Paris 12th)<\/h5>\n\t        <h3>Science Experiences at Bercy Village<\/h3>\n\t        <div class=\"tags\">\n\t        \t\t        \t\t<span>From 5 years old<\/span>\n\t        \t\t        \t<span>Promo : 5%<\/span>\n\t        <\/div>\n\t        <div class=\"bas\">\n        \t\t<div class=\"prix\">\n        \t\t\t        \t\t<\/div>\n            \t<div class=\"review-stars\" data-productId=\"\">\n            \t<\/div>\n\t        <\/div>\n\t    <\/div>\n\t<\/a>\n<\/div><\/li><li class=\"glide__slide\">\n\n<div class=\"grid\">\n\t<a href=\"https:\/\/www.familinparis.fr\/en\/educational-farm-in-paris-noahs-world-for-children\/\" target=\"_self\">\n\t    <div class=\"image\" style=\"background-image:url('https:\/\/www.familinparis.fr\/wp-content\/uploads\/Animaux\/Monde-de-Noe\/Monde-de-noe--564x282.jpg')\">\n\t    \t\t    \t<div class=\"dateOnImg\">7j\/7<\/div>\n\t    \t\t\t\t\t\t\t\t<div class=\"rond-blanc-age\"><span>from <span class=\"age-number\">1<\/span> yo<\/span><\/div>\n\t\t\t\t    <\/div>\n\t    <div class=\"texte\">\n\t        <h5>Dans le 14\u00e8me et le 16\u00e8me <\/h5>\n\t        <h3>Finding Noah, the immersive experience on the animal world<\/h3>\n\t        <div class=\"tags\">\n\t        \t\t        \t\t<span>Ferme p\u00e9dadogique<\/span>\n\t        \t\t        \t<span>1h environ<\/span>\n\t        <\/div>\n\t        <div class=\"bas\">\n        \t\t<div class=\"prix\">\n        \t\t\t        \t\t<\/div>\n            \t<div class=\"review-stars\" data-productId=\"\">\n            \t<\/div>\n\t        <\/div>\n\t    <\/div>\n\t<\/a>\n<\/div><\/li><li class=\"glide__slide\">\n\n<div class=\"grid\">\n\t<a href=\"https:\/\/www.familinparis.fr\/en\/teens\/\" target=\"_self\">\n\t    <div class=\"image\" style=\"background-image:url('https:\/\/www.familinparis.fr\/wp-content\/uploads\/THEATRE\/Ados\/piece-de-theatre-ados-paris-490x282.jpg')\">\n\t    \t\t\t\t\t    <\/div>\n\t    <div class=\"texte\">\n\t        <h5><\/h5>\n\t        <h3>Teens<\/h3>\n\t        <div class=\"tags\">\n\t        \t\t        \t<span><\/span>\n\t        <\/div>\n\t        <div class=\"bas\">\n        \t\t<div class=\"prix\">\n        \t\t\t        \t\t<\/div>\n            \t<div class=\"review-stars\" data-productId=\"\">\n            \t<\/div>\n\t        <\/div>\n\t    <\/div>\n\t<\/a>\n<\/div><\/li><li class=\"glide__slide\">\n\n<div class=\"grid\">\n\t<a href=\"https:\/\/www.familinparis.fr\/en\/storytelling-tour-a-love-of-opera\/\" target=\"_self\">\n\t    <div class=\"image\" style=\"background-image:url('https:\/\/www.familinparis.fr\/wp-content\/uploads\/2024\/12\/Visites_Opera_Garnier_insolite-564x282.jpg')\">\n\t    \t\t\t\t\t    <\/div>\n\t    <div class=\"texte\">\n\t        <h5><\/h5>\n\t        <h3>Storytelling tour - \"A love of opera\"<\/h3>\n\t        <div class=\"tags\">\n\t        \t\t        \t<span><\/span>\n\t        <\/div>\n\t        <div class=\"bas\">\n        \t\t<div class=\"prix\">\n        \t\t\t        \t\t<\/div>\n            \t<div class=\"review-stars\" data-productId=\"\">\n            \t<\/div>\n\t        <\/div>\n\t    <\/div>\n\t<\/a>\n<\/div><\/li><li class=\"glide__slide\">\n\n<div class=\"grid\">\n\t<a href=\"https:\/\/www.familinparis.fr\/en\/visite-guidee-stade-de-france\/\" target=\"_self\">\n\t    <div class=\"image\" style=\"background-image:url('https:\/\/www.familinparis.fr\/wp-content\/uploads\/photos-partenaires\/stade-de-france-Macary-Zublenaet-Regembal-Costantini-Architectes-ADAGP-Paris\u20132016-F-Aguilhon-C-Jamet-564x282.jpg')\">\n\t    \t\t    \t<div class=\"dateOnImg\">Jusqu'au 30 juillet<\/div>\n\t    \t\t\t\t\t    <\/div>\n\t    <div class=\"texte\">\n\t        <h5>In Saint-Denis (93)<\/h5>\n\t        <h3>Behind-the-scenes tour of the Stade de France<\/h3>\n\t        <div class=\"tags\">\n\t        \t\t        \t\t<span>D\u00e8s 5-6 ans<\/span>\n\t        \t\t        \t<span>90mn<\/span>\n\t        <\/div>\n\t        <div class=\"bas\">\n        \t\t<div class=\"prix\">\n        \t\t\t        \t\t<\/div>\n            \t<div class=\"review-stars\" data-productId=\"\">\n            \t<\/div>\n\t        <\/div>\n\t    <\/div>\n\t<\/a>\n<\/div><\/li><li class=\"glide__slide\">\n\n<div class=\"grid\">\n\t<a href=\"https:\/\/www.familinparis.fr\/en\/gallic-christmas-at-parc-asterix\/\" target=\"_self\">\n\t    <div class=\"image\" style=\"background-image:url('https:\/\/www.familinparis.fr\/wp-content\/uploads\/2024\/08\/NoelGaulois2025-564x282.jpg')\">\n\t    \t\t    \t<div class=\"dateOnImg\">Du 20 d\u00e9cembre 2025 au 4 janvier 2026<\/div>\n\t    \t\t\t\t\t\t\t\t<div class=\"rond-blanc-age\"><span>For all<\/span><\/div>\n\t\t\t\t    <\/div>\n\t    <div class=\"texte\">\n\t        <h5>Au Parc Ast\u00e9rix (60)<\/h5>\n\t        <h3>Gallic Christmas at Parc Ast\u00e9rix<\/h3>\n\t        <div class=\"tags\">\n\t        \t\t        \t\t<span>No\u00ebl 2025<\/span>\n\t        \t\t        \t<span><\/span>\n\t        <\/div>\n\t        <div class=\"bas\">\n        \t\t<div class=\"prix\">\n        \t\t\t        \t\t<\/div>\n            \t<div class=\"review-stars\" data-productId=\"\">\n            \t<\/div>\n\t        <\/div>\n\t    <\/div>\n\t<\/a>\n<\/div><\/li>            <\/ul>\n        <\/div>\n    <\/div>\n    \n            <div class=\"col-12 t-center m-b-20\">\n            <div class=\"labels__fam\">\n                                    <a href=\"https:\/\/www.familinparis.fr\/quoi-faire-en-decembre\/\" class=\"labels__fam-color-secondary labels__fam-radius-rounded\">\n                        Le programme du mois de d\u00e9cembre en famille                    <\/a>\n                            <\/div>\n        <\/div>\n    <\/div>\n-->\n<style type=\"text\/css\">\n    .swiper{\n        width: 100%;\n    }\n    .grid-carousel__arrows {\n        display: flex;\n        gap: 1rem;\n\n    }\n    button.grid-carousel__arrow {\n        background: #008098;\n        border-radius: 50%;\n        height: 50px;\n        width: 50px;\n        border: 2px solid #008098;\n        color: #ffff;\n        padding: 0px;\n        text-align: center;\n    }\n\n    button.grid-carousel__arrow.swiper-button-disabled{\n        opacity: .15;\n    }\n    .grid-carousel .swiper-slide {\n         min-width: 300px;\n    }\n    @media (max-width: 799px) {\n        .grid-carousel__arrows {\n            display: none;\n        }\n        .grid-carousel .swiper-slide {\n            width: 40%;\n        }\n    }\n    @media (max-width: 529px) {\n        .grid-carousel .swiper-slide {\n            width: 75%;\n        }\n    }\n<\/style>\n\n<div class=\"row new-grids grids-style-2\">\n    <div class=\"swiper grid-carousel\">\n        <div class=\"grid-title grid-carousel--title\">\n            <div>\n                                    <h2>Que faire \u00e0 Paris en d\u00e9cembre ?<\/h2>\n                                            <\/div>\n            <div>\n                <div class=\"grid-carousel__arrows\">\n                    <button class=\"grid-carousel__arrow grid-carousel__arrow--left\">\n                        <i class=\"fa fa-angle-left\"><\/i>\n                    <\/button>\n                    <button class=\"grid-carousel__arrow grid-carousel__arrow--right\">\n                        <i class=\"fa fa-angle-right\"><\/i>\n                    <\/button>\n                <\/div>\n            <\/div>\n        <\/div>\n        \n        <div class=\"swiper-wrapper\">\n            <div class=\"swiper-slide\">\n\n<div class=\"grid\">\n\t<a href=\"https:\/\/www.familinparis.fr\/en\/magic-course-for-8-12-year-olds\/\" target=\"_self\">\n\t    <div class=\"image\" style=\"background-image:url('https:\/\/www.familinparis.fr\/wp-content\/uploads\/2023\/01\/museedesautomates-\u00a9museedelamagie-564x282.jpg')\">\n\t    \t\t    \t<div class=\"dateOnImg\">School holidays &#8211; Afternoon<\/div>\n\t    \t\t\t\t\t    <\/div>\n\t    <div class=\"texte\">\n\t        <h5>At the Museum of Magic and Automata<\/h5>\n\t        <h3>Magic course for 8-12 year olds<\/h3>\n\t        <div class=\"tags\">\n\t        \t\t        \t\t<span>  8 &#8211; 12 years old<\/span>\n\t        \t\t        \t<span>3 hours<\/span>\n\t        <\/div>\n\t        <div class=\"bas\">\n        \t\t<div class=\"prix\">\n        \t\t\t        \t\t<\/div>\n            \t<div class=\"review-stars\" data-productId=\"103\">\n            \t<\/div>\n\t        <\/div>\n\t    <\/div>\n\t<\/a>\n<\/div><\/div><div class=\"swiper-slide\">\n\n<div class=\"grid\">\n\t<a href=\"https:\/\/www.familinparis.fr\/en\/magic-courses-at-the-museum-of-magic\/\" target=\"_self\">\n\t    <div class=\"image\" style=\"background-image:url('https:\/\/www.familinparis.fr\/wp-content\/uploads\/E-SHOP\/Musee-de-la-magie\/Stage-de-magie-de-scene-564x282.jpg')\">\n\t    \t\t    \t<div class=\"dateOnImg\">All year round<\/div>\n\t    \t\t\t\t\t    <\/div>\n\t    <div class=\"texte\">\n\t        <h5>Museum of Magic and Automata (Paris 4th)<\/h5>\n\t        <h3>Magic Courses at the Museum of Magic<\/h3>\n\t        <div class=\"tags\">\n\t        \t\t        \t\t<span>For everyone from 6 years old<\/span>\n\t        \t\t        \t<span>2h30 or 3h<\/span>\n\t        <\/div>\n\t        <div class=\"bas\">\n        \t\t<div class=\"prix\">\n        \t\t\t        \t\t<\/div>\n            \t<div class=\"review-stars\" data-productId=\"67\">\n            \t<\/div>\n\t        <\/div>\n\t    <\/div>\n\t<\/a>\n<\/div><\/div><div class=\"swiper-slide\">\n\n<div class=\"grid\">\n\t<a href=\"https:\/\/www.familinparis.fr\/en\/science-experiences-at-bercy-village\/\" target=\"_self\">\n\t    <div class=\"image\" style=\"background-image:url('https:\/\/www.familinparis.fr\/wp-content\/uploads\/photos-partenaires\/Science-experiences\/Volcan-1-564x282.jpg')\">\n\t    \t\t    \t<div class=\"dateOnImg\">7 days a week<\/div>\n\t    \t\t\t\t\t    <\/div>\n\t    <div class=\"texte\">\n\t        <h5>Bercy (Paris 12th)<\/h5>\n\t        <h3>Science Experiences at Bercy Village<\/h3>\n\t        <div class=\"tags\">\n\t        \t\t        \t\t<span>From 5 years old<\/span>\n\t        \t\t        \t<span>Promo : 5%<\/span>\n\t        <\/div>\n\t        <div class=\"bas\">\n        \t\t<div class=\"prix\">\n        \t\t\t        \t\t<\/div>\n            \t<div class=\"review-stars\" data-productId=\"\">\n            \t<\/div>\n\t        <\/div>\n\t    <\/div>\n\t<\/a>\n<\/div><\/div><div class=\"swiper-slide\">\n\n<div class=\"grid\">\n\t<a href=\"https:\/\/www.familinparis.fr\/en\/educational-farm-in-paris-noahs-world-for-children\/\" target=\"_self\">\n\t    <div class=\"image\" style=\"background-image:url('https:\/\/www.familinparis.fr\/wp-content\/uploads\/Animaux\/Monde-de-Noe\/Monde-de-noe--564x282.jpg')\">\n\t    \t\t    \t<div class=\"dateOnImg\">7j\/7<\/div>\n\t    \t\t\t\t\t\t\t\t<div class=\"rond-blanc-age\"><span>from <span class=\"age-number\">1<\/span> yo<\/span><\/div>\n\t\t\t\t    <\/div>\n\t    <div class=\"texte\">\n\t        <h5>Dans le 14\u00e8me et le 16\u00e8me <\/h5>\n\t        <h3>Finding Noah, the immersive experience on the animal world<\/h3>\n\t        <div class=\"tags\">\n\t        \t\t        \t\t<span>Ferme p\u00e9dadogique<\/span>\n\t        \t\t        \t<span>1h environ<\/span>\n\t        <\/div>\n\t        <div class=\"bas\">\n        \t\t<div class=\"prix\">\n        \t\t\t        \t\t<\/div>\n            \t<div class=\"review-stars\" data-productId=\"\">\n            \t<\/div>\n\t        <\/div>\n\t    <\/div>\n\t<\/a>\n<\/div><\/div><div class=\"swiper-slide\">\n\n<div class=\"grid\">\n\t<a href=\"https:\/\/www.familinparis.fr\/en\/teens\/\" target=\"_self\">\n\t    <div class=\"image\" style=\"background-image:url('https:\/\/www.familinparis.fr\/wp-content\/uploads\/THEATRE\/Ados\/piece-de-theatre-ados-paris-490x282.jpg')\">\n\t    \t\t\t\t\t    <\/div>\n\t    <div class=\"texte\">\n\t        <h5><\/h5>\n\t        <h3>Teens<\/h3>\n\t        <div class=\"tags\">\n\t        \t\t        \t<span><\/span>\n\t        <\/div>\n\t        <div class=\"bas\">\n        \t\t<div class=\"prix\">\n        \t\t\t        \t\t<\/div>\n            \t<div class=\"review-stars\" data-productId=\"\">\n            \t<\/div>\n\t        <\/div>\n\t    <\/div>\n\t<\/a>\n<\/div><\/div><div class=\"swiper-slide\">\n\n<div class=\"grid\">\n\t<a href=\"https:\/\/www.familinparis.fr\/en\/storytelling-tour-a-love-of-opera\/\" target=\"_self\">\n\t    <div class=\"image\" style=\"background-image:url('https:\/\/www.familinparis.fr\/wp-content\/uploads\/2024\/12\/Visites_Opera_Garnier_insolite-564x282.jpg')\">\n\t    \t\t\t\t\t    <\/div>\n\t    <div class=\"texte\">\n\t        <h5><\/h5>\n\t        <h3>Storytelling tour &#8211; &#8220;A love of opera&#8221;<\/h3>\n\t        <div class=\"tags\">\n\t        \t\t        \t<span><\/span>\n\t        <\/div>\n\t        <div class=\"bas\">\n        \t\t<div class=\"prix\">\n        \t\t\t        \t\t<\/div>\n            \t<div class=\"review-stars\" data-productId=\"\">\n            \t<\/div>\n\t        <\/div>\n\t    <\/div>\n\t<\/a>\n<\/div><\/div><div class=\"swiper-slide\">\n\n<div class=\"grid\">\n\t<a href=\"https:\/\/www.familinparis.fr\/en\/visite-guidee-stade-de-france\/\" target=\"_self\">\n\t    <div class=\"image\" style=\"background-image:url('https:\/\/www.familinparis.fr\/wp-content\/uploads\/photos-partenaires\/stade-de-france-Macary-Zublenaet-Regembal-Costantini-Architectes-ADAGP-Paris\u20132016-F-Aguilhon-C-Jamet-564x282.jpg')\">\n\t    \t\t    \t<div class=\"dateOnImg\">Jusqu&#8217;au 30 juillet<\/div>\n\t    \t\t\t\t\t    <\/div>\n\t    <div class=\"texte\">\n\t        <h5>In Saint-Denis (93)<\/h5>\n\t        <h3>Behind-the-scenes tour of the Stade de France<\/h3>\n\t        <div class=\"tags\">\n\t        \t\t        \t\t<span>D\u00e8s 5-6 ans<\/span>\n\t        \t\t        \t<span>90mn<\/span>\n\t        <\/div>\n\t        <div class=\"bas\">\n        \t\t<div class=\"prix\">\n        \t\t\t        \t\t<\/div>\n            \t<div class=\"review-stars\" data-productId=\"\">\n            \t<\/div>\n\t        <\/div>\n\t    <\/div>\n\t<\/a>\n<\/div><\/div><div class=\"swiper-slide\">\n\n<div class=\"grid\">\n\t<a href=\"https:\/\/www.familinparis.fr\/en\/gallic-christmas-at-parc-asterix\/\" target=\"_self\">\n\t    <div class=\"image\" style=\"background-image:url('https:\/\/www.familinparis.fr\/wp-content\/uploads\/2024\/08\/NoelGaulois2025-564x282.jpg')\">\n\t    \t\t    \t<div class=\"dateOnImg\">Du 20 d\u00e9cembre 2025 au 4 janvier 2026<\/div>\n\t    \t\t\t\t\t\t\t\t<div class=\"rond-blanc-age\"><span>For all<\/span><\/div>\n\t\t\t\t    <\/div>\n\t    <div class=\"texte\">\n\t        <h5>Au Parc Ast\u00e9rix (60)<\/h5>\n\t        <h3>Gallic Christmas at Parc Ast\u00e9rix<\/h3>\n\t        <div class=\"tags\">\n\t        \t\t        \t\t<span>No\u00ebl 2025<\/span>\n\t        \t\t        \t<span><\/span>\n\t        <\/div>\n\t        <div class=\"bas\">\n        \t\t<div class=\"prix\">\n        \t\t\t        \t\t<\/div>\n            \t<div class=\"review-stars\" data-productId=\"\">\n            \t<\/div>\n\t        <\/div>\n\t    <\/div>\n\t<\/a>\n<\/div><\/div>        <\/div>\n    <\/div>\n    \n            <div class=\"col-12 t-center m-b-20\">\n            <div class=\"labels__fam\">\n                                    <a href=\"https:\/\/www.familinparis.fr\/quoi-faire-en-decembre\/\" class=\"labels__fam-color-secondary labels__fam-radius-rounded\">\n                        Le programme du mois de d\u00e9cembre en famille                    <\/a>\n                            <\/div>\n        <\/div>\n    <\/div>\n\n<\/div>\n<div style=\"height:20px\" aria-hidden=\"true\" class=\"wp-block-spacer\"><\/div>\n\n<h2 class=\"wp-block-heading\">Questions fr\u00e9quentes<\/h2>\n<div class=\"wp-block-uagb-faq uagb-faq__outer-wrap uagb-block-0d28c957 uagb-faq-icon-row uagb-faq-layout-accordion uagb-faq-expand-first-false uagb-faq-inactive-other-true uagb-faq__wrap uagb-buttons-layout-wrap uagb-faq-equal-height     \" data-faqtoggle=\"true\" role=\"tablist\"><div class=\"wp-block-uagb-faq-child uagb-faq-child__outer-wrap uagb-faq-item uagb-block-6bab5ad1 \" role=\"tab\" tabindex=\"0\"><div class=\"uagb-faq-questions-button uagb-faq-questions\">\t\t\t<span class=\"uagb-icon uagb-faq-icon-wrap\">\n\t\t\t\t\t\t\t\t<svg xmlns=\"https:\/\/www.w3.org\/2000\/svg\" viewBox= \"0 0 448 512\"><path d=\"M432 256c0 17.69-14.33 32.01-32 32.01H256v144c0 17.69-14.33 31.99-32 31.99s-32-14.3-32-31.99v-144H48c-17.67 0-32-14.32-32-32.01s14.33-31.99 32-31.99H192v-144c0-17.69 14.33-32.01 32-32.01s32 14.32 32 32.01v144h144C417.7 224 432 238.3 432 256z\"><\/path><\/svg>\n\t\t\t\t\t\t\t<\/span>\n\t\t\t\t\t\t<span class=\"uagb-icon-active uagb-faq-icon-wrap\">\n\t\t\t\t\t\t\t\t<svg xmlns=\"https:\/\/www.w3.org\/2000\/svg\" viewBox= \"0 0 448 512\"><path d=\"M400 288h-352c-17.69 0-32-14.32-32-32.01s14.31-31.99 32-31.99h352c17.69 0 32 14.3 32 31.99S417.7 288 400 288z\"><\/path><\/svg>\n\t\t\t\t\t\t\t<\/span>\n\t\t\t<span class=\"uagb-question\">Quels march\u00e9s de No\u00ebl ouvrent d\u00e8s novembre ?<\/span><\/div><div class=\"uagb-faq-content\"><p>Le march\u00e9 de No\u00ebl ouvre en g\u00e9n\u00e9ral ses portes mi-novembre<\/p><\/div><\/div><div class=\"wp-block-uagb-faq-child uagb-faq-child__outer-wrap uagb-faq-item uagb-block-acd4b280 \" role=\"tab\" tabindex=\"0\"><div class=\"uagb-faq-questions-button uagb-faq-questions\">\t\t\t<span class=\"uagb-icon uagb-faq-icon-wrap\">\n\t\t\t\t\t\t\t\t<svg xmlns=\"https:\/\/www.w3.org\/2000\/svg\" viewBox= \"0 0 448 512\"><path d=\"M432 256c0 17.69-14.33 32.01-32 32.01H256v144c0 17.69-14.33 31.99-32 31.99s-32-14.3-32-31.99v-144H48c-17.67 0-32-14.32-32-32.01s14.33-31.99 32-31.99H192v-144c0-17.69 14.33-32.01 32-32.01s32 14.32 32 32.01v144h144C417.7 224 432 238.3 432 256z\"><\/path><\/svg>\n\t\t\t\t\t\t\t<\/span>\n\t\t\t\t\t\t<span class=\"uagb-icon-active uagb-faq-icon-wrap\">\n\t\t\t\t\t\t\t\t<svg xmlns=\"https:\/\/www.w3.org\/2000\/svg\" viewBox= \"0 0 448 512\"><path d=\"M400 288h-352c-17.69 0-32-14.32-32-32.01s14.31-31.99 32-31.99h352c17.69 0 32 14.3 32 31.99S417.7 288 400 288z\"><\/path><\/svg>\n\t\t\t\t\t\t\t<\/span>\n\t\t\t<span class=\"uagb-question\">Quelles sorties culturelles en famille \u00e0 Paris en novembre ?<\/span><\/div><div class=\"uagb-faq-content\"><p>Le expositions temporaires et les spectacles comme les pi\u00e8ces de th\u00e9\u00e2tre restent les meilleurs sorties culturelles en novembre. Sans oublier les mus\u00e9es et leurs expositions permanentes<\/p><\/div><\/div><div class=\"wp-block-uagb-faq-child uagb-faq-child__outer-wrap uagb-faq-item uagb-block-f72e00ae \" role=\"tab\" tabindex=\"0\"><div class=\"uagb-faq-questions-button uagb-faq-questions\">\t\t\t<span class=\"uagb-icon uagb-faq-icon-wrap\">\n\t\t\t\t\t\t\t\t<svg xmlns=\"https:\/\/www.w3.org\/2000\/svg\" viewBox= \"0 0 448 512\"><path d=\"M432 256c0 17.69-14.33 32.01-32 32.01H256v144c0 17.69-14.33 31.99-32 31.99s-32-14.3-32-31.99v-144H48c-17.67 0-32-14.32-32-32.01s14.33-31.99 32-31.99H192v-144c0-17.69 14.33-32.01 32-32.01s32 14.32 32 32.01v144h144C417.7 224 432 238.3 432 256z\"><\/path><\/svg>\n\t\t\t\t\t\t\t<\/span>\n\t\t\t\t\t\t<span class=\"uagb-icon-active uagb-faq-icon-wrap\">\n\t\t\t\t\t\t\t\t<svg xmlns=\"https:\/\/www.w3.org\/2000\/svg\" viewBox= \"0 0 448 512\"><path d=\"M400 288h-352c-17.69 0-32-14.32-32-32.01s14.31-31.99 32-31.99h352c17.69 0 32 14.3 32 31.99S417.7 288 400 288z\"><\/path><\/svg>\n\t\t\t\t\t\t\t<\/span>\n\t\t\t<span class=\"uagb-question\">Quelles activit\u00e9s gratuites faire \u00e0 Paris en novembre ?<\/span><\/div><div class=\"uagb-faq-content\"><p>La ferme de Paris est gratuite pour tous en novembre. <\/p><\/div><\/div><\/div>\n<div class=\"wp-block-getwid-section\" style=\"margin-top:1px\"><div class=\"wp-block-getwid-section__wrapper\" style=\"padding-top:112px\"><div class=\"wp-block-getwid-section__inner-wrapper\"><div class=\"wp-block-getwid-section__background-holder\"><div class=\"wp-block-getwid-section__background\" style=\"background-image:url('\/wp-content\/uploads\/photos-familinparis-2021\/paris\/ile-de-la-cite-\u00a9FamilinParis.jpg')\"><div class=\"wp-block-getwid-section__background-image-wrapper\"><img decoding=\"async\" class=\"wp-block-getwid-section__background-image\" src=\"\/wp-content\/uploads\/photos-familinparis-2021\/paris\/ile-de-la-cite-\u00a9FamilinParis.jpg\" alt=\"\" \/><\/div><\/div><div class=\"wp-block-getwid-section__foreground\"><\/div><\/div><div class=\"wp-block-getwid-section__content\"><div class=\"wp-block-getwid-section__inner-content\">\n<div class=\"wp-block-getwid-section\"><div class=\"wp-block-getwid-section__wrapper\"><div class=\"wp-block-getwid-section__inner-wrapper\"><div class=\"wp-block-getwid-section__background-holder\"><div class=\"wp-block-getwid-section__background has-background has-white-background-color\"><\/div><div class=\"wp-block-getwid-section__foreground\"><\/div><\/div><div class=\"wp-block-getwid-section__content\"><div class=\"wp-block-getwid-section__inner-content\">\n<h2 class=\"wp-block-heading has-text-align-center\">Our current discounted rates<\/h2>\n\n\n\n<h3 class=\"wp-block-heading has-text-align-center has-vivid-red-color has-text-color\">Take advantage of our good deals for Saturday or Sunday<\/h3>\n\n\n\n<p class=\"has-text-align-center\"><br \/><a href=\"\/bateau-mouche-tarif-reduit\/\">La croisi\u00e8re en Bateaux-Mouches<\/a> : <strong>tarif r\u00e9duit<\/strong> sur tous les billets<br \/><a href=\"\/vedettes-de-paris-tarif-reduit\/\">La croisi\u00e8re Famille des Vedettes de Paris<\/a> : <strong>tarif r\u00e9duit<\/strong> d\u00e8s 2 billets achet\u00e9s <br \/><br \/><a href=\"\/vol-en-montgolfiere-ballon-generali-paris\/\">Ballon de Paris<\/a> : <strong>&#8211; 10%<\/strong> sur les billets<br \/><a href=\"https:\/\/www.familinparis.fr\/open-tour-visite-paris-la-nuit\/\"><br \/>Tour de Paris by Night en bus panoramique <\/a>: <strong>-15%<\/strong> sur tous les billets<br \/><a href=\"\/open-tours-bus-tarif-reduit\/\">Bus Hop On Hop Off<\/a> : <strong>&#8211; 15%<\/strong> sur tous les billets<br \/><a href=\"\/visite-guidee-paris-quad-electrique\/\">Balade comment\u00e9e en Quad \u00e9lectrique<\/a> : <strong>&#8211; 14%<\/strong> de r\u00e9duction<br \/><a href=\"\/visite-paris-trottinette-electrique\/\">Location de trottinette \u00e9lectrique<\/a> : <strong>-20%<\/strong> de r\u00e9duction<br \/><br \/><a href=\"https:\/\/www.familinparis.fr\/science-experiences-bercy-village-paris\/\">Science Exp\u00e9riences<\/a> : -5% sur tous les billets<br \/><a href=\"\/aquarium-de-paris-tarif\/\">L&#8217;Aquarium Cin\u00e9 Aqua<\/a> : <strong>tarif r\u00e9duit <\/strong>sur les duos adulte et enfant<br \/><br \/><a href=\"\/escape-game-exterieur-paris\/\">Les Escape Games dans les rues de Paris<\/a> : <strong>-10%<\/strong> de r\u00e9duction<br \/><a href=\"\/visite-guidee-paris-famille\/\">Les visites guid\u00e9es insolites<\/a> : <strong>-10% <\/strong>de r\u00e9duction<br \/><a href=\"\/jeux-de-piste-enigmes-dans-paris\/\">Les Balades Enigmes<\/a> : <strong>-20%<\/strong> de r\u00e9duction<br \/><a href=\"\/visites-spectacles\/\">Les visites spectacles avec des com\u00e9diens<\/a> : <strong>-20% <\/strong>de r\u00e9duction<\/p>\n<\/div><\/div><\/div><\/div><\/div>\n<\/div><\/div><\/div><\/div><\/div>\n\n<div style=\"height:50px\" aria-hidden=\"true\" class=\"wp-block-spacer\"><\/div>\n\n<section class=\"wp-block-uagb-section uagb-section__wrap uagb-section__background-undefined uagb-block-8e33acaa\"><div class=\"uagb-section__overlay\"><\/div><div class=\"uagb-section__inner-wrap\">\n<h2 class=\"wp-block-heading has-text-align-center\">Good deal, save by buying 2 attractions at the same time<\/h2>\n\n\n\n<ul class=\"wp-block-list\">\n<li>5% discount: <a href=\"https:\/\/www.tiqets.com\/fr\/musee-de-l-armee-les-invalides-musee-rodin-b9704\/?partner=Familinparis&amp;tq_campaign=bundle-septembre\" target=\"_blank\" rel=\"noreferrer noopener nofollow\">The Rodin Museum + the Army Museum \u2013 Invalides Museum<\/a><\/li>\n\n\n\n<li>5% discount: <a href=\"https:\/\/www.tiqets.com\/fr\/musee-de-l-armee-les-invalides-musee-rodin-b9704\/?partner=Familinparis&amp;tq_campaign=bundle-septembre\" target=\"_blank\" rel=\"noreferrer noopener nofollow\">The Rodin Museum + Bourse de Commerce \u2013 Pinault<\/a><\/li>\n\n\n\n<li>5% discount: <a href=\"https:\/\/www.tiqets.com\/fr\/musee-du-louvre-tour-eiffel-2eme-etage-ou-sommet-b9541\/?partner=Familinparis&amp;tq_campaign=bundle-septembre\" target=\"_blank\" rel=\"noreferrer noopener nofollow\">The Louvre Museum + Eiffel Tower (2nd floor access)<\/a><\/li>\n\n\n\n<li>5% discount: <a href=\"https:\/\/www.tiqets.com\/fr\/croisiere-sur-la-seine-arc-de-triomphe-b7294\/?partner=Familinparis&amp;tq_campaign=bundle-septembre\" target=\"_blank\" rel=\"noreferrer noopener nofollow\">Arc de Triomphe + Bateaux-Parisiens (departure at the foot of the Eiffel Tower)<\/a><\/li>\n\n\n\n<li>10% discount: <a href=\"https:\/\/www.tiqets.com\/fr\/cite-des-sciences-et-de-l-industrie-grande-galerie-de-l-evolution-b2804\/?partner=Familinparis&amp;tq_campaign=bundle-septembre\" target=\"_blank\" rel=\"noreferrer noopener nofollow\">City of Science and Industry + Grande Galerie de l&#8217;Evolution<\/a><\/li>\n\n\n\n<li>15% discount: <a href=\"https:\/\/www.tiqets.com\/fr\/arc-de-triomphe-tour-eiffel-2eme-etage-ou-sommet-b835\/?partner=Familinparis&amp;tq_campaign=bundle-septembre\" target=\"_blank\" rel=\"noreferrer noopener nofollow\">Arc de Triomphe + Eiffel Tower (2nd floor)<\/a><\/li>\n\n\n\n<li>10% discount: <a href=\"https:\/\/www.tiqets.com\/fr\/arc-de-triomphe-croisiere-sur-la-seine-guide-audio-b2796\/?partner=Familinparis&amp;tq_campaign=bundle-septembre\" target=\"_blank\" rel=\"noreferrer noopener nofollow\">Arc de Triomphe + Bateaux Mouches (departure from the Pont de l&#8217;Alma)<\/a><\/li>\n\n\n\n<li>10% discount: <a href=\"https:\/\/www.tiqets.com\/fr\/grande-galerie-de-l-evolution-zoo-jardin-des-plantes-b2801\/?partner=Familinparis&amp;tq_campaign=bundle-septembre\" target=\"_blank\" rel=\"noreferrer noopener nofollow\">Grande Galerie de l&#8217;Evolution + Zoo des Plantes<\/a><\/li>\n\n\n\n<li>10% discount: <a href=\"https:\/\/www.tiqets.com\/fr\/cite-des-sciences-et-de-l-industrie-grande-galerie-de-l-evolution-b2804\/?partner=Familinparis&amp;tq_campaign=bundle-septembre\" target=\"_blank\" rel=\"noreferrer noopener nofollow\">Grande Galerie de l&#8217;Evolution + the Cit\u00e9 des Sciences<\/a><\/li>\n\n\n\n<li>10% discount: <a href=\"https:\/\/www.tiqets.com\/fr\/zoo-de-vincennes-aquarium-de-paris-b4126\/?partner=Familinparis&amp;tq_campaign=bundle-septembre\" target=\"_blank\" rel=\"noreferrer noopener nofollow\">Paris Zoological Park + Paris Aquarium<\/a><\/li>\n\n\n\n<li>10% discount:<a href=\"https:\/\/www.tiqets.com\/fr\/zoo-de-vincennes-aquarium-de-paris-b4126\/?partner=Familinparis&amp;tq_campaign=bundle-septembre\" target=\"_blank\" rel=\"noreferrer noopener nofollow\"> Paris Zoological Park + Paris Aquarium<\/a><\/li>\n\n\n\n<li>10% discount: <a href=\"https:\/\/www.tiqets.com\/fr\/zoo-de-vincennes-aquaboulevard-b2815\/?partner=Familinparis&amp;tq_campaign=bundle-septembre\" target=\"_blank\" rel=\"noreferrer noopener nofollow\">Paris Zoological Park + Paris Aquaboulevard<\/a><\/li>\n<\/ul>\n<\/div><\/section>\n\n<div style=\"height:30px\" aria-hidden=\"true\" class=\"wp-block-spacer\"><\/div>\n","protected":false},"excerpt":{"rendered":"<p>Novembre, c\u2019est le mois des\u00a0couleurs d\u2019automne et des premi\u00e8res lumi\u00e8res de No\u00ebl. On profite encore des\u00a0balades dans les parcs, des\u00a0expositions temporaires, des\u00a0spectacles familiaux\u00a0et des\u00a0grands rendez-vous culturels. C\u2019est aussi le moment de\u00a0pr\u00e9parer les f\u00eates de fin d\u2019ann\u00e9e\u00a0:\u00a0march\u00e9s de No\u00ebl, illuminations, patinoires\u00a0et\u00a0activit\u00e9s f\u00e9\u00e9riques pour enfants\u00a0commencent \u00e0 animer Paris et l\u2019\u00cele-de-France. Questions fr\u00e9quentes<\/p>\n","protected":false},"author":5,"featured_media":131210,"parent":0,"menu_order":0,"comment_status":"closed","ping_status":"closed","template":"","meta":{"_uag_custom_page_level_css":"","footnotes":""},"class_list":["post-133655","page","type-page","status-publish","has-post-thumbnail"],"yoast_head":"<!-- This site is optimized with the Yoast SEO plugin v27.2 - https:\/\/yoast.com\/product\/yoast-seo-wordpress\/ -->\n<title>What to do in Paris in November with your family?<\/title>\n<meta name=\"description\" content=\"All the news in Paris and Ile-de-France in November not to be missed: trade fair, parties, festival, concert, shows\" \/>\n<meta name=\"robots\" content=\"index, follow, max-snippet:-1, max-image-preview:large, max-video-preview:-1\" \/>\n<link rel=\"canonical\" href=\"https:\/\/www.familinparis.fr\/en\/what-to-do-in-paris-in-november\/\" \/>\n<meta property=\"og:locale\" content=\"en_US\" \/>\n<meta property=\"og:type\" content=\"article\" \/>\n<meta property=\"og:title\" content=\"What to do in Paris in November with your family?\" \/>\n<meta property=\"og:description\" content=\"All the news in Paris and Ile-de-France in November not to be missed: trade fair, parties, festival, concert, shows\" \/>\n<meta property=\"og:url\" content=\"https:\/\/www.familinparis.fr\/en\/what-to-do-in-paris-in-november\/\" \/>\n<meta property=\"og:site_name\" content=\"Familin&#039;Paris\" \/>\n<meta property=\"article:modified_time\" content=\"2026-04-29T03:22:48+00:00\" \/>\n<meta property=\"og:image\" content=\"https:\/\/www.familinparis.fr\/wp-content\/uploads\/Mois-saisons\/Automne\/automne-sh_38960983.jpg\" \/>\n\t<meta property=\"og:image:width\" content=\"1000\" \/>\n\t<meta property=\"og:image:height\" content=\"673\" \/>\n\t<meta property=\"og:image:type\" content=\"image\/jpeg\" \/>\n<meta name=\"twitter:card\" content=\"summary_large_image\" \/>\n<meta name=\"twitter:label1\" content=\"Est. reading time\" \/>\n\t<meta name=\"twitter:data1\" content=\"4 minutes\" \/>\n<script type=\"application\/ld+json\" class=\"yoast-schema-graph\">{\"@context\":\"https:\/\/schema.org\",\"@graph\":[{\"@type\":\"WebPage\",\"@id\":\"https:\/\/www.familinparis.fr\/en\/what-to-do-in-paris-in-november\/\",\"url\":\"https:\/\/www.familinparis.fr\/en\/what-to-do-in-paris-in-november\/\",\"name\":\"What to do in Paris in November with your family?\",\"isPartOf\":{\"@id\":\"https:\/\/www.familinparis.fr\/en\/#website\"},\"primaryImageOfPage\":{\"@id\":\"https:\/\/www.familinparis.fr\/en\/what-to-do-in-paris-in-november\/#primaryimage\"},\"image\":{\"@id\":\"https:\/\/www.familinparis.fr\/en\/what-to-do-in-paris-in-november\/#primaryimage\"},\"thumbnailUrl\":\"https:\/\/www.familinparis.fr\/wp-content\/uploads\/Mois-saisons\/Automne\/automne-sh_38960983.jpg\",\"datePublished\":\"2021-10-22T06:50:16+00:00\",\"dateModified\":\"2026-04-29T03:22:48+00:00\",\"description\":\"All the news in Paris and Ile-de-France in November not to be missed: trade fair, parties, festival, concert, shows\",\"breadcrumb\":{\"@id\":\"https:\/\/www.familinparis.fr\/en\/what-to-do-in-paris-in-november\/#breadcrumb\"},\"inLanguage\":\"en-US\",\"potentialAction\":[{\"@type\":\"ReadAction\",\"target\":[\"https:\/\/www.familinparis.fr\/en\/what-to-do-in-paris-in-november\/\"]}]},{\"@type\":\"ImageObject\",\"inLanguage\":\"en-US\",\"@id\":\"https:\/\/www.familinparis.fr\/en\/what-to-do-in-paris-in-november\/#primaryimage\",\"url\":\"https:\/\/www.familinparis.fr\/wp-content\/uploads\/Mois-saisons\/Automne\/automne-sh_38960983.jpg\",\"contentUrl\":\"https:\/\/www.familinparis.fr\/wp-content\/uploads\/Mois-saisons\/Automne\/automne-sh_38960983.jpg\",\"width\":1000,\"height\":673},{\"@type\":\"BreadcrumbList\",\"@id\":\"https:\/\/www.familinparis.fr\/en\/what-to-do-in-paris-in-november\/#breadcrumb\",\"itemListElement\":[{\"@type\":\"ListItem\",\"position\":1,\"name\":\"Home\",\"item\":\"https:\/\/www.familinparis.fr\/en\/\"},{\"@type\":\"ListItem\",\"position\":2,\"name\":\"What to do in Paris in November?\"}]},{\"@type\":\"WebSite\",\"@id\":\"https:\/\/www.familinparis.fr\/en\/#website\",\"url\":\"https:\/\/www.familinparis.fr\/en\/\",\"name\":\"Familin&#039;Paris\",\"description\":\"Visiter le meilleur de Paris avec des enfants : sorties, spectacles, adresses de restaurants, shopping, bons plans...\",\"potentialAction\":[{\"@type\":\"SearchAction\",\"target\":{\"@type\":\"EntryPoint\",\"urlTemplate\":\"https:\/\/www.familinparis.fr\/en\/?s={search_term_string}\"},\"query-input\":{\"@type\":\"PropertyValueSpecification\",\"valueRequired\":true,\"valueName\":\"search_term_string\"}}],\"inLanguage\":\"en-US\"}]}<\/script>\n<!-- \/ Yoast SEO plugin. -->","yoast_head_json":{"title":"What to do in Paris in November with your family?","description":"All the news in Paris and Ile-de-France in November not to be missed: trade fair, parties, festival, concert, shows","robots":{"index":"index","follow":"follow","max-snippet":"max-snippet:-1","max-image-preview":"max-image-preview:large","max-video-preview":"max-video-preview:-1"},"canonical":"https:\/\/www.familinparis.fr\/en\/what-to-do-in-paris-in-november\/","og_locale":"en_US","og_type":"article","og_title":"What to do in Paris in November with your family?","og_description":"All the news in Paris and Ile-de-France in November not to be missed: trade fair, parties, festival, concert, shows","og_url":"https:\/\/www.familinparis.fr\/en\/what-to-do-in-paris-in-november\/","og_site_name":"Familin&#039;Paris","article_modified_time":"2026-04-29T03:22:48+00:00","og_image":[{"width":1000,"height":673,"url":"https:\/\/www.familinparis.fr\/wp-content\/uploads\/Mois-saisons\/Automne\/automne-sh_38960983.jpg","type":"image\/jpeg"}],"twitter_card":"summary_large_image","twitter_misc":{"Est. reading time":"4 minutes"},"schema":{"@context":"https:\/\/schema.org","@graph":[{"@type":"WebPage","@id":"https:\/\/www.familinparis.fr\/en\/what-to-do-in-paris-in-november\/","url":"https:\/\/www.familinparis.fr\/en\/what-to-do-in-paris-in-november\/","name":"What to do in Paris in November with your family?","isPartOf":{"@id":"https:\/\/www.familinparis.fr\/en\/#website"},"primaryImageOfPage":{"@id":"https:\/\/www.familinparis.fr\/en\/what-to-do-in-paris-in-november\/#primaryimage"},"image":{"@id":"https:\/\/www.familinparis.fr\/en\/what-to-do-in-paris-in-november\/#primaryimage"},"thumbnailUrl":"https:\/\/www.familinparis.fr\/wp-content\/uploads\/Mois-saisons\/Automne\/automne-sh_38960983.jpg","datePublished":"2021-10-22T06:50:16+00:00","dateModified":"2026-04-29T03:22:48+00:00","description":"All the news in Paris and Ile-de-France in November not to be missed: trade fair, parties, festival, concert, shows","breadcrumb":{"@id":"https:\/\/www.familinparis.fr\/en\/what-to-do-in-paris-in-november\/#breadcrumb"},"inLanguage":"en-US","potentialAction":[{"@type":"ReadAction","target":["https:\/\/www.familinparis.fr\/en\/what-to-do-in-paris-in-november\/"]}]},{"@type":"ImageObject","inLanguage":"en-US","@id":"https:\/\/www.familinparis.fr\/en\/what-to-do-in-paris-in-november\/#primaryimage","url":"https:\/\/www.familinparis.fr\/wp-content\/uploads\/Mois-saisons\/Automne\/automne-sh_38960983.jpg","contentUrl":"https:\/\/www.familinparis.fr\/wp-content\/uploads\/Mois-saisons\/Automne\/automne-sh_38960983.jpg","width":1000,"height":673},{"@type":"BreadcrumbList","@id":"https:\/\/www.familinparis.fr\/en\/what-to-do-in-paris-in-november\/#breadcrumb","itemListElement":[{"@type":"ListItem","position":1,"name":"Home","item":"https:\/\/www.familinparis.fr\/en\/"},{"@type":"ListItem","position":2,"name":"What to do in Paris in November?"}]},{"@type":"WebSite","@id":"https:\/\/www.familinparis.fr\/en\/#website","url":"https:\/\/www.familinparis.fr\/en\/","name":"Familin&#039;Paris","description":"Visiter le meilleur de Paris avec des enfants : sorties, spectacles, adresses de restaurants, shopping, bons plans...","potentialAction":[{"@type":"SearchAction","target":{"@type":"EntryPoint","urlTemplate":"https:\/\/www.familinparis.fr\/en\/?s={search_term_string}"},"query-input":{"@type":"PropertyValueSpecification","valueRequired":true,"valueName":"search_term_string"}}],"inLanguage":"en-US"}]}},"uagb_featured_image_src":{"full":["https:\/\/www.familinparis.fr\/wp-content\/uploads\/Mois-saisons\/Automne\/automne-sh_38960983.jpg",1000,673,false],"thumbnail":["https:\/\/www.familinparis.fr\/wp-content\/uploads\/Mois-saisons\/Automne\/automne-sh_38960983-150x150.jpg",150,150,true],"medium":["https:\/\/www.familinparis.fr\/wp-content\/uploads\/Mois-saisons\/Automne\/automne-sh_38960983-300x202.jpg",300,202,true],"medium_large":["https:\/\/www.familinparis.fr\/wp-content\/uploads\/Mois-saisons\/Automne\/automne-sh_38960983-768x517.jpg",768,517,true],"large":["https:\/\/www.familinparis.fr\/wp-content\/uploads\/Mois-saisons\/Automne\/automne-sh_38960983.jpg",770,518,false],"1536x1536":["https:\/\/www.familinparis.fr\/wp-content\/uploads\/Mois-saisons\/Automne\/automne-sh_38960983.jpg",1000,673,false],"2048x2048":["https:\/\/www.familinparis.fr\/wp-content\/uploads\/Mois-saisons\/Automne\/automne-sh_38960983.jpg",1000,673,false],"home-thumb":["https:\/\/www.familinparis.fr\/wp-content\/uploads\/Mois-saisons\/Automne\/automne-sh_38960983-730x491.jpg",730,491,true],"home-slider":["https:\/\/www.familinparis.fr\/wp-content\/uploads\/Mois-saisons\/Automne\/automne-sh_38960983-800x600.jpg",800,600,true],"lightbox-slider-size":["https:\/\/www.familinparis.fr\/wp-content\/uploads\/Mois-saisons\/Automne\/automne-sh_38960983-564x282.jpg",564,282,true],"post-thumbnail":["https:\/\/www.familinparis.fr\/wp-content\/uploads\/Mois-saisons\/Automne\/automne-sh_38960983-270x180.jpg",270,180,true],"cheerup-main":["https:\/\/www.familinparis.fr\/wp-content\/uploads\/Mois-saisons\/Automne\/automne-sh_38960983-770x400.jpg",770,400,true],"cheerup-main-full":["https:\/\/www.familinparis.fr\/wp-content\/uploads\/Mois-saisons\/Automne\/automne-sh_38960983-1000x508.jpg",1000,508,true],"cheerup-slider-alt":["https:\/\/www.familinparis.fr\/wp-content\/uploads\/Mois-saisons\/Automne\/automne-sh_38960983-1000x508.jpg",1000,508,true],"cheerup-slider-trendy":["https:\/\/www.familinparis.fr\/wp-content\/uploads\/Mois-saisons\/Automne\/automne-sh_38960983-960x508.jpg",960,508,true],"cheerup-slider-stylish":["https:\/\/www.familinparis.fr\/wp-content\/uploads\/Mois-saisons\/Automne\/automne-sh_38960983-900x515.jpg",900,515,true],"cheerup-slider-grid":["https:\/\/www.familinparis.fr\/wp-content\/uploads\/Mois-saisons\/Automne\/automne-sh_38960983-870x600.jpg",870,600,true],"cheerup-slider-grid-sm":["https:\/\/www.familinparis.fr\/wp-content\/uploads\/Mois-saisons\/Automne\/automne-sh_38960983-300x300.jpg",300,300,true],"cheerup-slider-carousel":["https:\/\/www.familinparis.fr\/wp-content\/uploads\/Mois-saisons\/Automne\/automne-sh_38960983-370x370.jpg",370,370,true],"cheerup-slider-grid-b":["https:\/\/www.familinparis.fr\/wp-content\/uploads\/Mois-saisons\/Automne\/automne-sh_38960983-554x466.jpg",554,466,true],"cheerup-slider-grid-b-sm":["https:\/\/www.familinparis.fr\/wp-content\/uploads\/Mois-saisons\/Automne\/automne-sh_38960983-306x466.jpg",306,466,true],"cheerup-slider-bold-sm":["https:\/\/www.familinparis.fr\/wp-content\/uploads\/Mois-saisons\/Automne\/automne-sh_38960983-150x150.jpg",150,150,true],"cheerup-grid":["https:\/\/www.familinparis.fr\/wp-content\/uploads\/Mois-saisons\/Automne\/automne-sh_38960983-370x285.jpg",370,285,true],"cheerup-carousel":["https:\/\/www.familinparis.fr\/wp-content\/uploads\/Mois-saisons\/Automne\/automne-sh_38960983-270x180.jpg",270,180,true],"cheerup-carousel-b":["https:\/\/www.familinparis.fr\/wp-content\/uploads\/Mois-saisons\/Automne\/automne-sh_38960983-370x285.jpg",370,285,true],"cheerup-list":["https:\/\/www.familinparis.fr\/wp-content\/uploads\/Mois-saisons\/Automne\/automne-sh_38960983-260x200.jpg",260,200,true],"cheerup-list-b":["https:\/\/www.familinparis.fr\/wp-content\/uploads\/Mois-saisons\/Automne\/automne-sh_38960983-370x305.jpg",370,305,true],"cheerup-thumb":["https:\/\/www.familinparis.fr\/wp-content\/uploads\/Mois-saisons\/Automne\/automne-sh_38960983-87x67.jpg",87,67,true],"cheerup-thumb-alt":["https:\/\/www.familinparis.fr\/wp-content\/uploads\/Mois-saisons\/Automne\/automne-sh_38960983-150x150.jpg",150,150,true]},"uagb_author_info":{"display_name":"olivia","author_link":"https:\/\/www.familinparis.fr\/en\/author\/olivia\/"},"uagb_comment_info":0,"uagb_excerpt":"Novembre, c\u2019est le mois des\u00a0couleurs d\u2019automne et des premi\u00e8res lumi\u00e8res de No\u00ebl. On profite encore des\u00a0balades dans les parcs, des\u00a0expositions temporaires, des\u00a0spectacles familiaux\u00a0et des\u00a0grands rendez-vous culturels. C\u2019est aussi le moment de\u00a0pr\u00e9parer les f\u00eates de fin d\u2019ann\u00e9e\u00a0:\u00a0march\u00e9s de No\u00ebl, illuminations, patinoires\u00a0et\u00a0activit\u00e9s f\u00e9\u00e9riques pour enfants\u00a0commencent \u00e0 animer Paris et l\u2019\u00cele-de-France. Questions fr\u00e9quentes","_links":{"self":[{"href":"https:\/\/www.familinparis.fr\/en\/wp-json\/wp\/v2\/pages\/133655","targetHints":{"allow":["GET"]}}],"collection":[{"href":"https:\/\/www.familinparis.fr\/en\/wp-json\/wp\/v2\/pages"}],"about":[{"href":"https:\/\/www.familinparis.fr\/en\/wp-json\/wp\/v2\/types\/page"}],"author":[{"embeddable":true,"href":"https:\/\/www.familinparis.fr\/en\/wp-json\/wp\/v2\/users\/5"}],"replies":[{"embeddable":true,"href":"https:\/\/www.familinparis.fr\/en\/wp-json\/wp\/v2\/comments?post=133655"}],"version-history":[{"count":0,"href":"https:\/\/www.familinparis.fr\/en\/wp-json\/wp\/v2\/pages\/133655\/revisions"}],"wp:featuredmedia":[{"embeddable":true,"href":"https:\/\/www.familinparis.fr\/en\/wp-json\/wp\/v2\/media\/131210"}],"wp:attachment":[{"href":"https:\/\/www.familinparis.fr\/en\/wp-json\/wp\/v2\/media?parent=133655"}],"curies":[{"name":"wp","href":"https:\/\/api.w.org\/{rel}","templated":true}]}}