{"id":133407,"date":"2021-05-03T11:03:04","date_gmt":"2021-05-03T09:03:04","guid":{"rendered":"https:\/\/www.familinparis.fr\/what-to-do-in-paris-with-your-family\/"},"modified":"2026-02-12T13:19:31","modified_gmt":"2026-02-12T11:19:31","slug":"home","status":"publish","type":"page","link":"https:\/\/www.familinparis.fr\/en\/","title":{"rendered":"What to do in Paris with your family?"},"content":{"rendered":"<div class=\"lazyblock-etiquettes-2uDph0 wp-block-lazyblock-etiquettes\"><div class=\"labels__fam\">\n        <a href=\"https:\/\/www.familinparis.fr\/en\/quoi-faire-ce-week-end\/\" class=\"labels__fam-color-lightBlue labels__fam-radius-rounded\">\n        THIS WEEKEND      <\/a>\n        <a href=\"https:\/\/www.familinparis.fr\/en\/que-faire-le-mercredi-a-paris\/\" class=\"labels__fam-color-lightBlue labels__fam-radius-rounded\">\n        THIS WEDNESDAY      <\/a>\n        <a href=\"https:\/\/www.familinparis.fr\/en\/quoi-faire-en-fevrier\/\" class=\"labels__fam-color-lightBlue labels__fam-radius-rounded\">\n        FEBRUARY      <\/a>\n  <\/div><\/div><div class=\"lazyblock-etiquettes-Z1jUOBi wp-block-lazyblock-etiquettes\"><div class=\"labels__fam\">\n        <a href=\"https:\/\/www.familinparis.fr\/en\/vacances-fevrier-paris\/\" class=\"labels__fam-color-orange labels__fam-radius-rounded\">\n        FEBRUARY HOLIDAYS IN PARIS      <\/a>\n        <a href=\"\/quoi-faire-pendant-les-vacances-de-fevrier-autour-de-paris\/\" class=\"labels__fam-color-orange labels__fam-radius-rounded\">\n        FEBRUARY HOLIDAYS AROUND PARIS      <\/a>\n  <\/div><\/div><div class=\"lazyblock-etiquettes-2onfV3 wp-block-lazyblock-etiquettes\"><div class=\"labels__fam\">\n        <a href=\"https:\/\/www.familinparis.fr\/en\/billet-tarif-reduit\/\" class=\"labels__fam-color-lightBlue labels__fam-radius-rounded\">\n        NOS OFFRES A TARIF R\u00c9DUIT      <\/a>\n  <\/div><\/div>\n<div style=\"height:24px\" aria-hidden=\"true\" class=\"wp-block-spacer\"><\/div>\n\n<div class=\"t-center\"><!-- START ADVERTISER: Fnac Spectacles FR from awin.com -->\n\n<a rel=\"sponsored\" target=\"_blank\" href=\"https:\/\/www.awin1.com\/cread.php?s=4685377&#038;v=12494&#038;q=596500&#038;r=291657\">\n    <img decoding=\"async\" src=\"https:\/\/www.awin1.com\/cshow.php?s=4685377&#038;v=12494&#038;q=596500&#038;r=291657\" border=\"0\"\/> \n<\/a>\n\n<!-- END ADVERTISER: Fnac Spectacles FR from awin.com --><\/div>\n\n<div style=\"height:24px\" aria-hidden=\"true\" class=\"wp-block-spacer\"><\/div>\n<div class=\"lazyblock-grids-1pSfC4 wp-block-lazyblock-grids\"><!--\n<div class=\"row new-grids grids-style-2\">\n    <div class=\"glide grid-carousel\">\n        <div class=\"grid-title grid-carousel--title\">\n            <div>\n                                    <h2>It's new!<\/h2>\n                                            <\/div>\n            <div>\n                <div class=\"glide__arrows\" data-glide-el=\"controls\">\n                    <button class=\"glide__arrow glide__arrow--left\" data-glide-dir=\"|&lt;\"><i class=\"fa fa-angle-left\"><\/i><\/button>\n                    <button class=\"glide__arrow glide__arrow--right\" data-glide-dir=\"|&gt;\"><i class=\"fa fa-angle-right\"><\/i><\/button>\n                <\/div>\n            <\/div>\n        <\/div>\n        \n        <div class=\"glide__track\" data-glide-el=\"track\">\n            <ul class=\"glide__slides\">\n                <li class=\"glide__slide\">\n\n<div class=\"grid\">\n\t<a href=\"https:\/\/www.familinparis.fr\/en\/virtual-reality-guided-tour-of-the-eiffel-tower-district-the-symbol-of-paris\/\" target=\"_self\">\n\t    <div class=\"image\" style=\"background-image:url('https:\/\/www.familinparis.fr\/wp-content\/uploads\/2026\/04\/experience_VR_le_symbole_de_paris-564x282.png')\">\n\t    \t\t    \t<div class=\"dateOnImg\">until May 31, 2026<\/div>\n\t    \t\t\t\t\t    <\/div>\n\t    <div class=\"texte\">\n\t        <h5>Champs de Mars, Paris 7th<\/h5>\n\t        <h3>The Symbol of Paris - VR Experience<\/h3>\n\t        <div class=\"tags\">\n\t        \t\t        \t\t<span>RV tour<\/span>\n\t        \t\t        \t<span>1h<\/span>\n\t        <\/div>\n\t        <div class=\"bas\">\n        \t\t<div class=\"prix\">\n        \t\t\t\t        \t\t\t<span>From<\/span>\n\t        \t\t\t<span class=\"\">19\u20ac\u20ac<\/span>\n\t        \t\t\t\t        \t\t        \t\t<\/div>\n            \t<div class=\"review-stars\" data-productId=\"\">\n            \t<\/div>\n\t        <\/div>\n\t    <\/div>\n\t<\/a>\n<\/div><\/li><li class=\"glide__slide\">\n\n<div class=\"grid\">\n\t<a href=\"https:\/\/www.familinparis.fr\/en\/ballet-of-lights-cendrillon-we-call-it-ballet-paris\/\" target=\"_self\">\n\t    <div class=\"image\" style=\"background-image:url('https:\/\/www.familinparis.fr\/wp-content\/uploads\/2026\/04\/ballet-of-lights-cendrillon-564x282.jpg')\">\n\t    \t\t    \t<div class=\"dateOnImg\">1 samedi par mois<\/div>\n\t    \t\t\t\t\t\t\t\t<div class=\"rond-blanc-age\"><span>from <span class=\"age-number\">5<\/span> yo<\/span><\/div>\n\t\t\t\t    <\/div>\n\t    <div class=\"texte\">\n\t        <h5>A la Scala (10\u00e8me)<\/h5>\n\t        <h3>Cinderella - Ballet of Lights<\/h3>\n\t        <div class=\"tags\">\n\t        \t\t        \t\t<span>BALLET F\u00c9ERIQUE<\/span>\n\t        \t\t        \t<span>1h<\/span>\n\t        <\/div>\n\t        <div class=\"bas\">\n        \t\t<div class=\"prix\">\n        \t\t\t        \t\t<\/div>\n            \t<div class=\"review-stars\" data-productId=\"\">\n            \t<\/div>\n\t        <\/div>\n\t    <\/div>\n\t<\/a>\n<\/div><\/li><li class=\"glide__slide\">\n\n<div class=\"grid\">\n\t<a href=\"https:\/\/www.familinparis.fr\/en\/the-cherqui-foundation-in-aubervilliers-93\/\" target=\"_self\">\n\t    <div class=\"image\" style=\"background-image:url('https:\/\/www.familinparis.fr\/wp-content\/uploads\/2026\/04\/fondation-chergui-aubervilliers-93-2-564x282.jpg')\">\n\t    \t\t\t\t\t    <\/div>\n\t    <div class=\"texte\">\n\t        <h5>A Aubervilliers (93)<\/h5>\n\t        <h3>The Cherqui Foundation<\/h3>\n\t        <div class=\"tags\">\n\t        \t\t        \t\t<span>MUS\u00c9E INSOLITE<\/span>\n\t        \t\t        \t<span>1h \u00e0 2h<\/span>\n\t        <\/div>\n\t        <div class=\"bas\">\n        \t\t<div class=\"prix\">\n        \t\t\t\t        \t\t\t<span>From<\/span>\n\t        \t\t\t<span class=\"\">13\u20ac<\/span>\n\t        \t\t\t\t        \t\t        \t\t<\/div>\n            \t<div class=\"review-stars\" data-productId=\"\">\n            \t<\/div>\n\t        <\/div>\n\t    <\/div>\n\t<\/a>\n<\/div><\/li><li class=\"glide__slide\">\n\n<div class=\"grid\">\n\t<a href=\"https:\/\/www.familinparis.fr\/en\/exposition-calder-fondation-louis-vuitton-billet\/\" target=\"_self\">\n\t    <div class=\"image\" style=\"background-image:url('https:\/\/www.familinparis.fr\/wp-content\/uploads\/2026\/04\/exposition-calder-fondation-louis-vuitton-564x282.jpg')\">\n\t    \t\t    \t<div class=\"dateOnImg\">jusqu'au 16 ao\u00fbt 2026<\/div>\n\t    \t\t\t\t\t    <\/div>\n\t    <div class=\"texte\">\n\t        <h5>Fondation Louis Vuitton<\/h5>\n\t        <h3>Calder. Dreaming in balance<\/h3>\n\t        <div class=\"tags\">\n\t        \t\t        \t\t<span>EXPOSITION<\/span>\n\t        \t\t        \t<span>1h30<\/span>\n\t        <\/div>\n\t        <div class=\"bas\">\n        \t\t<div class=\"prix\">\n        \t\t\t        \t\t<\/div>\n            \t<div class=\"review-stars\" data-productId=\"\">\n            \t<\/div>\n\t        <\/div>\n\t    <\/div>\n\t<\/a>\n<\/div><\/li><li class=\"glide__slide\">\n\n<div class=\"grid\">\n\t<a href=\"https:\/\/www.familinparis.fr\/en\/the-paris-sewer-museum\/\" target=\"_self\">\n\t    <div class=\"image\" style=\"background-image:url('https:\/\/www.familinparis.fr\/wp-content\/uploads\/Mus\u00e9es\/Musee-des-egouts\/musee-des-egouts-paris@Olivier.Placet-564x282.jpg')\">\n\t    \t\t    \t<div class=\"dateOnImg\">Du mardi au dimanche<\/div>\n\t    \t\t\t\t\t    <\/div>\n\t    <div class=\"texte\">\n\t        <h5>Pont de l\u2019Alma (Paris 7\u00e8me)<\/h5>\n\t        <h3>The Sewer Museum<\/h3>\n\t        <div class=\"tags\">\n\t        \t\t        \t\t<span>D\u00e8s 7-8 ans<\/span>\n\t        \t\t        \t<span>1h<\/span>\n\t        <\/div>\n\t        <div class=\"bas\">\n        \t\t<div class=\"prix\">\n        \t\t\t\t        \t\t\t<span>From<\/span>\n\t        \t\t\t<span class=\"\">9\u20ac<\/span>\n\t        \t\t\t\t        \t\t        \t\t<\/div>\n            \t<div class=\"review-stars\" data-productId=\"\">\n            \t<\/div>\n\t        <\/div>\n\t    <\/div>\n\t<\/a>\n<\/div><\/li><li class=\"glide__slide\">\n\n<div class=\"grid\">\n\t<a href=\"https:\/\/www.familinparis.fr\/en\/titanic-immersive-exhibition-grande-halle-de-la-villette-75019\/\" target=\"_self\">\n\t    <div class=\"image\" style=\"background-image:url('https:\/\/www.familinparis.fr\/wp-content\/uploads\/2026\/04\/La-Legende-Du-Titanic-exposition-ultime-exposition-immersive-grande-halle-la-villette-2026-564x282.jpg')\">\n\t    \t\t    \t<div class=\"dateOnImg\">jusqu'au 31 ao\u00fbt 2026<\/div>\n\t    \t\t\t\t\t\t\t\t<div class=\"rond-blanc-age\"><span>For all<\/span><\/div>\n\t\t\t\t    <\/div>\n\t    <div class=\"texte\">\n\t        <h5>La Grande Halle de La Villette <\/h5>\n\t        <h3>The Legend of the Titanic: The Ultimate Exhibition<\/h3>\n\t        <div class=\"tags\">\n\t        \t\t        \t\t<span>exposition immersive<\/span>\n\t        \t\t        \t<span>1h30<\/span>\n\t        <\/div>\n\t        <div class=\"bas\">\n        \t\t<div class=\"prix\">\n        \t\t\t        \t\t<\/div>\n            \t<div class=\"review-stars\" data-productId=\"\">\n            \t<\/div>\n\t        <\/div>\n\t    <\/div>\n\t<\/a>\n<\/div><\/li><li class=\"glide__slide\">\n\n<div class=\"grid\">\n\t<a href=\"https:\/\/www.familinparis.fr\/en\/unicorn-exhibition-at-the-cluny-museum-75005\/\" target=\"_self\">\n\t    <div class=\"image\" style=\"background-image:url('https:\/\/www.familinparis.fr\/wp-content\/uploads\/2026\/03\/licornes-expo-musee-cluny-2026-456x282.jpg')\">\n\t    \t\t    \t<div class=\"dateOnImg\">jusqu'au 12 juillet 2026<\/div>\n\t    \t\t\t\t\t\t\t\t<div class=\"rond-blanc-age\"><span>from <span class=\"age-number\">6<\/span> yo<\/span><\/div>\n\t\t\t\t    <\/div>\n\t    <div class=\"texte\">\n\t        <h5>Mus\u00e9e de Cluny - Paris 5\u00e8me<\/h5>\n\t        <h3>Unicorns! At the Museum of Cluny<\/h3>\n\t        <div class=\"tags\">\n\t        \t\t        \t\t<span>exposition<\/span>\n\t        \t\t        \t<span>1h<\/span>\n\t        <\/div>\n\t        <div class=\"bas\">\n        \t\t<div class=\"prix\">\n        \t\t\t        \t\t<\/div>\n            \t<div class=\"review-stars\" data-productId=\"\">\n            \t<\/div>\n\t        <\/div>\n\t    <\/div>\n\t<\/a>\n<\/div><\/li><li class=\"glide__slide\">\n\n<div class=\"grid\">\n\t<a href=\"https:\/\/www.familinparis.fr\/en\/drone-art-show-at-the-vincennes-racecourse-paris\/\" target=\"_self\">\n\t    <div class=\"image\" style=\"background-image:url('https:\/\/www.familinparis.fr\/wp-content\/uploads\/2026\/03\/drone-3.jpg')\">\n\t    \t\t    \t<div class=\"dateOnImg\">Les 28 et 30 mai 2026<\/div>\n\t    \t\t\t\t\t    <\/div>\n\t    <div class=\"texte\">\n\t        <h5>A l'Hippodrome de Vincennes<\/h5>\n\t        <h3>DroneArt Show Paris<\/h3>\n\t        <div class=\"tags\">\n\t        \t\t        \t\t<span>NOUVEAUT\u00c9<\/span>\n\t        \t\t        \t<span>65mn<\/span>\n\t        <\/div>\n\t        <div class=\"bas\">\n        \t\t<div class=\"prix\">\n        \t\t\t        \t\t<\/div>\n            \t<div class=\"review-stars\" data-productId=\"\">\n            \t<\/div>\n\t        <\/div>\n\t    <\/div>\n\t<\/a>\n<\/div><\/li><li class=\"glide__slide\">\n\n<div class=\"grid\">\n\t<a href=\"https:\/\/www.familinparis.fr\/en\/catacombes-de-paris-visite\/\" target=\"_self\">\n\t    <div class=\"image\" style=\"background-image:url('https:\/\/www.familinparis.fr\/wp-content\/uploads\/Monuments\/catacombes\/les-catacombes-de-paris-PLD-564x282.jpg')\">\n\t    \t\t    \t<div class=\"dateOnImg\">Closed on Mondays  <\/div>\n\t    \t\t\t\t\t    <\/div>\n\t    <div class=\"texte\">\n\t        <h5>Place Denfert Rochereau (Paris 14th)<\/h5>\n\t        <h3>The Catacombs of Paris<\/h3>\n\t        <div class=\"tags\">\n\t        \t\t        \t\t<span>Unusual museum<\/span>\n\t        \t\t        \t<span>1h<\/span>\n\t        <\/div>\n\t        <div class=\"bas\">\n        \t\t<div class=\"prix\">\n        \t\t\t        \t\t<\/div>\n            \t<div class=\"review-stars\" data-productId=\"\">\n            \t<\/div>\n\t        <\/div>\n\t    <\/div>\n\t<\/a>\n<\/div><\/li><li class=\"glide__slide\">\n\n<div class=\"grid\">\n\t<a href=\"https:\/\/www.familinparis.fr\/en\/guided-tour-of-paris-under-the-occupation-josephine-baker-elyrea\/\" target=\"_self\">\n\t    <div class=\"image\" style=\"background-image:url('https:\/\/www.familinparis.fr\/wp-content\/uploads\/Visite-theatralisee\/visite-josephine-baker-564x282.jpg')\">\n\t    \t\t    \t<div class=\"dateOnImg\">mercredi, samedi, dimanche<\/div>\n\t    \t\t\t\t\t\t\t\t<div class=\"rond-blanc-age\"><span>from <span class=\"age-number\">10<\/span> yo<\/span><\/div>\n\t\t\t\t    <\/div>\n\t    <div class=\"texte\">\n\t        <h5>Quartier de l'Op\u00e9ra<\/h5>\n\t        <h3>Josephine Baker and Paris under the Occupation<\/h3>\n\t        <div class=\"tags\">\n\t        \t\t        \t\t<span>VISITE TH\u00c9\u00c2TRALIS\u00c9E<\/span>\n\t        \t\t        \t<span>1h30<\/span>\n\t        <\/div>\n\t        <div class=\"bas\">\n        \t\t<div class=\"prix\">\n        \t\t\t        \t\t<\/div>\n            \t<div class=\"review-stars\" data-productId=\"\">\n            \t<\/div>\n\t        <\/div>\n\t    <\/div>\n\t<\/a>\n<\/div><\/li><li class=\"glide__slide\">\n\n<div class=\"grid\">\n\t<a href=\"https:\/\/www.familinparis.fr\/en\/guided-tour-of-paris-the-2024-olympic-games-pierre-de-coubertin-elyrea\/\" target=\"_self\">\n\t    <div class=\"image\" style=\"background-image:url('https:\/\/www.familinparis.fr\/wp-content\/uploads\/Visite-theatralisee\/Paris-Olympique-champs-elysees-564x282.jpg')\">\n\t    \t\t    \t<div class=\"dateOnImg\">mercredi, samedi, dimanche<\/div>\n\t    \t\t\t\t\t\t\t\t<div class=\"rond-blanc-age\"><span>from <span class=\"age-number\">8<\/span> yo<\/span><\/div>\n\t\t\t\t    <\/div>\n\t    <div class=\"texte\">\n\t        <h5>Autour de la Concorde <\/h5>\n\t        <h3>Paris in Olympic form!<\/h3>\n\t        <div class=\"tags\">\n\t        \t\t        \t\t<span>VISITE TH\u00c9\u00c2TRALIS\u00c9E<\/span>\n\t        \t\t        \t<span>1H30<\/span>\n\t        <\/div>\n\t        <div class=\"bas\">\n        \t\t<div class=\"prix\">\n        \t\t\t        \t\t<\/div>\n            \t<div class=\"review-stars\" data-productId=\"\">\n            \t<\/div>\n\t        <\/div>\n\t    <\/div>\n\t<\/a>\n<\/div><\/li><li class=\"glide__slide\">\n\n<div class=\"grid\">\n\t<a href=\"https:\/\/www.familinparis.fr\/en\/guided-tour-the-mysteries-of-the-forest-of-fontainebleau-elyrea\/\" target=\"_self\">\n\t    <div class=\"image\" style=\"background-image:url('https:\/\/www.familinparis.fr\/wp-content\/uploads\/Visite-theatralisee\/Fontainebleau-visite-theatre-arbre-564x282.jpg')\">\n\t    \t\t    \t<div class=\"dateOnImg\">Vendredi et dimanche<\/div>\n\t    \t\t\t\t\t\t\t\t<div class=\"rond-blanc-age\"><span>For all<\/span><\/div>\n\t\t\t\t    <\/div>\n\t    <div class=\"texte\">\n\t        <h5>For\u00eat de Fontainebleau<\/h5>\n\t        <h3>The mysteries of the forest of Fontainebleau<\/h3>\n\t        <div class=\"tags\">\n\t        \t\t        \t\t<span>VISITE TH\u00c9\u00c2TRALIS\u00c9E<\/span>\n\t        \t\t        \t<span>1h30<\/span>\n\t        <\/div>\n\t        <div class=\"bas\">\n        \t\t<div class=\"prix\">\n        \t\t\t        \t\t<\/div>\n            \t<div class=\"review-stars\" data-productId=\"\">\n            \t<\/div>\n\t        <\/div>\n\t    <\/div>\n\t<\/a>\n<\/div><\/li><li class=\"glide__slide\">\n\n<div class=\"grid\">\n\t<a href=\"https:\/\/www.familinparis.fr\/en\/renaissance-la-nouvelle-experience-immersive-a-l-atelier-des-lumieres\/\" target=\"_self\">\n\t    <div class=\"image\" style=\"background-image:url('https:\/\/www.familinparis.fr\/wp-content\/uploads\/Expos\/2026\/Renaissance-affiche-500x282.jpg')\">\n\t    \t\t    \t<div class=\"dateOnImg\">Until June 28, 2026<\/div>\n\t    \t\t\t\t\t    <\/div>\n\t    <div class=\"texte\">\n\t        <h5>The Atelier des Lumi\u00e8res (Paris 11th)<\/h5>\n\t        <h3>Renaissance at the Atelier des Lumi\u00e8res<\/h3>\n\t        <div class=\"tags\">\n\t        \t\t        \t\t<span>Immersive Exhibition<\/span>\n\t        \t\t        \t<span>50 minutes<\/span>\n\t        <\/div>\n\t        <div class=\"bas\">\n        \t\t<div class=\"prix\">\n        \t\t\t        \t\t<\/div>\n            \t<div class=\"review-stars\" data-productId=\"\">\n            \t<\/div>\n\t        <\/div>\n\t    <\/div>\n\t<\/a>\n<\/div><\/li><li class=\"glide__slide\">\n\n<div class=\"grid\">\n\t<a href=\"https:\/\/www.familinparis.fr\/en\/candlelight-concert-in-paris\/\" target=\"_self\">\n\t    <div class=\"image\" style=\"background-image:url('https:\/\/www.familinparis.fr\/wp-content\/uploads\/2026\/01\/les-concerts-candelight-564x282.jpg')\">\n\t    \t\t    \t<div class=\"dateOnImg\">Nombreuses dates<\/div>\n\t    \t\t\t\t\t\t\t\t<div class=\"rond-blanc-age\"><span>For all<\/span><\/div>\n\t\t\t\t    <\/div>\n\t    <div class=\"texte\">\n\t        <h5>A Paris<\/h5>\n\t        <h3>Les concerts Candlelight<\/h3>\n\t        <div class=\"tags\">\n\t        \t\t        \t\t<span>CONCERTS ATYPIQUES<\/span>\n\t        \t\t        \t<span>1h<\/span>\n\t        <\/div>\n\t        <div class=\"bas\">\n        \t\t<div class=\"prix\">\n        \t\t\t\t        \t\t\t<span>From<\/span>\n\t        \t\t\t<span class=\"\">25\u20ac<\/span>\n\t        \t\t\t\t        \t\t        \t\t<\/div>\n            \t<div class=\"review-stars\" data-productId=\"\">\n            \t<\/div>\n\t        <\/div>\n\t    <\/div>\n\t<\/a>\n<\/div><\/li><li class=\"glide__slide\">\n\n<div class=\"grid\">\n\t<a href=\"https:\/\/www.familinparis.fr\/en\/we-call-it-ballet-sleeping-beauty-paris\/\" target=\"_self\">\n\t    <div class=\"image\" style=\"background-image:url('https:\/\/www.familinparis.fr\/wp-content\/uploads\/2026\/01\/ballet-of-light-la-belle-au-bois-dormant-564x282.jpg')\">\n\t    \t\t    \t<div class=\"dateOnImg\">19 et 20 f\u00e9v., 1er et 7 mars<\/div>\n\t    \t\t\t\t\t\t\t\t<div class=\"rond-blanc-age\"><span>from <span class=\"age-number\">5<\/span> yo<\/span><\/div>\n\t\t\t\t    <\/div>\n\t    <div class=\"texte\">\n\t        <h5>MPAA\/Saint-Germain-des-Pr\u00e9s<\/h5>\n\t        <h3>We call it Ballet: Sleeping Beauty<\/h3>\n\t        <div class=\"tags\">\n\t        \t\t        \t\t<span>DANSE<\/span>\n\t        \t\t        \t<span>60mn<\/span>\n\t        <\/div>\n\t        <div class=\"bas\">\n        \t\t<div class=\"prix\">\n        \t\t\t        \t\t<\/div>\n            \t<div class=\"review-stars\" data-productId=\"\">\n            \t<\/div>\n\t        <\/div>\n\t    <\/div>\n\t<\/a>\n<\/div><\/li><li class=\"glide__slide\">\n\n<div class=\"grid\">\n\t<a href=\"https:\/\/www.familinparis.fr\/en\/treasure-hunt-investigation-saint-germain-en-laye-mystery-hunt-78\/\" target=\"_self\">\n\t    <div class=\"image\" style=\"background-image:url('https:\/\/www.familinparis.fr\/wp-content\/uploads\/2026\/01\/Saint-Germain-final2-564x282.jpg')\">\n\t    \t\t\t\t\t\t\t\t<div class=\"rond-blanc-age\"><span>from <span class=\"age-number\">10<\/span> yo<\/span><\/div>\n\t\t\t\t    <\/div>\n\t    <div class=\"texte\">\n\t        <h5>Saint-Germain-en-Laye (78)<\/h5>\n\t        <h3>2 Hours to Belong to the Black Cabinet - Investigation<\/h3>\n\t        <div class=\"tags\">\n\t        \t\t        \t\t<span>JEU DE PISTE - ENQU\u00caTE<\/span>\n\t        \t\t        \t<span>2h<\/span>\n\t        <\/div>\n\t        <div class=\"bas\">\n        \t\t<div class=\"prix\">\n        \t\t\t\t        \t\t\t<span>From<\/span>\n\t        \t\t\t<span class=\"\">25\u20ac \/pers\u20ac<\/span>\n\t        \t\t\t\t        \t\t        \t\t<\/div>\n            \t<div class=\"review-stars\" data-productId=\"\">\n            \t<\/div>\n\t        <\/div>\n\t    <\/div>\n\t<\/a>\n<\/div><\/li><li class=\"glide__slide\">\n\n<div class=\"grid\">\n\t<a href=\"https:\/\/www.familinparis.fr\/en\/mummies-exhibition-at-the-musee-de-l-homme\/\" target=\"_self\">\n\t    <div class=\"image\" style=\"background-image:url('https:\/\/www.familinparis.fr\/wp-content\/uploads\/2025\/11\/AFFICHE-MH_MOMIES_40x32-564x282.jpg')\">\n\t    \t\t    \t<div class=\"dateOnImg\">Jusqu'au 25 mai 2026<\/div>\n\t    \t\t\t\t\t\t\t\t<div class=\"rond-blanc-age\"><span>from <span class=\"age-number\">8<\/span> yo<\/span><\/div>\n\t\t\t\t    <\/div>\n\t    <div class=\"texte\">\n\t        <h5>Mus\u00e9e de l'Homme (Paris 16\u00e8me)<\/h5>\n\t        <h3>MOMIES \u2022 At the Mus\u00e9e de l'Homme<\/h3>\n\t        <div class=\"tags\">\n\t        \t\t        \t\t<span>exposition<\/span>\n\t        \t\t        \t<span>1h<\/span>\n\t        <\/div>\n\t        <div class=\"bas\">\n        \t\t<div class=\"prix\">\n        \t\t\t        \t\t<\/div>\n            \t<div class=\"review-stars\" data-productId=\"\">\n            \t<\/div>\n\t        <\/div>\n\t    <\/div>\n\t<\/a>\n<\/div><\/li><li class=\"glide__slide\">\n\n<div class=\"grid\">\n\t<a href=\"https:\/\/www.familinparis.fr\/en\/european-museum-night\/\" target=\"_self\">\n\t    <div class=\"image\" style=\"background-image:url('https:\/\/www.familinparis.fr\/wp-content\/uploads\/2025\/05\/affiche-pour-La-Nuit-Europeenne-des-Musees-2026-2.jpg')\">\n\t    \t\t    \t<div class=\"dateOnImg\">Le 17 mai 2025<\/div>\n\t    \t\t\t\t\t    <\/div>\n\t    <div class=\"texte\">\n\t        <h5>A Paris et Ile de France<\/h5>\n\t        <h3>The European Night of Museums 2025<\/h3>\n\t        <div class=\"tags\">\n\t        \t\t        \t\t<span>Tout public<\/span>\n\t        \t\t        \t<span>Toute la nuit<\/span>\n\t        <\/div>\n\t        <div class=\"bas\">\n        \t\t<div class=\"prix\">\n        \t\t\t        \t\t<\/div>\n            \t<div class=\"review-stars\" data-productId=\"\">\n            \t<\/div>\n\t        <\/div>\n\t    <\/div>\n\t<\/a>\n<\/div><\/li>            <\/ul>\n        <\/div>\n    <\/div>\n    \n    <\/div>\n-->\n<style type=\"text\/css\">\n    .swiper{\n        width: 100%;\n    }\n    .grid-carousel__arrows {\n        display: flex;\n        gap: 1rem;\n\n    }\n    button.grid-carousel__arrow {\n        background: #008098;\n        border-radius: 50%;\n        height: 50px;\n        width: 50px;\n        border: 2px solid #008098;\n        color: #ffff;\n        padding: 0px;\n        text-align: center;\n    }\n\n    button.grid-carousel__arrow.swiper-button-disabled{\n        opacity: .15;\n    }\n    .grid-carousel .swiper-slide {\n         min-width: 300px;\n    }\n    @media (max-width: 799px) {\n        .grid-carousel__arrows {\n            display: none;\n        }\n        .grid-carousel .swiper-slide {\n            width: 40%;\n        }\n    }\n    @media (max-width: 529px) {\n        .grid-carousel .swiper-slide {\n            width: 75%;\n        }\n    }\n<\/style>\n\n<div class=\"row new-grids grids-style-2\">\n    <div class=\"swiper grid-carousel\">\n        <div class=\"grid-title grid-carousel--title\">\n            <div>\n                                    <h2>It&#8217;s new!<\/h2>\n                                            <\/div>\n            <div>\n                <div class=\"grid-carousel__arrows\">\n                    <button class=\"grid-carousel__arrow grid-carousel__arrow--left\">\n                        <i class=\"fa fa-angle-left\"><\/i>\n                    <\/button>\n                    <button class=\"grid-carousel__arrow grid-carousel__arrow--right\">\n                        <i class=\"fa fa-angle-right\"><\/i>\n                    <\/button>\n                <\/div>\n            <\/div>\n        <\/div>\n        \n        <div class=\"swiper-wrapper\">\n            <div class=\"swiper-slide\">\n\n<div class=\"grid\">\n\t<a href=\"https:\/\/www.familinparis.fr\/en\/virtual-reality-guided-tour-of-the-eiffel-tower-district-the-symbol-of-paris\/\" target=\"_self\">\n\t    <div class=\"image\" style=\"background-image:url('https:\/\/www.familinparis.fr\/wp-content\/uploads\/2026\/04\/experience_VR_le_symbole_de_paris-564x282.png')\">\n\t    \t\t    \t<div class=\"dateOnImg\">until May 31, 2026<\/div>\n\t    \t\t\t\t\t    <\/div>\n\t    <div class=\"texte\">\n\t        <h5>Champs de Mars, Paris 7th<\/h5>\n\t        <h3>The Symbol of Paris &#8211; VR Experience<\/h3>\n\t        <div class=\"tags\">\n\t        \t\t        \t\t<span>RV tour<\/span>\n\t        \t\t        \t<span>1h<\/span>\n\t        <\/div>\n\t        <div class=\"bas\">\n        \t\t<div class=\"prix\">\n        \t\t\t\t        \t\t\t<span>From<\/span>\n\t        \t\t\t<span class=\"\">19\u20ac\u20ac<\/span>\n\t        \t\t\t\t        \t\t        \t\t<\/div>\n            \t<div class=\"review-stars\" data-productId=\"\">\n            \t<\/div>\n\t        <\/div>\n\t    <\/div>\n\t<\/a>\n<\/div><\/div><div class=\"swiper-slide\">\n\n<div class=\"grid\">\n\t<a href=\"https:\/\/www.familinparis.fr\/en\/ballet-of-lights-cendrillon-we-call-it-ballet-paris\/\" target=\"_self\">\n\t    <div class=\"image\" style=\"background-image:url('https:\/\/www.familinparis.fr\/wp-content\/uploads\/2026\/04\/ballet-of-lights-cendrillon-564x282.jpg')\">\n\t    \t\t    \t<div class=\"dateOnImg\">1 samedi par mois<\/div>\n\t    \t\t\t\t\t\t\t\t<div class=\"rond-blanc-age\"><span>from <span class=\"age-number\">5<\/span> yo<\/span><\/div>\n\t\t\t\t    <\/div>\n\t    <div class=\"texte\">\n\t        <h5>A la Scala (10\u00e8me)<\/h5>\n\t        <h3>Cinderella &#8211; Ballet of Lights<\/h3>\n\t        <div class=\"tags\">\n\t        \t\t        \t\t<span>BALLET F\u00c9ERIQUE<\/span>\n\t        \t\t        \t<span>1h<\/span>\n\t        <\/div>\n\t        <div class=\"bas\">\n        \t\t<div class=\"prix\">\n        \t\t\t        \t\t<\/div>\n            \t<div class=\"review-stars\" data-productId=\"\">\n            \t<\/div>\n\t        <\/div>\n\t    <\/div>\n\t<\/a>\n<\/div><\/div><div class=\"swiper-slide\">\n\n<div class=\"grid\">\n\t<a href=\"https:\/\/www.familinparis.fr\/en\/the-cherqui-foundation-in-aubervilliers-93\/\" target=\"_self\">\n\t    <div class=\"image\" style=\"background-image:url('https:\/\/www.familinparis.fr\/wp-content\/uploads\/2026\/04\/fondation-chergui-aubervilliers-93-2-564x282.jpg')\">\n\t    \t\t\t\t\t    <\/div>\n\t    <div class=\"texte\">\n\t        <h5>A Aubervilliers (93)<\/h5>\n\t        <h3>The Cherqui Foundation<\/h3>\n\t        <div class=\"tags\">\n\t        \t\t        \t\t<span>MUS\u00c9E INSOLITE<\/span>\n\t        \t\t        \t<span>1h \u00e0 2h<\/span>\n\t        <\/div>\n\t        <div class=\"bas\">\n        \t\t<div class=\"prix\">\n        \t\t\t\t        \t\t\t<span>From<\/span>\n\t        \t\t\t<span class=\"\">13\u20ac<\/span>\n\t        \t\t\t\t        \t\t        \t\t<\/div>\n            \t<div class=\"review-stars\" data-productId=\"\">\n            \t<\/div>\n\t        <\/div>\n\t    <\/div>\n\t<\/a>\n<\/div><\/div><div class=\"swiper-slide\">\n\n<div class=\"grid\">\n\t<a href=\"https:\/\/www.familinparis.fr\/en\/exposition-calder-fondation-louis-vuitton-billet\/\" target=\"_self\">\n\t    <div class=\"image\" style=\"background-image:url('https:\/\/www.familinparis.fr\/wp-content\/uploads\/2026\/04\/exposition-calder-fondation-louis-vuitton-564x282.jpg')\">\n\t    \t\t    \t<div class=\"dateOnImg\">jusqu&#8217;au 16 ao\u00fbt 2026<\/div>\n\t    \t\t\t\t\t    <\/div>\n\t    <div class=\"texte\">\n\t        <h5>Fondation Louis Vuitton<\/h5>\n\t        <h3>Calder. Dreaming in balance<\/h3>\n\t        <div class=\"tags\">\n\t        \t\t        \t\t<span>EXPOSITION<\/span>\n\t        \t\t        \t<span>1h30<\/span>\n\t        <\/div>\n\t        <div class=\"bas\">\n        \t\t<div class=\"prix\">\n        \t\t\t        \t\t<\/div>\n            \t<div class=\"review-stars\" data-productId=\"\">\n            \t<\/div>\n\t        <\/div>\n\t    <\/div>\n\t<\/a>\n<\/div><\/div><div class=\"swiper-slide\">\n\n<div class=\"grid\">\n\t<a href=\"https:\/\/www.familinparis.fr\/en\/the-paris-sewer-museum\/\" target=\"_self\">\n\t    <div class=\"image\" style=\"background-image:url('https:\/\/www.familinparis.fr\/wp-content\/uploads\/Mus\u00e9es\/Musee-des-egouts\/musee-des-egouts-paris@Olivier.Placet-564x282.jpg')\">\n\t    \t\t    \t<div class=\"dateOnImg\">Du mardi au dimanche<\/div>\n\t    \t\t\t\t\t    <\/div>\n\t    <div class=\"texte\">\n\t        <h5>Pont de l\u2019Alma (Paris 7\u00e8me)<\/h5>\n\t        <h3>The Sewer Museum<\/h3>\n\t        <div class=\"tags\">\n\t        \t\t        \t\t<span>D\u00e8s 7-8 ans<\/span>\n\t        \t\t        \t<span>1h<\/span>\n\t        <\/div>\n\t        <div class=\"bas\">\n        \t\t<div class=\"prix\">\n        \t\t\t\t        \t\t\t<span>From<\/span>\n\t        \t\t\t<span class=\"\">9\u20ac<\/span>\n\t        \t\t\t\t        \t\t        \t\t<\/div>\n            \t<div class=\"review-stars\" data-productId=\"\">\n            \t<\/div>\n\t        <\/div>\n\t    <\/div>\n\t<\/a>\n<\/div><\/div><div class=\"swiper-slide\">\n\n<div class=\"grid\">\n\t<a href=\"https:\/\/www.familinparis.fr\/en\/titanic-immersive-exhibition-grande-halle-de-la-villette-75019\/\" target=\"_self\">\n\t    <div class=\"image\" style=\"background-image:url('https:\/\/www.familinparis.fr\/wp-content\/uploads\/2026\/04\/La-Legende-Du-Titanic-exposition-ultime-exposition-immersive-grande-halle-la-villette-2026-564x282.jpg')\">\n\t    \t\t    \t<div class=\"dateOnImg\">jusqu&#8217;au 31 ao\u00fbt 2026<\/div>\n\t    \t\t\t\t\t\t\t\t<div class=\"rond-blanc-age\"><span>For all<\/span><\/div>\n\t\t\t\t    <\/div>\n\t    <div class=\"texte\">\n\t        <h5>La Grande Halle de La Villette <\/h5>\n\t        <h3>The Legend of the Titanic: The Ultimate Exhibition<\/h3>\n\t        <div class=\"tags\">\n\t        \t\t        \t\t<span>exposition immersive<\/span>\n\t        \t\t        \t<span>1h30<\/span>\n\t        <\/div>\n\t        <div class=\"bas\">\n        \t\t<div class=\"prix\">\n        \t\t\t        \t\t<\/div>\n            \t<div class=\"review-stars\" data-productId=\"\">\n            \t<\/div>\n\t        <\/div>\n\t    <\/div>\n\t<\/a>\n<\/div><\/div><div class=\"swiper-slide\">\n\n<div class=\"grid\">\n\t<a href=\"https:\/\/www.familinparis.fr\/en\/unicorn-exhibition-at-the-cluny-museum-75005\/\" target=\"_self\">\n\t    <div class=\"image\" style=\"background-image:url('https:\/\/www.familinparis.fr\/wp-content\/uploads\/2026\/03\/licornes-expo-musee-cluny-2026-456x282.jpg')\">\n\t    \t\t    \t<div class=\"dateOnImg\">jusqu&#8217;au 12 juillet 2026<\/div>\n\t    \t\t\t\t\t\t\t\t<div class=\"rond-blanc-age\"><span>from <span class=\"age-number\">6<\/span> yo<\/span><\/div>\n\t\t\t\t    <\/div>\n\t    <div class=\"texte\">\n\t        <h5>Mus\u00e9e de Cluny &#8211; Paris 5\u00e8me<\/h5>\n\t        <h3>Unicorns! At the Museum of Cluny<\/h3>\n\t        <div class=\"tags\">\n\t        \t\t        \t\t<span>exposition<\/span>\n\t        \t\t        \t<span>1h<\/span>\n\t        <\/div>\n\t        <div class=\"bas\">\n        \t\t<div class=\"prix\">\n        \t\t\t        \t\t<\/div>\n            \t<div class=\"review-stars\" data-productId=\"\">\n            \t<\/div>\n\t        <\/div>\n\t    <\/div>\n\t<\/a>\n<\/div><\/div><div class=\"swiper-slide\">\n\n<div class=\"grid\">\n\t<a href=\"https:\/\/www.familinparis.fr\/en\/drone-art-show-at-the-vincennes-racecourse-paris\/\" target=\"_self\">\n\t    <div class=\"image\" style=\"background-image:url('https:\/\/www.familinparis.fr\/wp-content\/uploads\/2026\/03\/drone-3.jpg')\">\n\t    \t\t    \t<div class=\"dateOnImg\">Les 28 et 30 mai 2026<\/div>\n\t    \t\t\t\t\t    <\/div>\n\t    <div class=\"texte\">\n\t        <h5>A l&#8217;Hippodrome de Vincennes<\/h5>\n\t        <h3>DroneArt Show Paris<\/h3>\n\t        <div class=\"tags\">\n\t        \t\t        \t\t<span>NOUVEAUT\u00c9<\/span>\n\t        \t\t        \t<span>65mn<\/span>\n\t        <\/div>\n\t        <div class=\"bas\">\n        \t\t<div class=\"prix\">\n        \t\t\t        \t\t<\/div>\n            \t<div class=\"review-stars\" data-productId=\"\">\n            \t<\/div>\n\t        <\/div>\n\t    <\/div>\n\t<\/a>\n<\/div><\/div><div class=\"swiper-slide\">\n\n<div class=\"grid\">\n\t<a href=\"https:\/\/www.familinparis.fr\/en\/catacombes-de-paris-visite\/\" target=\"_self\">\n\t    <div class=\"image\" style=\"background-image:url('https:\/\/www.familinparis.fr\/wp-content\/uploads\/Monuments\/catacombes\/les-catacombes-de-paris-PLD-564x282.jpg')\">\n\t    \t\t    \t<div class=\"dateOnImg\">Closed on Mondays  <\/div>\n\t    \t\t\t\t\t    <\/div>\n\t    <div class=\"texte\">\n\t        <h5>Place Denfert Rochereau (Paris 14th)<\/h5>\n\t        <h3>The Catacombs of Paris<\/h3>\n\t        <div class=\"tags\">\n\t        \t\t        \t\t<span>Unusual museum<\/span>\n\t        \t\t        \t<span>1h<\/span>\n\t        <\/div>\n\t        <div class=\"bas\">\n        \t\t<div class=\"prix\">\n        \t\t\t        \t\t<\/div>\n            \t<div class=\"review-stars\" data-productId=\"\">\n            \t<\/div>\n\t        <\/div>\n\t    <\/div>\n\t<\/a>\n<\/div><\/div><div class=\"swiper-slide\">\n\n<div class=\"grid\">\n\t<a href=\"https:\/\/www.familinparis.fr\/en\/guided-tour-of-paris-under-the-occupation-josephine-baker-elyrea\/\" target=\"_self\">\n\t    <div class=\"image\" style=\"background-image:url('https:\/\/www.familinparis.fr\/wp-content\/uploads\/Visite-theatralisee\/visite-josephine-baker-564x282.jpg')\">\n\t    \t\t    \t<div class=\"dateOnImg\">mercredi, samedi, dimanche<\/div>\n\t    \t\t\t\t\t\t\t\t<div class=\"rond-blanc-age\"><span>from <span class=\"age-number\">10<\/span> yo<\/span><\/div>\n\t\t\t\t    <\/div>\n\t    <div class=\"texte\">\n\t        <h5>Quartier de l&#8217;Op\u00e9ra<\/h5>\n\t        <h3>Josephine Baker and Paris under the Occupation<\/h3>\n\t        <div class=\"tags\">\n\t        \t\t        \t\t<span>VISITE TH\u00c9\u00c2TRALIS\u00c9E<\/span>\n\t        \t\t        \t<span>1h30<\/span>\n\t        <\/div>\n\t        <div class=\"bas\">\n        \t\t<div class=\"prix\">\n        \t\t\t        \t\t<\/div>\n            \t<div class=\"review-stars\" data-productId=\"\">\n            \t<\/div>\n\t        <\/div>\n\t    <\/div>\n\t<\/a>\n<\/div><\/div><div class=\"swiper-slide\">\n\n<div class=\"grid\">\n\t<a href=\"https:\/\/www.familinparis.fr\/en\/guided-tour-of-paris-the-2024-olympic-games-pierre-de-coubertin-elyrea\/\" target=\"_self\">\n\t    <div class=\"image\" style=\"background-image:url('https:\/\/www.familinparis.fr\/wp-content\/uploads\/Visite-theatralisee\/Paris-Olympique-champs-elysees-564x282.jpg')\">\n\t    \t\t    \t<div class=\"dateOnImg\">mercredi, samedi, dimanche<\/div>\n\t    \t\t\t\t\t\t\t\t<div class=\"rond-blanc-age\"><span>from <span class=\"age-number\">8<\/span> yo<\/span><\/div>\n\t\t\t\t    <\/div>\n\t    <div class=\"texte\">\n\t        <h5>Autour de la Concorde <\/h5>\n\t        <h3>Paris in Olympic form!<\/h3>\n\t        <div class=\"tags\">\n\t        \t\t        \t\t<span>VISITE TH\u00c9\u00c2TRALIS\u00c9E<\/span>\n\t        \t\t        \t<span>1H30<\/span>\n\t        <\/div>\n\t        <div class=\"bas\">\n        \t\t<div class=\"prix\">\n        \t\t\t        \t\t<\/div>\n            \t<div class=\"review-stars\" data-productId=\"\">\n            \t<\/div>\n\t        <\/div>\n\t    <\/div>\n\t<\/a>\n<\/div><\/div><div class=\"swiper-slide\">\n\n<div class=\"grid\">\n\t<a href=\"https:\/\/www.familinparis.fr\/en\/guided-tour-the-mysteries-of-the-forest-of-fontainebleau-elyrea\/\" target=\"_self\">\n\t    <div class=\"image\" style=\"background-image:url('https:\/\/www.familinparis.fr\/wp-content\/uploads\/Visite-theatralisee\/Fontainebleau-visite-theatre-arbre-564x282.jpg')\">\n\t    \t\t    \t<div class=\"dateOnImg\">Vendredi et dimanche<\/div>\n\t    \t\t\t\t\t\t\t\t<div class=\"rond-blanc-age\"><span>For all<\/span><\/div>\n\t\t\t\t    <\/div>\n\t    <div class=\"texte\">\n\t        <h5>For\u00eat de Fontainebleau<\/h5>\n\t        <h3>The mysteries of the forest of Fontainebleau<\/h3>\n\t        <div class=\"tags\">\n\t        \t\t        \t\t<span>VISITE TH\u00c9\u00c2TRALIS\u00c9E<\/span>\n\t        \t\t        \t<span>1h30<\/span>\n\t        <\/div>\n\t        <div class=\"bas\">\n        \t\t<div class=\"prix\">\n        \t\t\t        \t\t<\/div>\n            \t<div class=\"review-stars\" data-productId=\"\">\n            \t<\/div>\n\t        <\/div>\n\t    <\/div>\n\t<\/a>\n<\/div><\/div><div class=\"swiper-slide\">\n\n<div class=\"grid\">\n\t<a href=\"https:\/\/www.familinparis.fr\/en\/renaissance-la-nouvelle-experience-immersive-a-l-atelier-des-lumieres\/\" target=\"_self\">\n\t    <div class=\"image\" style=\"background-image:url('https:\/\/www.familinparis.fr\/wp-content\/uploads\/Expos\/2026\/Renaissance-affiche-500x282.jpg')\">\n\t    \t\t    \t<div class=\"dateOnImg\">Until June 28, 2026<\/div>\n\t    \t\t\t\t\t    <\/div>\n\t    <div class=\"texte\">\n\t        <h5>The Atelier des Lumi\u00e8res (Paris 11th)<\/h5>\n\t        <h3>Renaissance at the Atelier des Lumi\u00e8res<\/h3>\n\t        <div class=\"tags\">\n\t        \t\t        \t\t<span>Immersive Exhibition<\/span>\n\t        \t\t        \t<span>50 minutes<\/span>\n\t        <\/div>\n\t        <div class=\"bas\">\n        \t\t<div class=\"prix\">\n        \t\t\t        \t\t<\/div>\n            \t<div class=\"review-stars\" data-productId=\"\">\n            \t<\/div>\n\t        <\/div>\n\t    <\/div>\n\t<\/a>\n<\/div><\/div><div class=\"swiper-slide\">\n\n<div class=\"grid\">\n\t<a href=\"https:\/\/www.familinparis.fr\/en\/candlelight-concert-in-paris\/\" target=\"_self\">\n\t    <div class=\"image\" style=\"background-image:url('https:\/\/www.familinparis.fr\/wp-content\/uploads\/2026\/01\/les-concerts-candelight-564x282.jpg')\">\n\t    \t\t    \t<div class=\"dateOnImg\">Nombreuses dates<\/div>\n\t    \t\t\t\t\t\t\t\t<div class=\"rond-blanc-age\"><span>For all<\/span><\/div>\n\t\t\t\t    <\/div>\n\t    <div class=\"texte\">\n\t        <h5>A Paris<\/h5>\n\t        <h3>Les concerts Candlelight<\/h3>\n\t        <div class=\"tags\">\n\t        \t\t        \t\t<span>CONCERTS ATYPIQUES<\/span>\n\t        \t\t        \t<span>1h<\/span>\n\t        <\/div>\n\t        <div class=\"bas\">\n        \t\t<div class=\"prix\">\n        \t\t\t\t        \t\t\t<span>From<\/span>\n\t        \t\t\t<span class=\"\">25\u20ac<\/span>\n\t        \t\t\t\t        \t\t        \t\t<\/div>\n            \t<div class=\"review-stars\" data-productId=\"\">\n            \t<\/div>\n\t        <\/div>\n\t    <\/div>\n\t<\/a>\n<\/div><\/div><div class=\"swiper-slide\">\n\n<div class=\"grid\">\n\t<a href=\"https:\/\/www.familinparis.fr\/en\/we-call-it-ballet-sleeping-beauty-paris\/\" target=\"_self\">\n\t    <div class=\"image\" style=\"background-image:url('https:\/\/www.familinparis.fr\/wp-content\/uploads\/2026\/01\/ballet-of-light-la-belle-au-bois-dormant-564x282.jpg')\">\n\t    \t\t    \t<div class=\"dateOnImg\">19 et 20 f\u00e9v., 1er et 7 mars<\/div>\n\t    \t\t\t\t\t\t\t\t<div class=\"rond-blanc-age\"><span>from <span class=\"age-number\">5<\/span> yo<\/span><\/div>\n\t\t\t\t    <\/div>\n\t    <div class=\"texte\">\n\t        <h5>MPAA\/Saint-Germain-des-Pr\u00e9s<\/h5>\n\t        <h3>We call it Ballet: Sleeping Beauty<\/h3>\n\t        <div class=\"tags\">\n\t        \t\t        \t\t<span>DANSE<\/span>\n\t        \t\t        \t<span>60mn<\/span>\n\t        <\/div>\n\t        <div class=\"bas\">\n        \t\t<div class=\"prix\">\n        \t\t\t        \t\t<\/div>\n            \t<div class=\"review-stars\" data-productId=\"\">\n            \t<\/div>\n\t        <\/div>\n\t    <\/div>\n\t<\/a>\n<\/div><\/div><div class=\"swiper-slide\">\n\n<div class=\"grid\">\n\t<a href=\"https:\/\/www.familinparis.fr\/en\/treasure-hunt-investigation-saint-germain-en-laye-mystery-hunt-78\/\" target=\"_self\">\n\t    <div class=\"image\" style=\"background-image:url('https:\/\/www.familinparis.fr\/wp-content\/uploads\/2026\/01\/Saint-Germain-final2-564x282.jpg')\">\n\t    \t\t\t\t\t\t\t\t<div class=\"rond-blanc-age\"><span>from <span class=\"age-number\">10<\/span> yo<\/span><\/div>\n\t\t\t\t    <\/div>\n\t    <div class=\"texte\">\n\t        <h5>Saint-Germain-en-Laye (78)<\/h5>\n\t        <h3>2 Hours to Belong to the Black Cabinet &#8211; Investigation<\/h3>\n\t        <div class=\"tags\">\n\t        \t\t        \t\t<span>JEU DE PISTE &#8211; ENQU\u00caTE<\/span>\n\t        \t\t        \t<span>2h<\/span>\n\t        <\/div>\n\t        <div class=\"bas\">\n        \t\t<div class=\"prix\">\n        \t\t\t\t        \t\t\t<span>From<\/span>\n\t        \t\t\t<span class=\"\">25\u20ac \/pers\u20ac<\/span>\n\t        \t\t\t\t        \t\t        \t\t<\/div>\n            \t<div class=\"review-stars\" data-productId=\"\">\n            \t<\/div>\n\t        <\/div>\n\t    <\/div>\n\t<\/a>\n<\/div><\/div><div class=\"swiper-slide\">\n\n<div class=\"grid\">\n\t<a href=\"https:\/\/www.familinparis.fr\/en\/mummies-exhibition-at-the-musee-de-l-homme\/\" target=\"_self\">\n\t    <div class=\"image\" style=\"background-image:url('https:\/\/www.familinparis.fr\/wp-content\/uploads\/2025\/11\/AFFICHE-MH_MOMIES_40x32-564x282.jpg')\">\n\t    \t\t    \t<div class=\"dateOnImg\">Jusqu&#8217;au 25 mai 2026<\/div>\n\t    \t\t\t\t\t\t\t\t<div class=\"rond-blanc-age\"><span>from <span class=\"age-number\">8<\/span> yo<\/span><\/div>\n\t\t\t\t    <\/div>\n\t    <div class=\"texte\">\n\t        <h5>Mus\u00e9e de l&#8217;Homme (Paris 16\u00e8me)<\/h5>\n\t        <h3>MOMIES \u2022 At the Mus\u00e9e de l&#8217;Homme<\/h3>\n\t        <div class=\"tags\">\n\t        \t\t        \t\t<span>exposition<\/span>\n\t        \t\t        \t<span>1h<\/span>\n\t        <\/div>\n\t        <div class=\"bas\">\n        \t\t<div class=\"prix\">\n        \t\t\t        \t\t<\/div>\n            \t<div class=\"review-stars\" data-productId=\"\">\n            \t<\/div>\n\t        <\/div>\n\t    <\/div>\n\t<\/a>\n<\/div><\/div><div class=\"swiper-slide\">\n\n<div class=\"grid\">\n\t<a href=\"https:\/\/www.familinparis.fr\/en\/european-museum-night\/\" target=\"_self\">\n\t    <div class=\"image\" style=\"background-image:url('https:\/\/www.familinparis.fr\/wp-content\/uploads\/2025\/05\/affiche-pour-La-Nuit-Europeenne-des-Musees-2026-2.jpg')\">\n\t    \t\t    \t<div class=\"dateOnImg\">Le 17 mai 2025<\/div>\n\t    \t\t\t\t\t    <\/div>\n\t    <div class=\"texte\">\n\t        <h5>A Paris et Ile de France<\/h5>\n\t        <h3>The European Night of Museums 2025<\/h3>\n\t        <div class=\"tags\">\n\t        \t\t        \t\t<span>Tout public<\/span>\n\t        \t\t        \t<span>Toute la nuit<\/span>\n\t        <\/div>\n\t        <div class=\"bas\">\n        \t\t<div class=\"prix\">\n        \t\t\t        \t\t<\/div>\n            \t<div class=\"review-stars\" data-productId=\"\">\n            \t<\/div>\n\t        <\/div>\n\t    <\/div>\n\t<\/a>\n<\/div><\/div>        <\/div>\n    <\/div>\n    \n    <\/div>\n\n<\/div>\n<h2 class=\"wp-block-heading m-b-10 has-x-large-font-size\">What are we doing this month?<\/h2>\n\n<p>A guided tour, a pastry workshop, a concert, an exhibition, a play&#8230;<\/p>\n<div class=\"lazyblock-grids-Z1Trxtm wp-block-lazyblock-grids\"><!--\n<div class=\"row new-grids grids-style-2\">\n    <div class=\"glide grid-carousel\">\n        <div class=\"grid-title grid-carousel--title\">\n            <div>\n                                            <\/div>\n            <div>\n                <div class=\"glide__arrows\" data-glide-el=\"controls\">\n                    <button class=\"glide__arrow glide__arrow--left\" data-glide-dir=\"|&lt;\"><i class=\"fa fa-angle-left\"><\/i><\/button>\n                    <button class=\"glide__arrow glide__arrow--right\" data-glide-dir=\"|&gt;\"><i class=\"fa fa-angle-right\"><\/i><\/button>\n                <\/div>\n            <\/div>\n        <\/div>\n        \n        <div class=\"glide__track\" data-glide-el=\"track\">\n            <ul class=\"glide__slides\">\n                <li class=\"glide__slide\">\n\n<div class=\"grid\">\n\t<a href=\"https:\/\/www.familinparis.fr\/en\/magic-course-for-8-12-year-olds\/\" target=\"_self\">\n\t    <div class=\"image\" style=\"background-image:url('https:\/\/www.familinparis.fr\/wp-content\/uploads\/2023\/01\/museedesautomates-\u00a9museedelamagie-564x282.jpg')\">\n\t    \t\t    \t<div class=\"dateOnImg\">School holidays - Afternoon<\/div>\n\t    \t\t\t\t\t    <\/div>\n\t    <div class=\"texte\">\n\t        <h5>At the Museum of Magic and Automata<\/h5>\n\t        <h3>Magic course for 8-12 year olds<\/h3>\n\t        <div class=\"tags\">\n\t        \t\t        \t\t<span>  8 - 12 years old<\/span>\n\t        \t\t        \t<span>3 hours<\/span>\n\t        <\/div>\n\t        <div class=\"bas\">\n        \t\t<div class=\"prix\">\n        \t\t\t        \t\t<\/div>\n            \t<div class=\"review-stars\" data-productId=\"103\">\n            \t<\/div>\n\t        <\/div>\n\t    <\/div>\n\t<\/a>\n<\/div><\/li><li class=\"glide__slide\">\n\n<div class=\"grid\">\n\t<a href=\"https:\/\/www.familinparis.fr\/en\/science-experiences-at-bercy-village\/\" target=\"_self\">\n\t    <div class=\"image\" style=\"background-image:url('https:\/\/www.familinparis.fr\/wp-content\/uploads\/photos-partenaires\/Science-experiences\/Volcan-1-564x282.jpg')\">\n\t    \t\t    \t<div class=\"dateOnImg\">7 days a week<\/div>\n\t    \t\t\t\t\t    <\/div>\n\t    <div class=\"texte\">\n\t        <h5>Bercy (Paris 12th)<\/h5>\n\t        <h3>Science Experiences at Bercy Village<\/h3>\n\t        <div class=\"tags\">\n\t        \t\t        \t\t<span>From 5 years old<\/span>\n\t        \t\t        \t<span>Promo : 5%<\/span>\n\t        <\/div>\n\t        <div class=\"bas\">\n        \t\t<div class=\"prix\">\n        \t\t\t        \t\t<\/div>\n            \t<div class=\"review-stars\" data-productId=\"\">\n            \t<\/div>\n\t        <\/div>\n\t    <\/div>\n\t<\/a>\n<\/div><\/li><li class=\"glide__slide\">\n\n<div class=\"grid\">\n\t<a href=\"https:\/\/www.familinparis.fr\/en\/educational-farm-in-paris-noahs-world-for-children\/\" target=\"_self\">\n\t    <div class=\"image\" style=\"background-image:url('https:\/\/www.familinparis.fr\/wp-content\/uploads\/Animaux\/Monde-de-Noe\/Monde-de-noe--564x282.jpg')\">\n\t    \t\t    \t<div class=\"dateOnImg\">7j\/7<\/div>\n\t    \t\t\t\t\t\t\t\t<div class=\"rond-blanc-age\"><span>from <span class=\"age-number\">1<\/span> yo<\/span><\/div>\n\t\t\t\t    <\/div>\n\t    <div class=\"texte\">\n\t        <h5>Dans le 14\u00e8me et le 16\u00e8me <\/h5>\n\t        <h3>Finding Noah, the immersive experience on the animal world<\/h3>\n\t        <div class=\"tags\">\n\t        \t\t        \t\t<span>Ferme p\u00e9dadogique<\/span>\n\t        \t\t        \t<span>1h environ<\/span>\n\t        <\/div>\n\t        <div class=\"bas\">\n        \t\t<div class=\"prix\">\n        \t\t\t        \t\t<\/div>\n            \t<div class=\"review-stars\" data-productId=\"\">\n            \t<\/div>\n\t        <\/div>\n\t    <\/div>\n\t<\/a>\n<\/div><\/li><li class=\"glide__slide\">\n\n<div class=\"grid\">\n\t<a href=\"https:\/\/www.familinparis.fr\/en\/idees-d-activite-pour-les-vacances-de-fevrier-avec-un-enfant\/\" target=\"_self\">\n\t    <div class=\"image\" style=\"background-image:url('https:\/\/www.familinparis.fr\/wp-content\/uploads\/Seine\/bateau-mouche\/bateau-mouche-enfant-564x282.jpg')\">\n\t    \t\t\t\t\t    <\/div>\n\t    <div class=\"texte\">\n\t        <h5><\/h5>\n\t        <h3>Les vacances de f\u00e9vrier avec les 0-6 ans \u00e0 Paris<\/h3>\n\t        <div class=\"tags\">\n\t        \t\t        \t<span><\/span>\n\t        <\/div>\n\t        <div class=\"bas\">\n        \t\t<div class=\"prix\">\n        \t\t\t        \t\t<\/div>\n            \t<div class=\"review-stars\" data-productId=\"\">\n            \t<\/div>\n\t        <\/div>\n\t    <\/div>\n\t<\/a>\n<\/div><\/li><li class=\"glide__slide\">\n\n<div class=\"grid\">\n\t<a href=\"https:\/\/www.familinparis.fr\/en\/quoi-faire-pendant-les-vacances-de-fevrier-avec-un-enfant\/\" target=\"_self\">\n\t    <div class=\"image\" style=\"background-image:url('https:\/\/www.familinparis.fr\/wp-content\/uploads\/2024\/06\/musee-louvre-paris-enfant-PLD.jpg-564x282.jpg')\">\n\t    \t\t\t\t\t    <\/div>\n\t    <div class=\"texte\">\n\t        <h5><\/h5>\n\t        <h3>February holidays with 6-12 year olds in Paris<\/h3>\n\t        <div class=\"tags\">\n\t        \t\t        \t<span><\/span>\n\t        <\/div>\n\t        <div class=\"bas\">\n        \t\t<div class=\"prix\">\n        \t\t\t        \t\t<\/div>\n            \t<div class=\"review-stars\" data-productId=\"\">\n            \t<\/div>\n\t        <\/div>\n\t    <\/div>\n\t<\/a>\n<\/div><\/li><li class=\"glide__slide\">\n\n<div class=\"grid\">\n\t<a href=\"https:\/\/www.familinparis.fr\/en\/quoi-faire-pendant-les-vacances-de-fevrier-avec-un-ado\/\" target=\"_self\">\n\t    <div class=\"image\" style=\"background-image:url('https:\/\/www.familinparis.fr\/wp-content\/uploads\/2022\/08\/ado-a-paris-564x282.jpeg')\">\n\t    \t\t    \t<div class=\"dateOnImg\">From 7 February 2026 to 9 March 2026<\/div>\n\t    \t\t\t\t\t    <\/div>\n\t    <div class=\"texte\">\n\t        <h5>In and around Paris<\/h5>\n\t        <h3>What to do during the February holidays with a teenager?<\/h3>\n\t        <div class=\"tags\">\n\t        \t\t        \t\t<span>FEBRUARY HOLIDAYS<\/span>\n\t        \t\t        \t<span><\/span>\n\t        <\/div>\n\t        <div class=\"bas\">\n        \t\t<div class=\"prix\">\n        \t\t\t        \t\t<\/div>\n            \t<div class=\"review-stars\" data-productId=\"\">\n            \t<\/div>\n\t        <\/div>\n\t    <\/div>\n\t<\/a>\n<\/div><\/li><li class=\"glide__slide\">\n\n<div class=\"grid\">\n\t<a href=\"https:\/\/www.familinparis.fr\/en\/luminiscence-paris-immersive-show\/\" target=\"_self\">\n\t    <div class=\"image\" style=\"background-image:url('https:\/\/www.familinparis.fr\/wp-content\/uploads\/2024\/03\/luminiscence-saint-eustache-paris-1er-\u00a9Mikhail-Sytenkov-564x282.jpg')\">\n\t    \t\t    \t<div class=\"dateOnImg\">30% OFF<\/div>\n\t    \t\t\t\t\t    <\/div>\n\t    <div class=\"texte\">\n\t        <h5>At the Saint-Eustache church<\/h5>\n\t        <h3>Luminiscence Paris: Immersive show<\/h3>\n\t        <div class=\"tags\">\n\t        \t\t        \t\t<span>From 6 years old<\/span>\n\t        \t\t        \t<span>40mn<\/span>\n\t        <\/div>\n\t        <div class=\"bas\">\n        \t\t<div class=\"prix\">\n        \t\t\t        \t\t<\/div>\n            \t<div class=\"review-stars\" data-productId=\"\">\n            \t<\/div>\n\t        <\/div>\n\t    <\/div>\n\t<\/a>\n<\/div><\/li>            <\/ul>\n        <\/div>\n    <\/div>\n    \n            <div class=\"col-12 t-center m-b-20\">\n            <div class=\"labels__fam\">\n                                    <a href=\"\/tag\/fevrier\/\" class=\"labels__fam-color-secondary labels__fam-radius-rounded\">\n                        ALL THE NEWS IN FEBRUARY                    <\/a>\n                            <\/div>\n        <\/div>\n    <\/div>\n-->\n<style type=\"text\/css\">\n    .swiper{\n        width: 100%;\n    }\n    .grid-carousel__arrows {\n        display: flex;\n        gap: 1rem;\n\n    }\n    button.grid-carousel__arrow {\n        background: #008098;\n        border-radius: 50%;\n        height: 50px;\n        width: 50px;\n        border: 2px solid #008098;\n        color: #ffff;\n        padding: 0px;\n        text-align: center;\n    }\n\n    button.grid-carousel__arrow.swiper-button-disabled{\n        opacity: .15;\n    }\n    .grid-carousel .swiper-slide {\n         min-width: 300px;\n    }\n    @media (max-width: 799px) {\n        .grid-carousel__arrows {\n            display: none;\n        }\n        .grid-carousel .swiper-slide {\n            width: 40%;\n        }\n    }\n    @media (max-width: 529px) {\n        .grid-carousel .swiper-slide {\n            width: 75%;\n        }\n    }\n<\/style>\n\n<div class=\"row new-grids grids-style-2\">\n    <div class=\"swiper grid-carousel\">\n        <div class=\"grid-title grid-carousel--title\">\n            <div>\n                                            <\/div>\n            <div>\n                <div class=\"grid-carousel__arrows\">\n                    <button class=\"grid-carousel__arrow grid-carousel__arrow--left\">\n                        <i class=\"fa fa-angle-left\"><\/i>\n                    <\/button>\n                    <button class=\"grid-carousel__arrow grid-carousel__arrow--right\">\n                        <i class=\"fa fa-angle-right\"><\/i>\n                    <\/button>\n                <\/div>\n            <\/div>\n        <\/div>\n        \n        <div class=\"swiper-wrapper\">\n            <div class=\"swiper-slide\">\n\n<div class=\"grid\">\n\t<a href=\"https:\/\/www.familinparis.fr\/en\/magic-course-for-8-12-year-olds\/\" target=\"_self\">\n\t    <div class=\"image\" style=\"background-image:url('https:\/\/www.familinparis.fr\/wp-content\/uploads\/2023\/01\/museedesautomates-\u00a9museedelamagie-564x282.jpg')\">\n\t    \t\t    \t<div class=\"dateOnImg\">School holidays &#8211; Afternoon<\/div>\n\t    \t\t\t\t\t    <\/div>\n\t    <div class=\"texte\">\n\t        <h5>At the Museum of Magic and Automata<\/h5>\n\t        <h3>Magic course for 8-12 year olds<\/h3>\n\t        <div class=\"tags\">\n\t        \t\t        \t\t<span>  8 &#8211; 12 years old<\/span>\n\t        \t\t        \t<span>3 hours<\/span>\n\t        <\/div>\n\t        <div class=\"bas\">\n        \t\t<div class=\"prix\">\n        \t\t\t        \t\t<\/div>\n            \t<div class=\"review-stars\" data-productId=\"103\">\n            \t<\/div>\n\t        <\/div>\n\t    <\/div>\n\t<\/a>\n<\/div><\/div><div class=\"swiper-slide\">\n\n<div class=\"grid\">\n\t<a href=\"https:\/\/www.familinparis.fr\/en\/science-experiences-at-bercy-village\/\" target=\"_self\">\n\t    <div class=\"image\" style=\"background-image:url('https:\/\/www.familinparis.fr\/wp-content\/uploads\/photos-partenaires\/Science-experiences\/Volcan-1-564x282.jpg')\">\n\t    \t\t    \t<div class=\"dateOnImg\">7 days a week<\/div>\n\t    \t\t\t\t\t    <\/div>\n\t    <div class=\"texte\">\n\t        <h5>Bercy (Paris 12th)<\/h5>\n\t        <h3>Science Experiences at Bercy Village<\/h3>\n\t        <div class=\"tags\">\n\t        \t\t        \t\t<span>From 5 years old<\/span>\n\t        \t\t        \t<span>Promo : 5%<\/span>\n\t        <\/div>\n\t        <div class=\"bas\">\n        \t\t<div class=\"prix\">\n        \t\t\t        \t\t<\/div>\n            \t<div class=\"review-stars\" data-productId=\"\">\n            \t<\/div>\n\t        <\/div>\n\t    <\/div>\n\t<\/a>\n<\/div><\/div><div class=\"swiper-slide\">\n\n<div class=\"grid\">\n\t<a href=\"https:\/\/www.familinparis.fr\/en\/educational-farm-in-paris-noahs-world-for-children\/\" target=\"_self\">\n\t    <div class=\"image\" style=\"background-image:url('https:\/\/www.familinparis.fr\/wp-content\/uploads\/Animaux\/Monde-de-Noe\/Monde-de-noe--564x282.jpg')\">\n\t    \t\t    \t<div class=\"dateOnImg\">7j\/7<\/div>\n\t    \t\t\t\t\t\t\t\t<div class=\"rond-blanc-age\"><span>from <span class=\"age-number\">1<\/span> yo<\/span><\/div>\n\t\t\t\t    <\/div>\n\t    <div class=\"texte\">\n\t        <h5>Dans le 14\u00e8me et le 16\u00e8me <\/h5>\n\t        <h3>Finding Noah, the immersive experience on the animal world<\/h3>\n\t        <div class=\"tags\">\n\t        \t\t        \t\t<span>Ferme p\u00e9dadogique<\/span>\n\t        \t\t        \t<span>1h environ<\/span>\n\t        <\/div>\n\t        <div class=\"bas\">\n        \t\t<div class=\"prix\">\n        \t\t\t        \t\t<\/div>\n            \t<div class=\"review-stars\" data-productId=\"\">\n            \t<\/div>\n\t        <\/div>\n\t    <\/div>\n\t<\/a>\n<\/div><\/div><div class=\"swiper-slide\">\n\n<div class=\"grid\">\n\t<a href=\"https:\/\/www.familinparis.fr\/en\/idees-d-activite-pour-les-vacances-de-fevrier-avec-un-enfant\/\" target=\"_self\">\n\t    <div class=\"image\" style=\"background-image:url('https:\/\/www.familinparis.fr\/wp-content\/uploads\/Seine\/bateau-mouche\/bateau-mouche-enfant-564x282.jpg')\">\n\t    \t\t\t\t\t    <\/div>\n\t    <div class=\"texte\">\n\t        <h5><\/h5>\n\t        <h3>Les vacances de f\u00e9vrier avec les 0-6 ans \u00e0 Paris<\/h3>\n\t        <div class=\"tags\">\n\t        \t\t        \t<span><\/span>\n\t        <\/div>\n\t        <div class=\"bas\">\n        \t\t<div class=\"prix\">\n        \t\t\t        \t\t<\/div>\n            \t<div class=\"review-stars\" data-productId=\"\">\n            \t<\/div>\n\t        <\/div>\n\t    <\/div>\n\t<\/a>\n<\/div><\/div><div class=\"swiper-slide\">\n\n<div class=\"grid\">\n\t<a href=\"https:\/\/www.familinparis.fr\/en\/quoi-faire-pendant-les-vacances-de-fevrier-avec-un-enfant\/\" target=\"_self\">\n\t    <div class=\"image\" style=\"background-image:url('https:\/\/www.familinparis.fr\/wp-content\/uploads\/2024\/06\/musee-louvre-paris-enfant-PLD.jpg-564x282.jpg')\">\n\t    \t\t\t\t\t    <\/div>\n\t    <div class=\"texte\">\n\t        <h5><\/h5>\n\t        <h3>February holidays with 6-12 year olds in Paris<\/h3>\n\t        <div class=\"tags\">\n\t        \t\t        \t<span><\/span>\n\t        <\/div>\n\t        <div class=\"bas\">\n        \t\t<div class=\"prix\">\n        \t\t\t        \t\t<\/div>\n            \t<div class=\"review-stars\" data-productId=\"\">\n            \t<\/div>\n\t        <\/div>\n\t    <\/div>\n\t<\/a>\n<\/div><\/div><div class=\"swiper-slide\">\n\n<div class=\"grid\">\n\t<a href=\"https:\/\/www.familinparis.fr\/en\/quoi-faire-pendant-les-vacances-de-fevrier-avec-un-ado\/\" target=\"_self\">\n\t    <div class=\"image\" style=\"background-image:url('https:\/\/www.familinparis.fr\/wp-content\/uploads\/2022\/08\/ado-a-paris-564x282.jpeg')\">\n\t    \t\t    \t<div class=\"dateOnImg\">From 7 February 2026 to 9 March 2026<\/div>\n\t    \t\t\t\t\t    <\/div>\n\t    <div class=\"texte\">\n\t        <h5>In and around Paris<\/h5>\n\t        <h3>What to do during the February holidays with a teenager?<\/h3>\n\t        <div class=\"tags\">\n\t        \t\t        \t\t<span>FEBRUARY HOLIDAYS<\/span>\n\t        \t\t        \t<span><\/span>\n\t        <\/div>\n\t        <div class=\"bas\">\n        \t\t<div class=\"prix\">\n        \t\t\t        \t\t<\/div>\n            \t<div class=\"review-stars\" data-productId=\"\">\n            \t<\/div>\n\t        <\/div>\n\t    <\/div>\n\t<\/a>\n<\/div><\/div><div class=\"swiper-slide\">\n\n<div class=\"grid\">\n\t<a href=\"https:\/\/www.familinparis.fr\/en\/luminiscence-paris-immersive-show\/\" target=\"_self\">\n\t    <div class=\"image\" style=\"background-image:url('https:\/\/www.familinparis.fr\/wp-content\/uploads\/2024\/03\/luminiscence-saint-eustache-paris-1er-\u00a9Mikhail-Sytenkov-564x282.jpg')\">\n\t    \t\t    \t<div class=\"dateOnImg\">30% OFF<\/div>\n\t    \t\t\t\t\t    <\/div>\n\t    <div class=\"texte\">\n\t        <h5>At the Saint-Eustache church<\/h5>\n\t        <h3>Luminiscence Paris: Immersive show<\/h3>\n\t        <div class=\"tags\">\n\t        \t\t        \t\t<span>From 6 years old<\/span>\n\t        \t\t        \t<span>40mn<\/span>\n\t        <\/div>\n\t        <div class=\"bas\">\n        \t\t<div class=\"prix\">\n        \t\t\t        \t\t<\/div>\n            \t<div class=\"review-stars\" data-productId=\"\">\n            \t<\/div>\n\t        <\/div>\n\t    <\/div>\n\t<\/a>\n<\/div><\/div>        <\/div>\n    <\/div>\n    \n            <div class=\"col-12 t-center m-b-20\">\n            <div class=\"labels__fam\">\n                                    <a href=\"\/tag\/fevrier\/\" class=\"labels__fam-color-secondary labels__fam-radius-rounded\">\n                        ALL THE NEWS IN FEBRUARY                    <\/a>\n                            <\/div>\n        <\/div>\n    <\/div>\n\n<\/div>\n<hr class=\"wp-block-separator has-alpha-channel-opacity is-style-default\"\/>\n\n<h2 class=\"wp-block-heading has-x-large-font-size\">Looking for an idea for Wednesday<\/h2>\n\n<p>How to keep the children busy on Wednesdays when they don&#8217;t have football or dancing? On Wednesdays, it&#8217;s an internship at the Museum of Magic, at Lili and Clo, it&#8217;s pastry classes&#8230;   <\/p>\n<div class=\"lazyblock-grids-Z1BopOm wp-block-lazyblock-grids\"><!--\n<div class=\"row new-grids grids-style-2\">\n    <div class=\"glide grid-carousel\">\n        <div class=\"grid-title grid-carousel--title\">\n            <div>\n                                            <\/div>\n            <div>\n                <div class=\"glide__arrows\" data-glide-el=\"controls\">\n                    <button class=\"glide__arrow glide__arrow--left\" data-glide-dir=\"|&lt;\"><i class=\"fa fa-angle-left\"><\/i><\/button>\n                    <button class=\"glide__arrow glide__arrow--right\" data-glide-dir=\"|&gt;\"><i class=\"fa fa-angle-right\"><\/i><\/button>\n                <\/div>\n            <\/div>\n        <\/div>\n        \n        <div class=\"glide__track\" data-glide-el=\"track\">\n            <ul class=\"glide__slides\">\n                <li class=\"glide__slide\">\n\n<div class=\"grid\">\n\t<a href=\"https:\/\/www.familinparis.fr\/en\/magic-workshop-for-6-8-year-olds\/\" target=\"_self\">\n\t    <div class=\"image\" style=\"background-image:url('https:\/\/www.familinparis.fr\/wp-content\/uploads\/photos-partenaires\/musee-de-la-magie-paris-564x282.jpg')\">\n\t    \t\t    \t<div class=\"dateOnImg\">School holidays + public holidays<\/div>\n\t    \t\t\t\t\t    <\/div>\n\t    <div class=\"texte\">\n\t        <h5>Museum of Magic and Automata (Paris 4th)<\/h5>\n\t        <h3>Magic Workshop for 6-8 year olds<\/h3>\n\t        <div class=\"tags\">\n\t        \t\t        \t\t<span>6 - 8 years old<\/span>\n\t        \t\t        \t<span>2h30<\/span>\n\t        <\/div>\n\t        <div class=\"bas\">\n        \t\t<div class=\"prix\">\n        \t\t\t        \t\t<\/div>\n            \t<div class=\"review-stars\" data-productId=\"67\">\n            \t<\/div>\n\t        <\/div>\n\t    <\/div>\n\t<\/a>\n<\/div><\/li><li class=\"glide__slide\">\n\n<div class=\"grid\">\n\t<a href=\"https:\/\/www.familinparis.fr\/en\/the-masterpieces-of-the-louvre-children-vip-visit\/\" target=\"_self\">\n\t    <div class=\"image\" style=\"background-image:url('https:\/\/www.familinparis.fr\/wp-content\/uploads\/Visite-guidee-musee\/chefs-d-oeuvre-louvre-enfants.jpg')\">\n\t    \t\t\t\t\t    <\/div>\n\t    <div class=\"texte\">\n\t        <h5>At the Louvre Museum<\/h5>\n\t        <h3>The masterpieces of the Louvre - Children (VIP)<\/h3>\n\t        <div class=\"tags\">\n\t        \t\t        \t\t<span>From 7 years old<\/span>\n\t        \t\t        \t<span>1h30<\/span>\n\t        <\/div>\n\t        <div class=\"bas\">\n        \t\t<div class=\"prix\">\n        \t\t\t        \t\t<\/div>\n            \t<div class=\"review-stars\" data-productId=\"172\">\n            \t<\/div>\n\t        <\/div>\n\t    <\/div>\n\t<\/a>\n<\/div><\/li><li class=\"glide__slide\">\n\n<div class=\"grid\">\n\t<a href=\"https:\/\/www.familinparis.fr\/en\/the-castle-of-vaux-le-vicomte\/\" target=\"_self\">\n\t    <div class=\"image\" style=\"background-image:url('https:\/\/www.familinparis.fr\/wp-content\/uploads\/Chateaux\/vaux-le-vicomte\/Vaux-le-vicomte-dome-@FamilinParis-564x282.jpg')\">\n\t    \t\t\t\t\t    <\/div>\n\t    <div class=\"texte\">\n\t        <h5><\/h5>\n\t        <h3>The castle of Vaux-le-Vicomte<\/h3>\n\t        <div class=\"tags\">\n\t        \t\t        \t<span><\/span>\n\t        <\/div>\n\t        <div class=\"bas\">\n        \t\t<div class=\"prix\">\n        \t\t\t        \t\t<\/div>\n            \t<div class=\"review-stars\" data-productId=\"\">\n            \t<\/div>\n\t        <\/div>\n\t    <\/div>\n\t<\/a>\n<\/div><\/li><li class=\"glide__slide\">\n\n<div class=\"grid\">\n\t<a href=\"https:\/\/www.familinparis.fr\/en\/virtual-reality-guided-tour-of-the-eiffel-tower-district-the-symbol-of-paris\/\" target=\"_self\">\n\t    <div class=\"image\" style=\"background-image:url('https:\/\/www.familinparis.fr\/wp-content\/uploads\/2026\/04\/experience_VR_le_symbole_de_paris-564x282.png')\">\n\t    \t\t    \t<div class=\"dateOnImg\">until May 31, 2026<\/div>\n\t    \t\t\t\t\t    <\/div>\n\t    <div class=\"texte\">\n\t        <h5>Champs de Mars, Paris 7th<\/h5>\n\t        <h3>The Symbol of Paris - VR Experience<\/h3>\n\t        <div class=\"tags\">\n\t        \t\t        \t\t<span>RV tour<\/span>\n\t        \t\t        \t<span>1h<\/span>\n\t        <\/div>\n\t        <div class=\"bas\">\n        \t\t<div class=\"prix\">\n        \t\t\t\t        \t\t\t<span>From<\/span>\n\t        \t\t\t<span class=\"\">19\u20ac\u20ac<\/span>\n\t        \t\t\t\t        \t\t        \t\t<\/div>\n            \t<div class=\"review-stars\" data-productId=\"\">\n            \t<\/div>\n\t        <\/div>\n\t    <\/div>\n\t<\/a>\n<\/div><\/li><li class=\"glide__slide\">\n\n<div class=\"grid\">\n\t<a href=\"https:\/\/www.familinparis.fr\/en\/magic-course-for-8-12-year-olds\/\" target=\"_self\">\n\t    <div class=\"image\" style=\"background-image:url('https:\/\/www.familinparis.fr\/wp-content\/uploads\/2023\/01\/museedesautomates-\u00a9museedelamagie-564x282.jpg')\">\n\t    \t\t    \t<div class=\"dateOnImg\">School holidays - Afternoon<\/div>\n\t    \t\t\t\t\t    <\/div>\n\t    <div class=\"texte\">\n\t        <h5>At the Museum of Magic and Automata<\/h5>\n\t        <h3>Magic course for 8-12 year olds<\/h3>\n\t        <div class=\"tags\">\n\t        \t\t        \t\t<span>  8 - 12 years old<\/span>\n\t        \t\t        \t<span>3 hours<\/span>\n\t        <\/div>\n\t        <div class=\"bas\">\n        \t\t<div class=\"prix\">\n        \t\t\t        \t\t<\/div>\n            \t<div class=\"review-stars\" data-productId=\"103\">\n            \t<\/div>\n\t        <\/div>\n\t    <\/div>\n\t<\/a>\n<\/div><\/li><li class=\"glide__slide\">\n\n<div class=\"grid\">\n\t<a href=\"https:\/\/www.familinparis.fr\/en\/visite-en-famille-street-art-butte-aux-cailles-13eme\/\" target=\"_self\">\n\t    <div class=\"image\" style=\"background-image:url('https:\/\/www.familinparis.fr\/wp-content\/uploads\/photos-familinparis-2021\/quartier\/street-art-butte-aux-cailles-\u00a9FamilinParis-564x282.jpg')\">\n\t    \t\t    \t<div class=\"dateOnImg\">24 ao\u00fbt<\/div>\n\t    \t\t\t\t\t    <\/div>\n\t    <div class=\"texte\">\n\t        <h5>Dans le quartier de la Butte-aux-Cailles<\/h5>\n\t        <h3>Street Art explained to children + mini-workshop (family visit)<\/h3>\n\t        <div class=\"tags\">\n\t        \t\t        \t\t<span>D\u00e8s 7 ans<\/span>\n\t        \t\t        \t<span><\/span>\n\t        <\/div>\n\t        <div class=\"bas\">\n        \t\t<div class=\"prix\">\n        \t\t\t\t        \t\t\t<span>From<\/span>\n\t        \t\t\t<span class=\"\">17\u20ac<\/span>\n\t        \t\t\t\t        \t\t        \t\t<\/div>\n            \t<div class=\"review-stars\" data-productId=\"210\">\n            \t<\/div>\n\t        <\/div>\n\t    <\/div>\n\t<\/a>\n<\/div><\/li><li class=\"glide__slide\">\n\n<div class=\"grid\">\n\t<a href=\"https:\/\/www.familinparis.fr\/en\/the-paris-sewer-museum\/\" target=\"_self\">\n\t    <div class=\"image\" style=\"background-image:url('https:\/\/www.familinparis.fr\/wp-content\/uploads\/Mus\u00e9es\/Musee-des-egouts\/musee-des-egouts-paris@Olivier.Placet-564x282.jpg')\">\n\t    \t\t    \t<div class=\"dateOnImg\">Du mardi au dimanche<\/div>\n\t    \t\t\t\t\t    <\/div>\n\t    <div class=\"texte\">\n\t        <h5>Pont de l\u2019Alma (Paris 7\u00e8me)<\/h5>\n\t        <h3>The Sewer Museum<\/h3>\n\t        <div class=\"tags\">\n\t        \t\t        \t\t<span>D\u00e8s 7-8 ans<\/span>\n\t        \t\t        \t<span>1h<\/span>\n\t        <\/div>\n\t        <div class=\"bas\">\n        \t\t<div class=\"prix\">\n        \t\t\t\t        \t\t\t<span>From<\/span>\n\t        \t\t\t<span class=\"\">9\u20ac<\/span>\n\t        \t\t\t\t        \t\t        \t\t<\/div>\n            \t<div class=\"review-stars\" data-productId=\"\">\n            \t<\/div>\n\t        <\/div>\n\t    <\/div>\n\t<\/a>\n<\/div><\/li><li class=\"glide__slide\">\n\n<div class=\"grid\">\n\t<a href=\"https:\/\/www.familinparis.fr\/en\/titanic-immersive-exhibition-grande-halle-de-la-villette-75019\/\" target=\"_self\">\n\t    <div class=\"image\" style=\"background-image:url('https:\/\/www.familinparis.fr\/wp-content\/uploads\/2026\/04\/La-Legende-Du-Titanic-exposition-ultime-exposition-immersive-grande-halle-la-villette-2026-564x282.jpg')\">\n\t    \t\t    \t<div class=\"dateOnImg\">jusqu'au 31 ao\u00fbt 2026<\/div>\n\t    \t\t\t\t\t\t\t\t<div class=\"rond-blanc-age\"><span>For all<\/span><\/div>\n\t\t\t\t    <\/div>\n\t    <div class=\"texte\">\n\t        <h5>La Grande Halle de La Villette <\/h5>\n\t        <h3>The Legend of the Titanic: The Ultimate Exhibition<\/h3>\n\t        <div class=\"tags\">\n\t        \t\t        \t\t<span>exposition immersive<\/span>\n\t        \t\t        \t<span>1h30<\/span>\n\t        <\/div>\n\t        <div class=\"bas\">\n        \t\t<div class=\"prix\">\n        \t\t\t        \t\t<\/div>\n            \t<div class=\"review-stars\" data-productId=\"\">\n            \t<\/div>\n\t        <\/div>\n\t    <\/div>\n\t<\/a>\n<\/div><\/li><li class=\"glide__slide\">\n\n<div class=\"grid\">\n\t<a href=\"https:\/\/www.familinparis.fr\/en\/tree-climbing-around-paris\/\" target=\"_self\">\n\t    <div class=\"image\" style=\"background-image:url('https:\/\/www.familinparis.fr\/wp-content\/uploads\/LOISIRS\/accrobranche\/accrobranche-a-paris-et-environ-de-paris-564x282.jpg')\">\n\t    \t\t\t\t\t    <\/div>\n\t    <div class=\"texte\">\n\t        <h5><\/h5>\n\t        <h3>Tree climbing around Paris<\/h3>\n\t        <div class=\"tags\">\n\t        \t\t        \t<span><\/span>\n\t        <\/div>\n\t        <div class=\"bas\">\n        \t\t<div class=\"prix\">\n        \t\t\t        \t\t<\/div>\n            \t<div class=\"review-stars\" data-productId=\"\">\n            \t<\/div>\n\t        <\/div>\n\t    <\/div>\n\t<\/a>\n<\/div><\/li><li class=\"glide__slide\">\n\n<div class=\"grid\">\n\t<a href=\"https:\/\/www.familinparis.fr\/en\/the-masterpieces-of-the-louvre-explained-to-children\/\" target=\"_self\">\n\t    <div class=\"image\" style=\"background-image:url('https:\/\/www.familinparis.fr\/wp-content\/uploads\/photos-partenaires\/jeu-de-piste\/mission-anniversaire-grece-au-louvre-1500x676-1-564x282.jpg')\">\n\t    \t\t    \t<div class=\"dateOnImg\">French tour only<\/div>\n\t    \t\t\t\t\t    <\/div>\n\t    <div class=\"texte\">\n\t        <h5>At the Louvre Museum<\/h5>\n\t        <h3>The masterpieces of the Louvre explained to children<\/h3>\n\t        <div class=\"tags\">\n\t        \t\t        \t\t<span>From 7 years old<\/span>\n\t        \t\t        \t<span>1h30<\/span>\n\t        <\/div>\n\t        <div class=\"bas\">\n        \t\t<div class=\"prix\">\n        \t\t\t        \t\t<\/div>\n            \t<div class=\"review-stars\" data-productId=\"143\">\n            \t<\/div>\n\t        <\/div>\n\t    <\/div>\n\t<\/a>\n<\/div><\/li><li class=\"glide__slide\">\n\n<div class=\"grid\">\n\t<a href=\"https:\/\/www.familinparis.fr\/en\/mystery-children-cruise-of-paris\/\" target=\"_self\">\n\t    <div class=\"image\" style=\"background-image:url('https:\/\/www.familinparis.fr\/wp-content\/uploads\/photos-partenaires\/vedette-de-paris-\u00a9Couloir3_VDP16-564x282.jpg')\">\n\t    \t\t    \t<div class=\"dateOnImg\">7 days a week<\/div>\n\t    \t\t\t\t\t    <\/div>\n\t    <div class=\"texte\">\n\t        <h5>At the foot of the Eiffel Tower<\/h5>\n\t        <h3>Family Cruise of the Vedettes de Paris<\/h3>\n\t        <div class=\"tags\">\n\t        \t\t        \t\t<span>PROMO on duo tickets<\/span>\n\t        \t\t        \t<span>1h<\/span>\n\t        <\/div>\n\t        <div class=\"bas\">\n        \t\t<div class=\"prix\">\n        \t\t\t\t        \t\t\t<span>From<\/span>\n\t        \t\t\t<span class=\"chiffre-barre\">9\u20ac<\/span>\n\t        \t\t\t<span class=\"chiffre\">8,50\u20ac<\/span>\t        \t\t        \t\t<\/div>\n            \t<div class=\"review-stars\" data-productId=\"4\">\n            \t<\/div>\n\t        <\/div>\n\t    <\/div>\n\t<\/a>\n<\/div><\/li>            <\/ul>\n        <\/div>\n    <\/div>\n    \n    <\/div>\n-->\n<style type=\"text\/css\">\n    .swiper{\n        width: 100%;\n    }\n    .grid-carousel__arrows {\n        display: flex;\n        gap: 1rem;\n\n    }\n    button.grid-carousel__arrow {\n        background: #008098;\n        border-radius: 50%;\n        height: 50px;\n        width: 50px;\n        border: 2px solid #008098;\n        color: #ffff;\n        padding: 0px;\n        text-align: center;\n    }\n\n    button.grid-carousel__arrow.swiper-button-disabled{\n        opacity: .15;\n    }\n    .grid-carousel .swiper-slide {\n         min-width: 300px;\n    }\n    @media (max-width: 799px) {\n        .grid-carousel__arrows {\n            display: none;\n        }\n        .grid-carousel .swiper-slide {\n            width: 40%;\n        }\n    }\n    @media (max-width: 529px) {\n        .grid-carousel .swiper-slide {\n            width: 75%;\n        }\n    }\n<\/style>\n\n<div class=\"row new-grids grids-style-2\">\n    <div class=\"swiper grid-carousel\">\n        <div class=\"grid-title grid-carousel--title\">\n            <div>\n                                            <\/div>\n            <div>\n                <div class=\"grid-carousel__arrows\">\n                    <button class=\"grid-carousel__arrow grid-carousel__arrow--left\">\n                        <i class=\"fa fa-angle-left\"><\/i>\n                    <\/button>\n                    <button class=\"grid-carousel__arrow grid-carousel__arrow--right\">\n                        <i class=\"fa fa-angle-right\"><\/i>\n                    <\/button>\n                <\/div>\n            <\/div>\n        <\/div>\n        \n        <div class=\"swiper-wrapper\">\n            <div class=\"swiper-slide\">\n\n<div class=\"grid\">\n\t<a href=\"https:\/\/www.familinparis.fr\/en\/magic-workshop-for-6-8-year-olds\/\" target=\"_self\">\n\t    <div class=\"image\" style=\"background-image:url('https:\/\/www.familinparis.fr\/wp-content\/uploads\/photos-partenaires\/musee-de-la-magie-paris-564x282.jpg')\">\n\t    \t\t    \t<div class=\"dateOnImg\">School holidays + public holidays<\/div>\n\t    \t\t\t\t\t    <\/div>\n\t    <div class=\"texte\">\n\t        <h5>Museum of Magic and Automata (Paris 4th)<\/h5>\n\t        <h3>Magic Workshop for 6-8 year olds<\/h3>\n\t        <div class=\"tags\">\n\t        \t\t        \t\t<span>6 &#8211; 8 years old<\/span>\n\t        \t\t        \t<span>2h30<\/span>\n\t        <\/div>\n\t        <div class=\"bas\">\n        \t\t<div class=\"prix\">\n        \t\t\t        \t\t<\/div>\n            \t<div class=\"review-stars\" data-productId=\"67\">\n            \t<\/div>\n\t        <\/div>\n\t    <\/div>\n\t<\/a>\n<\/div><\/div><div class=\"swiper-slide\">\n\n<div class=\"grid\">\n\t<a href=\"https:\/\/www.familinparis.fr\/en\/the-masterpieces-of-the-louvre-children-vip-visit\/\" target=\"_self\">\n\t    <div class=\"image\" style=\"background-image:url('https:\/\/www.familinparis.fr\/wp-content\/uploads\/Visite-guidee-musee\/chefs-d-oeuvre-louvre-enfants.jpg')\">\n\t    \t\t\t\t\t    <\/div>\n\t    <div class=\"texte\">\n\t        <h5>At the Louvre Museum<\/h5>\n\t        <h3>The masterpieces of the Louvre &#8211; Children (VIP)<\/h3>\n\t        <div class=\"tags\">\n\t        \t\t        \t\t<span>From 7 years old<\/span>\n\t        \t\t        \t<span>1h30<\/span>\n\t        <\/div>\n\t        <div class=\"bas\">\n        \t\t<div class=\"prix\">\n        \t\t\t        \t\t<\/div>\n            \t<div class=\"review-stars\" data-productId=\"172\">\n            \t<\/div>\n\t        <\/div>\n\t    <\/div>\n\t<\/a>\n<\/div><\/div><div class=\"swiper-slide\">\n\n<div class=\"grid\">\n\t<a href=\"https:\/\/www.familinparis.fr\/en\/the-castle-of-vaux-le-vicomte\/\" target=\"_self\">\n\t    <div class=\"image\" style=\"background-image:url('https:\/\/www.familinparis.fr\/wp-content\/uploads\/Chateaux\/vaux-le-vicomte\/Vaux-le-vicomte-dome-@FamilinParis-564x282.jpg')\">\n\t    \t\t\t\t\t    <\/div>\n\t    <div class=\"texte\">\n\t        <h5><\/h5>\n\t        <h3>The castle of Vaux-le-Vicomte<\/h3>\n\t        <div class=\"tags\">\n\t        \t\t        \t<span><\/span>\n\t        <\/div>\n\t        <div class=\"bas\">\n        \t\t<div class=\"prix\">\n        \t\t\t        \t\t<\/div>\n            \t<div class=\"review-stars\" data-productId=\"\">\n            \t<\/div>\n\t        <\/div>\n\t    <\/div>\n\t<\/a>\n<\/div><\/div><div class=\"swiper-slide\">\n\n<div class=\"grid\">\n\t<a href=\"https:\/\/www.familinparis.fr\/en\/virtual-reality-guided-tour-of-the-eiffel-tower-district-the-symbol-of-paris\/\" target=\"_self\">\n\t    <div class=\"image\" style=\"background-image:url('https:\/\/www.familinparis.fr\/wp-content\/uploads\/2026\/04\/experience_VR_le_symbole_de_paris-564x282.png')\">\n\t    \t\t    \t<div class=\"dateOnImg\">until May 31, 2026<\/div>\n\t    \t\t\t\t\t    <\/div>\n\t    <div class=\"texte\">\n\t        <h5>Champs de Mars, Paris 7th<\/h5>\n\t        <h3>The Symbol of Paris &#8211; VR Experience<\/h3>\n\t        <div class=\"tags\">\n\t        \t\t        \t\t<span>RV tour<\/span>\n\t        \t\t        \t<span>1h<\/span>\n\t        <\/div>\n\t        <div class=\"bas\">\n        \t\t<div class=\"prix\">\n        \t\t\t\t        \t\t\t<span>From<\/span>\n\t        \t\t\t<span class=\"\">19\u20ac\u20ac<\/span>\n\t        \t\t\t\t        \t\t        \t\t<\/div>\n            \t<div class=\"review-stars\" data-productId=\"\">\n            \t<\/div>\n\t        <\/div>\n\t    <\/div>\n\t<\/a>\n<\/div><\/div><div class=\"swiper-slide\">\n\n<div class=\"grid\">\n\t<a href=\"https:\/\/www.familinparis.fr\/en\/magic-course-for-8-12-year-olds\/\" target=\"_self\">\n\t    <div class=\"image\" style=\"background-image:url('https:\/\/www.familinparis.fr\/wp-content\/uploads\/2023\/01\/museedesautomates-\u00a9museedelamagie-564x282.jpg')\">\n\t    \t\t    \t<div class=\"dateOnImg\">School holidays &#8211; Afternoon<\/div>\n\t    \t\t\t\t\t    <\/div>\n\t    <div class=\"texte\">\n\t        <h5>At the Museum of Magic and Automata<\/h5>\n\t        <h3>Magic course for 8-12 year olds<\/h3>\n\t        <div class=\"tags\">\n\t        \t\t        \t\t<span>  8 &#8211; 12 years old<\/span>\n\t        \t\t        \t<span>3 hours<\/span>\n\t        <\/div>\n\t        <div class=\"bas\">\n        \t\t<div class=\"prix\">\n        \t\t\t        \t\t<\/div>\n            \t<div class=\"review-stars\" data-productId=\"103\">\n            \t<\/div>\n\t        <\/div>\n\t    <\/div>\n\t<\/a>\n<\/div><\/div><div class=\"swiper-slide\">\n\n<div class=\"grid\">\n\t<a href=\"https:\/\/www.familinparis.fr\/en\/visite-en-famille-street-art-butte-aux-cailles-13eme\/\" target=\"_self\">\n\t    <div class=\"image\" style=\"background-image:url('https:\/\/www.familinparis.fr\/wp-content\/uploads\/photos-familinparis-2021\/quartier\/street-art-butte-aux-cailles-\u00a9FamilinParis-564x282.jpg')\">\n\t    \t\t    \t<div class=\"dateOnImg\">24 ao\u00fbt<\/div>\n\t    \t\t\t\t\t    <\/div>\n\t    <div class=\"texte\">\n\t        <h5>Dans le quartier de la Butte-aux-Cailles<\/h5>\n\t        <h3>Street Art explained to children + mini-workshop (family visit)<\/h3>\n\t        <div class=\"tags\">\n\t        \t\t        \t\t<span>D\u00e8s 7 ans<\/span>\n\t        \t\t        \t<span><\/span>\n\t        <\/div>\n\t        <div class=\"bas\">\n        \t\t<div class=\"prix\">\n        \t\t\t\t        \t\t\t<span>From<\/span>\n\t        \t\t\t<span class=\"\">17\u20ac<\/span>\n\t        \t\t\t\t        \t\t        \t\t<\/div>\n            \t<div class=\"review-stars\" data-productId=\"210\">\n            \t<\/div>\n\t        <\/div>\n\t    <\/div>\n\t<\/a>\n<\/div><\/div><div class=\"swiper-slide\">\n\n<div class=\"grid\">\n\t<a href=\"https:\/\/www.familinparis.fr\/en\/the-paris-sewer-museum\/\" target=\"_self\">\n\t    <div class=\"image\" style=\"background-image:url('https:\/\/www.familinparis.fr\/wp-content\/uploads\/Mus\u00e9es\/Musee-des-egouts\/musee-des-egouts-paris@Olivier.Placet-564x282.jpg')\">\n\t    \t\t    \t<div class=\"dateOnImg\">Du mardi au dimanche<\/div>\n\t    \t\t\t\t\t    <\/div>\n\t    <div class=\"texte\">\n\t        <h5>Pont de l\u2019Alma (Paris 7\u00e8me)<\/h5>\n\t        <h3>The Sewer Museum<\/h3>\n\t        <div class=\"tags\">\n\t        \t\t        \t\t<span>D\u00e8s 7-8 ans<\/span>\n\t        \t\t        \t<span>1h<\/span>\n\t        <\/div>\n\t        <div class=\"bas\">\n        \t\t<div class=\"prix\">\n        \t\t\t\t        \t\t\t<span>From<\/span>\n\t        \t\t\t<span class=\"\">9\u20ac<\/span>\n\t        \t\t\t\t        \t\t        \t\t<\/div>\n            \t<div class=\"review-stars\" data-productId=\"\">\n            \t<\/div>\n\t        <\/div>\n\t    <\/div>\n\t<\/a>\n<\/div><\/div><div class=\"swiper-slide\">\n\n<div class=\"grid\">\n\t<a href=\"https:\/\/www.familinparis.fr\/en\/titanic-immersive-exhibition-grande-halle-de-la-villette-75019\/\" target=\"_self\">\n\t    <div class=\"image\" style=\"background-image:url('https:\/\/www.familinparis.fr\/wp-content\/uploads\/2026\/04\/La-Legende-Du-Titanic-exposition-ultime-exposition-immersive-grande-halle-la-villette-2026-564x282.jpg')\">\n\t    \t\t    \t<div class=\"dateOnImg\">jusqu&#8217;au 31 ao\u00fbt 2026<\/div>\n\t    \t\t\t\t\t\t\t\t<div class=\"rond-blanc-age\"><span>For all<\/span><\/div>\n\t\t\t\t    <\/div>\n\t    <div class=\"texte\">\n\t        <h5>La Grande Halle de La Villette <\/h5>\n\t        <h3>The Legend of the Titanic: The Ultimate Exhibition<\/h3>\n\t        <div class=\"tags\">\n\t        \t\t        \t\t<span>exposition immersive<\/span>\n\t        \t\t        \t<span>1h30<\/span>\n\t        <\/div>\n\t        <div class=\"bas\">\n        \t\t<div class=\"prix\">\n        \t\t\t        \t\t<\/div>\n            \t<div class=\"review-stars\" data-productId=\"\">\n            \t<\/div>\n\t        <\/div>\n\t    <\/div>\n\t<\/a>\n<\/div><\/div><div class=\"swiper-slide\">\n\n<div class=\"grid\">\n\t<a href=\"https:\/\/www.familinparis.fr\/en\/tree-climbing-around-paris\/\" target=\"_self\">\n\t    <div class=\"image\" style=\"background-image:url('https:\/\/www.familinparis.fr\/wp-content\/uploads\/LOISIRS\/accrobranche\/accrobranche-a-paris-et-environ-de-paris-564x282.jpg')\">\n\t    \t\t\t\t\t    <\/div>\n\t    <div class=\"texte\">\n\t        <h5><\/h5>\n\t        <h3>Tree climbing around Paris<\/h3>\n\t        <div class=\"tags\">\n\t        \t\t        \t<span><\/span>\n\t        <\/div>\n\t        <div class=\"bas\">\n        \t\t<div class=\"prix\">\n        \t\t\t        \t\t<\/div>\n            \t<div class=\"review-stars\" data-productId=\"\">\n            \t<\/div>\n\t        <\/div>\n\t    <\/div>\n\t<\/a>\n<\/div><\/div><div class=\"swiper-slide\">\n\n<div class=\"grid\">\n\t<a href=\"https:\/\/www.familinparis.fr\/en\/the-masterpieces-of-the-louvre-explained-to-children\/\" target=\"_self\">\n\t    <div class=\"image\" style=\"background-image:url('https:\/\/www.familinparis.fr\/wp-content\/uploads\/photos-partenaires\/jeu-de-piste\/mission-anniversaire-grece-au-louvre-1500x676-1-564x282.jpg')\">\n\t    \t\t    \t<div class=\"dateOnImg\">French tour only<\/div>\n\t    \t\t\t\t\t    <\/div>\n\t    <div class=\"texte\">\n\t        <h5>At the Louvre Museum<\/h5>\n\t        <h3>The masterpieces of the Louvre explained to children<\/h3>\n\t        <div class=\"tags\">\n\t        \t\t        \t\t<span>From 7 years old<\/span>\n\t        \t\t        \t<span>1h30<\/span>\n\t        <\/div>\n\t        <div class=\"bas\">\n        \t\t<div class=\"prix\">\n        \t\t\t        \t\t<\/div>\n            \t<div class=\"review-stars\" data-productId=\"143\">\n            \t<\/div>\n\t        <\/div>\n\t    <\/div>\n\t<\/a>\n<\/div><\/div><div class=\"swiper-slide\">\n\n<div class=\"grid\">\n\t<a href=\"https:\/\/www.familinparis.fr\/en\/mystery-children-cruise-of-paris\/\" target=\"_self\">\n\t    <div class=\"image\" style=\"background-image:url('https:\/\/www.familinparis.fr\/wp-content\/uploads\/photos-partenaires\/vedette-de-paris-\u00a9Couloir3_VDP16-564x282.jpg')\">\n\t    \t\t    \t<div class=\"dateOnImg\">7 days a week<\/div>\n\t    \t\t\t\t\t    <\/div>\n\t    <div class=\"texte\">\n\t        <h5>At the foot of the Eiffel Tower<\/h5>\n\t        <h3>Family Cruise of the Vedettes de Paris<\/h3>\n\t        <div class=\"tags\">\n\t        \t\t        \t\t<span>PROMO on duo tickets<\/span>\n\t        \t\t        \t<span>1h<\/span>\n\t        <\/div>\n\t        <div class=\"bas\">\n        \t\t<div class=\"prix\">\n        \t\t\t\t        \t\t\t<span>From<\/span>\n\t        \t\t\t<span class=\"chiffre-barre\">9\u20ac<\/span>\n\t        \t\t\t<span class=\"chiffre\">8,50\u20ac<\/span>\t        \t\t        \t\t<\/div>\n            \t<div class=\"review-stars\" data-productId=\"4\">\n            \t<\/div>\n\t        <\/div>\n\t    <\/div>\n\t<\/a>\n<\/div><\/div>        <\/div>\n    <\/div>\n    \n    <\/div>\n\n<\/div><div class=\"lazyblock-etiquettes-1Pxl36 m-t-5 wp-block-lazyblock-etiquettes\"><div class=\"labels__fam\">\n        <a href=\"\/que-faire-le-mercredi-a-paris\/\" class=\"labels__fam-color-blue labels__fam-radius-rounded\">\n        IDEAS FOR WEDNESDAY OUTINGS IN PARIS      <\/a>\n  <\/div><\/div><div class=\"lazyblock-grids-2vQoQm wp-block-lazyblock-grids\"><!--\n<div class=\"row new-grids grids-style-2\">\n    <div class=\"glide grid-carousel\">\n        <div class=\"grid-title grid-carousel--title\">\n            <div>\n                                    <h2>On sale \ud83d\ude00<\/h2>\n                                            <\/div>\n            <div>\n                <div class=\"glide__arrows\" data-glide-el=\"controls\">\n                    <button class=\"glide__arrow glide__arrow--left\" data-glide-dir=\"|&lt;\"><i class=\"fa fa-angle-left\"><\/i><\/button>\n                    <button class=\"glide__arrow glide__arrow--right\" data-glide-dir=\"|&gt;\"><i class=\"fa fa-angle-right\"><\/i><\/button>\n                <\/div>\n            <\/div>\n        <\/div>\n        \n        <div class=\"glide__track\" data-glide-el=\"track\">\n            <ul class=\"glide__slides\">\n                <li class=\"glide__slide\">\n\n<div class=\"grid\">\n\t<a href=\"https:\/\/www.familinparis.fr\/en\/mystery-children-cruise-of-paris\/\" target=\"_self\">\n\t    <div class=\"image\" style=\"background-image:url('https:\/\/www.familinparis.fr\/wp-content\/uploads\/photos-partenaires\/vedette-de-paris-\u00a9Couloir3_VDP16-564x282.jpg')\">\n\t    \t\t    \t<div class=\"dateOnImg\">7 days a week<\/div>\n\t    \t\t\t\t\t    <\/div>\n\t    <div class=\"texte\">\n\t        <h5>At the foot of the Eiffel Tower<\/h5>\n\t        <h3>Family Cruise of the Vedettes de Paris<\/h3>\n\t        <div class=\"tags\">\n\t        \t\t        \t\t<span>PROMO on duo tickets<\/span>\n\t        \t\t        \t<span>1h<\/span>\n\t        <\/div>\n\t        <div class=\"bas\">\n        \t\t<div class=\"prix\">\n        \t\t\t\t        \t\t\t<span>From<\/span>\n\t        \t\t\t<span class=\"chiffre-barre\">9\u20ac<\/span>\n\t        \t\t\t<span class=\"chiffre\">8,50\u20ac<\/span>\t        \t\t        \t\t<\/div>\n            \t<div class=\"review-stars\" data-productId=\"4\">\n            \t<\/div>\n\t        <\/div>\n\t    <\/div>\n\t<\/a>\n<\/div><\/li><li class=\"glide__slide\">\n\n<div class=\"grid\">\n\t<a href=\"https:\/\/www.familinparis.fr\/en\/aquarium-of-paris-price\/\" target=\"_self\">\n\t    <div class=\"image\" style=\"background-image:url('https:\/\/www.familinparis.fr\/wp-content\/uploads\/photos-familinparis-2021\/animaux\/l-aquarium-de-paris-enfant-\u00a9Estelle-Hirrien-564x282.jpg')\">\n\t    \t\t    \t<div class=\"dateOnImg\">7 days a week<\/div>\n\t    \t\t\t\t\t    <\/div>\n\t    <div class=\"texte\">\n\t        <h5>Trocadero Garden<\/h5>\n\t        <h3>Aquarium of Paris<\/h3>\n\t        <div class=\"tags\">\n\t        \t\t        \t\t<span>PROMO on duo tickets<\/span>\n\t        \t\t        \t<span>About 1 hour<\/span>\n\t        <\/div>\n\t        <div class=\"bas\">\n        \t\t<div class=\"prix\">\n        \t\t\t\t        \t\t\t<span>From<\/span>\n\t        \t\t\t<span class=\"chiffre-barre\">48\u20ac<\/span>\n\t        \t\t\t<span class=\"chiffre\">36\u20ac<\/span>\t        \t\t        \t\t<\/div>\n            \t<div class=\"review-stars\" data-productId=\"25\">\n            \t<\/div>\n\t        <\/div>\n\t    <\/div>\n\t<\/a>\n<\/div><\/li><li class=\"glide__slide\">\n\n<div class=\"grid\">\n\t<a href=\"https:\/\/www.familinparis.fr\/en\/rex-studios-reduced-rate\/\" target=\"_self\">\n\t    <div class=\"image\" style=\"background-image:url('https:\/\/www.familinparis.fr\/wp-content\/uploads\/photos-familinparis-2021\/loisirs\/rex-studios\/visite-du-rex-studios-grad-rex-\u00a9FamilinParis-1280x960-1-564x282.jpg')\">\n\t    \t\t    \t<div class=\"dateOnImg\">All year round<\/div>\n\t    \t\t\t\t\t    <\/div>\n\t    <div class=\"texte\">\n\t        <h5>In the 2nd<\/h5>\n\t        <h3>Rex Studios, the behind-the-scenes tour of the Grand Rex<\/h3>\n\t        <div class=\"tags\">\n\t        \t\t        \t\t<span>PROMO : -12%<\/span>\n\t        \t\t        \t<span>50 minutes <\/span>\n\t        <\/div>\n\t        <div class=\"bas\">\n        \t\t<div class=\"prix\">\n        \t\t\t\t        \t\t\t<span>From<\/span>\n\t        \t\t\t<span class=\"chiffre-barre\">10\u20ac<\/span>\n\t        \t\t\t<span class=\"chiffre\">8,8\u20ac<\/span>\t        \t\t        \t\t<\/div>\n            \t<div class=\"review-stars\" data-productId=\"10\">\n            \t<\/div>\n\t        <\/div>\n\t    <\/div>\n\t<\/a>\n<\/div><\/li><li class=\"glide__slide\">\n\n<div class=\"grid\">\n\t<a href=\"https:\/\/www.familinparis.fr\/en\/kids-tour-by-tourist-bus\/\" target=\"_self\">\n\t    <div class=\"image\" style=\"background-image:url('https:\/\/www.familinparis.fr\/wp-content\/uploads\/photos-partenaires\/Tootbus\/visite-paris-en-bus-kids-tour-tootbus-paris-564x282.jpg')\">\n\t    \t\t    \t<div class=\"dateOnImg\">Wednesdays<\/div>\n\t    \t\t\t\t\t    <\/div>\n\t    <div class=\"texte\">\n\t        <h5>Departure 13 rue Auber (Paris 9th)<\/h5>\n\t        <h3>Kids Tour by Tourist Bus<\/h3>\n\t        <div class=\"tags\">\n\t        \t\t        \t\t<span>Panoramic Bus<\/span>\n\t        \t\t        \t<span>1hour and a half <\/span>\n\t        <\/div>\n\t        <div class=\"bas\">\n        \t\t<div class=\"prix\">\n        \t\t\t\t        \t\t\t<span>From<\/span>\n\t        \t\t\t<span class=\"chiffre-barre\">35\u20ac<\/span>\n\t        \t\t\t<span class=\"chiffre\">29,75\u20ac<\/span>\t        \t\t        \t\t<\/div>\n            \t<div class=\"review-stars\" data-productId=\"26\">\n            \t<\/div>\n\t        <\/div>\n\t    <\/div>\n\t<\/a>\n<\/div><\/li><li class=\"glide__slide\">\n\n<div class=\"grid\">\n\t<a href=\"https:\/\/www.familinparis.fr\/en\/the-cruise-in-a-bateau-mouches\/\" target=\"_self\">\n\t    <div class=\"image\" style=\"background-image:url('https:\/\/www.familinparis.fr\/wp-content\/uploads\/Seine\/bateau-mouche\/bateau-mouche-enfant-564x282.jpg')\">\n\t    \t\t    \t<div class=\"dateOnImg\">7 days a week<\/div>\n\t    \t\t\t\t\t    <\/div>\n\t    <div class=\"texte\">\n\t        <h5>Departure from Pont de l'Alma<\/h5>\n\t        <h3>Fancy a Bateau-Mouche cruise in Paris with your family?<\/h3>\n\t        <div class=\"tags\">\n\t        \t\t        \t\t<span>INESCAPABLE<\/span>\n\t        \t\t        \t<span>1h10<\/span>\n\t        <\/div>\n\t        <div class=\"bas\">\n        \t\t<div class=\"prix\">\n        \t\t\t\t        \t\t\t<span>From<\/span>\n\t        \t\t\t<span class=\"chiffre-barre\">10\u20ac<\/span>\n\t        \t\t\t<span class=\"chiffre\">9\u20ac<\/span>\t        \t\t        \t\t<\/div>\n            \t<div class=\"review-stars\" data-productId=\"1\">\n            \t<\/div>\n\t        <\/div>\n\t    <\/div>\n\t<\/a>\n<\/div><\/li><li class=\"glide__slide\">\n\n<div class=\"grid\">\n\t<a href=\"https:\/\/www.familinparis.fr\/en\/cruise-parisian-boat-reduced-price\/\" target=\"_self\">\n\t    <div class=\"image\" style=\"background-image:url('https:\/\/www.familinparis.fr\/wp-content\/uploads\/photos-familinparis-2021\/seine\/croisiere-seine-bateaux-parisiens-564x282.jpg')\">\n\t    \t\t    \t<div class=\"dateOnImg\">7 days a week<\/div>\n\t    \t\t\t\t\t    <\/div>\n\t    <div class=\"texte\">\n\t        <h5>Departure at the foot of the Eiffel Tower<\/h5>\n\t        <h3>Bateaux Parisiens Cruise<\/h3>\n\t        <div class=\"tags\">\n\t        \t\t        \t\t<span>CRUISE<\/span>\n\t        \t\t        \t<span>1h<\/span>\n\t        <\/div>\n\t        <div class=\"bas\">\n        \t\t<div class=\"prix\">\n        \t\t\t\t        \t\t\t<span>From<\/span>\n\t        \t\t\t<span class=\"chiffre-barre\">9\u20ac<\/span>\n\t        \t\t\t<span class=\"chiffre\">8\u20ac<\/span>\t        \t\t        \t\t<\/div>\n            \t<div class=\"review-stars\" data-productId=\"24\">\n            \t<\/div>\n\t        <\/div>\n\t    <\/div>\n\t<\/a>\n<\/div><\/li><li class=\"glide__slide\">\n\n<div class=\"grid\">\n\t<a href=\"https:\/\/www.familinparis.fr\/en\/hot-air-balloon-flight-in-paris-the-generali-balloon\/\" target=\"_self\">\n\t    <div class=\"image\" style=\"background-image:url('https:\/\/www.familinparis.fr\/wp-content\/uploads\/photos-partenaires\/ballon-generali-montgolfiere-parc-andre-citroen-564x282.jpg')\">\n\t    \t\t    \t<div class=\"dateOnImg\">7 days a week<\/div>\n\t    \t\t\t\t\t    <\/div>\n\t    <div class=\"texte\">\n\t        <h5>At the Parc Andr\u00e9 Citroen (in the 15th arrondissement)<\/h5>\n\t        <h3>Hot air balloon flight in Paris - The Generali balloon<\/h3>\n\t        <div class=\"tags\">\n\t        \t\t        \t\t<span>Promo: -10%<\/span>\n\t        \t\t        \t<span>10 to 12mn  <\/span>\n\t        <\/div>\n\t        <div class=\"bas\">\n        \t\t<div class=\"prix\">\n        \t\t\t\t        \t\t\t<span>From<\/span>\n\t        \t\t\t<span class=\"chiffre-barre\">15\u20ac<\/span>\n\t        \t\t\t<span class=\"chiffre\">14\u20ac<\/span>\t        \t\t        \t\t<\/div>\n            \t<div class=\"review-stars\" data-productId=\"78\">\n            \t<\/div>\n\t        <\/div>\n\t    <\/div>\n\t<\/a>\n<\/div><\/li><li class=\"glide__slide\">\n\n<div class=\"grid\">\n\t<a href=\"https:\/\/www.familinparis.fr\/en\/open-tours-bus-reduced-price\/\" target=\"_self\">\n\t    <div class=\"image\" style=\"background-image:url('https:\/\/www.familinparis.fr\/wp-content\/uploads\/photos-partenaires\/Tootbus\/les-champs-elysees-bus-panoramique-tootbus-564x282.jpg')\">\n\t    \t\t    \t<div class=\"dateOnImg\">7 days a week<\/div>\n\t    \t\t\t\t\t    <\/div>\n\t    <div class=\"texte\">\n\t        <h5>1, 2 or 3 day pass<\/h5>\n\t        <h3>Bus hop on hop off Paris: Tootbus<\/h3>\n\t        <div class=\"tags\">\n\t        \t\t        \t\t<span>Promo : - 25%<\/span>\n\t        \t\t        \t<span>Promo : - 25%<\/span>\n\t        <\/div>\n\t        <div class=\"bas\">\n        \t\t<div class=\"prix\">\n        \t\t\t\t        \t\t\t<span>From<\/span>\n\t        \t\t\t<span class=\"chiffre-barre\">28\u20ac<\/span>\n\t        \t\t\t<span class=\"chiffre\">21,00\u20ac<\/span>\t        \t\t        \t\t<\/div>\n            \t<div class=\"review-stars\" data-productId=\"287\">\n            \t<\/div>\n\t        <\/div>\n\t    <\/div>\n\t<\/a>\n<\/div><\/li><li class=\"glide__slide\">\n\n<div class=\"grid\">\n\t<a href=\"https:\/\/www.familinparis.fr\/en\/paris-by-electric-quad-bike\/\" target=\"_self\">\n\t    <div class=\"image\" style=\"background-image:url('https:\/\/www.familinparis.fr\/wp-content\/uploads\/2023\/07\/visite-guidee-paris-en-quad-electrique-564x282.jpg')\">\n\t    \t\t    \t<div class=\"dateOnImg\">7 days a week<\/div>\n\t    \t\t\t\t\t    <\/div>\n\t    <div class=\"texte\">\n\t        <h5>Departure and return Champs-Elys\u00e9es<\/h5>\n\t        <h3>Electric quad bike: guided ride (day and evening)<\/h3>\n\t        <div class=\"tags\">\n\t        \t\t        \t\t<span>SALE: - 14%<\/span>\n\t        \t\t        \t<span>1h30<\/span>\n\t        <\/div>\n\t        <div class=\"bas\">\n        \t\t<div class=\"prix\">\n        \t\t\t\t        \t\t\t<span>From<\/span>\n\t        \t\t\t<span class=\"chiffre-barre\">98\u20ac<\/span>\n\t        \t\t\t<span class=\"chiffre\">85\u20ac<\/span>\t        \t\t        \t\t<\/div>\n            \t<div class=\"review-stars\" data-productId=\"23\">\n            \t<\/div>\n\t        <\/div>\n\t    <\/div>\n\t<\/a>\n<\/div><\/li><li class=\"glide__slide\">\n\n<div class=\"grid\">\n\t<a href=\"https:\/\/www.familinparis.fr\/en\/versailles-castle-with-the-bus-from-paris\/\" target=\"_self\">\n\t    <div class=\"image\" style=\"background-image:url('https:\/\/www.familinparis.fr\/wp-content\/uploads\/E-SHOP\/OPENTOUR\/parc-domaine-de-versailles-564x282.jpg')\">\n\t    \t\t    \t<div class=\"dateOnImg\">Every day except Monday<\/div>\n\t    \t\t\t\t\t    <\/div>\n\t    <div class=\"texte\">\n\t        <h5>Paris and Versailles<\/h5>\n\t        <h3>Tootbus: Paris Versailles Bus + Palace Tour<\/h3>\n\t        <div class=\"tags\">\n\t        \t\t        \t\t<span>For everyone<\/span>\n\t        \t\t        \t<span>1\/2 day<\/span>\n\t        <\/div>\n\t        <div class=\"bas\">\n        \t\t<div class=\"prix\">\n        \t\t\t\t        \t\t\t<span>From<\/span>\n\t        \t\t\t<span class=\"chiffre-barre\">65\u20ac<\/span>\n\t        \t\t\t<span class=\"chiffre\">55,25\u20ac<\/span>\t        \t\t        \t\t<\/div>\n            \t<div class=\"review-stars\" data-productId=\"363\">\n            \t<\/div>\n\t        <\/div>\n\t    <\/div>\n\t<\/a>\n<\/div><\/li>            <\/ul>\n        <\/div>\n    <\/div>\n    \n    <\/div>\n-->\n<style type=\"text\/css\">\n    .swiper{\n        width: 100%;\n    }\n    .grid-carousel__arrows {\n        display: flex;\n        gap: 1rem;\n\n    }\n    button.grid-carousel__arrow {\n        background: #008098;\n        border-radius: 50%;\n        height: 50px;\n        width: 50px;\n        border: 2px solid #008098;\n        color: #ffff;\n        padding: 0px;\n        text-align: center;\n    }\n\n    button.grid-carousel__arrow.swiper-button-disabled{\n        opacity: .15;\n    }\n    .grid-carousel .swiper-slide {\n         min-width: 300px;\n    }\n    @media (max-width: 799px) {\n        .grid-carousel__arrows {\n            display: none;\n        }\n        .grid-carousel .swiper-slide {\n            width: 40%;\n        }\n    }\n    @media (max-width: 529px) {\n        .grid-carousel .swiper-slide {\n            width: 75%;\n        }\n    }\n<\/style>\n\n<div class=\"row new-grids grids-style-2\">\n    <div class=\"swiper grid-carousel\">\n        <div class=\"grid-title grid-carousel--title\">\n            <div>\n                                    <h2>On sale \ud83d\ude00<\/h2>\n                                            <\/div>\n            <div>\n                <div class=\"grid-carousel__arrows\">\n                    <button class=\"grid-carousel__arrow grid-carousel__arrow--left\">\n                        <i class=\"fa fa-angle-left\"><\/i>\n                    <\/button>\n                    <button class=\"grid-carousel__arrow grid-carousel__arrow--right\">\n                        <i class=\"fa fa-angle-right\"><\/i>\n                    <\/button>\n                <\/div>\n            <\/div>\n        <\/div>\n        \n        <div class=\"swiper-wrapper\">\n            <div class=\"swiper-slide\">\n\n<div class=\"grid\">\n\t<a href=\"https:\/\/www.familinparis.fr\/en\/mystery-children-cruise-of-paris\/\" target=\"_self\">\n\t    <div class=\"image\" style=\"background-image:url('https:\/\/www.familinparis.fr\/wp-content\/uploads\/photos-partenaires\/vedette-de-paris-\u00a9Couloir3_VDP16-564x282.jpg')\">\n\t    \t\t    \t<div class=\"dateOnImg\">7 days a week<\/div>\n\t    \t\t\t\t\t    <\/div>\n\t    <div class=\"texte\">\n\t        <h5>At the foot of the Eiffel Tower<\/h5>\n\t        <h3>Family Cruise of the Vedettes de Paris<\/h3>\n\t        <div class=\"tags\">\n\t        \t\t        \t\t<span>PROMO on duo tickets<\/span>\n\t        \t\t        \t<span>1h<\/span>\n\t        <\/div>\n\t        <div class=\"bas\">\n        \t\t<div class=\"prix\">\n        \t\t\t\t        \t\t\t<span>From<\/span>\n\t        \t\t\t<span class=\"chiffre-barre\">9\u20ac<\/span>\n\t        \t\t\t<span class=\"chiffre\">8,50\u20ac<\/span>\t        \t\t        \t\t<\/div>\n            \t<div class=\"review-stars\" data-productId=\"4\">\n            \t<\/div>\n\t        <\/div>\n\t    <\/div>\n\t<\/a>\n<\/div><\/div><div class=\"swiper-slide\">\n\n<div class=\"grid\">\n\t<a href=\"https:\/\/www.familinparis.fr\/en\/aquarium-of-paris-price\/\" target=\"_self\">\n\t    <div class=\"image\" style=\"background-image:url('https:\/\/www.familinparis.fr\/wp-content\/uploads\/photos-familinparis-2021\/animaux\/l-aquarium-de-paris-enfant-\u00a9Estelle-Hirrien-564x282.jpg')\">\n\t    \t\t    \t<div class=\"dateOnImg\">7 days a week<\/div>\n\t    \t\t\t\t\t    <\/div>\n\t    <div class=\"texte\">\n\t        <h5>Trocadero Garden<\/h5>\n\t        <h3>Aquarium of Paris<\/h3>\n\t        <div class=\"tags\">\n\t        \t\t        \t\t<span>PROMO on duo tickets<\/span>\n\t        \t\t        \t<span>About 1 hour<\/span>\n\t        <\/div>\n\t        <div class=\"bas\">\n        \t\t<div class=\"prix\">\n        \t\t\t\t        \t\t\t<span>From<\/span>\n\t        \t\t\t<span class=\"chiffre-barre\">48\u20ac<\/span>\n\t        \t\t\t<span class=\"chiffre\">36\u20ac<\/span>\t        \t\t        \t\t<\/div>\n            \t<div class=\"review-stars\" data-productId=\"25\">\n            \t<\/div>\n\t        <\/div>\n\t    <\/div>\n\t<\/a>\n<\/div><\/div><div class=\"swiper-slide\">\n\n<div class=\"grid\">\n\t<a href=\"https:\/\/www.familinparis.fr\/en\/rex-studios-reduced-rate\/\" target=\"_self\">\n\t    <div class=\"image\" style=\"background-image:url('https:\/\/www.familinparis.fr\/wp-content\/uploads\/photos-familinparis-2021\/loisirs\/rex-studios\/visite-du-rex-studios-grad-rex-\u00a9FamilinParis-1280x960-1-564x282.jpg')\">\n\t    \t\t    \t<div class=\"dateOnImg\">All year round<\/div>\n\t    \t\t\t\t\t    <\/div>\n\t    <div class=\"texte\">\n\t        <h5>In the 2nd<\/h5>\n\t        <h3>Rex Studios, the behind-the-scenes tour of the Grand Rex<\/h3>\n\t        <div class=\"tags\">\n\t        \t\t        \t\t<span>PROMO : -12%<\/span>\n\t        \t\t        \t<span>50 minutes <\/span>\n\t        <\/div>\n\t        <div class=\"bas\">\n        \t\t<div class=\"prix\">\n        \t\t\t\t        \t\t\t<span>From<\/span>\n\t        \t\t\t<span class=\"chiffre-barre\">10\u20ac<\/span>\n\t        \t\t\t<span class=\"chiffre\">8,8\u20ac<\/span>\t        \t\t        \t\t<\/div>\n            \t<div class=\"review-stars\" data-productId=\"10\">\n            \t<\/div>\n\t        <\/div>\n\t    <\/div>\n\t<\/a>\n<\/div><\/div><div class=\"swiper-slide\">\n\n<div class=\"grid\">\n\t<a href=\"https:\/\/www.familinparis.fr\/en\/kids-tour-by-tourist-bus\/\" target=\"_self\">\n\t    <div class=\"image\" style=\"background-image:url('https:\/\/www.familinparis.fr\/wp-content\/uploads\/photos-partenaires\/Tootbus\/visite-paris-en-bus-kids-tour-tootbus-paris-564x282.jpg')\">\n\t    \t\t    \t<div class=\"dateOnImg\">Wednesdays<\/div>\n\t    \t\t\t\t\t    <\/div>\n\t    <div class=\"texte\">\n\t        <h5>Departure 13 rue Auber (Paris 9th)<\/h5>\n\t        <h3>Kids Tour by Tourist Bus<\/h3>\n\t        <div class=\"tags\">\n\t        \t\t        \t\t<span>Panoramic Bus<\/span>\n\t        \t\t        \t<span>1hour and a half <\/span>\n\t        <\/div>\n\t        <div class=\"bas\">\n        \t\t<div class=\"prix\">\n        \t\t\t\t        \t\t\t<span>From<\/span>\n\t        \t\t\t<span class=\"chiffre-barre\">35\u20ac<\/span>\n\t        \t\t\t<span class=\"chiffre\">29,75\u20ac<\/span>\t        \t\t        \t\t<\/div>\n            \t<div class=\"review-stars\" data-productId=\"26\">\n            \t<\/div>\n\t        <\/div>\n\t    <\/div>\n\t<\/a>\n<\/div><\/div><div class=\"swiper-slide\">\n\n<div class=\"grid\">\n\t<a href=\"https:\/\/www.familinparis.fr\/en\/the-cruise-in-a-bateau-mouches\/\" target=\"_self\">\n\t    <div class=\"image\" style=\"background-image:url('https:\/\/www.familinparis.fr\/wp-content\/uploads\/Seine\/bateau-mouche\/bateau-mouche-enfant-564x282.jpg')\">\n\t    \t\t    \t<div class=\"dateOnImg\">7 days a week<\/div>\n\t    \t\t\t\t\t    <\/div>\n\t    <div class=\"texte\">\n\t        <h5>Departure from Pont de l&#8217;Alma<\/h5>\n\t        <h3>Fancy a Bateau-Mouche cruise in Paris with your family?<\/h3>\n\t        <div class=\"tags\">\n\t        \t\t        \t\t<span>INESCAPABLE<\/span>\n\t        \t\t        \t<span>1h10<\/span>\n\t        <\/div>\n\t        <div class=\"bas\">\n        \t\t<div class=\"prix\">\n        \t\t\t\t        \t\t\t<span>From<\/span>\n\t        \t\t\t<span class=\"chiffre-barre\">10\u20ac<\/span>\n\t        \t\t\t<span class=\"chiffre\">9\u20ac<\/span>\t        \t\t        \t\t<\/div>\n            \t<div class=\"review-stars\" data-productId=\"1\">\n            \t<\/div>\n\t        <\/div>\n\t    <\/div>\n\t<\/a>\n<\/div><\/div><div class=\"swiper-slide\">\n\n<div class=\"grid\">\n\t<a href=\"https:\/\/www.familinparis.fr\/en\/cruise-parisian-boat-reduced-price\/\" target=\"_self\">\n\t    <div class=\"image\" style=\"background-image:url('https:\/\/www.familinparis.fr\/wp-content\/uploads\/photos-familinparis-2021\/seine\/croisiere-seine-bateaux-parisiens-564x282.jpg')\">\n\t    \t\t    \t<div class=\"dateOnImg\">7 days a week<\/div>\n\t    \t\t\t\t\t    <\/div>\n\t    <div class=\"texte\">\n\t        <h5>Departure at the foot of the Eiffel Tower<\/h5>\n\t        <h3>Bateaux Parisiens Cruise<\/h3>\n\t        <div class=\"tags\">\n\t        \t\t        \t\t<span>CRUISE<\/span>\n\t        \t\t        \t<span>1h<\/span>\n\t        <\/div>\n\t        <div class=\"bas\">\n        \t\t<div class=\"prix\">\n        \t\t\t\t        \t\t\t<span>From<\/span>\n\t        \t\t\t<span class=\"chiffre-barre\">9\u20ac<\/span>\n\t        \t\t\t<span class=\"chiffre\">8\u20ac<\/span>\t        \t\t        \t\t<\/div>\n            \t<div class=\"review-stars\" data-productId=\"24\">\n            \t<\/div>\n\t        <\/div>\n\t    <\/div>\n\t<\/a>\n<\/div><\/div><div class=\"swiper-slide\">\n\n<div class=\"grid\">\n\t<a href=\"https:\/\/www.familinparis.fr\/en\/hot-air-balloon-flight-in-paris-the-generali-balloon\/\" target=\"_self\">\n\t    <div class=\"image\" style=\"background-image:url('https:\/\/www.familinparis.fr\/wp-content\/uploads\/photos-partenaires\/ballon-generali-montgolfiere-parc-andre-citroen-564x282.jpg')\">\n\t    \t\t    \t<div class=\"dateOnImg\">7 days a week<\/div>\n\t    \t\t\t\t\t    <\/div>\n\t    <div class=\"texte\">\n\t        <h5>At the Parc Andr\u00e9 Citroen (in the 15th arrondissement)<\/h5>\n\t        <h3>Hot air balloon flight in Paris &#8211; The Generali balloon<\/h3>\n\t        <div class=\"tags\">\n\t        \t\t        \t\t<span>Promo: -10%<\/span>\n\t        \t\t        \t<span>10 to 12mn  <\/span>\n\t        <\/div>\n\t        <div class=\"bas\">\n        \t\t<div class=\"prix\">\n        \t\t\t\t        \t\t\t<span>From<\/span>\n\t        \t\t\t<span class=\"chiffre-barre\">15\u20ac<\/span>\n\t        \t\t\t<span class=\"chiffre\">14\u20ac<\/span>\t        \t\t        \t\t<\/div>\n            \t<div class=\"review-stars\" data-productId=\"78\">\n            \t<\/div>\n\t        <\/div>\n\t    <\/div>\n\t<\/a>\n<\/div><\/div><div class=\"swiper-slide\">\n\n<div class=\"grid\">\n\t<a href=\"https:\/\/www.familinparis.fr\/en\/open-tours-bus-reduced-price\/\" target=\"_self\">\n\t    <div class=\"image\" style=\"background-image:url('https:\/\/www.familinparis.fr\/wp-content\/uploads\/photos-partenaires\/Tootbus\/les-champs-elysees-bus-panoramique-tootbus-564x282.jpg')\">\n\t    \t\t    \t<div class=\"dateOnImg\">7 days a week<\/div>\n\t    \t\t\t\t\t    <\/div>\n\t    <div class=\"texte\">\n\t        <h5>1, 2 or 3 day pass<\/h5>\n\t        <h3>Bus hop on hop off Paris: Tootbus<\/h3>\n\t        <div class=\"tags\">\n\t        \t\t        \t\t<span>Promo : &#8211; 25%<\/span>\n\t        \t\t        \t<span>Promo : &#8211; 25%<\/span>\n\t        <\/div>\n\t        <div class=\"bas\">\n        \t\t<div class=\"prix\">\n        \t\t\t\t        \t\t\t<span>From<\/span>\n\t        \t\t\t<span class=\"chiffre-barre\">28\u20ac<\/span>\n\t        \t\t\t<span class=\"chiffre\">21,00\u20ac<\/span>\t        \t\t        \t\t<\/div>\n            \t<div class=\"review-stars\" data-productId=\"287\">\n            \t<\/div>\n\t        <\/div>\n\t    <\/div>\n\t<\/a>\n<\/div><\/div><div class=\"swiper-slide\">\n\n<div class=\"grid\">\n\t<a href=\"https:\/\/www.familinparis.fr\/en\/paris-by-electric-quad-bike\/\" target=\"_self\">\n\t    <div class=\"image\" style=\"background-image:url('https:\/\/www.familinparis.fr\/wp-content\/uploads\/2023\/07\/visite-guidee-paris-en-quad-electrique-564x282.jpg')\">\n\t    \t\t    \t<div class=\"dateOnImg\">7 days a week<\/div>\n\t    \t\t\t\t\t    <\/div>\n\t    <div class=\"texte\">\n\t        <h5>Departure and return Champs-Elys\u00e9es<\/h5>\n\t        <h3>Electric quad bike: guided ride (day and evening)<\/h3>\n\t        <div class=\"tags\">\n\t        \t\t        \t\t<span>SALE: &#8211; 14%<\/span>\n\t        \t\t        \t<span>1h30<\/span>\n\t        <\/div>\n\t        <div class=\"bas\">\n        \t\t<div class=\"prix\">\n        \t\t\t\t        \t\t\t<span>From<\/span>\n\t        \t\t\t<span class=\"chiffre-barre\">98\u20ac<\/span>\n\t        \t\t\t<span class=\"chiffre\">85\u20ac<\/span>\t        \t\t        \t\t<\/div>\n            \t<div class=\"review-stars\" data-productId=\"23\">\n            \t<\/div>\n\t        <\/div>\n\t    <\/div>\n\t<\/a>\n<\/div><\/div><div class=\"swiper-slide\">\n\n<div class=\"grid\">\n\t<a href=\"https:\/\/www.familinparis.fr\/en\/versailles-castle-with-the-bus-from-paris\/\" target=\"_self\">\n\t    <div class=\"image\" style=\"background-image:url('https:\/\/www.familinparis.fr\/wp-content\/uploads\/E-SHOP\/OPENTOUR\/parc-domaine-de-versailles-564x282.jpg')\">\n\t    \t\t    \t<div class=\"dateOnImg\">Every day except Monday<\/div>\n\t    \t\t\t\t\t    <\/div>\n\t    <div class=\"texte\">\n\t        <h5>Paris and Versailles<\/h5>\n\t        <h3>Tootbus: Paris Versailles Bus + Palace Tour<\/h3>\n\t        <div class=\"tags\">\n\t        \t\t        \t\t<span>For everyone<\/span>\n\t        \t\t        \t<span>1\/2 day<\/span>\n\t        <\/div>\n\t        <div class=\"bas\">\n        \t\t<div class=\"prix\">\n        \t\t\t\t        \t\t\t<span>From<\/span>\n\t        \t\t\t<span class=\"chiffre-barre\">65\u20ac<\/span>\n\t        \t\t\t<span class=\"chiffre\">55,25\u20ac<\/span>\t        \t\t        \t\t<\/div>\n            \t<div class=\"review-stars\" data-productId=\"363\">\n            \t<\/div>\n\t        <\/div>\n\t    <\/div>\n\t<\/a>\n<\/div><\/div>        <\/div>\n    <\/div>\n    \n    <\/div>\n\n<\/div><div class=\"lazyblock-etiquettes-Z1dKqTb m-t-5 wp-block-lazyblock-etiquettes\"><div class=\"labels__fam\">\n        <a href=\"\/offre-groupon-famille-enfant\/\" class=\"labels__fam-color-blue labels__fam-radius-rounded\">\n        SEE ALL OUR GOOD DEALS      <\/a>\n  <\/div><\/div>\n<hr class=\"wp-block-separator has-alpha-channel-opacity is-style-default\"\/>\n\n<div class=\"wp-block-columns is-layout-flex wp-container-core-columns-is-layout-9d6595d7 wp-block-columns-is-layout-flex\">\n<div class=\"wp-block-column is-layout-flow wp-block-column-is-layout-flow\">\n<section class=\"wp-block-uagb-section uagb-section__wrap uagb-section__background-color uagb-block-e7b72b75 border-orange\"><div class=\"uagb-section__overlay\"><\/div><div class=\"uagb-section__inner-wrap\">\n<h2 class=\"wp-block-heading has-text-align-center\">Back<\/h2>\n\n\n\n<ol class=\"wp-block-list\">\n<li><a href=\"https:\/\/www.familinparis.fr\/en\/the-masterpieces-of-the-louvre-explained-to-children\/\">The masterpieces of the Louvre explained to children<\/a>, the visit for children aged 7-12<\/li>\n\n\n\n<li><a href=\"https:\/\/www.familinparis.fr\/en\/storytelling-tour-a-love-of-opera\/\">A love of Opera<\/a>, the storytelling visit to the Opera (for all, from 6 years old)<\/li>\n\n\n\n<li>Concerts with toddlers &#8211; <a href=\"https:\/\/www.familinparis.fr\/concert-classique-pour-enfant-melomanes-en-culotte-courte-orchestre-palais-royal\/\">Music lovers in short pants<\/a> (from 3 months)<\/li>\n\n\n\n<li>Unusual visit &#8211; <a href=\"\/paris-en-tuk-tuk\/\">A tuktuk ride in Paris<\/a><\/li>\n<\/ol>\n<\/div><\/section>\n<\/div>\n\n\n\n<div class=\"wp-block-column is-layout-flow wp-block-column-is-layout-flow\">\n<section class=\"wp-block-uagb-section uagb-section__wrap uagb-section__background-color uagb-block-9568b6fb border-orange\"><div class=\"uagb-section__overlay\"><\/div><div class=\"uagb-section__inner-wrap\">\n<h2 class=\"wp-block-heading has-text-align-center m-t-5\">It&#8217;s a hit in Paris!<\/h2>\n\n\n\n<ol class=\"wp-block-list\">\n<li><a href=\"https:\/\/www.familinparis.fr\/en\/educational-farm-in-paris-noahs-world-for-children\/\" type=\"post\" id=\"111197\">Noah&#8217;s World<\/a>, the immersive experience with real animals (from 1 year old)<\/li>\n\n\n\n<li><a href=\"https:\/\/www.familinparis.fr\/flops-expo-musee-des-arts-et-metiers\/\">The unusual exhibition Flop? !  <\/a>at the Mus\u00e9e des Arts et M\u00e9tiers (for all, from 6 years old)<\/li>\n\n\n\n<li><a href=\"https:\/\/www.familinparis.fr\/en\/teens\/\">The show &#8220;ADOS&#8221;,<\/a> the cult play for pre-teens<\/li>\n\n\n\n<li><a href=\"https:\/\/www.familinparis.fr\/en\/hunt-game-arsene-lupin-opera-de-paris\/\">Ars\u00e8ne Lupin and the Secret of the Opera,<\/a> immersive game (from 10 years old)<\/li>\n\n\n\n<li>A <a href=\"\/visite-de-paris-en-trottinette-electrique\/\">visit to Paris on an electric scooter<\/a> (from 10 years old)<\/li>\n\n\n\n<li><a href=\"exposition-immersive-mondes-disparus-jardin-des-plantes\">Lost Worlds<\/a> &#8211; Immersive experience (from 11 years old)<\/li>\n<\/ol>\n<\/div><\/section>\n<\/div>\n<\/div>\n\n<hr class=\"wp-block-separator has-alpha-channel-opacity is-style-default\"\/>\n\n<h2 class=\"wp-block-heading has-x-large-font-size\">The 2026 exhibitions with the family<\/h2>\n\n<p>All the exhibitions in Paris to do with a child or a teenager&#8230;<\/p>\n<div class=\"lazyblock-grids-Z24UlCn wp-block-lazyblock-grids\"><!--\n<div class=\"row new-grids grids-style-2\">\n    <div class=\"glide grid-carousel\">\n        <div class=\"grid-title grid-carousel--title\">\n            <div>\n                                            <\/div>\n            <div>\n                <div class=\"glide__arrows\" data-glide-el=\"controls\">\n                    <button class=\"glide__arrow glide__arrow--left\" data-glide-dir=\"|&lt;\"><i class=\"fa fa-angle-left\"><\/i><\/button>\n                    <button class=\"glide__arrow glide__arrow--right\" data-glide-dir=\"|&gt;\"><i class=\"fa fa-angle-right\"><\/i><\/button>\n                <\/div>\n            <\/div>\n        <\/div>\n        \n        <div class=\"glide__track\" data-glide-el=\"track\">\n            <ul class=\"glide__slides\">\n                <li class=\"glide__slide\">\n\n<div class=\"grid\">\n\t<a href=\"https:\/\/www.familinparis.fr\/en\/exposition-calder-fondation-louis-vuitton-billet\/\" target=\"_self\">\n\t    <div class=\"image\" style=\"background-image:url('https:\/\/www.familinparis.fr\/wp-content\/uploads\/2026\/04\/exposition-calder-fondation-louis-vuitton-564x282.jpg')\">\n\t    \t\t    \t<div class=\"dateOnImg\">jusqu'au 16 ao\u00fbt 2026<\/div>\n\t    \t\t\t\t\t    <\/div>\n\t    <div class=\"texte\">\n\t        <h5>Fondation Louis Vuitton<\/h5>\n\t        <h3>Calder. Dreaming in balance<\/h3>\n\t        <div class=\"tags\">\n\t        \t\t        \t\t<span>EXPOSITION<\/span>\n\t        \t\t        \t<span>1h30<\/span>\n\t        <\/div>\n\t        <div class=\"bas\">\n        \t\t<div class=\"prix\">\n        \t\t\t        \t\t<\/div>\n            \t<div class=\"review-stars\" data-productId=\"\">\n            \t<\/div>\n\t        <\/div>\n\t    <\/div>\n\t<\/a>\n<\/div><\/li><li class=\"glide__slide\">\n\n<div class=\"grid\">\n\t<a href=\"https:\/\/www.familinparis.fr\/en\/titanic-immersive-exhibition-grande-halle-de-la-villette-75019\/\" target=\"_self\">\n\t    <div class=\"image\" style=\"background-image:url('https:\/\/www.familinparis.fr\/wp-content\/uploads\/2026\/04\/La-Legende-Du-Titanic-exposition-ultime-exposition-immersive-grande-halle-la-villette-2026-564x282.jpg')\">\n\t    \t\t    \t<div class=\"dateOnImg\">jusqu'au 31 ao\u00fbt 2026<\/div>\n\t    \t\t\t\t\t\t\t\t<div class=\"rond-blanc-age\"><span>For all<\/span><\/div>\n\t\t\t\t    <\/div>\n\t    <div class=\"texte\">\n\t        <h5>La Grande Halle de La Villette <\/h5>\n\t        <h3>The Legend of the Titanic: The Ultimate Exhibition<\/h3>\n\t        <div class=\"tags\">\n\t        \t\t        \t\t<span>exposition immersive<\/span>\n\t        \t\t        \t<span>1h30<\/span>\n\t        <\/div>\n\t        <div class=\"bas\">\n        \t\t<div class=\"prix\">\n        \t\t\t        \t\t<\/div>\n            \t<div class=\"review-stars\" data-productId=\"\">\n            \t<\/div>\n\t        <\/div>\n\t    <\/div>\n\t<\/a>\n<\/div><\/li><li class=\"glide__slide\">\n\n<div class=\"grid\">\n\t<a href=\"https:\/\/www.familinparis.fr\/en\/unicorn-exhibition-at-the-cluny-museum-75005\/\" target=\"_self\">\n\t    <div class=\"image\" style=\"background-image:url('https:\/\/www.familinparis.fr\/wp-content\/uploads\/2026\/03\/licornes-expo-musee-cluny-2026-456x282.jpg')\">\n\t    \t\t    \t<div class=\"dateOnImg\">jusqu'au 12 juillet 2026<\/div>\n\t    \t\t\t\t\t\t\t\t<div class=\"rond-blanc-age\"><span>from <span class=\"age-number\">6<\/span> yo<\/span><\/div>\n\t\t\t\t    <\/div>\n\t    <div class=\"texte\">\n\t        <h5>Mus\u00e9e de Cluny - Paris 5\u00e8me<\/h5>\n\t        <h3>Unicorns! At the Museum of Cluny<\/h3>\n\t        <div class=\"tags\">\n\t        \t\t        \t\t<span>exposition<\/span>\n\t        \t\t        \t<span>1h<\/span>\n\t        <\/div>\n\t        <div class=\"bas\">\n        \t\t<div class=\"prix\">\n        \t\t\t        \t\t<\/div>\n            \t<div class=\"review-stars\" data-productId=\"\">\n            \t<\/div>\n\t        <\/div>\n\t    <\/div>\n\t<\/a>\n<\/div><\/li><li class=\"glide__slide\">\n\n<div class=\"grid\">\n\t<a href=\"https:\/\/www.familinparis.fr\/en\/renaissance-la-nouvelle-experience-immersive-a-l-atelier-des-lumieres\/\" target=\"_self\">\n\t    <div class=\"image\" style=\"background-image:url('https:\/\/www.familinparis.fr\/wp-content\/uploads\/Expos\/2026\/Renaissance-affiche-500x282.jpg')\">\n\t    \t\t    \t<div class=\"dateOnImg\">Until June 28, 2026<\/div>\n\t    \t\t\t\t\t    <\/div>\n\t    <div class=\"texte\">\n\t        <h5>The Atelier des Lumi\u00e8res (Paris 11th)<\/h5>\n\t        <h3>Renaissance at the Atelier des Lumi\u00e8res<\/h3>\n\t        <div class=\"tags\">\n\t        \t\t        \t\t<span>Immersive Exhibition<\/span>\n\t        \t\t        \t<span>50 minutes<\/span>\n\t        <\/div>\n\t        <div class=\"bas\">\n        \t\t<div class=\"prix\">\n        \t\t\t        \t\t<\/div>\n            \t<div class=\"review-stars\" data-productId=\"\">\n            \t<\/div>\n\t        <\/div>\n\t    <\/div>\n\t<\/a>\n<\/div><\/li><li class=\"glide__slide\">\n\n<div class=\"grid\">\n\t<a href=\"https:\/\/www.familinparis.fr\/en\/mummies-exhibition-at-the-musee-de-l-homme\/\" target=\"_self\">\n\t    <div class=\"image\" style=\"background-image:url('https:\/\/www.familinparis.fr\/wp-content\/uploads\/2025\/11\/AFFICHE-MH_MOMIES_40x32-564x282.jpg')\">\n\t    \t\t    \t<div class=\"dateOnImg\">Jusqu'au 25 mai 2026<\/div>\n\t    \t\t\t\t\t\t\t\t<div class=\"rond-blanc-age\"><span>from <span class=\"age-number\">8<\/span> yo<\/span><\/div>\n\t\t\t\t    <\/div>\n\t    <div class=\"texte\">\n\t        <h5>Mus\u00e9e de l'Homme (Paris 16\u00e8me)<\/h5>\n\t        <h3>MOMIES \u2022 At the Mus\u00e9e de l'Homme<\/h3>\n\t        <div class=\"tags\">\n\t        \t\t        \t\t<span>exposition<\/span>\n\t        \t\t        \t<span>1h<\/span>\n\t        <\/div>\n\t        <div class=\"bas\">\n        \t\t<div class=\"prix\">\n        \t\t\t        \t\t<\/div>\n            \t<div class=\"review-stars\" data-productId=\"\">\n            \t<\/div>\n\t        <\/div>\n\t    <\/div>\n\t<\/a>\n<\/div><\/li><li class=\"glide__slide\">\n\n<div class=\"grid\">\n\t<a href=\"https:\/\/www.familinparis.fr\/en\/the-world-of-banksy\/\" target=\"_self\">\n\t    <div class=\"image\" style=\"background-image:url('https:\/\/www.familinparis.fr\/wp-content\/uploads\/Expos\/2019\/Divers\/banksy-a-paris-564x282.jpg')\">\n\t    \t\t    \t<div class=\"dateOnImg\">Tous les jours<\/div>\n\t    \t\t\t\t\t\t\t\t<div class=\"rond-blanc-age\"><span>from <span class=\"age-number\">12<\/span> yo<\/span><\/div>\n\t\t\t\t    <\/div>\n\t    <div class=\"texte\">\n\t        <h5>Au mus\u00e9e Banksy (Paris 9\u00e8me)<\/h5>\n\t        <h3>The World of Banksy<\/h3>\n\t        <div class=\"tags\">\n\t        \t\t        \t\t<span>Exposition<\/span>\n\t        \t\t        \t<span><\/span>\n\t        <\/div>\n\t        <div class=\"bas\">\n        \t\t<div class=\"prix\">\n        \t\t\t        \t\t<\/div>\n            \t<div class=\"review-stars\" data-productId=\"\">\n            \t<\/div>\n\t        <\/div>\n\t    <\/div>\n\t<\/a>\n<\/div><\/li><li class=\"glide__slide\">\n\n<div class=\"grid\">\n\t<a href=\"https:\/\/www.familinparis.fr\/en\/dogs-and-cats-exhibition-cite-des-sciences\/\" target=\"_self\">\n\t    <div class=\"image\" style=\"background-image:url('https:\/\/www.familinparis.fr\/wp-content\/uploads\/2025\/01\/chiens-et-chats-expo-cite-des-sciences-la-villette-2025-2026-564x282.jpg')\">\n\t    \t\t    \t<div class=\"dateOnImg\">Jusqu'au 28 juin 2026<\/div>\n\t    \t\t\t\t\t    <\/div>\n\t    <div class=\"texte\">\n\t        <h5>A La Cit\u00e9 des Sciences et de l'Industrie<\/h5>\n\t        <h3>Dogs and cats, at the Cit\u00e9 des Sciences<\/h3>\n\t        <div class=\"tags\">\n\t        \t\t        \t\t<span>A partir de 6 ans <\/span>\n\t        \t\t        \t<span>1h<\/span>\n\t        <\/div>\n\t        <div class=\"bas\">\n        \t\t<div class=\"prix\">\n        \t\t\t        \t\t<\/div>\n            \t<div class=\"review-stars\" data-productId=\"\">\n            \t<\/div>\n\t        <\/div>\n\t    <\/div>\n\t<\/a>\n<\/div><\/li><li class=\"glide__slide\">\n\n<div class=\"grid\">\n\t<a href=\"https:\/\/www.familinparis.fr\/en\/dance\/\" target=\"_self\">\n\t    <div class=\"image\" style=\"background-image:url('https:\/\/www.familinparis.fr\/wp-content\/uploads\/2024\/06\/Danser-expo-2024-la-villette-564x282.jpg')\">\n\t    \t\t    \t<div class=\"dateOnImg\">Until June 28, 2026<\/div>\n\t    \t\t\t\t\t    <\/div>\n\t    <div class=\"texte\">\n\t        <h5>At the Cit\u00e9 des Sciences (Paris 19th)<\/h5>\n\t        <h3>Dance<\/h3>\n\t        <div class=\"tags\">\n\t        \t\t        \t\t<span>For 4 - 8 year olds<\/span>\n\t        \t\t        \t<span>1 hour<\/span>\n\t        <\/div>\n\t        <div class=\"bas\">\n        \t\t<div class=\"prix\">\n        \t\t\t        \t\t<\/div>\n            \t<div class=\"review-stars\" data-productId=\"\">\n            \t<\/div>\n\t        <\/div>\n\t    <\/div>\n\t<\/a>\n<\/div><\/li><li class=\"glide__slide\">\n\n<div class=\"grid\">\n\t<a href=\"https:\/\/www.familinparis.fr\/en\/space-mission\/\" target=\"_self\">\n\t    <div class=\"image\" style=\"background-image:url('https:\/\/www.familinparis.fr\/wp-content\/uploads\/2023\/11\/mission-spatiale-cite-des-sciences-expo2023.jpeg-1-334x282.jpg')\">\n\t    \t\t\t\t\t    <\/div>\n\t    <div class=\"texte\">\n\t        <h5><\/h5>\n\t        <h3>Space Mission<\/h3>\n\t        <div class=\"tags\">\n\t        \t\t        \t<span><\/span>\n\t        <\/div>\n\t        <div class=\"bas\">\n        \t\t<div class=\"prix\">\n        \t\t\t        \t\t<\/div>\n            \t<div class=\"review-stars\" data-productId=\"\">\n            \t<\/div>\n\t        <\/div>\n\t    <\/div>\n\t<\/a>\n<\/div><\/li><li class=\"glide__slide\">\n\n<div class=\"grid\">\n\t<a href=\"https:\/\/www.familinparis.fr\/en\/climate-emergency\/\" target=\"_self\">\n\t    <div class=\"image\" style=\"background-image:url('https:\/\/www.familinparis.fr\/wp-content\/uploads\/2023\/09\/expo-urgence-climatique-cite-des-sciences-564x282.jpg')\">\n\t    \t\t\t\t\t    <\/div>\n\t    <div class=\"texte\">\n\t        <h5><\/h5>\n\t        <h3>Climate emergency<\/h3>\n\t        <div class=\"tags\">\n\t        \t\t        \t<span><\/span>\n\t        <\/div>\n\t        <div class=\"bas\">\n        \t\t<div class=\"prix\">\n        \t\t\t        \t\t<\/div>\n            \t<div class=\"review-stars\" data-productId=\"\">\n            \t<\/div>\n\t        <\/div>\n\t    <\/div>\n\t<\/a>\n<\/div><\/li>            <\/ul>\n        <\/div>\n    <\/div>\n    \n    <\/div>\n-->\n<style type=\"text\/css\">\n    .swiper{\n        width: 100%;\n    }\n    .grid-carousel__arrows {\n        display: flex;\n        gap: 1rem;\n\n    }\n    button.grid-carousel__arrow {\n        background: #008098;\n        border-radius: 50%;\n        height: 50px;\n        width: 50px;\n        border: 2px solid #008098;\n        color: #ffff;\n        padding: 0px;\n        text-align: center;\n    }\n\n    button.grid-carousel__arrow.swiper-button-disabled{\n        opacity: .15;\n    }\n    .grid-carousel .swiper-slide {\n         min-width: 300px;\n    }\n    @media (max-width: 799px) {\n        .grid-carousel__arrows {\n            display: none;\n        }\n        .grid-carousel .swiper-slide {\n            width: 40%;\n        }\n    }\n    @media (max-width: 529px) {\n        .grid-carousel .swiper-slide {\n            width: 75%;\n        }\n    }\n<\/style>\n\n<div class=\"row new-grids grids-style-2\">\n    <div class=\"swiper grid-carousel\">\n        <div class=\"grid-title grid-carousel--title\">\n            <div>\n                                            <\/div>\n            <div>\n                <div class=\"grid-carousel__arrows\">\n                    <button class=\"grid-carousel__arrow grid-carousel__arrow--left\">\n                        <i class=\"fa fa-angle-left\"><\/i>\n                    <\/button>\n                    <button class=\"grid-carousel__arrow grid-carousel__arrow--right\">\n                        <i class=\"fa fa-angle-right\"><\/i>\n                    <\/button>\n                <\/div>\n            <\/div>\n        <\/div>\n        \n        <div class=\"swiper-wrapper\">\n            <div class=\"swiper-slide\">\n\n<div class=\"grid\">\n\t<a href=\"https:\/\/www.familinparis.fr\/en\/exposition-calder-fondation-louis-vuitton-billet\/\" target=\"_self\">\n\t    <div class=\"image\" style=\"background-image:url('https:\/\/www.familinparis.fr\/wp-content\/uploads\/2026\/04\/exposition-calder-fondation-louis-vuitton-564x282.jpg')\">\n\t    \t\t    \t<div class=\"dateOnImg\">jusqu&#8217;au 16 ao\u00fbt 2026<\/div>\n\t    \t\t\t\t\t    <\/div>\n\t    <div class=\"texte\">\n\t        <h5>Fondation Louis Vuitton<\/h5>\n\t        <h3>Calder. Dreaming in balance<\/h3>\n\t        <div class=\"tags\">\n\t        \t\t        \t\t<span>EXPOSITION<\/span>\n\t        \t\t        \t<span>1h30<\/span>\n\t        <\/div>\n\t        <div class=\"bas\">\n        \t\t<div class=\"prix\">\n        \t\t\t        \t\t<\/div>\n            \t<div class=\"review-stars\" data-productId=\"\">\n            \t<\/div>\n\t        <\/div>\n\t    <\/div>\n\t<\/a>\n<\/div><\/div><div class=\"swiper-slide\">\n\n<div class=\"grid\">\n\t<a href=\"https:\/\/www.familinparis.fr\/en\/titanic-immersive-exhibition-grande-halle-de-la-villette-75019\/\" target=\"_self\">\n\t    <div class=\"image\" style=\"background-image:url('https:\/\/www.familinparis.fr\/wp-content\/uploads\/2026\/04\/La-Legende-Du-Titanic-exposition-ultime-exposition-immersive-grande-halle-la-villette-2026-564x282.jpg')\">\n\t    \t\t    \t<div class=\"dateOnImg\">jusqu&#8217;au 31 ao\u00fbt 2026<\/div>\n\t    \t\t\t\t\t\t\t\t<div class=\"rond-blanc-age\"><span>For all<\/span><\/div>\n\t\t\t\t    <\/div>\n\t    <div class=\"texte\">\n\t        <h5>La Grande Halle de La Villette <\/h5>\n\t        <h3>The Legend of the Titanic: The Ultimate Exhibition<\/h3>\n\t        <div class=\"tags\">\n\t        \t\t        \t\t<span>exposition immersive<\/span>\n\t        \t\t        \t<span>1h30<\/span>\n\t        <\/div>\n\t        <div class=\"bas\">\n        \t\t<div class=\"prix\">\n        \t\t\t        \t\t<\/div>\n            \t<div class=\"review-stars\" data-productId=\"\">\n            \t<\/div>\n\t        <\/div>\n\t    <\/div>\n\t<\/a>\n<\/div><\/div><div class=\"swiper-slide\">\n\n<div class=\"grid\">\n\t<a href=\"https:\/\/www.familinparis.fr\/en\/unicorn-exhibition-at-the-cluny-museum-75005\/\" target=\"_self\">\n\t    <div class=\"image\" style=\"background-image:url('https:\/\/www.familinparis.fr\/wp-content\/uploads\/2026\/03\/licornes-expo-musee-cluny-2026-456x282.jpg')\">\n\t    \t\t    \t<div class=\"dateOnImg\">jusqu&#8217;au 12 juillet 2026<\/div>\n\t    \t\t\t\t\t\t\t\t<div class=\"rond-blanc-age\"><span>from <span class=\"age-number\">6<\/span> yo<\/span><\/div>\n\t\t\t\t    <\/div>\n\t    <div class=\"texte\">\n\t        <h5>Mus\u00e9e de Cluny &#8211; Paris 5\u00e8me<\/h5>\n\t        <h3>Unicorns! At the Museum of Cluny<\/h3>\n\t        <div class=\"tags\">\n\t        \t\t        \t\t<span>exposition<\/span>\n\t        \t\t        \t<span>1h<\/span>\n\t        <\/div>\n\t        <div class=\"bas\">\n        \t\t<div class=\"prix\">\n        \t\t\t        \t\t<\/div>\n            \t<div class=\"review-stars\" data-productId=\"\">\n            \t<\/div>\n\t        <\/div>\n\t    <\/div>\n\t<\/a>\n<\/div><\/div><div class=\"swiper-slide\">\n\n<div class=\"grid\">\n\t<a href=\"https:\/\/www.familinparis.fr\/en\/renaissance-la-nouvelle-experience-immersive-a-l-atelier-des-lumieres\/\" target=\"_self\">\n\t    <div class=\"image\" style=\"background-image:url('https:\/\/www.familinparis.fr\/wp-content\/uploads\/Expos\/2026\/Renaissance-affiche-500x282.jpg')\">\n\t    \t\t    \t<div class=\"dateOnImg\">Until June 28, 2026<\/div>\n\t    \t\t\t\t\t    <\/div>\n\t    <div class=\"texte\">\n\t        <h5>The Atelier des Lumi\u00e8res (Paris 11th)<\/h5>\n\t        <h3>Renaissance at the Atelier des Lumi\u00e8res<\/h3>\n\t        <div class=\"tags\">\n\t        \t\t        \t\t<span>Immersive Exhibition<\/span>\n\t        \t\t        \t<span>50 minutes<\/span>\n\t        <\/div>\n\t        <div class=\"bas\">\n        \t\t<div class=\"prix\">\n        \t\t\t        \t\t<\/div>\n            \t<div class=\"review-stars\" data-productId=\"\">\n            \t<\/div>\n\t        <\/div>\n\t    <\/div>\n\t<\/a>\n<\/div><\/div><div class=\"swiper-slide\">\n\n<div class=\"grid\">\n\t<a href=\"https:\/\/www.familinparis.fr\/en\/mummies-exhibition-at-the-musee-de-l-homme\/\" target=\"_self\">\n\t    <div class=\"image\" style=\"background-image:url('https:\/\/www.familinparis.fr\/wp-content\/uploads\/2025\/11\/AFFICHE-MH_MOMIES_40x32-564x282.jpg')\">\n\t    \t\t    \t<div class=\"dateOnImg\">Jusqu&#8217;au 25 mai 2026<\/div>\n\t    \t\t\t\t\t\t\t\t<div class=\"rond-blanc-age\"><span>from <span class=\"age-number\">8<\/span> yo<\/span><\/div>\n\t\t\t\t    <\/div>\n\t    <div class=\"texte\">\n\t        <h5>Mus\u00e9e de l&#8217;Homme (Paris 16\u00e8me)<\/h5>\n\t        <h3>MOMIES \u2022 At the Mus\u00e9e de l&#8217;Homme<\/h3>\n\t        <div class=\"tags\">\n\t        \t\t        \t\t<span>exposition<\/span>\n\t        \t\t        \t<span>1h<\/span>\n\t        <\/div>\n\t        <div class=\"bas\">\n        \t\t<div class=\"prix\">\n        \t\t\t        \t\t<\/div>\n            \t<div class=\"review-stars\" data-productId=\"\">\n            \t<\/div>\n\t        <\/div>\n\t    <\/div>\n\t<\/a>\n<\/div><\/div><div class=\"swiper-slide\">\n\n<div class=\"grid\">\n\t<a href=\"https:\/\/www.familinparis.fr\/en\/the-world-of-banksy\/\" target=\"_self\">\n\t    <div class=\"image\" style=\"background-image:url('https:\/\/www.familinparis.fr\/wp-content\/uploads\/Expos\/2019\/Divers\/banksy-a-paris-564x282.jpg')\">\n\t    \t\t    \t<div class=\"dateOnImg\">Tous les jours<\/div>\n\t    \t\t\t\t\t\t\t\t<div class=\"rond-blanc-age\"><span>from <span class=\"age-number\">12<\/span> yo<\/span><\/div>\n\t\t\t\t    <\/div>\n\t    <div class=\"texte\">\n\t        <h5>Au mus\u00e9e Banksy (Paris 9\u00e8me)<\/h5>\n\t        <h3>The World of Banksy<\/h3>\n\t        <div class=\"tags\">\n\t        \t\t        \t\t<span>Exposition<\/span>\n\t        \t\t        \t<span><\/span>\n\t        <\/div>\n\t        <div class=\"bas\">\n        \t\t<div class=\"prix\">\n        \t\t\t        \t\t<\/div>\n            \t<div class=\"review-stars\" data-productId=\"\">\n            \t<\/div>\n\t        <\/div>\n\t    <\/div>\n\t<\/a>\n<\/div><\/div><div class=\"swiper-slide\">\n\n<div class=\"grid\">\n\t<a href=\"https:\/\/www.familinparis.fr\/en\/dogs-and-cats-exhibition-cite-des-sciences\/\" target=\"_self\">\n\t    <div class=\"image\" style=\"background-image:url('https:\/\/www.familinparis.fr\/wp-content\/uploads\/2025\/01\/chiens-et-chats-expo-cite-des-sciences-la-villette-2025-2026-564x282.jpg')\">\n\t    \t\t    \t<div class=\"dateOnImg\">Jusqu&#8217;au 28 juin 2026<\/div>\n\t    \t\t\t\t\t    <\/div>\n\t    <div class=\"texte\">\n\t        <h5>A La Cit\u00e9 des Sciences et de l&#8217;Industrie<\/h5>\n\t        <h3>Dogs and cats, at the Cit\u00e9 des Sciences<\/h3>\n\t        <div class=\"tags\">\n\t        \t\t        \t\t<span>A partir de 6 ans <\/span>\n\t        \t\t        \t<span>1h<\/span>\n\t        <\/div>\n\t        <div class=\"bas\">\n        \t\t<div class=\"prix\">\n        \t\t\t        \t\t<\/div>\n            \t<div class=\"review-stars\" data-productId=\"\">\n            \t<\/div>\n\t        <\/div>\n\t    <\/div>\n\t<\/a>\n<\/div><\/div><div class=\"swiper-slide\">\n\n<div class=\"grid\">\n\t<a href=\"https:\/\/www.familinparis.fr\/en\/dance\/\" target=\"_self\">\n\t    <div class=\"image\" style=\"background-image:url('https:\/\/www.familinparis.fr\/wp-content\/uploads\/2024\/06\/Danser-expo-2024-la-villette-564x282.jpg')\">\n\t    \t\t    \t<div class=\"dateOnImg\">Until June 28, 2026<\/div>\n\t    \t\t\t\t\t    <\/div>\n\t    <div class=\"texte\">\n\t        <h5>At the Cit\u00e9 des Sciences (Paris 19th)<\/h5>\n\t        <h3>Dance<\/h3>\n\t        <div class=\"tags\">\n\t        \t\t        \t\t<span>For 4 &#8211; 8 year olds<\/span>\n\t        \t\t        \t<span>1 hour<\/span>\n\t        <\/div>\n\t        <div class=\"bas\">\n        \t\t<div class=\"prix\">\n        \t\t\t        \t\t<\/div>\n            \t<div class=\"review-stars\" data-productId=\"\">\n            \t<\/div>\n\t        <\/div>\n\t    <\/div>\n\t<\/a>\n<\/div><\/div><div class=\"swiper-slide\">\n\n<div class=\"grid\">\n\t<a href=\"https:\/\/www.familinparis.fr\/en\/space-mission\/\" target=\"_self\">\n\t    <div class=\"image\" style=\"background-image:url('https:\/\/www.familinparis.fr\/wp-content\/uploads\/2023\/11\/mission-spatiale-cite-des-sciences-expo2023.jpeg-1-334x282.jpg')\">\n\t    \t\t\t\t\t    <\/div>\n\t    <div class=\"texte\">\n\t        <h5><\/h5>\n\t        <h3>Space Mission<\/h3>\n\t        <div class=\"tags\">\n\t        \t\t        \t<span><\/span>\n\t        <\/div>\n\t        <div class=\"bas\">\n        \t\t<div class=\"prix\">\n        \t\t\t        \t\t<\/div>\n            \t<div class=\"review-stars\" data-productId=\"\">\n            \t<\/div>\n\t        <\/div>\n\t    <\/div>\n\t<\/a>\n<\/div><\/div><div class=\"swiper-slide\">\n\n<div class=\"grid\">\n\t<a href=\"https:\/\/www.familinparis.fr\/en\/climate-emergency\/\" target=\"_self\">\n\t    <div class=\"image\" style=\"background-image:url('https:\/\/www.familinparis.fr\/wp-content\/uploads\/2023\/09\/expo-urgence-climatique-cite-des-sciences-564x282.jpg')\">\n\t    \t\t\t\t\t    <\/div>\n\t    <div class=\"texte\">\n\t        <h5><\/h5>\n\t        <h3>Climate emergency<\/h3>\n\t        <div class=\"tags\">\n\t        \t\t        \t<span><\/span>\n\t        <\/div>\n\t        <div class=\"bas\">\n        \t\t<div class=\"prix\">\n        \t\t\t        \t\t<\/div>\n            \t<div class=\"review-stars\" data-productId=\"\">\n            \t<\/div>\n\t        <\/div>\n\t    <\/div>\n\t<\/a>\n<\/div><\/div>        <\/div>\n    <\/div>\n    \n    <\/div>\n\n<\/div><div class=\"lazyblock-etiquettes-ZT6cPt m-b-5 wp-block-lazyblock-etiquettes\"><div class=\"labels__fam\">\n        <a href=\"\/expo-enfants\/\" class=\"labels__fam-color-blue labels__fam-radius-rounded\">\n        ALL THE EXHIBITIONS TO SEE RIGHT NOW      <\/a>\n  <\/div><\/div>\n<hr class=\"wp-block-separator has-alpha-channel-opacity is-style-default\"\/>\n\n<h2 class=\"wp-block-heading m-b-10 has-x-large-font-size\">Theatre, concerts, musicals&#8230;<\/h2>\n\n<p>Shows for young audiences in Paris to discover with the family on weekends, Wednesdays or during school holidays<\/p>\n<div class=\"lazyblock-grids-1ku6Pw wp-block-lazyblock-grids\"><!--\n<div class=\"row new-grids grids-style-2\">\n    <div class=\"glide grid-carousel\">\n        <div class=\"grid-title grid-carousel--title\">\n            <div>\n                                            <\/div>\n            <div>\n                <div class=\"glide__arrows\" data-glide-el=\"controls\">\n                    <button class=\"glide__arrow glide__arrow--left\" data-glide-dir=\"|&lt;\"><i class=\"fa fa-angle-left\"><\/i><\/button>\n                    <button class=\"glide__arrow glide__arrow--right\" data-glide-dir=\"|&gt;\"><i class=\"fa fa-angle-right\"><\/i><\/button>\n                <\/div>\n            <\/div>\n        <\/div>\n        \n        <div class=\"glide__track\" data-glide-el=\"track\">\n            <ul class=\"glide__slides\">\n                <li class=\"glide__slide\">\n\n<div class=\"grid\">\n\t<a href=\"https:\/\/www.familinparis.fr\/en\/magic-workshop-for-6-8-year-olds\/\" target=\"_self\">\n\t    <div class=\"image\" style=\"background-image:url('https:\/\/www.familinparis.fr\/wp-content\/uploads\/photos-partenaires\/musee-de-la-magie-paris-564x282.jpg')\">\n\t    \t\t    \t<div class=\"dateOnImg\">School holidays + public holidays<\/div>\n\t    \t\t\t\t\t    <\/div>\n\t    <div class=\"texte\">\n\t        <h5>Museum of Magic and Automata (Paris 4th)<\/h5>\n\t        <h3>Magic Workshop for 6-8 year olds<\/h3>\n\t        <div class=\"tags\">\n\t        \t\t        \t\t<span>6 - 8 years old<\/span>\n\t        \t\t        \t<span>2h30<\/span>\n\t        <\/div>\n\t        <div class=\"bas\">\n        \t\t<div class=\"prix\">\n        \t\t\t        \t\t<\/div>\n            \t<div class=\"review-stars\" data-productId=\"67\">\n            \t<\/div>\n\t        <\/div>\n\t    <\/div>\n\t<\/a>\n<\/div><\/li><li class=\"glide__slide\">\n\n<div class=\"grid\">\n\t<a href=\"https:\/\/www.familinparis.fr\/en\/ballet-of-lights-cendrillon-we-call-it-ballet-paris\/\" target=\"_self\">\n\t    <div class=\"image\" style=\"background-image:url('https:\/\/www.familinparis.fr\/wp-content\/uploads\/2026\/04\/ballet-of-lights-cendrillon-564x282.jpg')\">\n\t    \t\t    \t<div class=\"dateOnImg\">1 samedi par mois<\/div>\n\t    \t\t\t\t\t\t\t\t<div class=\"rond-blanc-age\"><span>from <span class=\"age-number\">5<\/span> yo<\/span><\/div>\n\t\t\t\t    <\/div>\n\t    <div class=\"texte\">\n\t        <h5>A la Scala (10\u00e8me)<\/h5>\n\t        <h3>Cinderella - Ballet of Lights<\/h3>\n\t        <div class=\"tags\">\n\t        \t\t        \t\t<span>BALLET F\u00c9ERIQUE<\/span>\n\t        \t\t        \t<span>1h<\/span>\n\t        <\/div>\n\t        <div class=\"bas\">\n        \t\t<div class=\"prix\">\n        \t\t\t        \t\t<\/div>\n            \t<div class=\"review-stars\" data-productId=\"\">\n            \t<\/div>\n\t        <\/div>\n\t    <\/div>\n\t<\/a>\n<\/div><\/li><li class=\"glide__slide\">\n\n<div class=\"grid\">\n\t<a href=\"https:\/\/www.familinparis.fr\/en\/magic-course-for-8-12-year-olds\/\" target=\"_self\">\n\t    <div class=\"image\" style=\"background-image:url('https:\/\/www.familinparis.fr\/wp-content\/uploads\/2023\/01\/museedesautomates-\u00a9museedelamagie-564x282.jpg')\">\n\t    \t\t    \t<div class=\"dateOnImg\">School holidays - Afternoon<\/div>\n\t    \t\t\t\t\t    <\/div>\n\t    <div class=\"texte\">\n\t        <h5>At the Museum of Magic and Automata<\/h5>\n\t        <h3>Magic course for 8-12 year olds<\/h3>\n\t        <div class=\"tags\">\n\t        \t\t        \t\t<span>  8 - 12 years old<\/span>\n\t        \t\t        \t<span>3 hours<\/span>\n\t        <\/div>\n\t        <div class=\"bas\">\n        \t\t<div class=\"prix\">\n        \t\t\t        \t\t<\/div>\n            \t<div class=\"review-stars\" data-productId=\"103\">\n            \t<\/div>\n\t        <\/div>\n\t    <\/div>\n\t<\/a>\n<\/div><\/li><li class=\"glide__slide\">\n\n<div class=\"grid\">\n\t<a href=\"https:\/\/www.familinparis.fr\/en\/les-grandes-eaux-musicales\/\" target=\"_self\">\n\t    <div class=\"image\" style=\"background-image:url('https:\/\/www.familinparis.fr\/wp-content\/uploads\/Chateaux\/Versailles\/Versailles-fontaines-PLD-564x282.jpg')\">\n\t    \t\t    \t<div class=\"dateOnImg\">Until November 1, 2026<\/div>\n\t    \t\t\t\t\t    <\/div>\n\t    <div class=\"texte\">\n\t        <h5>Palace of Versailles Park (78)<\/h5>\n\t        <h3>The Musical Fountains Show<\/h3>\n\t        <div class=\"tags\">\n\t        \t\t        \t\t<span>Park<\/span>\n\t        \t\t        \t<span>Min 2 hours<\/span>\n\t        <\/div>\n\t        <div class=\"bas\">\n        \t\t<div class=\"prix\">\n        \t\t\t        \t\t<\/div>\n            \t<div class=\"review-stars\" data-productId=\"\">\n            \t<\/div>\n\t        <\/div>\n\t    <\/div>\n\t<\/a>\n<\/div><\/li><li class=\"glide__slide\">\n\n<div class=\"grid\">\n\t<a href=\"https:\/\/www.familinparis.fr\/en\/odysee-the-musical-conference\/\" target=\"_self\">\n\t    <div class=\"image\" style=\"background-image:url('https:\/\/www.familinparis.fr\/wp-content\/uploads\/Spectacles\/MUSICAL\/kid\/affiche-odyssee-550x282.jpg')\">\n\t    \t\t\t\t\t    <\/div>\n\t    <div class=\"texte\">\n\t        <h5><\/h5>\n\t        <h3>Odys\u00e9e, the musical conference<\/h3>\n\t        <div class=\"tags\">\n\t        \t\t        \t<span><\/span>\n\t        <\/div>\n\t        <div class=\"bas\">\n        \t\t<div class=\"prix\">\n        \t\t\t        \t\t<\/div>\n            \t<div class=\"review-stars\" data-productId=\"\">\n            \t<\/div>\n\t        <\/div>\n\t    <\/div>\n\t<\/a>\n<\/div><\/li><li class=\"glide__slide\">\n\n<div class=\"grid\">\n\t<a href=\"https:\/\/www.familinparis.fr\/en\/a-family-concert-at-the-opera-comique\/\" target=\"_self\">\n\t    <div class=\"image\" style=\"background-image:url('https:\/\/www.familinparis.fr\/wp-content\/uploads\/Spectacles\/MUSICAL\/En-famille-opera-comique-564x282.jpg')\">\n\t    \t\t    \t<div class=\"dateOnImg\">29 mars - 14 juin<\/div>\n\t    \t\t\t\t\t    <\/div>\n\t    <div class=\"texte\">\n\t        <h5>Op\u00e9ra Comique (Paris 2e)<\/h5>\n\t        <h3>Op\u00e9ra Comique: family workshops \"Voices in sharing\"<\/h3>\n\t        <div class=\"tags\">\n\t        \t\t        \t\t<span>D\u00e8s 6 ans<\/span>\n\t        \t\t        \t<span>1 heure<\/span>\n\t        <\/div>\n\t        <div class=\"bas\">\n        \t\t<div class=\"prix\">\n        \t\t\t\t        \t\t\t<span>From<\/span>\n\t        \t\t\t<span class=\"\">12\u20ac<\/span>\n\t        \t\t\t\t        \t\t        \t\t<\/div>\n            \t<div class=\"review-stars\" data-productId=\"72\">\n            \t<\/div>\n\t        <\/div>\n\t    <\/div>\n\t<\/a>\n<\/div><\/li><li class=\"glide__slide\">\n\n<div class=\"grid\">\n\t<a href=\"https:\/\/www.familinparis.fr\/en\/drone-art-show-at-the-vincennes-racecourse-paris\/\" target=\"_self\">\n\t    <div class=\"image\" style=\"background-image:url('https:\/\/www.familinparis.fr\/wp-content\/uploads\/2026\/03\/drone-3.jpg')\">\n\t    \t\t    \t<div class=\"dateOnImg\">Les 28 et 30 mai 2026<\/div>\n\t    \t\t\t\t\t    <\/div>\n\t    <div class=\"texte\">\n\t        <h5>A l'Hippodrome de Vincennes<\/h5>\n\t        <h3>DroneArt Show Paris<\/h3>\n\t        <div class=\"tags\">\n\t        \t\t        \t\t<span>NOUVEAUT\u00c9<\/span>\n\t        \t\t        \t<span>65mn<\/span>\n\t        <\/div>\n\t        <div class=\"bas\">\n        \t\t<div class=\"prix\">\n        \t\t\t        \t\t<\/div>\n            \t<div class=\"review-stars\" data-productId=\"\">\n            \t<\/div>\n\t        <\/div>\n\t    <\/div>\n\t<\/a>\n<\/div><\/li><li class=\"glide__slide\">\n\n<div class=\"grid\">\n\t<a href=\"https:\/\/www.familinparis.fr\/en\/candlelight-concert-in-paris\/\" target=\"_self\">\n\t    <div class=\"image\" style=\"background-image:url('https:\/\/www.familinparis.fr\/wp-content\/uploads\/2026\/01\/les-concerts-candelight-564x282.jpg')\">\n\t    \t\t    \t<div class=\"dateOnImg\">Nombreuses dates<\/div>\n\t    \t\t\t\t\t\t\t\t<div class=\"rond-blanc-age\"><span>For all<\/span><\/div>\n\t\t\t\t    <\/div>\n\t    <div class=\"texte\">\n\t        <h5>A Paris<\/h5>\n\t        <h3>Les concerts Candlelight<\/h3>\n\t        <div class=\"tags\">\n\t        \t\t        \t\t<span>CONCERTS ATYPIQUES<\/span>\n\t        \t\t        \t<span>1h<\/span>\n\t        <\/div>\n\t        <div class=\"bas\">\n        \t\t<div class=\"prix\">\n        \t\t\t\t        \t\t\t<span>From<\/span>\n\t        \t\t\t<span class=\"\">25\u20ac<\/span>\n\t        \t\t\t\t        \t\t        \t\t<\/div>\n            \t<div class=\"review-stars\" data-productId=\"\">\n            \t<\/div>\n\t        <\/div>\n\t    <\/div>\n\t<\/a>\n<\/div><\/li><li class=\"glide__slide\">\n\n<div class=\"grid\">\n\t<a href=\"https:\/\/www.familinparis.fr\/en\/we-call-it-ballet-sleeping-beauty-paris\/\" target=\"_self\">\n\t    <div class=\"image\" style=\"background-image:url('https:\/\/www.familinparis.fr\/wp-content\/uploads\/2026\/01\/ballet-of-light-la-belle-au-bois-dormant-564x282.jpg')\">\n\t    \t\t    \t<div class=\"dateOnImg\">19 et 20 f\u00e9v., 1er et 7 mars<\/div>\n\t    \t\t\t\t\t\t\t\t<div class=\"rond-blanc-age\"><span>from <span class=\"age-number\">5<\/span> yo<\/span><\/div>\n\t\t\t\t    <\/div>\n\t    <div class=\"texte\">\n\t        <h5>MPAA\/Saint-Germain-des-Pr\u00e9s<\/h5>\n\t        <h3>We call it Ballet: Sleeping Beauty<\/h3>\n\t        <div class=\"tags\">\n\t        \t\t        \t\t<span>DANSE<\/span>\n\t        \t\t        \t<span>60mn<\/span>\n\t        <\/div>\n\t        <div class=\"bas\">\n        \t\t<div class=\"prix\">\n        \t\t\t        \t\t<\/div>\n            \t<div class=\"review-stars\" data-productId=\"\">\n            \t<\/div>\n\t        <\/div>\n\t    <\/div>\n\t<\/a>\n<\/div><\/li><li class=\"glide__slide\">\n\n<div class=\"grid\">\n\t<a href=\"https:\/\/www.familinparis.fr\/en\/concerts-for-young-audiences-at-the-theatre-des-champs-elysees\/\" target=\"_self\">\n\t    <div class=\"image\" style=\"background-image:url('https:\/\/www.familinparis.fr\/wp-content\/uploads\/Spectacles\/concerts\/theatre-des-champs-elysees-564x282.jpg')\">\n\t    \t\t\t\t\t    <\/div>\n\t    <div class=\"texte\">\n\t        <h5><\/h5>\n\t        <h3>Concerts for young audiences at the Th\u00e9\u00e2tre des Champs-Elys\u00e9es<\/h3>\n\t        <div class=\"tags\">\n\t        \t\t        \t<span><\/span>\n\t        <\/div>\n\t        <div class=\"bas\">\n        \t\t<div class=\"prix\">\n        \t\t\t        \t\t<\/div>\n            \t<div class=\"review-stars\" data-productId=\"\">\n            \t<\/div>\n\t        <\/div>\n\t    <\/div>\n\t<\/a>\n<\/div><\/li><li class=\"glide__slide\">\n\n<div class=\"grid\">\n\t<a href=\"https:\/\/www.familinparis.fr\/en\/the-magician-of-colors\/\" target=\"_self\">\n\t    <div class=\"image\" style=\"background-image:url('https:\/\/www.familinparis.fr\/wp-content\/uploads\/MAGIE\/le-magicien-des-couleurs-spectacle-enfants-564x282.jpg')\">\n\t    \t\t\t\t\t    <\/div>\n\t    <div class=\"texte\">\n\t        <h5><\/h5>\n\t        <h3>The Magician of Colors<\/h3>\n\t        <div class=\"tags\">\n\t        \t\t        \t<span><\/span>\n\t        <\/div>\n\t        <div class=\"bas\">\n        \t\t<div class=\"prix\">\n        \t\t\t        \t\t<\/div>\n            \t<div class=\"review-stars\" data-productId=\"\">\n            \t<\/div>\n\t        <\/div>\n\t    <\/div>\n\t<\/a>\n<\/div><\/li><li class=\"glide__slide\">\n\n<div class=\"grid\">\n\t<a href=\"https:\/\/www.familinparis.fr\/en\/luminiscence-paris-immersive-show\/\" target=\"_self\">\n\t    <div class=\"image\" style=\"background-image:url('https:\/\/www.familinparis.fr\/wp-content\/uploads\/2024\/03\/luminiscence-saint-eustache-paris-1er-\u00a9Mikhail-Sytenkov-564x282.jpg')\">\n\t    \t\t    \t<div class=\"dateOnImg\">30% OFF<\/div>\n\t    \t\t\t\t\t    <\/div>\n\t    <div class=\"texte\">\n\t        <h5>At the Saint-Eustache church<\/h5>\n\t        <h3>Luminiscence Paris: Immersive show<\/h3>\n\t        <div class=\"tags\">\n\t        \t\t        \t\t<span>From 6 years old<\/span>\n\t        \t\t        \t<span>40mn<\/span>\n\t        <\/div>\n\t        <div class=\"bas\">\n        \t\t<div class=\"prix\">\n        \t\t\t        \t\t<\/div>\n            \t<div class=\"review-stars\" data-productId=\"\">\n            \t<\/div>\n\t        <\/div>\n\t    <\/div>\n\t<\/a>\n<\/div><\/li><li class=\"glide__slide\">\n\n<div class=\"grid\">\n\t<a href=\"https:\/\/www.familinparis.fr\/en\/spitz\/\" target=\"_self\">\n\t    <div class=\"image\" style=\"background-image:url('https:\/\/www.familinparis.fr\/wp-content\/uploads\/THEATRE\/Petits\/loulou-theatre-lepic-1-400x282.jpg')\">\n\t    \t\t\t\t\t    <\/div>\n\t    <div class=\"texte\">\n\t        <h5><\/h5>\n\t        <h3>Spitz<\/h3>\n\t        <div class=\"tags\">\n\t        \t\t        \t<span><\/span>\n\t        <\/div>\n\t        <div class=\"bas\">\n        \t\t<div class=\"prix\">\n        \t\t\t        \t\t<\/div>\n            \t<div class=\"review-stars\" data-productId=\"\">\n            \t<\/div>\n\t        <\/div>\n\t    <\/div>\n\t<\/a>\n<\/div><\/li><li class=\"glide__slide\">\n\n<div class=\"grid\">\n\t<a href=\"https:\/\/www.familinparis.fr\/en\/great-red-riding-hood-and-the-little-wolf\/\" target=\"_self\">\n\t    <div class=\"image\" style=\"background-image:url('https:\/\/www.familinparis.fr\/wp-content\/uploads\/THEATRE\/Kids\/le-grand-chaperon-rouge-564x282.jpg')\">\n\t    \t\t    \t<div class=\"dateOnImg\">Until November 13, 2024<\/div>\n\t    \t\t\t\t\t    <\/div>\n\t    <div class=\"texte\">\n\t        <h5>At the Essa\u00efon theater (Paris 4th)<\/h5>\n\t        <h3>Great Red Riding Hood and the Little Wolf<\/h3>\n\t        <div class=\"tags\">\n\t        \t\t        \t\t<span>For ages 3 - 10<\/span>\n\t        \t\t        \t<span>50 minutes<\/span>\n\t        <\/div>\n\t        <div class=\"bas\">\n        \t\t<div class=\"prix\">\n        \t\t\t        \t\t<\/div>\n            \t<div class=\"review-stars\" data-productId=\"\">\n            \t<\/div>\n\t        <\/div>\n\t    <\/div>\n\t<\/a>\n<\/div><\/li><li class=\"glide__slide\">\n\n<div class=\"grid\">\n\t<a href=\"https:\/\/www.familinparis.fr\/en\/teens\/\" target=\"_self\">\n\t    <div class=\"image\" style=\"background-image:url('https:\/\/www.familinparis.fr\/wp-content\/uploads\/THEATRE\/Ados\/piece-de-theatre-ados-paris-490x282.jpg')\">\n\t    \t\t\t\t\t    <\/div>\n\t    <div class=\"texte\">\n\t        <h5><\/h5>\n\t        <h3>Teens<\/h3>\n\t        <div class=\"tags\">\n\t        \t\t        \t<span><\/span>\n\t        <\/div>\n\t        <div class=\"bas\">\n        \t\t<div class=\"prix\">\n        \t\t\t        \t\t<\/div>\n            \t<div class=\"review-stars\" data-productId=\"\">\n            \t<\/div>\n\t        <\/div>\n\t    <\/div>\n\t<\/a>\n<\/div><\/li>            <\/ul>\n        <\/div>\n    <\/div>\n    \n    <\/div>\n-->\n<style type=\"text\/css\">\n    .swiper{\n        width: 100%;\n    }\n    .grid-carousel__arrows {\n        display: flex;\n        gap: 1rem;\n\n    }\n    button.grid-carousel__arrow {\n        background: #008098;\n        border-radius: 50%;\n        height: 50px;\n        width: 50px;\n        border: 2px solid #008098;\n        color: #ffff;\n        padding: 0px;\n        text-align: center;\n    }\n\n    button.grid-carousel__arrow.swiper-button-disabled{\n        opacity: .15;\n    }\n    .grid-carousel .swiper-slide {\n         min-width: 300px;\n    }\n    @media (max-width: 799px) {\n        .grid-carousel__arrows {\n            display: none;\n        }\n        .grid-carousel .swiper-slide {\n            width: 40%;\n        }\n    }\n    @media (max-width: 529px) {\n        .grid-carousel .swiper-slide {\n            width: 75%;\n        }\n    }\n<\/style>\n\n<div class=\"row new-grids grids-style-2\">\n    <div class=\"swiper grid-carousel\">\n        <div class=\"grid-title grid-carousel--title\">\n            <div>\n                                            <\/div>\n            <div>\n                <div class=\"grid-carousel__arrows\">\n                    <button class=\"grid-carousel__arrow grid-carousel__arrow--left\">\n                        <i class=\"fa fa-angle-left\"><\/i>\n                    <\/button>\n                    <button class=\"grid-carousel__arrow grid-carousel__arrow--right\">\n                        <i class=\"fa fa-angle-right\"><\/i>\n                    <\/button>\n                <\/div>\n            <\/div>\n        <\/div>\n        \n        <div class=\"swiper-wrapper\">\n            <div class=\"swiper-slide\">\n\n<div class=\"grid\">\n\t<a href=\"https:\/\/www.familinparis.fr\/en\/magic-workshop-for-6-8-year-olds\/\" target=\"_self\">\n\t    <div class=\"image\" style=\"background-image:url('https:\/\/www.familinparis.fr\/wp-content\/uploads\/photos-partenaires\/musee-de-la-magie-paris-564x282.jpg')\">\n\t    \t\t    \t<div class=\"dateOnImg\">School holidays + public holidays<\/div>\n\t    \t\t\t\t\t    <\/div>\n\t    <div class=\"texte\">\n\t        <h5>Museum of Magic and Automata (Paris 4th)<\/h5>\n\t        <h3>Magic Workshop for 6-8 year olds<\/h3>\n\t        <div class=\"tags\">\n\t        \t\t        \t\t<span>6 &#8211; 8 years old<\/span>\n\t        \t\t        \t<span>2h30<\/span>\n\t        <\/div>\n\t        <div class=\"bas\">\n        \t\t<div class=\"prix\">\n        \t\t\t        \t\t<\/div>\n            \t<div class=\"review-stars\" data-productId=\"67\">\n            \t<\/div>\n\t        <\/div>\n\t    <\/div>\n\t<\/a>\n<\/div><\/div><div class=\"swiper-slide\">\n\n<div class=\"grid\">\n\t<a href=\"https:\/\/www.familinparis.fr\/en\/ballet-of-lights-cendrillon-we-call-it-ballet-paris\/\" target=\"_self\">\n\t    <div class=\"image\" style=\"background-image:url('https:\/\/www.familinparis.fr\/wp-content\/uploads\/2026\/04\/ballet-of-lights-cendrillon-564x282.jpg')\">\n\t    \t\t    \t<div class=\"dateOnImg\">1 samedi par mois<\/div>\n\t    \t\t\t\t\t\t\t\t<div class=\"rond-blanc-age\"><span>from <span class=\"age-number\">5<\/span> yo<\/span><\/div>\n\t\t\t\t    <\/div>\n\t    <div class=\"texte\">\n\t        <h5>A la Scala (10\u00e8me)<\/h5>\n\t        <h3>Cinderella &#8211; Ballet of Lights<\/h3>\n\t        <div class=\"tags\">\n\t        \t\t        \t\t<span>BALLET F\u00c9ERIQUE<\/span>\n\t        \t\t        \t<span>1h<\/span>\n\t        <\/div>\n\t        <div class=\"bas\">\n        \t\t<div class=\"prix\">\n        \t\t\t        \t\t<\/div>\n            \t<div class=\"review-stars\" data-productId=\"\">\n            \t<\/div>\n\t        <\/div>\n\t    <\/div>\n\t<\/a>\n<\/div><\/div><div class=\"swiper-slide\">\n\n<div class=\"grid\">\n\t<a href=\"https:\/\/www.familinparis.fr\/en\/magic-course-for-8-12-year-olds\/\" target=\"_self\">\n\t    <div class=\"image\" style=\"background-image:url('https:\/\/www.familinparis.fr\/wp-content\/uploads\/2023\/01\/museedesautomates-\u00a9museedelamagie-564x282.jpg')\">\n\t    \t\t    \t<div class=\"dateOnImg\">School holidays &#8211; Afternoon<\/div>\n\t    \t\t\t\t\t    <\/div>\n\t    <div class=\"texte\">\n\t        <h5>At the Museum of Magic and Automata<\/h5>\n\t        <h3>Magic course for 8-12 year olds<\/h3>\n\t        <div class=\"tags\">\n\t        \t\t        \t\t<span>  8 &#8211; 12 years old<\/span>\n\t        \t\t        \t<span>3 hours<\/span>\n\t        <\/div>\n\t        <div class=\"bas\">\n        \t\t<div class=\"prix\">\n        \t\t\t        \t\t<\/div>\n            \t<div class=\"review-stars\" data-productId=\"103\">\n            \t<\/div>\n\t        <\/div>\n\t    <\/div>\n\t<\/a>\n<\/div><\/div><div class=\"swiper-slide\">\n\n<div class=\"grid\">\n\t<a href=\"https:\/\/www.familinparis.fr\/en\/les-grandes-eaux-musicales\/\" target=\"_self\">\n\t    <div class=\"image\" style=\"background-image:url('https:\/\/www.familinparis.fr\/wp-content\/uploads\/Chateaux\/Versailles\/Versailles-fontaines-PLD-564x282.jpg')\">\n\t    \t\t    \t<div class=\"dateOnImg\">Until November 1, 2026<\/div>\n\t    \t\t\t\t\t    <\/div>\n\t    <div class=\"texte\">\n\t        <h5>Palace of Versailles Park (78)<\/h5>\n\t        <h3>The Musical Fountains Show<\/h3>\n\t        <div class=\"tags\">\n\t        \t\t        \t\t<span>Park<\/span>\n\t        \t\t        \t<span>Min 2 hours<\/span>\n\t        <\/div>\n\t        <div class=\"bas\">\n        \t\t<div class=\"prix\">\n        \t\t\t        \t\t<\/div>\n            \t<div class=\"review-stars\" data-productId=\"\">\n            \t<\/div>\n\t        <\/div>\n\t    <\/div>\n\t<\/a>\n<\/div><\/div><div class=\"swiper-slide\">\n\n<div class=\"grid\">\n\t<a href=\"https:\/\/www.familinparis.fr\/en\/odysee-the-musical-conference\/\" target=\"_self\">\n\t    <div class=\"image\" style=\"background-image:url('https:\/\/www.familinparis.fr\/wp-content\/uploads\/Spectacles\/MUSICAL\/kid\/affiche-odyssee-550x282.jpg')\">\n\t    \t\t\t\t\t    <\/div>\n\t    <div class=\"texte\">\n\t        <h5><\/h5>\n\t        <h3>Odys\u00e9e, the musical conference<\/h3>\n\t        <div class=\"tags\">\n\t        \t\t        \t<span><\/span>\n\t        <\/div>\n\t        <div class=\"bas\">\n        \t\t<div class=\"prix\">\n        \t\t\t        \t\t<\/div>\n            \t<div class=\"review-stars\" data-productId=\"\">\n            \t<\/div>\n\t        <\/div>\n\t    <\/div>\n\t<\/a>\n<\/div><\/div><div class=\"swiper-slide\">\n\n<div class=\"grid\">\n\t<a href=\"https:\/\/www.familinparis.fr\/en\/a-family-concert-at-the-opera-comique\/\" target=\"_self\">\n\t    <div class=\"image\" style=\"background-image:url('https:\/\/www.familinparis.fr\/wp-content\/uploads\/Spectacles\/MUSICAL\/En-famille-opera-comique-564x282.jpg')\">\n\t    \t\t    \t<div class=\"dateOnImg\">29 mars &#8211; 14 juin<\/div>\n\t    \t\t\t\t\t    <\/div>\n\t    <div class=\"texte\">\n\t        <h5>Op\u00e9ra Comique (Paris 2e)<\/h5>\n\t        <h3>Op\u00e9ra Comique: family workshops &#8220;Voices in sharing&#8221;<\/h3>\n\t        <div class=\"tags\">\n\t        \t\t        \t\t<span>D\u00e8s 6 ans<\/span>\n\t        \t\t        \t<span>1 heure<\/span>\n\t        <\/div>\n\t        <div class=\"bas\">\n        \t\t<div class=\"prix\">\n        \t\t\t\t        \t\t\t<span>From<\/span>\n\t        \t\t\t<span class=\"\">12\u20ac<\/span>\n\t        \t\t\t\t        \t\t        \t\t<\/div>\n            \t<div class=\"review-stars\" data-productId=\"72\">\n            \t<\/div>\n\t        <\/div>\n\t    <\/div>\n\t<\/a>\n<\/div><\/div><div class=\"swiper-slide\">\n\n<div class=\"grid\">\n\t<a href=\"https:\/\/www.familinparis.fr\/en\/drone-art-show-at-the-vincennes-racecourse-paris\/\" target=\"_self\">\n\t    <div class=\"image\" style=\"background-image:url('https:\/\/www.familinparis.fr\/wp-content\/uploads\/2026\/03\/drone-3.jpg')\">\n\t    \t\t    \t<div class=\"dateOnImg\">Les 28 et 30 mai 2026<\/div>\n\t    \t\t\t\t\t    <\/div>\n\t    <div class=\"texte\">\n\t        <h5>A l&#8217;Hippodrome de Vincennes<\/h5>\n\t        <h3>DroneArt Show Paris<\/h3>\n\t        <div class=\"tags\">\n\t        \t\t        \t\t<span>NOUVEAUT\u00c9<\/span>\n\t        \t\t        \t<span>65mn<\/span>\n\t        <\/div>\n\t        <div class=\"bas\">\n        \t\t<div class=\"prix\">\n        \t\t\t        \t\t<\/div>\n            \t<div class=\"review-stars\" data-productId=\"\">\n            \t<\/div>\n\t        <\/div>\n\t    <\/div>\n\t<\/a>\n<\/div><\/div><div class=\"swiper-slide\">\n\n<div class=\"grid\">\n\t<a href=\"https:\/\/www.familinparis.fr\/en\/candlelight-concert-in-paris\/\" target=\"_self\">\n\t    <div class=\"image\" style=\"background-image:url('https:\/\/www.familinparis.fr\/wp-content\/uploads\/2026\/01\/les-concerts-candelight-564x282.jpg')\">\n\t    \t\t    \t<div class=\"dateOnImg\">Nombreuses dates<\/div>\n\t    \t\t\t\t\t\t\t\t<div class=\"rond-blanc-age\"><span>For all<\/span><\/div>\n\t\t\t\t    <\/div>\n\t    <div class=\"texte\">\n\t        <h5>A Paris<\/h5>\n\t        <h3>Les concerts Candlelight<\/h3>\n\t        <div class=\"tags\">\n\t        \t\t        \t\t<span>CONCERTS ATYPIQUES<\/span>\n\t        \t\t        \t<span>1h<\/span>\n\t        <\/div>\n\t        <div class=\"bas\">\n        \t\t<div class=\"prix\">\n        \t\t\t\t        \t\t\t<span>From<\/span>\n\t        \t\t\t<span class=\"\">25\u20ac<\/span>\n\t        \t\t\t\t        \t\t        \t\t<\/div>\n            \t<div class=\"review-stars\" data-productId=\"\">\n            \t<\/div>\n\t        <\/div>\n\t    <\/div>\n\t<\/a>\n<\/div><\/div><div class=\"swiper-slide\">\n\n<div class=\"grid\">\n\t<a href=\"https:\/\/www.familinparis.fr\/en\/we-call-it-ballet-sleeping-beauty-paris\/\" target=\"_self\">\n\t    <div class=\"image\" style=\"background-image:url('https:\/\/www.familinparis.fr\/wp-content\/uploads\/2026\/01\/ballet-of-light-la-belle-au-bois-dormant-564x282.jpg')\">\n\t    \t\t    \t<div class=\"dateOnImg\">19 et 20 f\u00e9v., 1er et 7 mars<\/div>\n\t    \t\t\t\t\t\t\t\t<div class=\"rond-blanc-age\"><span>from <span class=\"age-number\">5<\/span> yo<\/span><\/div>\n\t\t\t\t    <\/div>\n\t    <div class=\"texte\">\n\t        <h5>MPAA\/Saint-Germain-des-Pr\u00e9s<\/h5>\n\t        <h3>We call it Ballet: Sleeping Beauty<\/h3>\n\t        <div class=\"tags\">\n\t        \t\t        \t\t<span>DANSE<\/span>\n\t        \t\t        \t<span>60mn<\/span>\n\t        <\/div>\n\t        <div class=\"bas\">\n        \t\t<div class=\"prix\">\n        \t\t\t        \t\t<\/div>\n            \t<div class=\"review-stars\" data-productId=\"\">\n            \t<\/div>\n\t        <\/div>\n\t    <\/div>\n\t<\/a>\n<\/div><\/div><div class=\"swiper-slide\">\n\n<div class=\"grid\">\n\t<a href=\"https:\/\/www.familinparis.fr\/en\/concerts-for-young-audiences-at-the-theatre-des-champs-elysees\/\" target=\"_self\">\n\t    <div class=\"image\" style=\"background-image:url('https:\/\/www.familinparis.fr\/wp-content\/uploads\/Spectacles\/concerts\/theatre-des-champs-elysees-564x282.jpg')\">\n\t    \t\t\t\t\t    <\/div>\n\t    <div class=\"texte\">\n\t        <h5><\/h5>\n\t        <h3>Concerts for young audiences at the Th\u00e9\u00e2tre des Champs-Elys\u00e9es<\/h3>\n\t        <div class=\"tags\">\n\t        \t\t        \t<span><\/span>\n\t        <\/div>\n\t        <div class=\"bas\">\n        \t\t<div class=\"prix\">\n        \t\t\t        \t\t<\/div>\n            \t<div class=\"review-stars\" data-productId=\"\">\n            \t<\/div>\n\t        <\/div>\n\t    <\/div>\n\t<\/a>\n<\/div><\/div><div class=\"swiper-slide\">\n\n<div class=\"grid\">\n\t<a href=\"https:\/\/www.familinparis.fr\/en\/the-magician-of-colors\/\" target=\"_self\">\n\t    <div class=\"image\" style=\"background-image:url('https:\/\/www.familinparis.fr\/wp-content\/uploads\/MAGIE\/le-magicien-des-couleurs-spectacle-enfants-564x282.jpg')\">\n\t    \t\t\t\t\t    <\/div>\n\t    <div class=\"texte\">\n\t        <h5><\/h5>\n\t        <h3>The Magician of Colors<\/h3>\n\t        <div class=\"tags\">\n\t        \t\t        \t<span><\/span>\n\t        <\/div>\n\t        <div class=\"bas\">\n        \t\t<div class=\"prix\">\n        \t\t\t        \t\t<\/div>\n            \t<div class=\"review-stars\" data-productId=\"\">\n            \t<\/div>\n\t        <\/div>\n\t    <\/div>\n\t<\/a>\n<\/div><\/div><div class=\"swiper-slide\">\n\n<div class=\"grid\">\n\t<a href=\"https:\/\/www.familinparis.fr\/en\/luminiscence-paris-immersive-show\/\" target=\"_self\">\n\t    <div class=\"image\" style=\"background-image:url('https:\/\/www.familinparis.fr\/wp-content\/uploads\/2024\/03\/luminiscence-saint-eustache-paris-1er-\u00a9Mikhail-Sytenkov-564x282.jpg')\">\n\t    \t\t    \t<div class=\"dateOnImg\">30% OFF<\/div>\n\t    \t\t\t\t\t    <\/div>\n\t    <div class=\"texte\">\n\t        <h5>At the Saint-Eustache church<\/h5>\n\t        <h3>Luminiscence Paris: Immersive show<\/h3>\n\t        <div class=\"tags\">\n\t        \t\t        \t\t<span>From 6 years old<\/span>\n\t        \t\t        \t<span>40mn<\/span>\n\t        <\/div>\n\t        <div class=\"bas\">\n        \t\t<div class=\"prix\">\n        \t\t\t        \t\t<\/div>\n            \t<div class=\"review-stars\" data-productId=\"\">\n            \t<\/div>\n\t        <\/div>\n\t    <\/div>\n\t<\/a>\n<\/div><\/div><div class=\"swiper-slide\">\n\n<div class=\"grid\">\n\t<a href=\"https:\/\/www.familinparis.fr\/en\/spitz\/\" target=\"_self\">\n\t    <div class=\"image\" style=\"background-image:url('https:\/\/www.familinparis.fr\/wp-content\/uploads\/THEATRE\/Petits\/loulou-theatre-lepic-1-400x282.jpg')\">\n\t    \t\t\t\t\t    <\/div>\n\t    <div class=\"texte\">\n\t        <h5><\/h5>\n\t        <h3>Spitz<\/h3>\n\t        <div class=\"tags\">\n\t        \t\t        \t<span><\/span>\n\t        <\/div>\n\t        <div class=\"bas\">\n        \t\t<div class=\"prix\">\n        \t\t\t        \t\t<\/div>\n            \t<div class=\"review-stars\" data-productId=\"\">\n            \t<\/div>\n\t        <\/div>\n\t    <\/div>\n\t<\/a>\n<\/div><\/div><div class=\"swiper-slide\">\n\n<div class=\"grid\">\n\t<a href=\"https:\/\/www.familinparis.fr\/en\/great-red-riding-hood-and-the-little-wolf\/\" target=\"_self\">\n\t    <div class=\"image\" style=\"background-image:url('https:\/\/www.familinparis.fr\/wp-content\/uploads\/THEATRE\/Kids\/le-grand-chaperon-rouge-564x282.jpg')\">\n\t    \t\t    \t<div class=\"dateOnImg\">Until November 13, 2024<\/div>\n\t    \t\t\t\t\t    <\/div>\n\t    <div class=\"texte\">\n\t        <h5>At the Essa\u00efon theater (Paris 4th)<\/h5>\n\t        <h3>Great Red Riding Hood and the Little Wolf<\/h3>\n\t        <div class=\"tags\">\n\t        \t\t        \t\t<span>For ages 3 &#8211; 10<\/span>\n\t        \t\t        \t<span>50 minutes<\/span>\n\t        <\/div>\n\t        <div class=\"bas\">\n        \t\t<div class=\"prix\">\n        \t\t\t        \t\t<\/div>\n            \t<div class=\"review-stars\" data-productId=\"\">\n            \t<\/div>\n\t        <\/div>\n\t    <\/div>\n\t<\/a>\n<\/div><\/div><div class=\"swiper-slide\">\n\n<div class=\"grid\">\n\t<a href=\"https:\/\/www.familinparis.fr\/en\/teens\/\" target=\"_self\">\n\t    <div class=\"image\" style=\"background-image:url('https:\/\/www.familinparis.fr\/wp-content\/uploads\/THEATRE\/Ados\/piece-de-theatre-ados-paris-490x282.jpg')\">\n\t    \t\t\t\t\t    <\/div>\n\t    <div class=\"texte\">\n\t        <h5><\/h5>\n\t        <h3>Teens<\/h3>\n\t        <div class=\"tags\">\n\t        \t\t        \t<span><\/span>\n\t        <\/div>\n\t        <div class=\"bas\">\n        \t\t<div class=\"prix\">\n        \t\t\t        \t\t<\/div>\n            \t<div class=\"review-stars\" data-productId=\"\">\n            \t<\/div>\n\t        <\/div>\n\t    <\/div>\n\t<\/a>\n<\/div><\/div>        <\/div>\n    <\/div>\n    \n    <\/div>\n\n<\/div><div class=\"lazyblock-etiquettes-1DPIP wp-block-lazyblock-etiquettes\"><div class=\"labels__fam\">\n        <a href=\"\/spectacles-pour-tout-petit\/\" class=\"labels__fam-color-blue labels__fam-radius-rounded\">\n        SHOWS FOR 0-3 YEAR OLDS      <\/a>\n        <a href=\"\/spectacle-enfant-3-6-ans-paris\/\" class=\"labels__fam-color-blue labels__fam-radius-rounded\">\n        SHOWS FOR 3-6 YEAR OLDS      <\/a>\n        <a href=\"\/spectacle-enfants-7-12-ans-paris\/\" class=\"labels__fam-color-blue labels__fam-radius-rounded\">\n        SHOWS FOR 7-12 YEAR OLDS      <\/a>\n        <a href=\"\/piece-de-theatre-pour-ado\/\" class=\"labels__fam-color-blue labels__fam-radius-rounded\">\n        SHOWS FOR TEENS      <\/a>\n  <\/div><\/div><div class=\"lazyblock-etiquettes-27jlnq wp-block-lazyblock-etiquettes\"><div class=\"labels__fam\">\n        <a href=\"\/theatre-enfant\/\" class=\"labels__fam-color-red labels__fam-radius-rounded\">\n        PLAYS      <\/a>\n        <a href=\"\/cirque-paris\/\" class=\"labels__fam-color-red labels__fam-radius-rounded\">\n        CIRCUS SHOWS      <\/a>\n        <a href=\"\/spectacle-musical-pour-enfants\/\" class=\"labels__fam-color-red labels__fam-radius-rounded\">\n        MUSICALS      <\/a>\n        <a href=\"\/spectacle-magie-enfant\/\" class=\"labels__fam-color-red labels__fam-radius-rounded\">\n        THE SPECACLES OF MAGIC      <\/a>\n        <a href=\"\/concerts-enfant-paris\/\" class=\"labels__fam-color-red labels__fam-radius-rounded\">\n        THE CONCERTS      <\/a>\n  <\/div><\/div>\n<hr class=\"wp-block-separator has-alpha-channel-opacity is-style-default\"\/>\n\n<h2 class=\"wp-block-heading m-b-10 m-t-5 has-x-large-font-size\">Guided tours in museums<\/h2>\n\n<p>Fun visits, storytelling tours or treasure hunt visits, to the Louvre Museum, the Paris Opera, the Mus\u00e9e d&#8217;Orsay, the Invalides&#8230;<\/p>\n<div class=\"lazyblock-grids-WPJsE wp-block-lazyblock-grids\"><!--\n<div class=\"row new-grids grids-style-2\">\n    <div class=\"glide grid-carousel\">\n        <div class=\"grid-title grid-carousel--title\">\n            <div>\n                                            <\/div>\n            <div>\n                <div class=\"glide__arrows\" data-glide-el=\"controls\">\n                    <button class=\"glide__arrow glide__arrow--left\" data-glide-dir=\"|&lt;\"><i class=\"fa fa-angle-left\"><\/i><\/button>\n                    <button class=\"glide__arrow glide__arrow--right\" data-glide-dir=\"|&gt;\"><i class=\"fa fa-angle-right\"><\/i><\/button>\n                <\/div>\n            <\/div>\n        <\/div>\n        \n        <div class=\"glide__track\" data-glide-el=\"track\">\n            <ul class=\"glide__slides\">\n                <li class=\"glide__slide\">\n\n<div class=\"grid\">\n\t<a href=\"https:\/\/www.familinparis.fr\/en\/in-napoleons-boots-family-visit\/\" target=\"_self\">\n\t    <div class=\"image\" style=\"background-image:url('https:\/\/www.familinparis.fr\/wp-content\/uploads\/photos-partenaires\/visite-guidee\/Napoleon-aux-invalides-ludo-et-sophie-564x282.jpg')\">\n\t    \t\t    \t<div class=\"dateOnImg\">21 d\u00e9cembre<\/div>\n\t    \t\t\t\t\t\t\t\t<div class=\"rond-blanc-age\"><span>from <span class=\"age-number\">8<\/span> to <span class=\"age-number\">14<\/span> yo<\/span><\/div>\n\t\t\t\t    <\/div>\n\t    <div class=\"texte\">\n\t        <h5>Au mus\u00e9e des Invalides (dans le 7\u00e8me)<\/h5>\n\t        <h3>\"In Napoleon's boots\" (family visit)<\/h3>\n\t        <div class=\"tags\">\n\t        \t\t        \t\t<span>VISITE FAMILLE<\/span>\n\t        \t\t        \t<span>1h30<\/span>\n\t        <\/div>\n\t        <div class=\"bas\">\n        \t\t<div class=\"prix\">\n        \t\t\t        \t\t<\/div>\n            \t<div class=\"review-stars\" data-productId=\"280\">\n            \t<\/div>\n\t        <\/div>\n\t    <\/div>\n\t<\/a>\n<\/div><\/li><li class=\"glide__slide\">\n\n<div class=\"grid\">\n\t<a href=\"https:\/\/www.familinparis.fr\/en\/the-masterpieces-of-the-louvre-children-vip-visit\/\" target=\"_self\">\n\t    <div class=\"image\" style=\"background-image:url('https:\/\/www.familinparis.fr\/wp-content\/uploads\/Visite-guidee-musee\/chefs-d-oeuvre-louvre-enfants.jpg')\">\n\t    \t\t\t\t\t    <\/div>\n\t    <div class=\"texte\">\n\t        <h5>At the Louvre Museum<\/h5>\n\t        <h3>The masterpieces of the Louvre - Children (VIP)<\/h3>\n\t        <div class=\"tags\">\n\t        \t\t        \t\t<span>From 7 years old<\/span>\n\t        \t\t        \t<span>1h30<\/span>\n\t        <\/div>\n\t        <div class=\"bas\">\n        \t\t<div class=\"prix\">\n        \t\t\t        \t\t<\/div>\n            \t<div class=\"review-stars\" data-productId=\"172\">\n            \t<\/div>\n\t        <\/div>\n\t    <\/div>\n\t<\/a>\n<\/div><\/li><li class=\"glide__slide\">\n\n<div class=\"grid\">\n\t<a href=\"https:\/\/www.familinparis.fr\/en\/magical-journey-to-the-land-of-the-elephant-god-ganesh-storytelling-tour\/\" target=\"_self\">\n\t    <div class=\"image\" style=\"background-image:url('https:\/\/www.familinparis.fr\/wp-content\/uploads\/photos-partenaires\/visite-guidee\/visite-enfant-famille-scolaire-musee-guimet-564x282.jpg')\">\n\t    \t\t    \t<div class=\"dateOnImg\">Next date: March 1  <\/div>\n\t    \t\t\t\t\t    <\/div>\n\t    <div class=\"texte\">\n\t        <h5>At the Guimet Museum<\/h5>\n\t        <h3>Magical Journey to the Land of the Elephant God Ganesh (Storytelling Tour)<\/h3>\n\t        <div class=\"tags\">\n\t        \t\t        \t\t<span>For 7-14 year olds<\/span>\n\t        \t\t        \t<span><\/span>\n\t        <\/div>\n\t        <div class=\"bas\">\n        \t\t<div class=\"prix\">\n        \t\t\t        \t\t<\/div>\n            \t<div class=\"review-stars\" data-productId=\"217\">\n            \t<\/div>\n\t        <\/div>\n\t    <\/div>\n\t<\/a>\n<\/div><\/li><li class=\"glide__slide\">\n\n<div class=\"grid\">\n\t<a href=\"https:\/\/www.familinparis.fr\/en\/when-i-grow-up-i-will-be-pantheonized-family-visit\/\" target=\"_self\">\n\t    <div class=\"image\" style=\"background-image:url('https:\/\/www.familinparis.fr\/wp-content\/uploads\/photos-partenaires\/visite-guidee\/visite-famille-pantheon-ludo-et-sophie-564x282.jpg')\">\n\t    \t\t\t\t\t    <\/div>\n\t    <div class=\"texte\">\n\t        <h5><\/h5>\n\t        <h3>When I grow up, I will be pantheonized (family visit)<\/h3>\n\t        <div class=\"tags\">\n\t        \t\t        \t<span><\/span>\n\t        <\/div>\n\t        <div class=\"bas\">\n        \t\t<div class=\"prix\">\n        \t\t\t        \t\t<\/div>\n            \t<div class=\"review-stars\" data-productId=\"221\">\n            \t<\/div>\n\t        <\/div>\n\t    <\/div>\n\t<\/a>\n<\/div><\/li><li class=\"glide__slide\">\n\n<div class=\"grid\">\n\t<a href=\"https:\/\/www.familinparis.fr\/en\/the-masterpieces-of-the-louvre-explained-to-children\/\" target=\"_self\">\n\t    <div class=\"image\" style=\"background-image:url('https:\/\/www.familinparis.fr\/wp-content\/uploads\/photos-partenaires\/jeu-de-piste\/mission-anniversaire-grece-au-louvre-1500x676-1-564x282.jpg')\">\n\t    \t\t    \t<div class=\"dateOnImg\">French tour only<\/div>\n\t    \t\t\t\t\t    <\/div>\n\t    <div class=\"texte\">\n\t        <h5>At the Louvre Museum<\/h5>\n\t        <h3>The masterpieces of the Louvre explained to children<\/h3>\n\t        <div class=\"tags\">\n\t        \t\t        \t\t<span>From 7 years old<\/span>\n\t        \t\t        \t<span>1h30<\/span>\n\t        <\/div>\n\t        <div class=\"bas\">\n        \t\t<div class=\"prix\">\n        \t\t\t        \t\t<\/div>\n            \t<div class=\"review-stars\" data-productId=\"143\">\n            \t<\/div>\n\t        <\/div>\n\t    <\/div>\n\t<\/a>\n<\/div><\/li><li class=\"glide__slide\">\n\n<div class=\"grid\">\n\t<a href=\"https:\/\/www.familinparis.fr\/en\/fun-guided-tour-of-the-opera-garnier\/\" target=\"_self\">\n\t    <div class=\"image\" style=\"background-image:url('https:\/\/www.familinparis.fr\/wp-content\/uploads\/photos-partenaires\/visite-guidee\/visite-ludique-opera-de-paris-ludo-et-sophie-564x282.jpg')\">\n\t    \t\t    \t<div class=\"dateOnImg\">Multiple dates<\/div>\n\t    \t\t\t\t\t    <\/div>\n\t    <div class=\"texte\">\n\t        <h5>At the Op\u00e9ra Garnier<\/h5>\n\t        <h3>Fun tour of the Op\u00e9ra Garnier<\/h3>\n\t        <div class=\"tags\">\n\t        \t\t        \t\t<span>From 6 years old<\/span>\n\t        \t\t        \t<span>1h30<\/span>\n\t        <\/div>\n\t        <div class=\"bas\">\n        \t\t<div class=\"prix\">\n        \t\t\t        \t\t<\/div>\n            \t<div class=\"review-stars\" data-productId=\"152\">\n            \t<\/div>\n\t        <\/div>\n\t    <\/div>\n\t<\/a>\n<\/div><\/li><li class=\"glide__slide\">\n\n<div class=\"grid\">\n\t<a href=\"https:\/\/www.familinparis.fr\/en\/orsay-museum-family-guided-tour\/\" target=\"_self\">\n\t    <div class=\"image\" style=\"background-image:url('https:\/\/www.familinparis.fr\/wp-content\/uploads\/photos-familinparis-2021\/mus\u00e9e\/musee-d-orsay\/periode-nabis-musee-orsay-\u00a9FamilinParis-1249x960-1-564x282.jpg')\">\n\t    \t\t    \t<div class=\"dateOnImg\">February 11, 19 and 20, 2025<\/div>\n\t    \t\t\t\t\t    <\/div>\n\t    <div class=\"texte\">\n\t        <h5>At the Mus\u00e9e d'Orsay (Paris 7th)<\/h5>\n\t        <h3>Orsay's masterpieces explained to children<\/h3>\n\t        <div class=\"tags\">\n\t        \t\t        \t\t<span>From 8 years old<\/span>\n\t        \t\t        \t<span>1h30<\/span>\n\t        <\/div>\n\t        <div class=\"bas\">\n        \t\t<div class=\"prix\">\n        \t\t\t        \t\t<\/div>\n            \t<div class=\"review-stars\" data-productId=\"166\">\n            \t<\/div>\n\t        <\/div>\n\t    <\/div>\n\t<\/a>\n<\/div><\/li><li class=\"glide__slide\">\n\n<div class=\"grid\">\n\t<a href=\"https:\/\/www.familinparis.fr\/en\/who-benefits-from-the-crime-survey-visit\/\" target=\"_self\">\n\t    <div class=\"image\" style=\"background-image:url('https:\/\/www.familinparis.fr\/wp-content\/uploads\/2026\/04\/Histoire-des-grands-criminels.-musee-de-la-police-564x282.jpg')\">\n\t    \t\t\t\t\t    <\/div>\n\t    <div class=\"texte\">\n\t        <h5><\/h5>\n\t        <h3>Who benefits from the crime? (survey visit)<\/h3>\n\t        <div class=\"tags\">\n\t        \t\t        \t<span><\/span>\n\t        <\/div>\n\t        <div class=\"bas\">\n        \t\t<div class=\"prix\">\n        \t\t\t\t        \t\t\t<span>From<\/span>\n\t        \t\t\t<span class=\"\">18\u20ac<\/span>\n\t        \t\t\t\t        \t\t        \t\t<\/div>\n            \t<div class=\"review-stars\" data-productId=\"397\">\n            \t<\/div>\n\t        <\/div>\n\t    <\/div>\n\t<\/a>\n<\/div><\/li><li class=\"glide__slide\">\n\n<div class=\"grid\">\n\t<a href=\"https:\/\/www.familinparis.fr\/en\/if-versailles-was-told-to-me-guided-tour\/\" target=\"_self\">\n\t    <div class=\"image\" style=\"background-image:url('https:\/\/www.familinparis.fr\/wp-content\/uploads\/photos-familinparis-2021\/monument\/fontaine-parc-du-chateau-de-versailles-\u00a9FamilinParis-564x282.jpg')\">\n\t    \t\t    \t<div class=\"dateOnImg\">Multiple dates<\/div>\n\t    \t\t\t\t\t    <\/div>\n\t    <div class=\"texte\">\n\t        <h5>At the Palace of Versailles<\/h5>\n\t        <h3>If Versailles was told to me (guided tour)<\/h3>\n\t        <div class=\"tags\">\n\t        \t\t        \t\t<span>  From 7 years old<\/span>\n\t        \t\t        \t<span>1h30<\/span>\n\t        <\/div>\n\t        <div class=\"bas\">\n        \t\t<div class=\"prix\">\n        \t\t\t        \t\t<\/div>\n            \t<div class=\"review-stars\" data-productId=\"286\">\n            \t<\/div>\n\t        <\/div>\n\t    <\/div>\n\t<\/a>\n<\/div><\/li>            <\/ul>\n        <\/div>\n    <\/div>\n    \n    <\/div>\n-->\n<style type=\"text\/css\">\n    .swiper{\n        width: 100%;\n    }\n    .grid-carousel__arrows {\n        display: flex;\n        gap: 1rem;\n\n    }\n    button.grid-carousel__arrow {\n        background: #008098;\n        border-radius: 50%;\n        height: 50px;\n        width: 50px;\n        border: 2px solid #008098;\n        color: #ffff;\n        padding: 0px;\n        text-align: center;\n    }\n\n    button.grid-carousel__arrow.swiper-button-disabled{\n        opacity: .15;\n    }\n    .grid-carousel .swiper-slide {\n         min-width: 300px;\n    }\n    @media (max-width: 799px) {\n        .grid-carousel__arrows {\n            display: none;\n        }\n        .grid-carousel .swiper-slide {\n            width: 40%;\n        }\n    }\n    @media (max-width: 529px) {\n        .grid-carousel .swiper-slide {\n            width: 75%;\n        }\n    }\n<\/style>\n\n<div class=\"row new-grids grids-style-2\">\n    <div class=\"swiper grid-carousel\">\n        <div class=\"grid-title grid-carousel--title\">\n            <div>\n                                            <\/div>\n            <div>\n                <div class=\"grid-carousel__arrows\">\n                    <button class=\"grid-carousel__arrow grid-carousel__arrow--left\">\n                        <i class=\"fa fa-angle-left\"><\/i>\n                    <\/button>\n                    <button class=\"grid-carousel__arrow grid-carousel__arrow--right\">\n                        <i class=\"fa fa-angle-right\"><\/i>\n                    <\/button>\n                <\/div>\n            <\/div>\n        <\/div>\n        \n        <div class=\"swiper-wrapper\">\n            <div class=\"swiper-slide\">\n\n<div class=\"grid\">\n\t<a href=\"https:\/\/www.familinparis.fr\/en\/in-napoleons-boots-family-visit\/\" target=\"_self\">\n\t    <div class=\"image\" style=\"background-image:url('https:\/\/www.familinparis.fr\/wp-content\/uploads\/photos-partenaires\/visite-guidee\/Napoleon-aux-invalides-ludo-et-sophie-564x282.jpg')\">\n\t    \t\t    \t<div class=\"dateOnImg\">21 d\u00e9cembre<\/div>\n\t    \t\t\t\t\t\t\t\t<div class=\"rond-blanc-age\"><span>from <span class=\"age-number\">8<\/span> to <span class=\"age-number\">14<\/span> yo<\/span><\/div>\n\t\t\t\t    <\/div>\n\t    <div class=\"texte\">\n\t        <h5>Au mus\u00e9e des Invalides (dans le 7\u00e8me)<\/h5>\n\t        <h3>&#8220;In Napoleon&#8217;s boots&#8221; (family visit)<\/h3>\n\t        <div class=\"tags\">\n\t        \t\t        \t\t<span>VISITE FAMILLE<\/span>\n\t        \t\t        \t<span>1h30<\/span>\n\t        <\/div>\n\t        <div class=\"bas\">\n        \t\t<div class=\"prix\">\n        \t\t\t        \t\t<\/div>\n            \t<div class=\"review-stars\" data-productId=\"280\">\n            \t<\/div>\n\t        <\/div>\n\t    <\/div>\n\t<\/a>\n<\/div><\/div><div class=\"swiper-slide\">\n\n<div class=\"grid\">\n\t<a href=\"https:\/\/www.familinparis.fr\/en\/the-masterpieces-of-the-louvre-children-vip-visit\/\" target=\"_self\">\n\t    <div class=\"image\" style=\"background-image:url('https:\/\/www.familinparis.fr\/wp-content\/uploads\/Visite-guidee-musee\/chefs-d-oeuvre-louvre-enfants.jpg')\">\n\t    \t\t\t\t\t    <\/div>\n\t    <div class=\"texte\">\n\t        <h5>At the Louvre Museum<\/h5>\n\t        <h3>The masterpieces of the Louvre &#8211; Children (VIP)<\/h3>\n\t        <div class=\"tags\">\n\t        \t\t        \t\t<span>From 7 years old<\/span>\n\t        \t\t        \t<span>1h30<\/span>\n\t        <\/div>\n\t        <div class=\"bas\">\n        \t\t<div class=\"prix\">\n        \t\t\t        \t\t<\/div>\n            \t<div class=\"review-stars\" data-productId=\"172\">\n            \t<\/div>\n\t        <\/div>\n\t    <\/div>\n\t<\/a>\n<\/div><\/div><div class=\"swiper-slide\">\n\n<div class=\"grid\">\n\t<a href=\"https:\/\/www.familinparis.fr\/en\/magical-journey-to-the-land-of-the-elephant-god-ganesh-storytelling-tour\/\" target=\"_self\">\n\t    <div class=\"image\" style=\"background-image:url('https:\/\/www.familinparis.fr\/wp-content\/uploads\/photos-partenaires\/visite-guidee\/visite-enfant-famille-scolaire-musee-guimet-564x282.jpg')\">\n\t    \t\t    \t<div class=\"dateOnImg\">Next date: March 1  <\/div>\n\t    \t\t\t\t\t    <\/div>\n\t    <div class=\"texte\">\n\t        <h5>At the Guimet Museum<\/h5>\n\t        <h3>Magical Journey to the Land of the Elephant God Ganesh (Storytelling Tour)<\/h3>\n\t        <div class=\"tags\">\n\t        \t\t        \t\t<span>For 7-14 year olds<\/span>\n\t        \t\t        \t<span><\/span>\n\t        <\/div>\n\t        <div class=\"bas\">\n        \t\t<div class=\"prix\">\n        \t\t\t        \t\t<\/div>\n            \t<div class=\"review-stars\" data-productId=\"217\">\n            \t<\/div>\n\t        <\/div>\n\t    <\/div>\n\t<\/a>\n<\/div><\/div><div class=\"swiper-slide\">\n\n<div class=\"grid\">\n\t<a href=\"https:\/\/www.familinparis.fr\/en\/when-i-grow-up-i-will-be-pantheonized-family-visit\/\" target=\"_self\">\n\t    <div class=\"image\" style=\"background-image:url('https:\/\/www.familinparis.fr\/wp-content\/uploads\/photos-partenaires\/visite-guidee\/visite-famille-pantheon-ludo-et-sophie-564x282.jpg')\">\n\t    \t\t\t\t\t    <\/div>\n\t    <div class=\"texte\">\n\t        <h5><\/h5>\n\t        <h3>When I grow up, I will be pantheonized (family visit)<\/h3>\n\t        <div class=\"tags\">\n\t        \t\t        \t<span><\/span>\n\t        <\/div>\n\t        <div class=\"bas\">\n        \t\t<div class=\"prix\">\n        \t\t\t        \t\t<\/div>\n            \t<div class=\"review-stars\" data-productId=\"221\">\n            \t<\/div>\n\t        <\/div>\n\t    <\/div>\n\t<\/a>\n<\/div><\/div><div class=\"swiper-slide\">\n\n<div class=\"grid\">\n\t<a href=\"https:\/\/www.familinparis.fr\/en\/the-masterpieces-of-the-louvre-explained-to-children\/\" target=\"_self\">\n\t    <div class=\"image\" style=\"background-image:url('https:\/\/www.familinparis.fr\/wp-content\/uploads\/photos-partenaires\/jeu-de-piste\/mission-anniversaire-grece-au-louvre-1500x676-1-564x282.jpg')\">\n\t    \t\t    \t<div class=\"dateOnImg\">French tour only<\/div>\n\t    \t\t\t\t\t    <\/div>\n\t    <div class=\"texte\">\n\t        <h5>At the Louvre Museum<\/h5>\n\t        <h3>The masterpieces of the Louvre explained to children<\/h3>\n\t        <div class=\"tags\">\n\t        \t\t        \t\t<span>From 7 years old<\/span>\n\t        \t\t        \t<span>1h30<\/span>\n\t        <\/div>\n\t        <div class=\"bas\">\n        \t\t<div class=\"prix\">\n        \t\t\t        \t\t<\/div>\n            \t<div class=\"review-stars\" data-productId=\"143\">\n            \t<\/div>\n\t        <\/div>\n\t    <\/div>\n\t<\/a>\n<\/div><\/div><div class=\"swiper-slide\">\n\n<div class=\"grid\">\n\t<a href=\"https:\/\/www.familinparis.fr\/en\/fun-guided-tour-of-the-opera-garnier\/\" target=\"_self\">\n\t    <div class=\"image\" style=\"background-image:url('https:\/\/www.familinparis.fr\/wp-content\/uploads\/photos-partenaires\/visite-guidee\/visite-ludique-opera-de-paris-ludo-et-sophie-564x282.jpg')\">\n\t    \t\t    \t<div class=\"dateOnImg\">Multiple dates<\/div>\n\t    \t\t\t\t\t    <\/div>\n\t    <div class=\"texte\">\n\t        <h5>At the Op\u00e9ra Garnier<\/h5>\n\t        <h3>Fun tour of the Op\u00e9ra Garnier<\/h3>\n\t        <div class=\"tags\">\n\t        \t\t        \t\t<span>From 6 years old<\/span>\n\t        \t\t        \t<span>1h30<\/span>\n\t        <\/div>\n\t        <div class=\"bas\">\n        \t\t<div class=\"prix\">\n        \t\t\t        \t\t<\/div>\n            \t<div class=\"review-stars\" data-productId=\"152\">\n            \t<\/div>\n\t        <\/div>\n\t    <\/div>\n\t<\/a>\n<\/div><\/div><div class=\"swiper-slide\">\n\n<div class=\"grid\">\n\t<a href=\"https:\/\/www.familinparis.fr\/en\/orsay-museum-family-guided-tour\/\" target=\"_self\">\n\t    <div class=\"image\" style=\"background-image:url('https:\/\/www.familinparis.fr\/wp-content\/uploads\/photos-familinparis-2021\/mus\u00e9e\/musee-d-orsay\/periode-nabis-musee-orsay-\u00a9FamilinParis-1249x960-1-564x282.jpg')\">\n\t    \t\t    \t<div class=\"dateOnImg\">February 11, 19 and 20, 2025<\/div>\n\t    \t\t\t\t\t    <\/div>\n\t    <div class=\"texte\">\n\t        <h5>At the Mus\u00e9e d&#8217;Orsay (Paris 7th)<\/h5>\n\t        <h3>Orsay&#8217;s masterpieces explained to children<\/h3>\n\t        <div class=\"tags\">\n\t        \t\t        \t\t<span>From 8 years old<\/span>\n\t        \t\t        \t<span>1h30<\/span>\n\t        <\/div>\n\t        <div class=\"bas\">\n        \t\t<div class=\"prix\">\n        \t\t\t        \t\t<\/div>\n            \t<div class=\"review-stars\" data-productId=\"166\">\n            \t<\/div>\n\t        <\/div>\n\t    <\/div>\n\t<\/a>\n<\/div><\/div><div class=\"swiper-slide\">\n\n<div class=\"grid\">\n\t<a href=\"https:\/\/www.familinparis.fr\/en\/who-benefits-from-the-crime-survey-visit\/\" target=\"_self\">\n\t    <div class=\"image\" style=\"background-image:url('https:\/\/www.familinparis.fr\/wp-content\/uploads\/2026\/04\/Histoire-des-grands-criminels.-musee-de-la-police-564x282.jpg')\">\n\t    \t\t\t\t\t    <\/div>\n\t    <div class=\"texte\">\n\t        <h5><\/h5>\n\t        <h3>Who benefits from the crime? (survey visit)<\/h3>\n\t        <div class=\"tags\">\n\t        \t\t        \t<span><\/span>\n\t        <\/div>\n\t        <div class=\"bas\">\n        \t\t<div class=\"prix\">\n        \t\t\t\t        \t\t\t<span>From<\/span>\n\t        \t\t\t<span class=\"\">18\u20ac<\/span>\n\t        \t\t\t\t        \t\t        \t\t<\/div>\n            \t<div class=\"review-stars\" data-productId=\"397\">\n            \t<\/div>\n\t        <\/div>\n\t    <\/div>\n\t<\/a>\n<\/div><\/div><div class=\"swiper-slide\">\n\n<div class=\"grid\">\n\t<a href=\"https:\/\/www.familinparis.fr\/en\/if-versailles-was-told-to-me-guided-tour\/\" target=\"_self\">\n\t    <div class=\"image\" style=\"background-image:url('https:\/\/www.familinparis.fr\/wp-content\/uploads\/photos-familinparis-2021\/monument\/fontaine-parc-du-chateau-de-versailles-\u00a9FamilinParis-564x282.jpg')\">\n\t    \t\t    \t<div class=\"dateOnImg\">Multiple dates<\/div>\n\t    \t\t\t\t\t    <\/div>\n\t    <div class=\"texte\">\n\t        <h5>At the Palace of Versailles<\/h5>\n\t        <h3>If Versailles was told to me (guided tour)<\/h3>\n\t        <div class=\"tags\">\n\t        \t\t        \t\t<span>  From 7 years old<\/span>\n\t        \t\t        \t<span>1h30<\/span>\n\t        <\/div>\n\t        <div class=\"bas\">\n        \t\t<div class=\"prix\">\n        \t\t\t        \t\t<\/div>\n            \t<div class=\"review-stars\" data-productId=\"286\">\n            \t<\/div>\n\t        <\/div>\n\t    <\/div>\n\t<\/a>\n<\/div><\/div>        <\/div>\n    <\/div>\n    \n    <\/div>\n\n<\/div><div class=\"lazyblock-etiquettes-zNvtn m-b-5 wp-block-lazyblock-etiquettes\"><div class=\"labels__fam\">\n        <a href=\"\/visite-guidee-musee-en-famille\/\" class=\"labels__fam-color-blue labels__fam-radius-rounded\">\n        ALL GUIDED TOURS IN MUSEUMS      <\/a>\n  <\/div><\/div>\n<hr class=\"wp-block-separator has-alpha-channel-opacity is-style-default\"\/>\n\n<h2 class=\"wp-block-heading has-x-large-font-size\">Are you tempted by an Escape Game?<\/h2>\n<div class=\"lazyblock-grids-5B1QM wp-block-lazyblock-grids\"><!--\n<div class=\"row new-grids grids-style-2\">\n    <div class=\"glide grid-carousel\">\n        <div class=\"grid-title grid-carousel--title\">\n            <div>\n                                            <\/div>\n            <div>\n                <div class=\"glide__arrows\" data-glide-el=\"controls\">\n                    <button class=\"glide__arrow glide__arrow--left\" data-glide-dir=\"|&lt;\"><i class=\"fa fa-angle-left\"><\/i><\/button>\n                    <button class=\"glide__arrow glide__arrow--right\" data-glide-dir=\"|&gt;\"><i class=\"fa fa-angle-right\"><\/i><\/button>\n                <\/div>\n            <\/div>\n        <\/div>\n        \n        <div class=\"glide__track\" data-glide-el=\"track\">\n            <ul class=\"glide__slides\">\n                <li class=\"glide__slide\">\n\n<div class=\"grid\">\n\t<a href=\"https:\/\/www.familinparis.fr\/en\/keepers-of-the-tales-escape-game\/\" target=\"_self\">\n\t    <div class=\"image\" style=\"background-image:url('https:\/\/www.familinparis.fr\/wp-content\/uploads\/LOISIRS\/escape-game\/gardiens-des-contes-escape-game-564x282.jpg')\">\n\t    \t\t    \t<div class=\"dateOnImg\">Wednesday + holidays<\/div>\n\t    \t\t\t\t\t    <\/div>\n\t    <div class=\"texte\">\n\t        <h5>102, boulevard Voltaire (Paris 11th)<\/h5>\n\t        <h3>Keepers of the Tales \u2022 Escape Game<\/h3>\n\t        <div class=\"tags\">\n\t        \t\t        \t\t<span>5- 10 years<\/span>\n\t        \t\t        \t<span>1 hour<\/span>\n\t        <\/div>\n\t        <div class=\"bas\">\n        \t\t<div class=\"prix\">\n        \t\t\t        \t\t<\/div>\n            \t<div class=\"review-stars\" data-productId=\"313\">\n            \t<\/div>\n\t        <\/div>\n\t    <\/div>\n\t<\/a>\n<\/div><\/li><li class=\"glide__slide\">\n\n<div class=\"grid\">\n\t<a href=\"https:\/\/www.familinparis.fr\/en\/the-escape-game-the-secrets-of-the-marais\/\" target=\"_self\">\n\t    <div class=\"image\" style=\"background-image:url('https:\/\/www.familinparis.fr\/wp-content\/uploads\/2024\/08\/escape-game-les-secrets-du-marais-paris.jpg-564x282.jpg')\">\n\t    \t\t\t\t\t    <\/div>\n\t    <div class=\"texte\">\n\t        <h5><\/h5>\n\t        <h3>The escape game \"The secrets of the Marais\"<\/h3>\n\t        <div class=\"tags\">\n\t        \t\t        \t<span><\/span>\n\t        <\/div>\n\t        <div class=\"bas\">\n        \t\t<div class=\"prix\">\n        \t\t\t        \t\t<\/div>\n            \t<div class=\"review-stars\" data-productId=\"275\">\n            \t<\/div>\n\t        <\/div>\n\t    <\/div>\n\t<\/a>\n<\/div><\/li><li class=\"glide__slide\">\n\n<div class=\"grid\">\n\t<a href=\"https:\/\/www.familinparis.fr\/en\/escape-game-with-kids-the-mysteries-of-montmartre\/\" target=\"_self\">\n\t    <div class=\"image\" style=\"background-image:url('https:\/\/www.familinparis.fr\/wp-content\/uploads\/2024\/08\/escape-game-les-mysteres-de-montmartre-enfants.jpg-564x282.jpg')\">\n\t    \t\t\t\t\t    <\/div>\n\t    <div class=\"texte\">\n\t        <h5><\/h5>\n\t        <h3>Escape Game with Kids: The Mysteries of Montmartre<\/h3>\n\t        <div class=\"tags\">\n\t        \t\t        \t<span><\/span>\n\t        <\/div>\n\t        <div class=\"bas\">\n        \t\t<div class=\"prix\">\n        \t\t\t        \t\t<\/div>\n            \t<div class=\"review-stars\" data-productId=\"274\">\n            \t<\/div>\n\t        <\/div>\n\t    <\/div>\n\t<\/a>\n<\/div><\/li><li class=\"glide__slide\">\n\n<div class=\"grid\">\n\t<a href=\"https:\/\/www.familinparis.fr\/en\/batman-escape-game-paris\/\" target=\"_self\">\n\t    <div class=\"image\" style=\"background-image:url('https:\/\/www.familinparis.fr\/wp-content\/uploads\/2024\/07\/batman-escape-game-paris-la-villette-564x282.jpg')\">\n\t    \t\t    \t<div class=\"dateOnImg\">Every day<\/div>\n\t    \t\t\t\t\t    <\/div>\n\t    <div class=\"texte\">\n\t        <h5>In La Vilette (19th)<\/h5>\n\t        <h3>Batman Escape Game Paris<\/h3>\n\t        <div class=\"tags\">\n\t        \t\t        \t\t<span>From 7 years old<\/span>\n\t        \t\t        \t<span>70mn<\/span>\n\t        <\/div>\n\t        <div class=\"bas\">\n        \t\t<div class=\"prix\">\n        \t\t\t        \t\t<\/div>\n            \t<div class=\"review-stars\" data-productId=\"304\">\n            \t<\/div>\n\t        <\/div>\n\t    <\/div>\n\t<\/a>\n<\/div><\/li><li class=\"glide__slide\">\n\n<div class=\"grid\">\n\t<a href=\"https:\/\/www.familinparis.fr\/en\/virtual-reality-virtual-room-asterix-mission-potions\/\" target=\"_self\">\n\t    <div class=\"image\" style=\"background-image:url('https:\/\/www.familinparis.fr\/wp-content\/uploads\/2025\/04\/POSTER_ASTERIX-mission-potion-magique-564x282.jpg')\">\n\t    \t\t    \t<div class=\"dateOnImg\">Until November 15, 2025<\/div>\n\t    \t\t\t\t\t    <\/div>\n\t    <div class=\"texte\">\n\t        <h5>Bastille and Porte Maillot  <\/h5>\n\t        <h3>Asterix: Mission Potions!<\/h3>\n\t        <div class=\"tags\">\n\t        \t\t        \t\t<span>Immersive experience<\/span>\n\t        \t\t        \t<span>1h<\/span>\n\t        <\/div>\n\t        <div class=\"bas\">\n        \t\t<div class=\"prix\">\n        \t\t\t        \t\t<\/div>\n            \t<div class=\"review-stars\" data-productId=\"\">\n            \t<\/div>\n\t        <\/div>\n\t    <\/div>\n\t<\/a>\n<\/div><\/li><li class=\"glide__slide\">\n\n<div class=\"grid\">\n\t<a href=\"https:\/\/www.familinparis.fr\/en\/batman-escape-game-the-joker\/\" target=\"_self\">\n\t    <div class=\"image\" style=\"background-image:url('https:\/\/www.familinparis.fr\/wp-content\/uploads\/2024\/07\/batman-escape-game-the-joker-2-564x282.jpg')\">\n\t    \t\t    \t<div class=\"dateOnImg\">Every day<\/div>\n\t    \t\t\t\t\t    <\/div>\n\t    <div class=\"texte\">\n\t        <h5>At La Villette (19th)<\/h5>\n\t        <h3>Batman Escape Game \u2022 The Joker<\/h3>\n\t        <div class=\"tags\">\n\t        \t\t        \t\t<span>From 7 years old<\/span>\n\t        \t\t        \t<span>70mn<\/span>\n\t        <\/div>\n\t        <div class=\"bas\">\n        \t\t<div class=\"prix\">\n        \t\t\t        \t\t<\/div>\n            \t<div class=\"review-stars\" data-productId=\"302\">\n            \t<\/div>\n\t        <\/div>\n\t    <\/div>\n\t<\/a>\n<\/div><\/li><li class=\"glide__slide\">\n\n<div class=\"grid\">\n\t<a href=\"https:\/\/www.familinparis.fr\/en\/batman-escape-game-the-batcave\/\" target=\"_self\">\n\t    <div class=\"image\" style=\"background-image:url('https:\/\/www.familinparis.fr\/wp-content\/uploads\/2024\/07\/batman-escape-game-the-batcave-a-la-villette-564x282.jpg')\">\n\t    \t\t    \t<div class=\"dateOnImg\">Gadgets - Co-op - Stealth  <\/div>\n\t    \t\t\t\t\t    <\/div>\n\t    <div class=\"texte\">\n\t        <h5>At La Villette (19th)<\/h5>\n\t        <h3>Batman Escape Game \u2022 The Batcave<\/h3>\n\t        <div class=\"tags\">\n\t        \t\t        \t\t<span>From 7 years old<\/span>\n\t        \t\t        \t<span>70mn<\/span>\n\t        <\/div>\n\t        <div class=\"bas\">\n        \t\t<div class=\"prix\">\n        \t\t\t        \t\t<\/div>\n            \t<div class=\"review-stars\" data-productId=\"304\">\n            \t<\/div>\n\t        <\/div>\n\t    <\/div>\n\t<\/a>\n<\/div><\/li><li class=\"glide__slide\">\n\n<div class=\"grid\">\n\t<a href=\"https:\/\/www.familinparis.fr\/en\/batman-escape-game-the-riddler\/\" target=\"_self\">\n\t    <div class=\"image\" style=\"background-image:url('https:\/\/www.familinparis.fr\/wp-content\/uploads\/photos-partenaires\/batman-escape-game-the-riddler-villette-564x282.jpg')\">\n\t    \t\t    \t<div class=\"dateOnImg\">Investigation - Cooperation - Puzzles<\/div>\n\t    \t\t\t\t\t    <\/div>\n\t    <div class=\"texte\">\n\t        <h5>At La Villette (19th)<\/h5>\n\t        <h3>Batman Escape Game \u2022 The Riddler<\/h3>\n\t        <div class=\"tags\">\n\t        \t\t        \t\t<span>From 7 years old<\/span>\n\t        \t\t        \t<span>70mn<\/span>\n\t        <\/div>\n\t        <div class=\"bas\">\n        \t\t<div class=\"prix\">\n        \t\t\t        \t\t<\/div>\n            \t<div class=\"review-stars\" data-productId=\"305\">\n            \t<\/div>\n\t        <\/div>\n\t    <\/div>\n\t<\/a>\n<\/div><\/li><li class=\"glide__slide\">\n\n<div class=\"grid\">\n\t<a href=\"https:\/\/www.familinparis.fr\/en\/the-escape-game-the-mysteries-of-montmartre-teenager-adult\/\" target=\"_self\">\n\t    <div class=\"image\" style=\"background-image:url('https:\/\/www.familinparis.fr\/wp-content\/uploads\/2024\/08\/escape-game-les-mysteres-de-montmartre.jpg-564x282.jpg')\">\n\t    \t\t\t\t\t    <\/div>\n\t    <div class=\"texte\">\n\t        <h5><\/h5>\n\t        <h3>The Escape Game \"The Mysteries of Montmartre\" (teenager\/adult)<\/h3>\n\t        <div class=\"tags\">\n\t        \t\t        \t<span><\/span>\n\t        <\/div>\n\t        <div class=\"bas\">\n        \t\t<div class=\"prix\">\n        \t\t\t        \t\t<\/div>\n            \t<div class=\"review-stars\" data-productId=\"278\">\n            \t<\/div>\n\t        <\/div>\n\t    <\/div>\n\t<\/a>\n<\/div><\/li><li class=\"glide__slide\">\n\n<div class=\"grid\">\n\t<a href=\"https:\/\/www.familinparis.fr\/en\/the-escape-game-the-mysteries-of-the-latin-quarter\/\" target=\"_self\">\n\t    <div class=\"image\" style=\"background-image:url('https:\/\/www.familinparis.fr\/wp-content\/uploads\/2024\/08\/escape-game-les-mysteres-du-quartier-latin.jpg-564x282.jpg')\">\n\t    \t\t\t\t\t    <\/div>\n\t    <div class=\"texte\">\n\t        <h5><\/h5>\n\t        <h3>The Escape Game \"The Mysteries of the Latin Quarter\"<\/h3>\n\t        <div class=\"tags\">\n\t        \t\t        \t<span><\/span>\n\t        <\/div>\n\t        <div class=\"bas\">\n        \t\t<div class=\"prix\">\n        \t\t\t        \t\t<\/div>\n            \t<div class=\"review-stars\" data-productId=\"277\">\n            \t<\/div>\n\t        <\/div>\n\t    <\/div>\n\t<\/a>\n<\/div><\/li><li class=\"glide__slide\">\n\n<div class=\"grid\">\n\t<a href=\"https:\/\/www.familinparis.fr\/en\/the-street-art-at-the-butte-aux-cailles-escape-game\/\" target=\"_self\">\n\t    <div class=\"image\" style=\"background-image:url('https:\/\/www.familinparis.fr\/wp-content\/uploads\/2024\/08\/escape-game-butte-aux-cailles-paris.jpg-564x282.jpg')\">\n\t    \t\t\t\t\t    <\/div>\n\t    <div class=\"texte\">\n\t        <h5><\/h5>\n\t        <h3>The \"Street Art at the Butte-aux-Cailles\" Escape Game<\/h3>\n\t        <div class=\"tags\">\n\t        \t\t        \t<span><\/span>\n\t        <\/div>\n\t        <div class=\"bas\">\n        \t\t<div class=\"prix\">\n        \t\t\t        \t\t<\/div>\n            \t<div class=\"review-stars\" data-productId=\"271\">\n            \t<\/div>\n\t        <\/div>\n\t    <\/div>\n\t<\/a>\n<\/div><\/li>            <\/ul>\n        <\/div>\n    <\/div>\n    \n    <\/div>\n-->\n<style type=\"text\/css\">\n    .swiper{\n        width: 100%;\n    }\n    .grid-carousel__arrows {\n        display: flex;\n        gap: 1rem;\n\n    }\n    button.grid-carousel__arrow {\n        background: #008098;\n        border-radius: 50%;\n        height: 50px;\n        width: 50px;\n        border: 2px solid #008098;\n        color: #ffff;\n        padding: 0px;\n        text-align: center;\n    }\n\n    button.grid-carousel__arrow.swiper-button-disabled{\n        opacity: .15;\n    }\n    .grid-carousel .swiper-slide {\n         min-width: 300px;\n    }\n    @media (max-width: 799px) {\n        .grid-carousel__arrows {\n            display: none;\n        }\n        .grid-carousel .swiper-slide {\n            width: 40%;\n        }\n    }\n    @media (max-width: 529px) {\n        .grid-carousel .swiper-slide {\n            width: 75%;\n        }\n    }\n<\/style>\n\n<div class=\"row new-grids grids-style-2\">\n    <div class=\"swiper grid-carousel\">\n        <div class=\"grid-title grid-carousel--title\">\n            <div>\n                                            <\/div>\n            <div>\n                <div class=\"grid-carousel__arrows\">\n                    <button class=\"grid-carousel__arrow grid-carousel__arrow--left\">\n                        <i class=\"fa fa-angle-left\"><\/i>\n                    <\/button>\n                    <button class=\"grid-carousel__arrow grid-carousel__arrow--right\">\n                        <i class=\"fa fa-angle-right\"><\/i>\n                    <\/button>\n                <\/div>\n            <\/div>\n        <\/div>\n        \n        <div class=\"swiper-wrapper\">\n            <div class=\"swiper-slide\">\n\n<div class=\"grid\">\n\t<a href=\"https:\/\/www.familinparis.fr\/en\/keepers-of-the-tales-escape-game\/\" target=\"_self\">\n\t    <div class=\"image\" style=\"background-image:url('https:\/\/www.familinparis.fr\/wp-content\/uploads\/LOISIRS\/escape-game\/gardiens-des-contes-escape-game-564x282.jpg')\">\n\t    \t\t    \t<div class=\"dateOnImg\">Wednesday + holidays<\/div>\n\t    \t\t\t\t\t    <\/div>\n\t    <div class=\"texte\">\n\t        <h5>102, boulevard Voltaire (Paris 11th)<\/h5>\n\t        <h3>Keepers of the Tales \u2022 Escape Game<\/h3>\n\t        <div class=\"tags\">\n\t        \t\t        \t\t<span>5- 10 years<\/span>\n\t        \t\t        \t<span>1 hour<\/span>\n\t        <\/div>\n\t        <div class=\"bas\">\n        \t\t<div class=\"prix\">\n        \t\t\t        \t\t<\/div>\n            \t<div class=\"review-stars\" data-productId=\"313\">\n            \t<\/div>\n\t        <\/div>\n\t    <\/div>\n\t<\/a>\n<\/div><\/div><div class=\"swiper-slide\">\n\n<div class=\"grid\">\n\t<a href=\"https:\/\/www.familinparis.fr\/en\/the-escape-game-the-secrets-of-the-marais\/\" target=\"_self\">\n\t    <div class=\"image\" style=\"background-image:url('https:\/\/www.familinparis.fr\/wp-content\/uploads\/2024\/08\/escape-game-les-secrets-du-marais-paris.jpg-564x282.jpg')\">\n\t    \t\t\t\t\t    <\/div>\n\t    <div class=\"texte\">\n\t        <h5><\/h5>\n\t        <h3>The escape game &#8220;The secrets of the Marais&#8221;<\/h3>\n\t        <div class=\"tags\">\n\t        \t\t        \t<span><\/span>\n\t        <\/div>\n\t        <div class=\"bas\">\n        \t\t<div class=\"prix\">\n        \t\t\t        \t\t<\/div>\n            \t<div class=\"review-stars\" data-productId=\"275\">\n            \t<\/div>\n\t        <\/div>\n\t    <\/div>\n\t<\/a>\n<\/div><\/div><div class=\"swiper-slide\">\n\n<div class=\"grid\">\n\t<a href=\"https:\/\/www.familinparis.fr\/en\/escape-game-with-kids-the-mysteries-of-montmartre\/\" target=\"_self\">\n\t    <div class=\"image\" style=\"background-image:url('https:\/\/www.familinparis.fr\/wp-content\/uploads\/2024\/08\/escape-game-les-mysteres-de-montmartre-enfants.jpg-564x282.jpg')\">\n\t    \t\t\t\t\t    <\/div>\n\t    <div class=\"texte\">\n\t        <h5><\/h5>\n\t        <h3>Escape Game with Kids: The Mysteries of Montmartre<\/h3>\n\t        <div class=\"tags\">\n\t        \t\t        \t<span><\/span>\n\t        <\/div>\n\t        <div class=\"bas\">\n        \t\t<div class=\"prix\">\n        \t\t\t        \t\t<\/div>\n            \t<div class=\"review-stars\" data-productId=\"274\">\n            \t<\/div>\n\t        <\/div>\n\t    <\/div>\n\t<\/a>\n<\/div><\/div><div class=\"swiper-slide\">\n\n<div class=\"grid\">\n\t<a href=\"https:\/\/www.familinparis.fr\/en\/batman-escape-game-paris\/\" target=\"_self\">\n\t    <div class=\"image\" style=\"background-image:url('https:\/\/www.familinparis.fr\/wp-content\/uploads\/2024\/07\/batman-escape-game-paris-la-villette-564x282.jpg')\">\n\t    \t\t    \t<div class=\"dateOnImg\">Every day<\/div>\n\t    \t\t\t\t\t    <\/div>\n\t    <div class=\"texte\">\n\t        <h5>In La Vilette (19th)<\/h5>\n\t        <h3>Batman Escape Game Paris<\/h3>\n\t        <div class=\"tags\">\n\t        \t\t        \t\t<span>From 7 years old<\/span>\n\t        \t\t        \t<span>70mn<\/span>\n\t        <\/div>\n\t        <div class=\"bas\">\n        \t\t<div class=\"prix\">\n        \t\t\t        \t\t<\/div>\n            \t<div class=\"review-stars\" data-productId=\"304\">\n            \t<\/div>\n\t        <\/div>\n\t    <\/div>\n\t<\/a>\n<\/div><\/div><div class=\"swiper-slide\">\n\n<div class=\"grid\">\n\t<a href=\"https:\/\/www.familinparis.fr\/en\/virtual-reality-virtual-room-asterix-mission-potions\/\" target=\"_self\">\n\t    <div class=\"image\" style=\"background-image:url('https:\/\/www.familinparis.fr\/wp-content\/uploads\/2025\/04\/POSTER_ASTERIX-mission-potion-magique-564x282.jpg')\">\n\t    \t\t    \t<div class=\"dateOnImg\">Until November 15, 2025<\/div>\n\t    \t\t\t\t\t    <\/div>\n\t    <div class=\"texte\">\n\t        <h5>Bastille and Porte Maillot  <\/h5>\n\t        <h3>Asterix: Mission Potions!<\/h3>\n\t        <div class=\"tags\">\n\t        \t\t        \t\t<span>Immersive experience<\/span>\n\t        \t\t        \t<span>1h<\/span>\n\t        <\/div>\n\t        <div class=\"bas\">\n        \t\t<div class=\"prix\">\n        \t\t\t        \t\t<\/div>\n            \t<div class=\"review-stars\" data-productId=\"\">\n            \t<\/div>\n\t        <\/div>\n\t    <\/div>\n\t<\/a>\n<\/div><\/div><div class=\"swiper-slide\">\n\n<div class=\"grid\">\n\t<a href=\"https:\/\/www.familinparis.fr\/en\/batman-escape-game-the-joker\/\" target=\"_self\">\n\t    <div class=\"image\" style=\"background-image:url('https:\/\/www.familinparis.fr\/wp-content\/uploads\/2024\/07\/batman-escape-game-the-joker-2-564x282.jpg')\">\n\t    \t\t    \t<div class=\"dateOnImg\">Every day<\/div>\n\t    \t\t\t\t\t    <\/div>\n\t    <div class=\"texte\">\n\t        <h5>At La Villette (19th)<\/h5>\n\t        <h3>Batman Escape Game \u2022 The Joker<\/h3>\n\t        <div class=\"tags\">\n\t        \t\t        \t\t<span>From 7 years old<\/span>\n\t        \t\t        \t<span>70mn<\/span>\n\t        <\/div>\n\t        <div class=\"bas\">\n        \t\t<div class=\"prix\">\n        \t\t\t        \t\t<\/div>\n            \t<div class=\"review-stars\" data-productId=\"302\">\n            \t<\/div>\n\t        <\/div>\n\t    <\/div>\n\t<\/a>\n<\/div><\/div><div class=\"swiper-slide\">\n\n<div class=\"grid\">\n\t<a href=\"https:\/\/www.familinparis.fr\/en\/batman-escape-game-the-batcave\/\" target=\"_self\">\n\t    <div class=\"image\" style=\"background-image:url('https:\/\/www.familinparis.fr\/wp-content\/uploads\/2024\/07\/batman-escape-game-the-batcave-a-la-villette-564x282.jpg')\">\n\t    \t\t    \t<div class=\"dateOnImg\">Gadgets &#8211; Co-op &#8211; Stealth  <\/div>\n\t    \t\t\t\t\t    <\/div>\n\t    <div class=\"texte\">\n\t        <h5>At La Villette (19th)<\/h5>\n\t        <h3>Batman Escape Game \u2022 The Batcave<\/h3>\n\t        <div class=\"tags\">\n\t        \t\t        \t\t<span>From 7 years old<\/span>\n\t        \t\t        \t<span>70mn<\/span>\n\t        <\/div>\n\t        <div class=\"bas\">\n        \t\t<div class=\"prix\">\n        \t\t\t        \t\t<\/div>\n            \t<div class=\"review-stars\" data-productId=\"304\">\n            \t<\/div>\n\t        <\/div>\n\t    <\/div>\n\t<\/a>\n<\/div><\/div><div class=\"swiper-slide\">\n\n<div class=\"grid\">\n\t<a href=\"https:\/\/www.familinparis.fr\/en\/batman-escape-game-the-riddler\/\" target=\"_self\">\n\t    <div class=\"image\" style=\"background-image:url('https:\/\/www.familinparis.fr\/wp-content\/uploads\/photos-partenaires\/batman-escape-game-the-riddler-villette-564x282.jpg')\">\n\t    \t\t    \t<div class=\"dateOnImg\">Investigation &#8211; Cooperation &#8211; Puzzles<\/div>\n\t    \t\t\t\t\t    <\/div>\n\t    <div class=\"texte\">\n\t        <h5>At La Villette (19th)<\/h5>\n\t        <h3>Batman Escape Game \u2022 The Riddler<\/h3>\n\t        <div class=\"tags\">\n\t        \t\t        \t\t<span>From 7 years old<\/span>\n\t        \t\t        \t<span>70mn<\/span>\n\t        <\/div>\n\t        <div class=\"bas\">\n        \t\t<div class=\"prix\">\n        \t\t\t        \t\t<\/div>\n            \t<div class=\"review-stars\" data-productId=\"305\">\n            \t<\/div>\n\t        <\/div>\n\t    <\/div>\n\t<\/a>\n<\/div><\/div><div class=\"swiper-slide\">\n\n<div class=\"grid\">\n\t<a href=\"https:\/\/www.familinparis.fr\/en\/the-escape-game-the-mysteries-of-montmartre-teenager-adult\/\" target=\"_self\">\n\t    <div class=\"image\" style=\"background-image:url('https:\/\/www.familinparis.fr\/wp-content\/uploads\/2024\/08\/escape-game-les-mysteres-de-montmartre.jpg-564x282.jpg')\">\n\t    \t\t\t\t\t    <\/div>\n\t    <div class=\"texte\">\n\t        <h5><\/h5>\n\t        <h3>The Escape Game &#8220;The Mysteries of Montmartre&#8221; (teenager\/adult)<\/h3>\n\t        <div class=\"tags\">\n\t        \t\t        \t<span><\/span>\n\t        <\/div>\n\t        <div class=\"bas\">\n        \t\t<div class=\"prix\">\n        \t\t\t        \t\t<\/div>\n            \t<div class=\"review-stars\" data-productId=\"278\">\n            \t<\/div>\n\t        <\/div>\n\t    <\/div>\n\t<\/a>\n<\/div><\/div><div class=\"swiper-slide\">\n\n<div class=\"grid\">\n\t<a href=\"https:\/\/www.familinparis.fr\/en\/the-escape-game-the-mysteries-of-the-latin-quarter\/\" target=\"_self\">\n\t    <div class=\"image\" style=\"background-image:url('https:\/\/www.familinparis.fr\/wp-content\/uploads\/2024\/08\/escape-game-les-mysteres-du-quartier-latin.jpg-564x282.jpg')\">\n\t    \t\t\t\t\t    <\/div>\n\t    <div class=\"texte\">\n\t        <h5><\/h5>\n\t        <h3>The Escape Game &#8220;The Mysteries of the Latin Quarter&#8221;<\/h3>\n\t        <div class=\"tags\">\n\t        \t\t        \t<span><\/span>\n\t        <\/div>\n\t        <div class=\"bas\">\n        \t\t<div class=\"prix\">\n        \t\t\t        \t\t<\/div>\n            \t<div class=\"review-stars\" data-productId=\"277\">\n            \t<\/div>\n\t        <\/div>\n\t    <\/div>\n\t<\/a>\n<\/div><\/div><div class=\"swiper-slide\">\n\n<div class=\"grid\">\n\t<a href=\"https:\/\/www.familinparis.fr\/en\/the-street-art-at-the-butte-aux-cailles-escape-game\/\" target=\"_self\">\n\t    <div class=\"image\" style=\"background-image:url('https:\/\/www.familinparis.fr\/wp-content\/uploads\/2024\/08\/escape-game-butte-aux-cailles-paris.jpg-564x282.jpg')\">\n\t    \t\t\t\t\t    <\/div>\n\t    <div class=\"texte\">\n\t        <h5><\/h5>\n\t        <h3>The &#8220;Street Art at the Butte-aux-Cailles&#8221; Escape Game<\/h3>\n\t        <div class=\"tags\">\n\t        \t\t        \t<span><\/span>\n\t        <\/div>\n\t        <div class=\"bas\">\n        \t\t<div class=\"prix\">\n        \t\t\t        \t\t<\/div>\n            \t<div class=\"review-stars\" data-productId=\"271\">\n            \t<\/div>\n\t        <\/div>\n\t    <\/div>\n\t<\/a>\n<\/div><\/div>        <\/div>\n    <\/div>\n    \n    <\/div>\n\n<\/div><div class=\"lazyblock-etiquettes-2w5uIP m-b-5 wp-block-lazyblock-etiquettes\"><div class=\"labels__fam\">\n        <a href=\"https:\/\/www.familinparis.fr\/en\/escape-game-paris\/\" class=\"labels__fam-color-blue labels__fam-radius-rounded\">\n        INDOOR ESCAPE GAMES      <\/a>\n        <a href=\"https:\/\/www.familinparis.fr\/en\/escape-game-exterieur-paris\/\" class=\"labels__fam-color-blue labels__fam-radius-rounded\">\n        ESCAPE GAMES IN THE STREETS OF PARIS      <\/a>\n  <\/div><\/div>\n<hr class=\"wp-block-separator has-alpha-channel-opacity is-style-default\"\/>\n\n<h2 class=\"wp-block-heading m-b-5 has-x-large-font-size\">Original idea for a birthday \ud83c\udf88<\/h2>\n\n<p>Are you looking for a nice or original idea for your birthday? We offer you treasure hunts \ud83d\udd0d, investigation games, a magical birthday at the magic \ud83e\uddd9\u200d\u2640\ufe0f museum, a Chantilly\ud83c\udf76 cream workshop&#8230; <\/p>\n<div class=\"lazyblock-grids-ZxR1Sk wp-block-lazyblock-grids\"><!--\n<div class=\"row new-grids grids-style-2\">\n    <div class=\"glide grid-carousel\">\n        <div class=\"grid-title grid-carousel--title\">\n            <div>\n                                            <\/div>\n            <div>\n                <div class=\"glide__arrows\" data-glide-el=\"controls\">\n                    <button class=\"glide__arrow glide__arrow--left\" data-glide-dir=\"|&lt;\"><i class=\"fa fa-angle-left\"><\/i><\/button>\n                    <button class=\"glide__arrow glide__arrow--right\" data-glide-dir=\"|&gt;\"><i class=\"fa fa-angle-right\"><\/i><\/button>\n                <\/div>\n            <\/div>\n        <\/div>\n        \n        <div class=\"glide__track\" data-glide-el=\"track\">\n            <ul class=\"glide__slides\">\n                <li class=\"glide__slide\">\n\n<div class=\"grid\">\n\t<a href=\"https:\/\/www.familinparis.fr\/en\/chantilly-cooking-class\/\" target=\"_self\">\n\t    <div class=\"image\" style=\"background-image:url('https:\/\/www.familinparis.fr\/wp-content\/uploads\/2025\/01\/\u00a9atelierdelachantilly2025-9-564x282.jpg')\">\n\t    \t\t    \t<div class=\"dateOnImg\">du mardi au samedi<\/div>\n\t    \t\t\t\t\t    <\/div>\n\t    <div class=\"texte\">\n\t        <h5>L'Atelier de la Chantilly<\/h5>\n\t        <h3>Chantilly workshop: the musical battle<\/h3>\n\t        <div class=\"tags\">\n\t        \t\t        \t\t<span>Pour tous d\u00e8s 7 ans <\/span>\n\t        \t\t        \t<span>de 45 min \u00e0 1h30<\/span>\n\t        <\/div>\n\t        <div class=\"bas\">\n        \t\t<div class=\"prix\">\n        \t\t\t        \t\t<\/div>\n            \t<div class=\"review-stars\" data-productId=\"238\">\n            \t<\/div>\n\t        <\/div>\n\t    <\/div>\n\t<\/a>\n<\/div><\/li><li class=\"glide__slide\">\n\n<div class=\"grid\">\n\t<a href=\"https:\/\/www.familinparis.fr\/en\/escape-game-arsene-lupins-last-secret\/\" target=\"_self\">\n\t    <div class=\"image\" style=\"background-image:url('https:\/\/www.familinparis.fr\/wp-content\/uploads\/Visites-Insolites\/Arsene-lupin\/le-secret-d-arsene-lupin-564x282.jpg')\">\n\t    \t\t    \t<div class=\"dateOnImg\">7j\/7<\/div>\n\t    \t\t\t\t\t\t\t\t<div class=\"rond-blanc-age\"><span>from <span class=\"age-number\">10<\/span> yo<\/span><\/div>\n\t\t\t\t    <\/div>\n\t    <div class=\"texte\">\n\t        <h5>Ile-Saint-Louis (Paris 4e)<\/h5>\n\t        <h3>Ars\u00e8ne Lupin's Last Secret, escape game<\/h3>\n\t        <div class=\"tags\">\n\t        \t\t        \t\t<span>Jeu en ext\u00e9rieur<\/span>\n\t        \t\t        \t<span>2h<\/span>\n\t        <\/div>\n\t        <div class=\"bas\">\n        \t\t<div class=\"prix\">\n        \t\t\t        \t\t<\/div>\n            \t<div class=\"review-stars\" data-productId=\"128\">\n            \t<\/div>\n\t        <\/div>\n\t    <\/div>\n\t<\/a>\n<\/div><\/li><li class=\"glide__slide\">\n\n<div class=\"grid\">\n\t<a href=\"https:\/\/www.familinparis.fr\/en\/escape-game-in-versailles-2-hours-to-save-the-king\/\" target=\"_self\">\n\t    <div class=\"image\" style=\"background-image:url('https:\/\/www.familinparis.fr\/wp-content\/uploads\/Visites-Insolites\/Versailles\/2h-pour-sauver-le-roi-564x282.jpg')\">\n\t    \t\t    \t<div class=\"dateOnImg\">6 days a week (not Tuesdays)<\/div>\n\t    \t\t\t\t\t    <\/div>\n\t    <div class=\"texte\">\n\t        <h5>In Versailles (78)<\/h5>\n\t        <h3>Escape Game in Versailles: 2 hours to save the King<\/h3>\n\t        <div class=\"tags\">\n\t        \t\t        \t\t<span>Outdoor play<\/span>\n\t        \t\t        \t<span>2 hours<\/span>\n\t        <\/div>\n\t        <div class=\"bas\">\n        \t\t<div class=\"prix\">\n        \t\t\t        \t\t<\/div>\n            \t<div class=\"review-stars\" data-productId=\"129\">\n            \t<\/div>\n\t        <\/div>\n\t    <\/div>\n\t<\/a>\n<\/div><\/li><li class=\"glide__slide\">\n\n<div class=\"grid\">\n\t<a href=\"https:\/\/www.familinparis.fr\/en\/the-escape-game-the-secrets-of-the-marais\/\" target=\"_self\">\n\t    <div class=\"image\" style=\"background-image:url('https:\/\/www.familinparis.fr\/wp-content\/uploads\/2024\/08\/escape-game-les-secrets-du-marais-paris.jpg-564x282.jpg')\">\n\t    \t\t\t\t\t    <\/div>\n\t    <div class=\"texte\">\n\t        <h5><\/h5>\n\t        <h3>The escape game \"The secrets of the Marais\"<\/h3>\n\t        <div class=\"tags\">\n\t        \t\t        \t<span><\/span>\n\t        <\/div>\n\t        <div class=\"bas\">\n        \t\t<div class=\"prix\">\n        \t\t\t        \t\t<\/div>\n            \t<div class=\"review-stars\" data-productId=\"275\">\n            \t<\/div>\n\t        <\/div>\n\t    <\/div>\n\t<\/a>\n<\/div><\/li><li class=\"glide__slide\">\n\n<div class=\"grid\">\n\t<a href=\"https:\/\/www.familinparis.fr\/en\/escape-game-with-kids-the-mysteries-of-montmartre\/\" target=\"_self\">\n\t    <div class=\"image\" style=\"background-image:url('https:\/\/www.familinparis.fr\/wp-content\/uploads\/2024\/08\/escape-game-les-mysteres-de-montmartre-enfants.jpg-564x282.jpg')\">\n\t    \t\t\t\t\t    <\/div>\n\t    <div class=\"texte\">\n\t        <h5><\/h5>\n\t        <h3>Escape Game with Kids: The Mysteries of Montmartre<\/h3>\n\t        <div class=\"tags\">\n\t        \t\t        \t<span><\/span>\n\t        <\/div>\n\t        <div class=\"bas\">\n        \t\t<div class=\"prix\">\n        \t\t\t        \t\t<\/div>\n            \t<div class=\"review-stars\" data-productId=\"274\">\n            \t<\/div>\n\t        <\/div>\n\t    <\/div>\n\t<\/a>\n<\/div><\/li><li class=\"glide__slide\">\n\n<div class=\"grid\">\n\t<a href=\"https:\/\/www.familinparis.fr\/en\/abcd-toto\/\" target=\"_self\">\n\t    <div class=\"image\" style=\"background-image:url('https:\/\/www.familinparis.fr\/wp-content\/uploads\/actualites\/octobre\/Journee-en-famille-MAHJ-564x282.jpg')\">\n\t    \t\t\t\t\t    <\/div>\n\t    <div class=\"texte\">\n\t        <h5><\/h5>\n\t        <h3>Translation test<\/h3>\n\t        <div class=\"tags\">\n\t        \t\t        \t<span><\/span>\n\t        <\/div>\n\t        <div class=\"bas\">\n        \t\t<div class=\"prix\">\n        \t\t\t\t        \t\t\t<span>From<\/span>\n\t        \t\t\t<span class=\"chiffre-barre\">3\u20ac<\/span>\n\t        \t\t\t<span class=\"chiffre\">6\u20ac<\/span>\t        \t\t        \t\t<\/div>\n            \t<div class=\"review-stars\" data-productId=\"\">\n            \t<\/div>\n\t        <\/div>\n\t    <\/div>\n\t<\/a>\n<\/div><\/li><li class=\"glide__slide\">\n\n<div class=\"grid\">\n\t<a href=\"https:\/\/www.familinparis.fr\/en\/birthday-whipped-cream-workshop\/\" target=\"_self\">\n\t    <div class=\"image\" style=\"background-image:url('https:\/\/www.familinparis.fr\/wp-content\/uploads\/2025\/01\/\u00a9commoncreative2024-564x282.jpg')\">\n\t    \t\t    \t<div class=\"dateOnImg\">Wednesday, Saturday and Sunday at 11:30 am and 2 pm<\/div>\n\t    \t\t\t\t\t    <\/div>\n\t    <div class=\"texte\">\n\t        <h5>At the Atelier de Chantilly<\/h5>\n\t        <h3>A whipped cream workshop for my birthday<\/h3>\n\t        <div class=\"tags\">\n\t        \t\t        \t\t<span>From 7 years old - up to 15 children<\/span>\n\t        \t\t        \t<span>1h15<\/span>\n\t        <\/div>\n\t        <div class=\"bas\">\n        \t\t<div class=\"prix\">\n        \t\t\t        \t\t<\/div>\n            \t<div class=\"review-stars\" data-productId=\"\">\n            \t<\/div>\n\t        <\/div>\n\t    <\/div>\n\t<\/a>\n<\/div><\/li><li class=\"glide__slide\">\n\n<div class=\"grid\">\n\t<a href=\"https:\/\/www.familinparis.fr\/en\/enigma-at-the-louvre-museum-treasure-hunt-ideal-for-birthday\/\" target=\"_self\">\n\t    <div class=\"image\" style=\"background-image:url('https:\/\/www.familinparis.fr\/wp-content\/uploads\/photos-partenaires\/anniversaire\/anniversaire-louvre-Vol-des-Joyaux-3-3-564x282.jpg')\">\n\t    \t\t    \t<div class=\"dateOnImg\">LOUVRE MUSEUM<\/div>\n\t    \t\t\t\t\t    <\/div>\n\t    <div class=\"texte\">\n\t        <h5>TOP SELLER<\/h5>\n\t        <h3>Enigma at the Louvre Museum: Treasure hunt ideal for birthday<\/h3>\n\t        <div class=\"tags\">\n\t        \t\t        \t\t<span>From 7 to 11 years old<\/span>\n\t        \t\t        \t<span>2 hours<\/span>\n\t        <\/div>\n\t        <div class=\"bas\">\n        \t\t<div class=\"prix\">\n        \t\t\t        \t\t<\/div>\n            \t<div class=\"review-stars\" data-productId=\"140\">\n            \t<\/div>\n\t        <\/div>\n\t    <\/div>\n\t<\/a>\n<\/div><\/li><li class=\"glide__slide\">\n\n<div class=\"grid\">\n\t<a href=\"https:\/\/www.familinparis.fr\/en\/the-stolen-painting-anniversary\/\" target=\"_self\">\n\t    <div class=\"image\" style=\"background-image:url('https:\/\/www.familinparis.fr\/wp-content\/uploads\/2024\/03\/jeu-de-piste-anniversaire-musee-564x282.jpg')\">\n\t    \t\t    \t<div class=\"dateOnImg\">Treasure hunt, from 210\u20ac<\/div>\n\t    \t\t\t\t\t    <\/div>\n\t    <div class=\"texte\">\n\t        <h5>At the Mus\u00e9e d'Orsay<\/h5>\n\t        <h3>The Stolen Painting (Anniversary)<\/h3>\n\t        <div class=\"tags\">\n\t        \t\t        \t\t<span>From 8 years old<\/span>\n\t        \t\t        \t<span>1h30<\/span>\n\t        <\/div>\n\t        <div class=\"bas\">\n        \t\t<div class=\"prix\">\n        \t\t\t        \t\t<\/div>\n            \t<div class=\"review-stars\" data-productId=\"291\">\n            \t<\/div>\n\t        <\/div>\n\t    <\/div>\n\t<\/a>\n<\/div><\/li>            <\/ul>\n        <\/div>\n    <\/div>\n    \n    <\/div>\n-->\n<style type=\"text\/css\">\n    .swiper{\n        width: 100%;\n    }\n    .grid-carousel__arrows {\n        display: flex;\n        gap: 1rem;\n\n    }\n    button.grid-carousel__arrow {\n        background: #008098;\n        border-radius: 50%;\n        height: 50px;\n        width: 50px;\n        border: 2px solid #008098;\n        color: #ffff;\n        padding: 0px;\n        text-align: center;\n    }\n\n    button.grid-carousel__arrow.swiper-button-disabled{\n        opacity: .15;\n    }\n    .grid-carousel .swiper-slide {\n         min-width: 300px;\n    }\n    @media (max-width: 799px) {\n        .grid-carousel__arrows {\n            display: none;\n        }\n        .grid-carousel .swiper-slide {\n            width: 40%;\n        }\n    }\n    @media (max-width: 529px) {\n        .grid-carousel .swiper-slide {\n            width: 75%;\n        }\n    }\n<\/style>\n\n<div class=\"row new-grids grids-style-2\">\n    <div class=\"swiper grid-carousel\">\n        <div class=\"grid-title grid-carousel--title\">\n            <div>\n                                            <\/div>\n            <div>\n                <div class=\"grid-carousel__arrows\">\n                    <button class=\"grid-carousel__arrow grid-carousel__arrow--left\">\n                        <i class=\"fa fa-angle-left\"><\/i>\n                    <\/button>\n                    <button class=\"grid-carousel__arrow grid-carousel__arrow--right\">\n                        <i class=\"fa fa-angle-right\"><\/i>\n                    <\/button>\n                <\/div>\n            <\/div>\n        <\/div>\n        \n        <div class=\"swiper-wrapper\">\n            <div class=\"swiper-slide\">\n\n<div class=\"grid\">\n\t<a href=\"https:\/\/www.familinparis.fr\/en\/chantilly-cooking-class\/\" target=\"_self\">\n\t    <div class=\"image\" style=\"background-image:url('https:\/\/www.familinparis.fr\/wp-content\/uploads\/2025\/01\/\u00a9atelierdelachantilly2025-9-564x282.jpg')\">\n\t    \t\t    \t<div class=\"dateOnImg\">du mardi au samedi<\/div>\n\t    \t\t\t\t\t    <\/div>\n\t    <div class=\"texte\">\n\t        <h5>L&#8217;Atelier de la Chantilly<\/h5>\n\t        <h3>Chantilly workshop: the musical battle<\/h3>\n\t        <div class=\"tags\">\n\t        \t\t        \t\t<span>Pour tous d\u00e8s 7 ans <\/span>\n\t        \t\t        \t<span>de 45 min \u00e0 1h30<\/span>\n\t        <\/div>\n\t        <div class=\"bas\">\n        \t\t<div class=\"prix\">\n        \t\t\t        \t\t<\/div>\n            \t<div class=\"review-stars\" data-productId=\"238\">\n            \t<\/div>\n\t        <\/div>\n\t    <\/div>\n\t<\/a>\n<\/div><\/div><div class=\"swiper-slide\">\n\n<div class=\"grid\">\n\t<a href=\"https:\/\/www.familinparis.fr\/en\/escape-game-arsene-lupins-last-secret\/\" target=\"_self\">\n\t    <div class=\"image\" style=\"background-image:url('https:\/\/www.familinparis.fr\/wp-content\/uploads\/Visites-Insolites\/Arsene-lupin\/le-secret-d-arsene-lupin-564x282.jpg')\">\n\t    \t\t    \t<div class=\"dateOnImg\">7j\/7<\/div>\n\t    \t\t\t\t\t\t\t\t<div class=\"rond-blanc-age\"><span>from <span class=\"age-number\">10<\/span> yo<\/span><\/div>\n\t\t\t\t    <\/div>\n\t    <div class=\"texte\">\n\t        <h5>Ile-Saint-Louis (Paris 4e)<\/h5>\n\t        <h3>Ars\u00e8ne Lupin&#8217;s Last Secret, escape game<\/h3>\n\t        <div class=\"tags\">\n\t        \t\t        \t\t<span>Jeu en ext\u00e9rieur<\/span>\n\t        \t\t        \t<span>2h<\/span>\n\t        <\/div>\n\t        <div class=\"bas\">\n        \t\t<div class=\"prix\">\n        \t\t\t        \t\t<\/div>\n            \t<div class=\"review-stars\" data-productId=\"128\">\n            \t<\/div>\n\t        <\/div>\n\t    <\/div>\n\t<\/a>\n<\/div><\/div><div class=\"swiper-slide\">\n\n<div class=\"grid\">\n\t<a href=\"https:\/\/www.familinparis.fr\/en\/escape-game-in-versailles-2-hours-to-save-the-king\/\" target=\"_self\">\n\t    <div class=\"image\" style=\"background-image:url('https:\/\/www.familinparis.fr\/wp-content\/uploads\/Visites-Insolites\/Versailles\/2h-pour-sauver-le-roi-564x282.jpg')\">\n\t    \t\t    \t<div class=\"dateOnImg\">6 days a week (not Tuesdays)<\/div>\n\t    \t\t\t\t\t    <\/div>\n\t    <div class=\"texte\">\n\t        <h5>In Versailles (78)<\/h5>\n\t        <h3>Escape Game in Versailles: 2 hours to save the King<\/h3>\n\t        <div class=\"tags\">\n\t        \t\t        \t\t<span>Outdoor play<\/span>\n\t        \t\t        \t<span>2 hours<\/span>\n\t        <\/div>\n\t        <div class=\"bas\">\n        \t\t<div class=\"prix\">\n        \t\t\t        \t\t<\/div>\n            \t<div class=\"review-stars\" data-productId=\"129\">\n            \t<\/div>\n\t        <\/div>\n\t    <\/div>\n\t<\/a>\n<\/div><\/div><div class=\"swiper-slide\">\n\n<div class=\"grid\">\n\t<a href=\"https:\/\/www.familinparis.fr\/en\/the-escape-game-the-secrets-of-the-marais\/\" target=\"_self\">\n\t    <div class=\"image\" style=\"background-image:url('https:\/\/www.familinparis.fr\/wp-content\/uploads\/2024\/08\/escape-game-les-secrets-du-marais-paris.jpg-564x282.jpg')\">\n\t    \t\t\t\t\t    <\/div>\n\t    <div class=\"texte\">\n\t        <h5><\/h5>\n\t        <h3>The escape game &#8220;The secrets of the Marais&#8221;<\/h3>\n\t        <div class=\"tags\">\n\t        \t\t        \t<span><\/span>\n\t        <\/div>\n\t        <div class=\"bas\">\n        \t\t<div class=\"prix\">\n        \t\t\t        \t\t<\/div>\n            \t<div class=\"review-stars\" data-productId=\"275\">\n            \t<\/div>\n\t        <\/div>\n\t    <\/div>\n\t<\/a>\n<\/div><\/div><div class=\"swiper-slide\">\n\n<div class=\"grid\">\n\t<a href=\"https:\/\/www.familinparis.fr\/en\/escape-game-with-kids-the-mysteries-of-montmartre\/\" target=\"_self\">\n\t    <div class=\"image\" style=\"background-image:url('https:\/\/www.familinparis.fr\/wp-content\/uploads\/2024\/08\/escape-game-les-mysteres-de-montmartre-enfants.jpg-564x282.jpg')\">\n\t    \t\t\t\t\t    <\/div>\n\t    <div class=\"texte\">\n\t        <h5><\/h5>\n\t        <h3>Escape Game with Kids: The Mysteries of Montmartre<\/h3>\n\t        <div class=\"tags\">\n\t        \t\t        \t<span><\/span>\n\t        <\/div>\n\t        <div class=\"bas\">\n        \t\t<div class=\"prix\">\n        \t\t\t        \t\t<\/div>\n            \t<div class=\"review-stars\" data-productId=\"274\">\n            \t<\/div>\n\t        <\/div>\n\t    <\/div>\n\t<\/a>\n<\/div><\/div><div class=\"swiper-slide\">\n\n<div class=\"grid\">\n\t<a href=\"https:\/\/www.familinparis.fr\/en\/abcd-toto\/\" target=\"_self\">\n\t    <div class=\"image\" style=\"background-image:url('https:\/\/www.familinparis.fr\/wp-content\/uploads\/actualites\/octobre\/Journee-en-famille-MAHJ-564x282.jpg')\">\n\t    \t\t\t\t\t    <\/div>\n\t    <div class=\"texte\">\n\t        <h5><\/h5>\n\t        <h3>Translation test<\/h3>\n\t        <div class=\"tags\">\n\t        \t\t        \t<span><\/span>\n\t        <\/div>\n\t        <div class=\"bas\">\n        \t\t<div class=\"prix\">\n        \t\t\t\t        \t\t\t<span>From<\/span>\n\t        \t\t\t<span class=\"chiffre-barre\">3\u20ac<\/span>\n\t        \t\t\t<span class=\"chiffre\">6\u20ac<\/span>\t        \t\t        \t\t<\/div>\n            \t<div class=\"review-stars\" data-productId=\"\">\n            \t<\/div>\n\t        <\/div>\n\t    <\/div>\n\t<\/a>\n<\/div><\/div><div class=\"swiper-slide\">\n\n<div class=\"grid\">\n\t<a href=\"https:\/\/www.familinparis.fr\/en\/birthday-whipped-cream-workshop\/\" target=\"_self\">\n\t    <div class=\"image\" style=\"background-image:url('https:\/\/www.familinparis.fr\/wp-content\/uploads\/2025\/01\/\u00a9commoncreative2024-564x282.jpg')\">\n\t    \t\t    \t<div class=\"dateOnImg\">Wednesday, Saturday and Sunday at 11:30 am and 2 pm<\/div>\n\t    \t\t\t\t\t    <\/div>\n\t    <div class=\"texte\">\n\t        <h5>At the Atelier de Chantilly<\/h5>\n\t        <h3>A whipped cream workshop for my birthday<\/h3>\n\t        <div class=\"tags\">\n\t        \t\t        \t\t<span>From 7 years old &#8211; up to 15 children<\/span>\n\t        \t\t        \t<span>1h15<\/span>\n\t        <\/div>\n\t        <div class=\"bas\">\n        \t\t<div class=\"prix\">\n        \t\t\t        \t\t<\/div>\n            \t<div class=\"review-stars\" data-productId=\"\">\n            \t<\/div>\n\t        <\/div>\n\t    <\/div>\n\t<\/a>\n<\/div><\/div><div class=\"swiper-slide\">\n\n<div class=\"grid\">\n\t<a href=\"https:\/\/www.familinparis.fr\/en\/enigma-at-the-louvre-museum-treasure-hunt-ideal-for-birthday\/\" target=\"_self\">\n\t    <div class=\"image\" style=\"background-image:url('https:\/\/www.familinparis.fr\/wp-content\/uploads\/photos-partenaires\/anniversaire\/anniversaire-louvre-Vol-des-Joyaux-3-3-564x282.jpg')\">\n\t    \t\t    \t<div class=\"dateOnImg\">LOUVRE MUSEUM<\/div>\n\t    \t\t\t\t\t    <\/div>\n\t    <div class=\"texte\">\n\t        <h5>TOP SELLER<\/h5>\n\t        <h3>Enigma at the Louvre Museum: Treasure hunt ideal for birthday<\/h3>\n\t        <div class=\"tags\">\n\t        \t\t        \t\t<span>From 7 to 11 years old<\/span>\n\t        \t\t        \t<span>2 hours<\/span>\n\t        <\/div>\n\t        <div class=\"bas\">\n        \t\t<div class=\"prix\">\n        \t\t\t        \t\t<\/div>\n            \t<div class=\"review-stars\" data-productId=\"140\">\n            \t<\/div>\n\t        <\/div>\n\t    <\/div>\n\t<\/a>\n<\/div><\/div><div class=\"swiper-slide\">\n\n<div class=\"grid\">\n\t<a href=\"https:\/\/www.familinparis.fr\/en\/the-stolen-painting-anniversary\/\" target=\"_self\">\n\t    <div class=\"image\" style=\"background-image:url('https:\/\/www.familinparis.fr\/wp-content\/uploads\/2024\/03\/jeu-de-piste-anniversaire-musee-564x282.jpg')\">\n\t    \t\t    \t<div class=\"dateOnImg\">Treasure hunt, from 210\u20ac<\/div>\n\t    \t\t\t\t\t    <\/div>\n\t    <div class=\"texte\">\n\t        <h5>At the Mus\u00e9e d&#8217;Orsay<\/h5>\n\t        <h3>The Stolen Painting (Anniversary)<\/h3>\n\t        <div class=\"tags\">\n\t        \t\t        \t\t<span>From 8 years old<\/span>\n\t        \t\t        \t<span>1h30<\/span>\n\t        <\/div>\n\t        <div class=\"bas\">\n        \t\t<div class=\"prix\">\n        \t\t\t        \t\t<\/div>\n            \t<div class=\"review-stars\" data-productId=\"291\">\n            \t<\/div>\n\t        <\/div>\n\t    <\/div>\n\t<\/a>\n<\/div><\/div>        <\/div>\n    <\/div>\n    \n    <\/div>\n\n<\/div><div class=\"lazyblock-etiquettes-Z2mzDgC m-b-5 wp-block-lazyblock-etiquettes\"><div class=\"labels__fam\">\n        <a href=\"\/anniversaire-original-enfant\/\" class=\"labels__fam-color-pink labels__fam-radius-rounded\">\n        ALL OUR ANNIVERSARY PACKAGES      <\/a>\n  <\/div><\/div>\n<hr class=\"wp-block-separator has-alpha-channel-opacity is-style-default\"\/>\n\n<h2 class=\"wp-block-heading m-b-5 has-x-large-font-size\">What to do in Ile-de-France?<\/h2>\n\n<p>In the Oise (60), in the Yvelines (78), in the Hauts-de-Seine (92), in the Val-de-Marne (94), in Seine-et-Marne (77)&#8230;<\/p>\n<div class=\"lazyblock-grids-Z7cUnV wp-block-lazyblock-grids\"><!--\n<div class=\"row new-grids grids-style-2\">\n    <div class=\"glide grid-carousel\">\n        <div class=\"grid-title grid-carousel--title\">\n            <div>\n                                            <\/div>\n            <div>\n                <div class=\"glide__arrows\" data-glide-el=\"controls\">\n                    <button class=\"glide__arrow glide__arrow--left\" data-glide-dir=\"|&lt;\"><i class=\"fa fa-angle-left\"><\/i><\/button>\n                    <button class=\"glide__arrow glide__arrow--right\" data-glide-dir=\"|&gt;\"><i class=\"fa fa-angle-right\"><\/i><\/button>\n                <\/div>\n            <\/div>\n        <\/div>\n        \n        <div class=\"glide__track\" data-glide-el=\"track\">\n            <ul class=\"glide__slides\">\n                <li class=\"glide__slide\">\n\n<div class=\"grid\">\n\t<a href=\"https:\/\/www.familinparis.fr\/en\/ouvert-le-1er-mai\/\" target=\"_self\">\n\t    <div class=\"image\" style=\"background-image:url('https:\/\/www.familinparis.fr\/wp-content\/uploads\/Quartier\/palais-royal-colonne-buren-paris-enfant-SH-564x282.jpg')\">\n\t    \t\t\t\t\t    <\/div>\n\t    <div class=\"texte\">\n\t        <h5>In and around Paris<\/h5>\n\t        <h3>What to do in Paris on May 1, 2026? It's Friday, a long weekend is looming!<\/h3>\n\t        <div class=\"tags\">\n\t        \t\t        \t<span><\/span>\n\t        <\/div>\n\t        <div class=\"bas\">\n        \t\t<div class=\"prix\">\n        \t\t\t        \t\t<\/div>\n            \t<div class=\"review-stars\" data-productId=\"\">\n            \t<\/div>\n\t        <\/div>\n\t    <\/div>\n\t<\/a>\n<\/div><\/li><li class=\"glide__slide\">\n\n<div class=\"grid\">\n\t<a href=\"https:\/\/www.familinparis.fr\/en\/les-grandes-eaux-musicales\/\" target=\"_self\">\n\t    <div class=\"image\" style=\"background-image:url('https:\/\/www.familinparis.fr\/wp-content\/uploads\/Chateaux\/Versailles\/Versailles-fontaines-PLD-564x282.jpg')\">\n\t    \t\t    \t<div class=\"dateOnImg\">Until November 1, 2026<\/div>\n\t    \t\t\t\t\t    <\/div>\n\t    <div class=\"texte\">\n\t        <h5>Palace of Versailles Park (78)<\/h5>\n\t        <h3>The Musical Fountains Show<\/h3>\n\t        <div class=\"tags\">\n\t        \t\t        \t\t<span>Park<\/span>\n\t        \t\t        \t<span>Min 2 hours<\/span>\n\t        <\/div>\n\t        <div class=\"bas\">\n        \t\t<div class=\"prix\">\n        \t\t\t        \t\t<\/div>\n            \t<div class=\"review-stars\" data-productId=\"\">\n            \t<\/div>\n\t        <\/div>\n\t    <\/div>\n\t<\/a>\n<\/div><\/li><li class=\"glide__slide\">\n\n<div class=\"grid\">\n\t<a href=\"https:\/\/www.familinparis.fr\/en\/chantilly-cooking-class\/\" target=\"_self\">\n\t    <div class=\"image\" style=\"background-image:url('https:\/\/www.familinparis.fr\/wp-content\/uploads\/2025\/01\/\u00a9atelierdelachantilly2025-9-564x282.jpg')\">\n\t    \t\t    \t<div class=\"dateOnImg\">du mardi au samedi<\/div>\n\t    \t\t\t\t\t    <\/div>\n\t    <div class=\"texte\">\n\t        <h5>L'Atelier de la Chantilly<\/h5>\n\t        <h3>Chantilly workshop: the musical battle<\/h3>\n\t        <div class=\"tags\">\n\t        \t\t        \t\t<span>Pour tous d\u00e8s 7 ans <\/span>\n\t        \t\t        \t<span>de 45 min \u00e0 1h30<\/span>\n\t        <\/div>\n\t        <div class=\"bas\">\n        \t\t<div class=\"prix\">\n        \t\t\t        \t\t<\/div>\n            \t<div class=\"review-stars\" data-productId=\"238\">\n            \t<\/div>\n\t        <\/div>\n\t    <\/div>\n\t<\/a>\n<\/div><\/li><li class=\"glide__slide\">\n\n<div class=\"grid\">\n\t<a href=\"https:\/\/www.familinparis.fr\/en\/whipped-cream-workshop\/\" target=\"_self\">\n\t    <div class=\"image\" style=\"background-image:url('https:\/\/www.familinparis.fr\/wp-content\/uploads\/2025\/01\/\u00a9atelierdelachantilly2025-8-564x282.jpg')\">\n\t    \t\t    \t<div class=\"dateOnImg\">Du mardi au dimanche<\/div>\n\t    \t\t\t\t\t    <\/div>\n\t    <div class=\"texte\">\n\t        <h5>L'Atelier de la chantilly<\/h5>\n\t        <h3>Whipped cream workshop<\/h3>\n\t        <div class=\"tags\">\n\t        \t\t        \t\t<span>Pour tous, d\u00e8s 7 ans<\/span>\n\t        \t\t        \t<span>1h<\/span>\n\t        <\/div>\n\t        <div class=\"bas\">\n        \t\t<div class=\"prix\">\n        \t\t\t        \t\t<\/div>\n            \t<div class=\"review-stars\" data-productId=\"195\">\n            \t<\/div>\n\t        <\/div>\n\t    <\/div>\n\t<\/a>\n<\/div><\/li><li class=\"glide__slide\">\n\n<div class=\"grid\">\n\t<a href=\"https:\/\/www.familinparis.fr\/en\/amphibious-bus-tour-of-paris-on-the-seine\/\" target=\"_self\">\n\t    <div class=\"image\" style=\"background-image:url('https:\/\/www.familinparis.fr\/wp-content\/uploads\/2025\/06\/\u00a9Les-Carnards-de-la-Seine-1-564x282.jpg')\">\n\t    \t\t    \t<div class=\"dateOnImg\">Every day (except WE)<\/div>\n\t    \t\t\t\t\t    <\/div>\n\t    <div class=\"texte\">\n\t        <h5>Paris and Haut-de-Seine<\/h5>\n\t        <h3>Paris amphibious bus tour on the Seine<\/h3>\n\t        <div class=\"tags\">\n\t        \t\t        \t\t<span>Original<\/span>\n\t        \t\t        \t<span>2 hours<\/span>\n\t        <\/div>\n\t        <div class=\"bas\">\n        \t\t<div class=\"prix\">\n        \t\t\t        \t\t<\/div>\n            \t<div class=\"review-stars\" data-productId=\"\">\n            \t<\/div>\n\t        <\/div>\n\t    <\/div>\n\t<\/a>\n<\/div><\/li><li class=\"glide__slide\">\n\n<div class=\"grid\">\n\t<a href=\"https:\/\/www.familinparis.fr\/en\/gathering-farms-around-paris\/\" target=\"_self\">\n\t    <div class=\"image\" style=\"background-image:url('https:\/\/www.familinparis.fr\/wp-content\/uploads\/LOISIRS\/fermes\/ferme-cueillette-paris-564x282.jpg')\">\n\t    \t\t\t\t\t    <\/div>\n\t    <div class=\"texte\">\n\t        <h5><\/h5>\n\t        <h3>Gathering farms around Paris<\/h3>\n\t        <div class=\"tags\">\n\t        \t\t        \t<span><\/span>\n\t        <\/div>\n\t        <div class=\"bas\">\n        \t\t<div class=\"prix\">\n        \t\t\t        \t\t<\/div>\n            \t<div class=\"review-stars\" data-productId=\"\">\n            \t<\/div>\n\t        <\/div>\n\t    <\/div>\n\t<\/a>\n<\/div><\/li><li class=\"glide__slide\">\n\n<div class=\"grid\">\n\t<a href=\"https:\/\/www.familinparis.fr\/en\/if-versailles-was-told-to-me-guided-tour\/\" target=\"_self\">\n\t    <div class=\"image\" style=\"background-image:url('https:\/\/www.familinparis.fr\/wp-content\/uploads\/photos-familinparis-2021\/monument\/fontaine-parc-du-chateau-de-versailles-\u00a9FamilinParis-564x282.jpg')\">\n\t    \t\t    \t<div class=\"dateOnImg\">Multiple dates<\/div>\n\t    \t\t\t\t\t    <\/div>\n\t    <div class=\"texte\">\n\t        <h5>At the Palace of Versailles<\/h5>\n\t        <h3>If Versailles was told to me (guided tour)<\/h3>\n\t        <div class=\"tags\">\n\t        \t\t        \t\t<span>  From 7 years old<\/span>\n\t        \t\t        \t<span>1h30<\/span>\n\t        <\/div>\n\t        <div class=\"bas\">\n        \t\t<div class=\"prix\">\n        \t\t\t        \t\t<\/div>\n            \t<div class=\"review-stars\" data-productId=\"286\">\n            \t<\/div>\n\t        <\/div>\n\t    <\/div>\n\t<\/a>\n<\/div><\/li><li class=\"glide__slide\">\n\n<div class=\"grid\">\n\t<a href=\"https:\/\/www.familinparis.fr\/en\/treasure-hunt-investigation-saint-germain-en-laye-mystery-hunt-78\/\" target=\"_self\">\n\t    <div class=\"image\" style=\"background-image:url('https:\/\/www.familinparis.fr\/wp-content\/uploads\/2026\/01\/Saint-Germain-final2-564x282.jpg')\">\n\t    \t\t\t\t\t\t\t\t<div class=\"rond-blanc-age\"><span>from <span class=\"age-number\">10<\/span> yo<\/span><\/div>\n\t\t\t\t    <\/div>\n\t    <div class=\"texte\">\n\t        <h5>Saint-Germain-en-Laye (78)<\/h5>\n\t        <h3>2 Hours to Belong to the Black Cabinet - Investigation<\/h3>\n\t        <div class=\"tags\">\n\t        \t\t        \t\t<span>JEU DE PISTE - ENQU\u00caTE<\/span>\n\t        \t\t        \t<span>2h<\/span>\n\t        <\/div>\n\t        <div class=\"bas\">\n        \t\t<div class=\"prix\">\n        \t\t\t\t        \t\t\t<span>From<\/span>\n\t        \t\t\t<span class=\"\">25\u20ac \/pers\u20ac<\/span>\n\t        \t\t\t\t        \t\t        \t\t<\/div>\n            \t<div class=\"review-stars\" data-productId=\"\">\n            \t<\/div>\n\t        <\/div>\n\t    <\/div>\n\t<\/a>\n<\/div><\/li><li class=\"glide__slide\">\n\n<div class=\"grid\">\n\t<a href=\"https:\/\/www.familinparis.fr\/en\/gulli-park-bry-sur-marne-val-de-marne-94\/\" target=\"_self\">\n\t    <div class=\"image\" style=\"background-image:url('https:\/\/www.familinparis.fr\/wp-content\/uploads\/2025\/12\/SPJ_7991-564x282.jpg')\">\n\t    \t\t    \t<div class=\"dateOnImg\">Toute l'ann\u00e9e<\/div>\n\t    \t\t\t\t\t\t\t\t<div class=\"rond-blanc-age\"><span>from <span class=\"age-number\">12<\/span> mo to <span class=\"age-number\">12<\/span> yo<\/span><\/div>\n\t\t\t\t    <\/div>\n\t    <div class=\"texte\">\n\t        <h5>Gulli Parc de Bry-sur-Marne (77)<\/h5>\n\t        <h3>Gulli Parc in Bry-sur-Marne (94)<\/h3>\n\t        <div class=\"tags\">\n\t        \t\t        \t\t<span>Parc de loisirs<\/span>\n\t        \t\t        \t<span>Toute la journ\u00e9e<\/span>\n\t        <\/div>\n\t        <div class=\"bas\">\n        \t\t<div class=\"prix\">\n        \t\t\t\t        \t\t\t<span>From<\/span>\n\t        \t\t\t<span class=\"\">9,50\u20ac<\/span>\n\t        \t\t\t\t        \t\t        \t\t<\/div>\n            \t<div class=\"review-stars\" data-productId=\"\">\n            \t<\/div>\n\t        <\/div>\n\t    <\/div>\n\t<\/a>\n<\/div><\/li><li class=\"glide__slide\">\n\n<div class=\"grid\">\n\t<a href=\"https:\/\/www.familinparis.fr\/en\/revolution-tour-versailles-guided-tour\/\" target=\"_self\">\n\t    <div class=\"image\" style=\"background-image:url('https:\/\/www.familinparis.fr\/wp-content\/uploads\/Visites-Insolites\/Versailles\/Versailles-Revolution-Tour-2025-564x282.jpg')\">\n\t    \t\t\t\t\t    <\/div>\n\t    <div class=\"texte\">\n\t        <h5><\/h5>\n\t        <h3>Revolution tour Versailles (guided tour)<\/h3>\n\t        <div class=\"tags\">\n\t        \t\t        \t<span><\/span>\n\t        <\/div>\n\t        <div class=\"bas\">\n        \t\t<div class=\"prix\">\n        \t\t\t        \t\t<\/div>\n            \t<div class=\"review-stars\" data-productId=\"155\">\n            \t<\/div>\n\t        <\/div>\n\t    <\/div>\n\t<\/a>\n<\/div><\/li><li class=\"glide__slide\">\n\n<div class=\"grid\">\n\t<a href=\"https:\/\/www.familinparis.fr\/en\/2-hours-in-1789-treasure-hunt\/\" target=\"_self\">\n\t    <div class=\"image\" style=\"background-image:url('https:\/\/www.familinparis.fr\/wp-content\/uploads\/Visites-Insolites\/Versailles\/2-heures-en-1789-Versailles-2025-564x282.jpg')\">\n\t    \t\t    \t<div class=\"dateOnImg\">7 days a week<\/div>\n\t    \t\t\t\t\t    <\/div>\n\t    <div class=\"texte\">\n\t        <h5>In Versailles (78)<\/h5>\n\t        <h3>2 hours in 1789: treasure hunt in Versailles<\/h3>\n\t        <div class=\"tags\">\n\t        \t\t        \t\t<span>Outdoor play<\/span>\n\t        \t\t        \t<span>2 hours<\/span>\n\t        <\/div>\n\t        <div class=\"bas\">\n        \t\t<div class=\"prix\">\n        \t\t\t        \t\t<\/div>\n            \t<div class=\"review-stars\" data-productId=\"156\">\n            \t<\/div>\n\t        <\/div>\n\t    <\/div>\n\t<\/a>\n<\/div><\/li><li class=\"glide__slide\">\n\n<div class=\"grid\">\n\t<a href=\"https:\/\/www.familinparis.fr\/en\/la-serenade-royale-galerie-des-glaces-chateau-de-versailles\/\" target=\"_self\">\n\t    <div class=\"image\" style=\"background-image:url('https:\/\/www.familinparis.fr\/wp-content\/uploads\/2025\/06\/affichesserenaderoyale40x601_1737543649-564x282.jpg')\">\n\t    \t\t    \t<div class=\"dateOnImg\">From June 6 to September 19, 2026<\/div>\n\t    \t\t\t\t\t    <\/div>\n\t    <div class=\"texte\">\n\t        <h5>At the Palace of Versailles  <\/h5>\n\t        <h3>The Royal Serenade in the Hall of Mirrors<\/h3>\n\t        <div class=\"tags\">\n\t        \t\t        \t\t<span>Show Tour<\/span>\n\t        \t\t        \t<span>50 min<\/span>\n\t        <\/div>\n\t        <div class=\"bas\">\n        \t\t<div class=\"prix\">\n        \t\t\t        \t\t<\/div>\n            \t<div class=\"review-stars\" data-productId=\"\">\n            \t<\/div>\n\t        <\/div>\n\t    <\/div>\n\t<\/a>\n<\/div><\/li><li class=\"glide__slide\">\n\n<div class=\"grid\">\n\t<a href=\"https:\/\/www.familinparis.fr\/en\/palace-of-versailles\/\" target=\"_self\">\n\t    <div class=\"image\" style=\"background-image:url('https:\/\/www.familinparis.fr\/wp-content\/uploads\/photos-familinparis-2021\/monument\/la-galerie-des-glaces-chateau-de-versailles-\u00a9FamilinParis-564x282.jpg')\">\n\t    \t\t    \t<div class=\"dateOnImg\">All year round<\/div>\n\t    \t\t\t\t\t    <\/div>\n\t    <div class=\"texte\">\n\t        <h5>In the Yvelines (78)<\/h5>\n\t        <h3>Fun activities and outings in Versailles<\/h3>\n\t        <div class=\"tags\">\n\t        \t\t        \t\t<span>All audiences<\/span>\n\t        \t\t        \t<span><\/span>\n\t        <\/div>\n\t        <div class=\"bas\">\n        \t\t<div class=\"prix\">\n        \t\t\t        \t\t<\/div>\n            \t<div class=\"review-stars\" data-productId=\"\">\n            \t<\/div>\n\t        <\/div>\n\t    <\/div>\n\t<\/a>\n<\/div><\/li><li class=\"glide__slide\">\n\n<div class=\"grid\">\n\t<a href=\"https:\/\/www.familinparis.fr\/en\/the-estate-of-trianon\/\" target=\"_self\">\n\t    <div class=\"image\" style=\"background-image:url('https:\/\/www.familinparis.fr\/wp-content\/uploads\/Chateaux\/Versailles\/le-petit-trianon-a-versailles-78-564x282.jpg')\">\n\t    \t\t\t\t\t    <\/div>\n\t    <div class=\"texte\">\n\t        <h5><\/h5>\n\t        <h3>The Estate of Trianon<\/h3>\n\t        <div class=\"tags\">\n\t        \t\t        \t<span><\/span>\n\t        <\/div>\n\t        <div class=\"bas\">\n        \t\t<div class=\"prix\">\n        \t\t\t        \t\t<\/div>\n            \t<div class=\"review-stars\" data-productId=\"\">\n            \t<\/div>\n\t        <\/div>\n\t    <\/div>\n\t<\/a>\n<\/div><\/li><li class=\"glide__slide\">\n\n<div class=\"grid\">\n\t<a href=\"https:\/\/www.familinparis.fr\/en\/bread-and-animals-workshop-at-ferme-de-gally-in-sartrouville\/\" target=\"_self\">\n\t    <div class=\"image\" style=\"background-image:url('https:\/\/www.familinparis.fr\/wp-content\/uploads\/2024\/11\/atelier-fabrication-pain-564x282.jpg')\">\n\t    \t\t    \t<div class=\"dateOnImg\">Jusqu'au 30 avril 2025<\/div>\n\t    \t\t\t\t\t    <\/div>\n\t    <div class=\"texte\">\n\t        <h5>Ferme de Gally Sartrouville<\/h5>\n\t        <h3>Bread and animal workshop at the Ferme de Gally in Sartrouville (78)<\/h3>\n\t        <div class=\"tags\">\n\t        \t\t        \t\t<span>de 3 \u00e0 12 ans <\/span>\n\t        \t\t        \t<span>45min<\/span>\n\t        <\/div>\n\t        <div class=\"bas\">\n        \t\t<div class=\"prix\">\n        \t\t\t        \t\t<\/div>\n            \t<div class=\"review-stars\" data-productId=\"\">\n            \t<\/div>\n\t        <\/div>\n\t    <\/div>\n\t<\/a>\n<\/div><\/li><li class=\"glide__slide\">\n\n<div class=\"grid\">\n\t<a href=\"https:\/\/www.familinparis.fr\/en\/educational-farms-around-paris\/\" target=\"_self\">\n\t    <div class=\"image\" style=\"background-image:url('https:\/\/www.familinparis.fr\/wp-content\/uploads\/LOISIRS\/fermes\/ferme-pedagogique-poule-rousse-564x282.jpg')\">\n\t    \t\t\t\t\t    <\/div>\n\t    <div class=\"texte\">\n\t        <h5><\/h5>\n\t        <h3>Educational farms around Paris<\/h3>\n\t        <div class=\"tags\">\n\t        \t\t        \t<span><\/span>\n\t        <\/div>\n\t        <div class=\"bas\">\n        \t\t<div class=\"prix\">\n        \t\t\t        \t\t<\/div>\n            \t<div class=\"review-stars\" data-productId=\"\">\n            \t<\/div>\n\t        <\/div>\n\t    <\/div>\n\t<\/a>\n<\/div><\/li><li class=\"glide__slide\">\n\n<div class=\"grid\">\n\t<a href=\"https:\/\/www.familinparis.fr\/en\/france-miniature-tickets\/\" target=\"_self\">\n\t    <div class=\"image\" style=\"background-image:url('https:\/\/www.familinparis.fr\/wp-content\/uploads\/2023\/02\/france-miniature-kho-lanta-564x282.jpg')\">\n\t    \t\t    \t<div class=\"dateOnImg\">Until November 2, 2025<\/div>\n\t    \t\t\t\t\t    <\/div>\n\t    <div class=\"texte\">\n\t        <h5>In Elancourt (78)<\/h5>\n\t        <h3>France Miniature<\/h3>\n\t        <div class=\"tags\">\n\t        \t\t        \t\t<span>AMUSEMENT PARK<\/span>\n\t        \t\t        \t<span><\/span>\n\t        <\/div>\n\t        <div class=\"bas\">\n        \t\t<div class=\"prix\">\n        \t\t\t        \t\t<\/div>\n            \t<div class=\"review-stars\" data-productId=\"\">\n            \t<\/div>\n\t        <\/div>\n\t    <\/div>\n\t<\/a>\n<\/div><\/li><li class=\"glide__slide\">\n\n<div class=\"grid\">\n\t<a href=\"https:\/\/www.familinparis.fr\/en\/the-sea-of-sand-amusement-park\/\" target=\"_self\">\n\t    <div class=\"image\" style=\"background-image:url('https:\/\/www.familinparis.fr\/wp-content\/uploads\/Parc-attractions\/Mer-de-sable\/mds-2022-564x282.jpg')\">\n\t    \t\t    \t<div class=\"dateOnImg\">Until November 2, 2025<\/div>\n\t    \t\t\t\t\t\t\t\t<div class=\"rond-blanc-age\"><span>from <span class=\"age-number\">3<\/span> to <span class=\"age-number\">11<\/span> yo<\/span><\/div>\n\t\t\t\t    <\/div>\n\t    <div class=\"texte\">\n\t        <h5>  In Ermenonville (Oise, 60)<\/h5>\n\t        <h3>The Sea of Sand<\/h3>\n\t        <div class=\"tags\">\n\t        \t\t        \t\t<span>AMUSEMENT PARK<\/span>\n\t        \t\t        \t<span><\/span>\n\t        <\/div>\n\t        <div class=\"bas\">\n        \t\t<div class=\"prix\">\n        \t\t\t        \t\t<\/div>\n            \t<div class=\"review-stars\" data-productId=\"\">\n            \t<\/div>\n\t        <\/div>\n\t    <\/div>\n\t<\/a>\n<\/div><\/li><li class=\"glide__slide\">\n\n<div class=\"grid\">\n\t<a href=\"https:\/\/www.familinparis.fr\/en\/zoo-safari-de-thoiry\/\" target=\"_self\">\n\t    <div class=\"image\" style=\"background-image:url('https:\/\/www.familinparis.fr\/wp-content\/uploads\/LOGOS\/parc-zoologique-de-thoiry-564x282.jpg')\">\n\t    \t\t\t\t\t    <\/div>\n\t    <div class=\"texte\">\n\t        <h5><\/h5>\n\t        <h3>Zoo Safari de Thoiry<\/h3>\n\t        <div class=\"tags\">\n\t        \t\t        \t<span><\/span>\n\t        <\/div>\n\t        <div class=\"bas\">\n        \t\t<div class=\"prix\">\n        \t\t\t        \t\t<\/div>\n            \t<div class=\"review-stars\" data-productId=\"79\">\n            \t<\/div>\n\t        <\/div>\n\t    <\/div>\n\t<\/a>\n<\/div><\/li><li class=\"glide__slide\">\n\n<div class=\"grid\">\n\t<a href=\"https:\/\/www.familinparis.fr\/en\/trampoline-park-in-gennevilliers\/\" target=\"_self\">\n\t    <div class=\"image\" style=\"background-image:url('https:\/\/www.familinparis.fr\/wp-content\/uploads\/2025\/02\/trampoline-pixabay-564x282.jpg')\">\n\t    \t\t    \t<div class=\"dateOnImg\">Tous les jours<\/div>\n\t    \t\t\t\t\t    <\/div>\n\t    <div class=\"texte\">\n\t        <h5>A Gennevilliers 92230<\/h5>\n\t        <h3>Trampoline Park in Gennevilliers (92)<\/h3>\n\t        <div class=\"tags\">\n\t        \t\t        \t\t<span>Pour tous d\u00e8s 7 ans<\/span>\n\t        \t\t        \t<span>1h, 1h30 ou 2h<\/span>\n\t        <\/div>\n\t        <div class=\"bas\">\n        \t\t<div class=\"prix\">\n        \t\t\t        \t\t<\/div>\n            \t<div class=\"review-stars\" data-productId=\"\">\n            \t<\/div>\n\t        <\/div>\n\t    <\/div>\n\t<\/a>\n<\/div><\/li><li class=\"glide__slide\">\n\n<div class=\"grid\">\n\t<a href=\"https:\/\/www.familinparis.fr\/en\/pumpkin-carving-viltain-farm-78\/\" target=\"_self\">\n\t    <div class=\"image\" style=\"background-image:url('https:\/\/www.familinparis.fr\/wp-content\/uploads\/2024\/10\/2-Ateliers-Potirons-Viltain-potirons.jpg')\">\n\t    \t\t    \t<div class=\"dateOnImg\">October 24-25 and October 28-31, 2024<\/div>\n\t    \t\t\t\t\t    <\/div>\n\t    <div class=\"texte\">\n\t        <h5>Viltain Farm  <\/h5>\n\t        <h3>Pumpkin carving \u2022 Viltain Farm (78)<\/h3>\n\t        <div class=\"tags\">\n\t        \t\t        \t\t<span>from 4 to 14 years old  <\/span>\n\t        \t\t        \t<span>1h<\/span>\n\t        <\/div>\n\t        <div class=\"bas\">\n        \t\t<div class=\"prix\">\n        \t\t\t\t        \t\t\t<span>From<\/span>\n\t        \t\t\t<span class=\"\">8,8\u20ac<\/span>\n\t        \t\t\t\t        \t\t        \t\t<\/div>\n            \t<div class=\"review-stars\" data-productId=\"\">\n            \t<\/div>\n\t        <\/div>\n\t    <\/div>\n\t<\/a>\n<\/div><\/li>            <\/ul>\n        <\/div>\n    <\/div>\n    \n    <\/div>\n-->\n<style type=\"text\/css\">\n    .swiper{\n        width: 100%;\n    }\n    .grid-carousel__arrows {\n        display: flex;\n        gap: 1rem;\n\n    }\n    button.grid-carousel__arrow {\n        background: #008098;\n        border-radius: 50%;\n        height: 50px;\n        width: 50px;\n        border: 2px solid #008098;\n        color: #ffff;\n        padding: 0px;\n        text-align: center;\n    }\n\n    button.grid-carousel__arrow.swiper-button-disabled{\n        opacity: .15;\n    }\n    .grid-carousel .swiper-slide {\n         min-width: 300px;\n    }\n    @media (max-width: 799px) {\n        .grid-carousel__arrows {\n            display: none;\n        }\n        .grid-carousel .swiper-slide {\n            width: 40%;\n        }\n    }\n    @media (max-width: 529px) {\n        .grid-carousel .swiper-slide {\n            width: 75%;\n        }\n    }\n<\/style>\n\n<div class=\"row new-grids grids-style-2\">\n    <div class=\"swiper grid-carousel\">\n        <div class=\"grid-title grid-carousel--title\">\n            <div>\n                                            <\/div>\n            <div>\n                <div class=\"grid-carousel__arrows\">\n                    <button class=\"grid-carousel__arrow grid-carousel__arrow--left\">\n                        <i class=\"fa fa-angle-left\"><\/i>\n                    <\/button>\n                    <button class=\"grid-carousel__arrow grid-carousel__arrow--right\">\n                        <i class=\"fa fa-angle-right\"><\/i>\n                    <\/button>\n                <\/div>\n            <\/div>\n        <\/div>\n        \n        <div class=\"swiper-wrapper\">\n            <div class=\"swiper-slide\">\n\n<div class=\"grid\">\n\t<a href=\"https:\/\/www.familinparis.fr\/en\/ouvert-le-1er-mai\/\" target=\"_self\">\n\t    <div class=\"image\" style=\"background-image:url('https:\/\/www.familinparis.fr\/wp-content\/uploads\/Quartier\/palais-royal-colonne-buren-paris-enfant-SH-564x282.jpg')\">\n\t    \t\t\t\t\t    <\/div>\n\t    <div class=\"texte\">\n\t        <h5>In and around Paris<\/h5>\n\t        <h3>What to do in Paris on May 1, 2026? It&#8217;s Friday, a long weekend is looming!<\/h3>\n\t        <div class=\"tags\">\n\t        \t\t        \t<span><\/span>\n\t        <\/div>\n\t        <div class=\"bas\">\n        \t\t<div class=\"prix\">\n        \t\t\t        \t\t<\/div>\n            \t<div class=\"review-stars\" data-productId=\"\">\n            \t<\/div>\n\t        <\/div>\n\t    <\/div>\n\t<\/a>\n<\/div><\/div><div class=\"swiper-slide\">\n\n<div class=\"grid\">\n\t<a href=\"https:\/\/www.familinparis.fr\/en\/les-grandes-eaux-musicales\/\" target=\"_self\">\n\t    <div class=\"image\" style=\"background-image:url('https:\/\/www.familinparis.fr\/wp-content\/uploads\/Chateaux\/Versailles\/Versailles-fontaines-PLD-564x282.jpg')\">\n\t    \t\t    \t<div class=\"dateOnImg\">Until November 1, 2026<\/div>\n\t    \t\t\t\t\t    <\/div>\n\t    <div class=\"texte\">\n\t        <h5>Palace of Versailles Park (78)<\/h5>\n\t        <h3>The Musical Fountains Show<\/h3>\n\t        <div class=\"tags\">\n\t        \t\t        \t\t<span>Park<\/span>\n\t        \t\t        \t<span>Min 2 hours<\/span>\n\t        <\/div>\n\t        <div class=\"bas\">\n        \t\t<div class=\"prix\">\n        \t\t\t        \t\t<\/div>\n            \t<div class=\"review-stars\" data-productId=\"\">\n            \t<\/div>\n\t        <\/div>\n\t    <\/div>\n\t<\/a>\n<\/div><\/div><div class=\"swiper-slide\">\n\n<div class=\"grid\">\n\t<a href=\"https:\/\/www.familinparis.fr\/en\/chantilly-cooking-class\/\" target=\"_self\">\n\t    <div class=\"image\" style=\"background-image:url('https:\/\/www.familinparis.fr\/wp-content\/uploads\/2025\/01\/\u00a9atelierdelachantilly2025-9-564x282.jpg')\">\n\t    \t\t    \t<div class=\"dateOnImg\">du mardi au samedi<\/div>\n\t    \t\t\t\t\t    <\/div>\n\t    <div class=\"texte\">\n\t        <h5>L&#8217;Atelier de la Chantilly<\/h5>\n\t        <h3>Chantilly workshop: the musical battle<\/h3>\n\t        <div class=\"tags\">\n\t        \t\t        \t\t<span>Pour tous d\u00e8s 7 ans <\/span>\n\t        \t\t        \t<span>de 45 min \u00e0 1h30<\/span>\n\t        <\/div>\n\t        <div class=\"bas\">\n        \t\t<div class=\"prix\">\n        \t\t\t        \t\t<\/div>\n            \t<div class=\"review-stars\" data-productId=\"238\">\n            \t<\/div>\n\t        <\/div>\n\t    <\/div>\n\t<\/a>\n<\/div><\/div><div class=\"swiper-slide\">\n\n<div class=\"grid\">\n\t<a href=\"https:\/\/www.familinparis.fr\/en\/whipped-cream-workshop\/\" target=\"_self\">\n\t    <div class=\"image\" style=\"background-image:url('https:\/\/www.familinparis.fr\/wp-content\/uploads\/2025\/01\/\u00a9atelierdelachantilly2025-8-564x282.jpg')\">\n\t    \t\t    \t<div class=\"dateOnImg\">Du mardi au dimanche<\/div>\n\t    \t\t\t\t\t    <\/div>\n\t    <div class=\"texte\">\n\t        <h5>L&#8217;Atelier de la chantilly<\/h5>\n\t        <h3>Whipped cream workshop<\/h3>\n\t        <div class=\"tags\">\n\t        \t\t        \t\t<span>Pour tous, d\u00e8s 7 ans<\/span>\n\t        \t\t        \t<span>1h<\/span>\n\t        <\/div>\n\t        <div class=\"bas\">\n        \t\t<div class=\"prix\">\n        \t\t\t        \t\t<\/div>\n            \t<div class=\"review-stars\" data-productId=\"195\">\n            \t<\/div>\n\t        <\/div>\n\t    <\/div>\n\t<\/a>\n<\/div><\/div><div class=\"swiper-slide\">\n\n<div class=\"grid\">\n\t<a href=\"https:\/\/www.familinparis.fr\/en\/amphibious-bus-tour-of-paris-on-the-seine\/\" target=\"_self\">\n\t    <div class=\"image\" style=\"background-image:url('https:\/\/www.familinparis.fr\/wp-content\/uploads\/2025\/06\/\u00a9Les-Carnards-de-la-Seine-1-564x282.jpg')\">\n\t    \t\t    \t<div class=\"dateOnImg\">Every day (except WE)<\/div>\n\t    \t\t\t\t\t    <\/div>\n\t    <div class=\"texte\">\n\t        <h5>Paris and Haut-de-Seine<\/h5>\n\t        <h3>Paris amphibious bus tour on the Seine<\/h3>\n\t        <div class=\"tags\">\n\t        \t\t        \t\t<span>Original<\/span>\n\t        \t\t        \t<span>2 hours<\/span>\n\t        <\/div>\n\t        <div class=\"bas\">\n        \t\t<div class=\"prix\">\n        \t\t\t        \t\t<\/div>\n            \t<div class=\"review-stars\" data-productId=\"\">\n            \t<\/div>\n\t        <\/div>\n\t    <\/div>\n\t<\/a>\n<\/div><\/div><div class=\"swiper-slide\">\n\n<div class=\"grid\">\n\t<a href=\"https:\/\/www.familinparis.fr\/en\/gathering-farms-around-paris\/\" target=\"_self\">\n\t    <div class=\"image\" style=\"background-image:url('https:\/\/www.familinparis.fr\/wp-content\/uploads\/LOISIRS\/fermes\/ferme-cueillette-paris-564x282.jpg')\">\n\t    \t\t\t\t\t    <\/div>\n\t    <div class=\"texte\">\n\t        <h5><\/h5>\n\t        <h3>Gathering farms around Paris<\/h3>\n\t        <div class=\"tags\">\n\t        \t\t        \t<span><\/span>\n\t        <\/div>\n\t        <div class=\"bas\">\n        \t\t<div class=\"prix\">\n        \t\t\t        \t\t<\/div>\n            \t<div class=\"review-stars\" data-productId=\"\">\n            \t<\/div>\n\t        <\/div>\n\t    <\/div>\n\t<\/a>\n<\/div><\/div><div class=\"swiper-slide\">\n\n<div class=\"grid\">\n\t<a href=\"https:\/\/www.familinparis.fr\/en\/if-versailles-was-told-to-me-guided-tour\/\" target=\"_self\">\n\t    <div class=\"image\" style=\"background-image:url('https:\/\/www.familinparis.fr\/wp-content\/uploads\/photos-familinparis-2021\/monument\/fontaine-parc-du-chateau-de-versailles-\u00a9FamilinParis-564x282.jpg')\">\n\t    \t\t    \t<div class=\"dateOnImg\">Multiple dates<\/div>\n\t    \t\t\t\t\t    <\/div>\n\t    <div class=\"texte\">\n\t        <h5>At the Palace of Versailles<\/h5>\n\t        <h3>If Versailles was told to me (guided tour)<\/h3>\n\t        <div class=\"tags\">\n\t        \t\t        \t\t<span>  From 7 years old<\/span>\n\t        \t\t        \t<span>1h30<\/span>\n\t        <\/div>\n\t        <div class=\"bas\">\n        \t\t<div class=\"prix\">\n        \t\t\t        \t\t<\/div>\n            \t<div class=\"review-stars\" data-productId=\"286\">\n            \t<\/div>\n\t        <\/div>\n\t    <\/div>\n\t<\/a>\n<\/div><\/div><div class=\"swiper-slide\">\n\n<div class=\"grid\">\n\t<a href=\"https:\/\/www.familinparis.fr\/en\/treasure-hunt-investigation-saint-germain-en-laye-mystery-hunt-78\/\" target=\"_self\">\n\t    <div class=\"image\" style=\"background-image:url('https:\/\/www.familinparis.fr\/wp-content\/uploads\/2026\/01\/Saint-Germain-final2-564x282.jpg')\">\n\t    \t\t\t\t\t\t\t\t<div class=\"rond-blanc-age\"><span>from <span class=\"age-number\">10<\/span> yo<\/span><\/div>\n\t\t\t\t    <\/div>\n\t    <div class=\"texte\">\n\t        <h5>Saint-Germain-en-Laye (78)<\/h5>\n\t        <h3>2 Hours to Belong to the Black Cabinet &#8211; Investigation<\/h3>\n\t        <div class=\"tags\">\n\t        \t\t        \t\t<span>JEU DE PISTE &#8211; ENQU\u00caTE<\/span>\n\t        \t\t        \t<span>2h<\/span>\n\t        <\/div>\n\t        <div class=\"bas\">\n        \t\t<div class=\"prix\">\n        \t\t\t\t        \t\t\t<span>From<\/span>\n\t        \t\t\t<span class=\"\">25\u20ac \/pers\u20ac<\/span>\n\t        \t\t\t\t        \t\t        \t\t<\/div>\n            \t<div class=\"review-stars\" data-productId=\"\">\n            \t<\/div>\n\t        <\/div>\n\t    <\/div>\n\t<\/a>\n<\/div><\/div><div class=\"swiper-slide\">\n\n<div class=\"grid\">\n\t<a href=\"https:\/\/www.familinparis.fr\/en\/gulli-park-bry-sur-marne-val-de-marne-94\/\" target=\"_self\">\n\t    <div class=\"image\" style=\"background-image:url('https:\/\/www.familinparis.fr\/wp-content\/uploads\/2025\/12\/SPJ_7991-564x282.jpg')\">\n\t    \t\t    \t<div class=\"dateOnImg\">Toute l&#8217;ann\u00e9e<\/div>\n\t    \t\t\t\t\t\t\t\t<div class=\"rond-blanc-age\"><span>from <span class=\"age-number\">12<\/span> mo to <span class=\"age-number\">12<\/span> yo<\/span><\/div>\n\t\t\t\t    <\/div>\n\t    <div class=\"texte\">\n\t        <h5>Gulli Parc de Bry-sur-Marne (77)<\/h5>\n\t        <h3>Gulli Parc in Bry-sur-Marne (94)<\/h3>\n\t        <div class=\"tags\">\n\t        \t\t        \t\t<span>Parc de loisirs<\/span>\n\t        \t\t        \t<span>Toute la journ\u00e9e<\/span>\n\t        <\/div>\n\t        <div class=\"bas\">\n        \t\t<div class=\"prix\">\n        \t\t\t\t        \t\t\t<span>From<\/span>\n\t        \t\t\t<span class=\"\">9,50\u20ac<\/span>\n\t        \t\t\t\t        \t\t        \t\t<\/div>\n            \t<div class=\"review-stars\" data-productId=\"\">\n            \t<\/div>\n\t        <\/div>\n\t    <\/div>\n\t<\/a>\n<\/div><\/div><div class=\"swiper-slide\">\n\n<div class=\"grid\">\n\t<a href=\"https:\/\/www.familinparis.fr\/en\/revolution-tour-versailles-guided-tour\/\" target=\"_self\">\n\t    <div class=\"image\" style=\"background-image:url('https:\/\/www.familinparis.fr\/wp-content\/uploads\/Visites-Insolites\/Versailles\/Versailles-Revolution-Tour-2025-564x282.jpg')\">\n\t    \t\t\t\t\t    <\/div>\n\t    <div class=\"texte\">\n\t        <h5><\/h5>\n\t        <h3>Revolution tour Versailles (guided tour)<\/h3>\n\t        <div class=\"tags\">\n\t        \t\t        \t<span><\/span>\n\t        <\/div>\n\t        <div class=\"bas\">\n        \t\t<div class=\"prix\">\n        \t\t\t        \t\t<\/div>\n            \t<div class=\"review-stars\" data-productId=\"155\">\n            \t<\/div>\n\t        <\/div>\n\t    <\/div>\n\t<\/a>\n<\/div><\/div><div class=\"swiper-slide\">\n\n<div class=\"grid\">\n\t<a href=\"https:\/\/www.familinparis.fr\/en\/2-hours-in-1789-treasure-hunt\/\" target=\"_self\">\n\t    <div class=\"image\" style=\"background-image:url('https:\/\/www.familinparis.fr\/wp-content\/uploads\/Visites-Insolites\/Versailles\/2-heures-en-1789-Versailles-2025-564x282.jpg')\">\n\t    \t\t    \t<div class=\"dateOnImg\">7 days a week<\/div>\n\t    \t\t\t\t\t    <\/div>\n\t    <div class=\"texte\">\n\t        <h5>In Versailles (78)<\/h5>\n\t        <h3>2 hours in 1789: treasure hunt in Versailles<\/h3>\n\t        <div class=\"tags\">\n\t        \t\t        \t\t<span>Outdoor play<\/span>\n\t        \t\t        \t<span>2 hours<\/span>\n\t        <\/div>\n\t        <div class=\"bas\">\n        \t\t<div class=\"prix\">\n        \t\t\t        \t\t<\/div>\n            \t<div class=\"review-stars\" data-productId=\"156\">\n            \t<\/div>\n\t        <\/div>\n\t    <\/div>\n\t<\/a>\n<\/div><\/div><div class=\"swiper-slide\">\n\n<div class=\"grid\">\n\t<a href=\"https:\/\/www.familinparis.fr\/en\/la-serenade-royale-galerie-des-glaces-chateau-de-versailles\/\" target=\"_self\">\n\t    <div class=\"image\" style=\"background-image:url('https:\/\/www.familinparis.fr\/wp-content\/uploads\/2025\/06\/affichesserenaderoyale40x601_1737543649-564x282.jpg')\">\n\t    \t\t    \t<div class=\"dateOnImg\">From June 6 to September 19, 2026<\/div>\n\t    \t\t\t\t\t    <\/div>\n\t    <div class=\"texte\">\n\t        <h5>At the Palace of Versailles  <\/h5>\n\t        <h3>The Royal Serenade in the Hall of Mirrors<\/h3>\n\t        <div class=\"tags\">\n\t        \t\t        \t\t<span>Show Tour<\/span>\n\t        \t\t        \t<span>50 min<\/span>\n\t        <\/div>\n\t        <div class=\"bas\">\n        \t\t<div class=\"prix\">\n        \t\t\t        \t\t<\/div>\n            \t<div class=\"review-stars\" data-productId=\"\">\n            \t<\/div>\n\t        <\/div>\n\t    <\/div>\n\t<\/a>\n<\/div><\/div><div class=\"swiper-slide\">\n\n<div class=\"grid\">\n\t<a href=\"https:\/\/www.familinparis.fr\/en\/palace-of-versailles\/\" target=\"_self\">\n\t    <div class=\"image\" style=\"background-image:url('https:\/\/www.familinparis.fr\/wp-content\/uploads\/photos-familinparis-2021\/monument\/la-galerie-des-glaces-chateau-de-versailles-\u00a9FamilinParis-564x282.jpg')\">\n\t    \t\t    \t<div class=\"dateOnImg\">All year round<\/div>\n\t    \t\t\t\t\t    <\/div>\n\t    <div class=\"texte\">\n\t        <h5>In the Yvelines (78)<\/h5>\n\t        <h3>Fun activities and outings in Versailles<\/h3>\n\t        <div class=\"tags\">\n\t        \t\t        \t\t<span>All audiences<\/span>\n\t        \t\t        \t<span><\/span>\n\t        <\/div>\n\t        <div class=\"bas\">\n        \t\t<div class=\"prix\">\n        \t\t\t        \t\t<\/div>\n            \t<div class=\"review-stars\" data-productId=\"\">\n            \t<\/div>\n\t        <\/div>\n\t    <\/div>\n\t<\/a>\n<\/div><\/div><div class=\"swiper-slide\">\n\n<div class=\"grid\">\n\t<a href=\"https:\/\/www.familinparis.fr\/en\/the-estate-of-trianon\/\" target=\"_self\">\n\t    <div class=\"image\" style=\"background-image:url('https:\/\/www.familinparis.fr\/wp-content\/uploads\/Chateaux\/Versailles\/le-petit-trianon-a-versailles-78-564x282.jpg')\">\n\t    \t\t\t\t\t    <\/div>\n\t    <div class=\"texte\">\n\t        <h5><\/h5>\n\t        <h3>The Estate of Trianon<\/h3>\n\t        <div class=\"tags\">\n\t        \t\t        \t<span><\/span>\n\t        <\/div>\n\t        <div class=\"bas\">\n        \t\t<div class=\"prix\">\n        \t\t\t        \t\t<\/div>\n            \t<div class=\"review-stars\" data-productId=\"\">\n            \t<\/div>\n\t        <\/div>\n\t    <\/div>\n\t<\/a>\n<\/div><\/div><div class=\"swiper-slide\">\n\n<div class=\"grid\">\n\t<a href=\"https:\/\/www.familinparis.fr\/en\/bread-and-animals-workshop-at-ferme-de-gally-in-sartrouville\/\" target=\"_self\">\n\t    <div class=\"image\" style=\"background-image:url('https:\/\/www.familinparis.fr\/wp-content\/uploads\/2024\/11\/atelier-fabrication-pain-564x282.jpg')\">\n\t    \t\t    \t<div class=\"dateOnImg\">Jusqu&#8217;au 30 avril 2025<\/div>\n\t    \t\t\t\t\t    <\/div>\n\t    <div class=\"texte\">\n\t        <h5>Ferme de Gally Sartrouville<\/h5>\n\t        <h3>Bread and animal workshop at the Ferme de Gally in Sartrouville (78)<\/h3>\n\t        <div class=\"tags\">\n\t        \t\t        \t\t<span>de 3 \u00e0 12 ans <\/span>\n\t        \t\t        \t<span>45min<\/span>\n\t        <\/div>\n\t        <div class=\"bas\">\n        \t\t<div class=\"prix\">\n        \t\t\t        \t\t<\/div>\n            \t<div class=\"review-stars\" data-productId=\"\">\n            \t<\/div>\n\t        <\/div>\n\t    <\/div>\n\t<\/a>\n<\/div><\/div><div class=\"swiper-slide\">\n\n<div class=\"grid\">\n\t<a href=\"https:\/\/www.familinparis.fr\/en\/educational-farms-around-paris\/\" target=\"_self\">\n\t    <div class=\"image\" style=\"background-image:url('https:\/\/www.familinparis.fr\/wp-content\/uploads\/LOISIRS\/fermes\/ferme-pedagogique-poule-rousse-564x282.jpg')\">\n\t    \t\t\t\t\t    <\/div>\n\t    <div class=\"texte\">\n\t        <h5><\/h5>\n\t        <h3>Educational farms around Paris<\/h3>\n\t        <div class=\"tags\">\n\t        \t\t        \t<span><\/span>\n\t        <\/div>\n\t        <div class=\"bas\">\n        \t\t<div class=\"prix\">\n        \t\t\t        \t\t<\/div>\n            \t<div class=\"review-stars\" data-productId=\"\">\n            \t<\/div>\n\t        <\/div>\n\t    <\/div>\n\t<\/a>\n<\/div><\/div><div class=\"swiper-slide\">\n\n<div class=\"grid\">\n\t<a href=\"https:\/\/www.familinparis.fr\/en\/france-miniature-tickets\/\" target=\"_self\">\n\t    <div class=\"image\" style=\"background-image:url('https:\/\/www.familinparis.fr\/wp-content\/uploads\/2023\/02\/france-miniature-kho-lanta-564x282.jpg')\">\n\t    \t\t    \t<div class=\"dateOnImg\">Until November 2, 2025<\/div>\n\t    \t\t\t\t\t    <\/div>\n\t    <div class=\"texte\">\n\t        <h5>In Elancourt (78)<\/h5>\n\t        <h3>France Miniature<\/h3>\n\t        <div class=\"tags\">\n\t        \t\t        \t\t<span>AMUSEMENT PARK<\/span>\n\t        \t\t        \t<span><\/span>\n\t        <\/div>\n\t        <div class=\"bas\">\n        \t\t<div class=\"prix\">\n        \t\t\t        \t\t<\/div>\n            \t<div class=\"review-stars\" data-productId=\"\">\n            \t<\/div>\n\t        <\/div>\n\t    <\/div>\n\t<\/a>\n<\/div><\/div><div class=\"swiper-slide\">\n\n<div class=\"grid\">\n\t<a href=\"https:\/\/www.familinparis.fr\/en\/the-sea-of-sand-amusement-park\/\" target=\"_self\">\n\t    <div class=\"image\" style=\"background-image:url('https:\/\/www.familinparis.fr\/wp-content\/uploads\/Parc-attractions\/Mer-de-sable\/mds-2022-564x282.jpg')\">\n\t    \t\t    \t<div class=\"dateOnImg\">Until November 2, 2025<\/div>\n\t    \t\t\t\t\t\t\t\t<div class=\"rond-blanc-age\"><span>from <span class=\"age-number\">3<\/span> to <span class=\"age-number\">11<\/span> yo<\/span><\/div>\n\t\t\t\t    <\/div>\n\t    <div class=\"texte\">\n\t        <h5>  In Ermenonville (Oise, 60)<\/h5>\n\t        <h3>The Sea of Sand<\/h3>\n\t        <div class=\"tags\">\n\t        \t\t        \t\t<span>AMUSEMENT PARK<\/span>\n\t        \t\t        \t<span><\/span>\n\t        <\/div>\n\t        <div class=\"bas\">\n        \t\t<div class=\"prix\">\n        \t\t\t        \t\t<\/div>\n            \t<div class=\"review-stars\" data-productId=\"\">\n            \t<\/div>\n\t        <\/div>\n\t    <\/div>\n\t<\/a>\n<\/div><\/div><div class=\"swiper-slide\">\n\n<div class=\"grid\">\n\t<a href=\"https:\/\/www.familinparis.fr\/en\/zoo-safari-de-thoiry\/\" target=\"_self\">\n\t    <div class=\"image\" style=\"background-image:url('https:\/\/www.familinparis.fr\/wp-content\/uploads\/LOGOS\/parc-zoologique-de-thoiry-564x282.jpg')\">\n\t    \t\t\t\t\t    <\/div>\n\t    <div class=\"texte\">\n\t        <h5><\/h5>\n\t        <h3>Zoo Safari de Thoiry<\/h3>\n\t        <div class=\"tags\">\n\t        \t\t        \t<span><\/span>\n\t        <\/div>\n\t        <div class=\"bas\">\n        \t\t<div class=\"prix\">\n        \t\t\t        \t\t<\/div>\n            \t<div class=\"review-stars\" data-productId=\"79\">\n            \t<\/div>\n\t        <\/div>\n\t    <\/div>\n\t<\/a>\n<\/div><\/div><div class=\"swiper-slide\">\n\n<div class=\"grid\">\n\t<a href=\"https:\/\/www.familinparis.fr\/en\/trampoline-park-in-gennevilliers\/\" target=\"_self\">\n\t    <div class=\"image\" style=\"background-image:url('https:\/\/www.familinparis.fr\/wp-content\/uploads\/2025\/02\/trampoline-pixabay-564x282.jpg')\">\n\t    \t\t    \t<div class=\"dateOnImg\">Tous les jours<\/div>\n\t    \t\t\t\t\t    <\/div>\n\t    <div class=\"texte\">\n\t        <h5>A Gennevilliers 92230<\/h5>\n\t        <h3>Trampoline Park in Gennevilliers (92)<\/h3>\n\t        <div class=\"tags\">\n\t        \t\t        \t\t<span>Pour tous d\u00e8s 7 ans<\/span>\n\t        \t\t        \t<span>1h, 1h30 ou 2h<\/span>\n\t        <\/div>\n\t        <div class=\"bas\">\n        \t\t<div class=\"prix\">\n        \t\t\t        \t\t<\/div>\n            \t<div class=\"review-stars\" data-productId=\"\">\n            \t<\/div>\n\t        <\/div>\n\t    <\/div>\n\t<\/a>\n<\/div><\/div><div class=\"swiper-slide\">\n\n<div class=\"grid\">\n\t<a href=\"https:\/\/www.familinparis.fr\/en\/pumpkin-carving-viltain-farm-78\/\" target=\"_self\">\n\t    <div class=\"image\" style=\"background-image:url('https:\/\/www.familinparis.fr\/wp-content\/uploads\/2024\/10\/2-Ateliers-Potirons-Viltain-potirons.jpg')\">\n\t    \t\t    \t<div class=\"dateOnImg\">October 24-25 and October 28-31, 2024<\/div>\n\t    \t\t\t\t\t    <\/div>\n\t    <div class=\"texte\">\n\t        <h5>Viltain Farm  <\/h5>\n\t        <h3>Pumpkin carving \u2022 Viltain Farm (78)<\/h3>\n\t        <div class=\"tags\">\n\t        \t\t        \t\t<span>from 4 to 14 years old  <\/span>\n\t        \t\t        \t<span>1h<\/span>\n\t        <\/div>\n\t        <div class=\"bas\">\n        \t\t<div class=\"prix\">\n        \t\t\t\t        \t\t\t<span>From<\/span>\n\t        \t\t\t<span class=\"\">8,8\u20ac<\/span>\n\t        \t\t\t\t        \t\t        \t\t<\/div>\n            \t<div class=\"review-stars\" data-productId=\"\">\n            \t<\/div>\n\t        <\/div>\n\t    <\/div>\n\t<\/a>\n<\/div><\/div>        <\/div>\n    <\/div>\n    \n    <\/div>\n\n<\/div><div class=\"lazyblock-etiquettes-Zjeu2d m-b-5 wp-block-lazyblock-etiquettes\"><div class=\"labels__fam\">\n        <a href=\"\/sortie-en-ile-de-france\/\" class=\"labels__fam-color-blue labels__fam-radius-rounded\">\n        OUR SELECTION OF FUN ACTIVITIES IN ILE DE FRANCE      <\/a>\n  <\/div><\/div><div class=\"lazyblock-etiquettes-Z2kzOjN m-b-5 wp-block-lazyblock-etiquettes\"><div class=\"labels__fam\">\n        <a href=\"https:\/\/www.familinparis.fr\/en\/sortie-et-activite-oise-60\/\" class=\"labels__fam-color-blue labels__fam-radius-rounded\">\n        IN THE OISE (60)      <\/a>\n        <a href=\"https:\/\/www.familinparis.fr\/en\/sortir-en-famille-en-seine-et-marne\/\" class=\"labels__fam-color-blue labels__fam-radius-rounded\">\n        IN SEINE ET MARNE (77)      <\/a>\n        <a href=\"https:\/\/www.familinparis.fr\/en\/sortir-en-famille-dans-les-yvelines\/\" class=\"labels__fam-color-blue labels__fam-radius-rounded\">\n        IN THE YVELINES (78)      <\/a>\n        <a href=\"https:\/\/www.familinparis.fr\/en\/sortir-en-famille-dans-les-yvelines\/\" class=\"labels__fam-color-blue labels__fam-radius-rounded\">\n        IN THE HEUTS-DE-SEINE (92)      <\/a>\n        <a href=\"https:\/\/www.familinparis.fr\/en\/activite-et-sortie-en-famille-94-77\/\" class=\"labels__fam-color-blue labels__fam-radius-rounded\">\n        IN THE VAL DE MARNE (94)      <\/a>\n  <\/div><\/div>\n<hr class=\"wp-block-separator has-alpha-channel-opacity is-style-default\"\/>\n\n<h2 class=\"wp-block-heading has-x-large-font-size\">Must-sees all year round<\/h2>\n\n<div class=\"wp-block-columns m-b-30 is-layout-flex wp-container-core-columns-is-layout-9d6595d7 wp-block-columns-is-layout-flex\">\n<div class=\"wp-block-column is-layout-flow wp-block-column-is-layout-flow\">\n<div class=\"wp-block-getwid-banner m-b-20 has-animation-style4 has-text-animation-opacity-bottom has-foreground-20\"><a href=\"https:\/\/www.familinparis.fr\/en\/must-see-museum-in-paris\/\" class=\"wp-block-getwid-banner__link\"><div class=\"wp-block-getwid-banner__wrapper\"><img decoding=\"async\" src=\"https:\/\/www.familinparis.fr\/wp-content\/uploads\/photos-familinparis-2021\/mus%C3%A9e\/musee-d-orsay\/periode-nabis-musee-orsay-%C2%A9FamilinParis-1249x960-1.jpg\" alt=\"\" class=\"wp-block-getwid-banner__image wp-block-getwid-banner__source wp-image-52319\"><div class=\"wp-block-getwid-banner__caption\" style=\"min-height:300px\"><div class=\"wp-block-getwid-banner__caption-wrapper\"><span class=\"wp-block-getwid-banner__title\">Museums<\/span><p class=\"wp-block-getwid-banner__text\">#culture<\/p><\/div><\/div><\/div><\/a><\/div>\n\n\n\n<div class=\"wp-block-getwid-banner m-b-20 has-animation-style4 has-text-animation-opacity-bottom has-foreground-20\"><a href=\"https:\/\/www.familinparis.fr\/en\/paris-monuments\/\" class=\"wp-block-getwid-banner__link\"><div class=\"wp-block-getwid-banner__wrapper\"><img decoding=\"async\" width=\"1920\" height=\"1280\" src=\"https:\/\/www.familinparis.fr\/wp-content\/uploads\/Monuments\/arc-de-trimphe\/arc-de-triomphe-PLD.jpg\" alt=\"\" class=\"wp-block-getwid-banner__image wp-block-getwid-banner__source wp-image-73140\" srcset=\"https:\/\/www.familinparis.fr\/wp-content\/uploads\/Monuments\/arc-de-trimphe\/arc-de-triomphe-PLD.jpg 1920w, https:\/\/www.familinparis.fr\/wp-content\/uploads\/Monuments\/arc-de-trimphe\/arc-de-triomphe-PLD-300x200.jpg 300w, https:\/\/www.familinparis.fr\/wp-content\/uploads\/Monuments\/arc-de-trimphe\/arc-de-triomphe-PLD-1024x683.jpg 1024w, https:\/\/www.familinparis.fr\/wp-content\/uploads\/Monuments\/arc-de-trimphe\/arc-de-triomphe-PLD-768x512.jpg 768w, https:\/\/www.familinparis.fr\/wp-content\/uploads\/Monuments\/arc-de-trimphe\/arc-de-triomphe-PLD-1536x1024.jpg 1536w, https:\/\/www.familinparis.fr\/wp-content\/uploads\/Monuments\/arc-de-trimphe\/arc-de-triomphe-PLD-18x12.jpg 18w, https:\/\/www.familinparis.fr\/wp-content\/uploads\/Monuments\/arc-de-trimphe\/arc-de-triomphe-PLD-730x487.jpg 730w, https:\/\/www.familinparis.fr\/wp-content\/uploads\/Monuments\/arc-de-trimphe\/arc-de-triomphe-PLD-270x180.jpg 270w\" sizes=\"(max-width: 1920px) 100vw, 1920px\" \/><div class=\"wp-block-getwid-banner__caption\" style=\"min-height:300px\"><div class=\"wp-block-getwid-banner__caption-wrapper\"><span class=\"wp-block-getwid-banner__title\">The monuments<\/span><p class=\"wp-block-getwid-banner__text\">#culture<\/p><\/div><\/div><\/div><\/a><\/div>\n<\/div>\n\n\n\n<div class=\"wp-block-column is-layout-flow wp-block-column-is-layout-flow\">\n<div class=\"wp-block-getwid-banner m-b-20 has-animation-style4 has-text-animation-opacity-bottom has-foreground-20\"><a href=\"https:\/\/www.familinparis.fr\/en\/where-to-see-animals-in-paris-and-ile-de-france\/\" class=\"wp-block-getwid-banner__link\"><div class=\"wp-block-getwid-banner__wrapper\"><img decoding=\"async\" width=\"1920\" height=\"1281\" src=\"https:\/\/www.familinparis.fr\/wp-content\/uploads\/photos-libres-de-droits\/zoo.jpg\" alt=\"\" class=\"wp-block-getwid-banner__image wp-block-getwid-banner__source wp-image-77690\" srcset=\"https:\/\/www.familinparis.fr\/wp-content\/uploads\/photos-libres-de-droits\/zoo.jpg 1920w, https:\/\/www.familinparis.fr\/wp-content\/uploads\/photos-libres-de-droits\/zoo-300x200.jpg 300w, https:\/\/www.familinparis.fr\/wp-content\/uploads\/photos-libres-de-droits\/zoo-1024x683.jpg 1024w, https:\/\/www.familinparis.fr\/wp-content\/uploads\/photos-libres-de-droits\/zoo-768x512.jpg 768w, https:\/\/www.familinparis.fr\/wp-content\/uploads\/photos-libres-de-droits\/zoo-1536x1025.jpg 1536w, https:\/\/www.familinparis.fr\/wp-content\/uploads\/photos-libres-de-droits\/zoo-18x12.jpg 18w, https:\/\/www.familinparis.fr\/wp-content\/uploads\/photos-libres-de-droits\/zoo-730x487.jpg 730w, https:\/\/www.familinparis.fr\/wp-content\/uploads\/photos-libres-de-droits\/zoo-270x180.jpg 270w\" sizes=\"(max-width: 1920px) 100vw, 1920px\" \/><div class=\"wp-block-getwid-banner__caption\" style=\"min-height:300px\"><div class=\"wp-block-getwid-banner__caption-wrapper\"><span class=\"wp-block-getwid-banner__title\">Animals<\/span><p class=\"wp-block-getwid-banner__text\">#loisir<\/p><\/div><\/div><\/div><\/a><\/div>\n\n\n\n<div class=\"wp-block-getwid-banner m-b-20 has-animation-style4 has-text-animation-opacity-bottom has-foreground-20\"><a href=\"https:\/\/www.familinparis.fr\/en\/must-see-family-exhibitions-in-paris\/\" class=\"wp-block-getwid-banner__link\"><div class=\"wp-block-getwid-banner__wrapper\"><img decoding=\"async\" width=\"768\" height=\"1024\" src=\"https:\/\/www.familinparis.fr\/wp-content\/uploads\/Expos\/2022\/Machu-picchu\/parure.jpg\" alt=\"\" class=\"wp-block-getwid-banner__image wp-block-getwid-banner__source wp-image-69427\" srcset=\"https:\/\/www.familinparis.fr\/wp-content\/uploads\/Expos\/2022\/Machu-picchu\/parure.jpg 768w, https:\/\/www.familinparis.fr\/wp-content\/uploads\/Expos\/2022\/Machu-picchu\/parure-225x300.jpg 225w, https:\/\/www.familinparis.fr\/wp-content\/uploads\/Expos\/2022\/Machu-picchu\/parure-9x12.jpg 9w, https:\/\/www.familinparis.fr\/wp-content\/uploads\/Expos\/2022\/Machu-picchu\/parure-548x730.jpg 548w\" sizes=\"(max-width: 768px) 100vw, 768px\" \/><div class=\"wp-block-getwid-banner__caption\" style=\"min-height:300px\"><div class=\"wp-block-getwid-banner__caption-wrapper\"><span class=\"wp-block-getwid-banner__title\">Exhibitions<\/span><p class=\"wp-block-getwid-banner__text\">#culture<\/p><\/div><\/div><\/div><\/a><\/div>\n<\/div>\n\n\n\n<div class=\"wp-block-column is-layout-flow wp-block-column-is-layout-flow\">\n<div class=\"wp-block-getwid-banner m-b-20 has-animation-style4 has-text-animation-opacity-bottom has-foreground-20\"><a href=\"https:\/\/www.familinparis.fr\/en\/theme-and-leisure-parks\/\" class=\"wp-block-getwid-banner__link\"><div class=\"wp-block-getwid-banner__wrapper\"><img decoding=\"async\" width=\"1920\" height=\"1440\" src=\"https:\/\/www.familinparis.fr\/wp-content\/uploads\/Parc-attractions\/disneyland\/parc-attraction-disneyland-paris-PLD.jpg\" alt=\"\" class=\"wp-block-getwid-banner__image wp-block-getwid-banner__source wp-image-73192\" srcset=\"https:\/\/www.familinparis.fr\/wp-content\/uploads\/Parc-attractions\/disneyland\/parc-attraction-disneyland-paris-PLD.jpg 1920w, https:\/\/www.familinparis.fr\/wp-content\/uploads\/Parc-attractions\/disneyland\/parc-attraction-disneyland-paris-PLD-300x225.jpg 300w, https:\/\/www.familinparis.fr\/wp-content\/uploads\/Parc-attractions\/disneyland\/parc-attraction-disneyland-paris-PLD-1024x768.jpg 1024w, https:\/\/www.familinparis.fr\/wp-content\/uploads\/Parc-attractions\/disneyland\/parc-attraction-disneyland-paris-PLD-768x576.jpg 768w, https:\/\/www.familinparis.fr\/wp-content\/uploads\/Parc-attractions\/disneyland\/parc-attraction-disneyland-paris-PLD-1536x1152.jpg 1536w, https:\/\/www.familinparis.fr\/wp-content\/uploads\/Parc-attractions\/disneyland\/parc-attraction-disneyland-paris-PLD-16x12.jpg 16w, https:\/\/www.familinparis.fr\/wp-content\/uploads\/Parc-attractions\/disneyland\/parc-attraction-disneyland-paris-PLD-730x548.jpg 730w, https:\/\/www.familinparis.fr\/wp-content\/uploads\/Parc-attractions\/disneyland\/parc-attraction-disneyland-paris-PLD-800x600.jpg 800w\" sizes=\"(max-width: 1920px) 100vw, 1920px\" \/><div class=\"wp-block-getwid-banner__caption\" style=\"min-height:300px\"><div class=\"wp-block-getwid-banner__caption-wrapper\"><span class=\"wp-block-getwid-banner__title\">Amusement parks  <\/span><p class=\"wp-block-getwid-banner__text\">#loisir<\/p><\/div><\/div><\/div><\/a><\/div>\n\n\n\n<div class=\"wp-block-getwid-banner m-b-20 has-animation-style4 has-text-animation-opacity-bottom has-foreground-20\"><a href=\"https:\/\/www.familinparis.fr\/en\/castles-around-paris\/\" class=\"wp-block-getwid-banner__link\"><div class=\"wp-block-getwid-banner__wrapper\"><img decoding=\"async\" src=\"https:\/\/www.familinparis.fr\/wp-content\/uploads\/photos-familinparis-2021\/monument\/la-galerie-des-glaces-chateau-de-versailles-%C2%A9FamilinParis.jpg\" alt=\"\" class=\"wp-block-getwid-banner__image wp-block-getwid-banner__source wp-image-50817\"><div class=\"wp-block-getwid-banner__caption\" style=\"min-height:300px\"><div class=\"wp-block-getwid-banner__caption-wrapper\"><span class=\"wp-block-getwid-banner__title\">The castles<\/span><p class=\"wp-block-getwid-banner__text\">#culture<\/p><\/div><\/div><\/div><\/a><\/div>\n<\/div>\n\n\n\n<div class=\"wp-block-column is-layout-flow wp-block-column-is-layout-flow\">\n<div class=\"wp-block-getwid-banner m-b-20 has-animation-style4 has-text-animation-opacity-bottom has-foreground-20\"><a href=\"https:\/\/www.familinparis.fr\/en\/shows-for-children-and-teenagers-in-paris\/\" class=\"wp-block-getwid-banner__link\"><div class=\"wp-block-getwid-banner__wrapper\"><img decoding=\"async\" width=\"1000\" height=\"667\" src=\"https:\/\/www.familinparis.fr\/wp-content\/uploads\/Spectacles\/theatre-sh_262527686.jpg\" alt=\"\" class=\"wp-block-getwid-banner__image wp-block-getwid-banner__source wp-image-77925\" srcset=\"https:\/\/www.familinparis.fr\/wp-content\/uploads\/Spectacles\/theatre-sh_262527686.jpg 1000w, https:\/\/www.familinparis.fr\/wp-content\/uploads\/Spectacles\/theatre-sh_262527686-300x200.jpg 300w, https:\/\/www.familinparis.fr\/wp-content\/uploads\/Spectacles\/theatre-sh_262527686-768x512.jpg 768w, https:\/\/www.familinparis.fr\/wp-content\/uploads\/Spectacles\/theatre-sh_262527686-18x12.jpg 18w, https:\/\/www.familinparis.fr\/wp-content\/uploads\/Spectacles\/theatre-sh_262527686-730x487.jpg 730w, https:\/\/www.familinparis.fr\/wp-content\/uploads\/Spectacles\/theatre-sh_262527686-270x180.jpg 270w\" sizes=\"(max-width: 1000px) 100vw, 1000px\" \/><div class=\"wp-block-getwid-banner__caption\" style=\"min-height:300px\"><div class=\"wp-block-getwid-banner__caption-wrapper\"><span class=\"wp-block-getwid-banner__title\">The shows<\/span><p class=\"wp-block-getwid-banner__text\">#sortie<\/p><\/div><\/div><\/div><\/a><\/div>\n\n\n\n<div class=\"wp-block-getwid-banner m-b-20 has-animation-style4 has-text-animation-opacity-bottom has-foreground-20\"><a href=\"https:\/\/www.familinparis.fr\/en\/the-most-beautiful-parks-and-gardens-in-paris\/\" class=\"wp-block-getwid-banner__link\"><div class=\"wp-block-getwid-banner__wrapper\"><img decoding=\"async\" src=\"https:\/\/www.familinparis.fr\/wp-content\/uploads\/photos-familinparis-2021\/parc\/jardin-albert-khan-%C2%A9FamilinParis.jpg\" alt=\"\" class=\"wp-block-getwid-banner__image wp-block-getwid-banner__source wp-image-50843\"><div class=\"wp-block-getwid-banner__caption\" style=\"min-height:300px\"><div class=\"wp-block-getwid-banner__caption-wrapper\"><span class=\"wp-block-getwid-banner__title\">Parks and gardens<\/span><p class=\"wp-block-getwid-banner__text\">#loisir<\/p><\/div><\/div><\/div><\/a><\/div>\n<\/div>\n<\/div>\n\n<hr class=\"wp-block-separator has-alpha-channel-opacity is-style-default\"\/>\n\n<div class=\"wp-block-columns is-layout-flex wp-container-core-columns-is-layout-9d6595d7 wp-block-columns-is-layout-flex\">\n<div class=\"wp-block-column is-layout-flow wp-block-column-is-layout-flow\">\n<section class=\"wp-block-uagb-section uagb-section__wrap uagb-section__background-color uagb-block-3586a938 m-l-20 m-t-5\"><div class=\"uagb-section__overlay\"><\/div><div class=\"uagb-section__inner-wrap\">\n<h2 class=\"wp-block-heading has-text-align-center\">Our good deals<\/h2>\n\n\n\n<ul class=\"wp-block-list\">\n<li>&#8211; 25% off <a href=\"\/open-tour-visite-paris-la-nuit\/\">the night tour in a panoramic bus<\/a><\/li>\n\n\n\n<li>-20% on <a href=\"https:\/\/www.familinparis.fr\/en\/riddle-walks-in-the-streets-of-paris\/\">Les Balades Enigmes<\/a><\/li>\n\n\n\n<li>-15% on the <a href=\"\/croisiere-enfants-mysteres-de-paris\/\">Family Cruise<\/a><\/li>\n\n\n\n<li>-15% on the <a href=\"\/open-tours-bus-tarif-reduit\/\">Panoramic Tourist Bus<\/a>  <\/li>\n\n\n\n<li>-10% on the child rate for <a href=\"https:\/\/www.familinparis.fr\/en\/shows-surveys-or-storytelling-tours\/\">Visits to shows <\/a>(EXCLUSIVE)<\/li>\n\n\n\n<li>-10% on <a href=\"\/aquarium-de-paris-tarif\/\">L&#8217;aquarium de Paris <\/a> <\/li>\n\n\n\n<li>-10% on <a href=\"https:\/\/www.familinparis.fr\/en\/escape-game-exterieur-paris\/\">Outdoor Escape Games<\/a> <\/li>\n\n\n\n<li>-5% on <a href=\"https:\/\/www.familinparis.fr\/en\/science-experiences-at-bercy-village\/\">Science Experiments<\/a><\/li>\n<\/ul>\n\n\n\n<div class=\"wp-block-buttons m-b-10 is-horizontal is-content-justification-center is-layout-flex wp-container-core-buttons-is-layout-499968f5 wp-block-buttons-is-layout-flex\">\n<div class=\"wp-block-button\"><a class=\"wp-block-button__link has-white-color has-text-color has-background wp-element-button\" href=\"https:\/\/www.familinparis.fr\/en\/reduced-price-family-offer\/\" style=\"background-color:#db384b\">See all the promotions<\/a><\/div>\n<\/div>\n\n\n\n<div style=\"height:9px\" aria-hidden=\"true\" class=\"wp-block-spacer\"><\/div>\n<\/div><\/section>\n<\/div>\n\n\n\n<div class=\"wp-block-column is-layout-flow wp-block-column-is-layout-flow\">\n<section class=\"wp-block-uagb-section uagb-section__wrap uagb-section__background-undefined uagb-block-cc31b50e\"><div class=\"uagb-section__overlay\"><\/div><div class=\"uagb-section__inner-wrap\">\n<h2 class=\"wp-block-heading has-text-align-center\">Our current discounted rates<\/h2>\n\n\n\n<p class=\"has-text-align-left\"><a href=\"\/croisiere-enfants-mysteres-de-paris\/\">The Vedettes de Paris Family Cruise<\/a> : <strong>reduced rate from 2 tickets purchased<\/strong> <br\/><a href=\"\/vol-en-montgolfiere-ballon-generali-paris\/\">Ballon de Paris <\/a>: <strong>10%<\/strong> off tickets<a href=\"https:\/\/www.familinparis.fr\/open-tour-visite-paris-la-nuit\/\"><br\/>Tour of Paris by Night by panoramic bus <\/a>: <strong>-25%<\/strong><br\/><a href=\"\/open-tours-bus-tarif-reduit\/\">Hop On Hop Off Bus<\/a>: <strong>25%<\/strong> off<br\/><a href=\"\/open-tour-kids-tour\/\">Kids Tour by panoramic bus:<\/a> &#8211; 25%<br\/><a href=\"\/visite-guidee-paris-quad-electrique\/\">Commented ride in an electric quad<\/a> : <strong>&#8211; 14%<\/strong> discount<br\/><a href=\"https:\/\/www.familinparis.fr\/en\/science-experiences-at-bercy-village\/\">Science Experiments<\/a> : <strong>-5%<\/strong> on all tickets<br\/><a href=\"\/aquarium-de-paris-tarif\/\">The Aquarium Cin\u00e9 Aqua<\/a> : <strong>reduced rate <\/strong>on adult and child duos<br\/><a href=\"https:\/\/www.familinparis.fr\/en\/escape-game-exterieur-paris\/\">Escape Games in the streets of Paris<\/a> : <strong>-10%<\/strong> discount<br\/><a href=\"https:\/\/www.familinparis.fr\/en\/visite-guidee-paris-famille\/\">Unusual guided tours<\/a> : <strong>-10% <\/strong>discount<br\/><a href=\"https:\/\/www.familinparis.fr\/en\/riddle-walks-in-the-streets-of-paris\/\">The Riddle Walks<\/a> : <strong>-20%<\/strong> discount<br\/><a href=\"https:\/\/www.familinparis.fr\/en\/shows-surveys-or-storytelling-tours\/\">Shows with actors<\/a> : <strong>-10% <\/strong>discount on child tickets<\/p>\n<\/div><\/section>\n<\/div>\n<\/div>\n\n<h2 class=\"wp-block-heading\">Familin&#8217;Paris answers all these questions:  <\/h2>\n\n<div class=\"schema-faq wp-block-yoast-faq-block\"><div class=\"schema-faq-section\" id=\"faq-question-1770421380202\"><strong class=\"schema-faq-question\">Visit Paris with your family and what to do in Paris with your family?<\/strong> <p class=\"schema-faq-answer\">Familin&#8217;Paris is a participatory, simple, visual, practical and friendly site that gives ideas for visiting Paris with children or rediscovering Paris with your family in a good mood. It offers many <a href=\"https:\/\/www.familinparis.fr\/en\/family-packs-reduced-rates-promotions-flash-sales\/\">activities at reduced rates<\/a> <\/p> <\/div> <div class=\"schema-faq-section\" id=\"faq-question-1770421411455\"><strong class=\"schema-faq-question\">What to do in Paris with children? What outings and activities in Paris?<\/strong> <p class=\"schema-faq-answer\">Enjoy <a href=\"https:\/\/www.familinparis.fr\/en\/shows-for-children-and-teenagers-in-paris\/\">the shows<\/a>, make successful outings such as visits to <a href=\"https:\/\/www.familinparis.fr\/en\/must-see-museum-in-paris\/\">museums<\/a>, <a href=\"https:\/\/www.familinparis.fr\/en\/paris-monuments\/\">monuments<\/a>, or <a href=\"https:\/\/www.familinparis.fr\/en\/20-off-electric-scooter-rental-at-rentgo\/\">scooter rides<\/a>, find shops and restaurants welcoming to children<\/p> <\/div> <div class=\"schema-faq-section\" id=\"faq-question-1770421489221\"><strong class=\"schema-faq-question\">What to do right now in Paris with your family?<\/strong> <p class=\"schema-faq-answer\">The concept was born from our experience as travelling parents and Parisian parents: take advantage of all our tips and tricks on current outings in Paris<\/p> <\/div> <div class=\"schema-faq-section\" id=\"faq-question-1770421606642\"><strong class=\"schema-faq-question\">How to get around Paris?<\/strong> <p class=\"schema-faq-answer\">On foot, by bike, by bus, by metro, but also by <a href=\"https:\/\/www.familinparis.fr\/en\/the-batobus-on-the-seine\/\">batobus<\/a> or Tuktuk or electric scooter<\/p> <\/div> <div class=\"schema-faq-section\" id=\"faq-question-1770421672633\"><strong class=\"schema-faq-question\">What to do this weekend in Paris and its surroundings?<\/strong> <p class=\"schema-faq-answer\">Familin&#8217;Paris makes a selection of family activities that could please you this weekend: the events scheduled this weekend, the festivals, fairs, and events of all kinds scheduled this weekend in Paris and <a href=\"https:\/\/www.familinparis.fr\/en\/outing-in-ile-de-france\/\">around Paris<\/a> (less than 100km away) or by metro<\/p> <\/div> <div class=\"schema-faq-section\" id=\"faq-question-1770421800117\"><strong class=\"schema-faq-question\">Who is Familin&#8217;Paris for?<\/strong> <p class=\"schema-faq-answer\">Familin&#8217;Paris is the Paris website for children and teenagers. It is aimed at parents and families who live in the capital and its suburbs. Also to tourists who come to visit Paris with their children. To all those who are looking for ideas for activities, restaurants, places to discover or rediscover and practical advice to flourish in the city.   <\/p> <\/div> <div class=\"schema-faq-section\" id=\"faq-question-1770421835735\"><strong class=\"schema-faq-question\">How is it a different guide from the others?<\/strong> <p class=\"schema-faq-answer\">Familin&#8217;Paris offers to make your leisure time in Paris with your family fun, simple and easy thanks to our advice, tips and recommendations enriched with YOUR good plans and suggestions. All according to your budget, your available time, the age of your children <\/p> <\/div> <\/div>\n","protected":false},"excerpt":{"rendered":"<p>What are we doing this month? A guided tour, a pastry workshop, a concert, an exhibition, a play&#8230; Looking for an idea for Wednesday How to keep the children busy on Wednesdays when they don&#8217;t have football or dancing? On Wednesdays, it&#8217;s an internship at the Museum of Magic, at Lili and Clo, it&#8217;s pastry<\/p>\n","protected":false},"author":6,"featured_media":130027,"parent":0,"menu_order":0,"comment_status":"closed","ping_status":"closed","template":"","meta":{"_uag_custom_page_level_css":"","footnotes":""},"class_list":["post-133407","page","type-page","status-publish","has-post-thumbnail"],"yoast_head":"<!-- This site is optimized with the Yoast SEO plugin v27.2 - https:\/\/yoast.com\/product\/yoast-seo-wordpress\/ -->\n<title>Family Paris: visits, activities, outings, children \u2014 Familin&#039;Paris<\/title>\n<meta name=\"description\" content=\"Visit the best of Paris with your children and teenagers: outings, shows, restaurants, guided tours, shopping, good deals...\" \/>\n<meta name=\"robots\" content=\"index, follow, max-snippet:-1, max-image-preview:large, max-video-preview:-1\" \/>\n<link rel=\"canonical\" href=\"https:\/\/www.familinparis.fr\/en\/\" \/>\n<meta property=\"og:locale\" content=\"en_US\" \/>\n<meta property=\"og:type\" content=\"article\" \/>\n<meta property=\"og:title\" content=\"Family Paris: visits, activities, outings, children \u2014 Familin&#039;Paris\" \/>\n<meta property=\"og:description\" content=\"Visit the best of Paris with your children and teenagers: outings, shows, restaurants, guided tours, shopping, good deals...\" \/>\n<meta property=\"og:url\" content=\"https:\/\/www.familinparis.fr\/en\/\" \/>\n<meta property=\"og:site_name\" content=\"Familin&#039;Paris\" \/>\n<meta property=\"article:modified_time\" content=\"2026-02-12T11:19:31+00:00\" \/>\n<meta property=\"og:image\" content=\"https:\/\/www.familinparis.fr\/wp-content\/uploads\/balade-paris\/balade-enigme\/jeu-d-enigme-tour-eiffel.jpg\" \/>\n\t<meta property=\"og:image:width\" content=\"1200\" \/>\n\t<meta property=\"og:image:height\" content=\"800\" \/>\n\t<meta property=\"og:image:type\" content=\"image\/jpeg\" \/>\n<meta name=\"twitter:card\" content=\"summary_large_image\" \/>\n<meta name=\"twitter:label1\" content=\"Est. reading time\" \/>\n\t<meta name=\"twitter:data1\" content=\"4 minutes\" \/>\n<script type=\"application\/ld+json\" class=\"yoast-schema-graph\">{\"@context\":\"https:\/\/schema.org\",\"@graph\":[{\"@type\":[\"WebPage\",\"FAQPage\"],\"@id\":\"https:\/\/www.familinparis.fr\/en\/\",\"url\":\"https:\/\/www.familinparis.fr\/en\/\",\"name\":\"Family Paris: visits, activities, outings, children \u2014 Familin'Paris\",\"isPartOf\":{\"@id\":\"https:\/\/www.familinparis.fr\/en\/#website\"},\"primaryImageOfPage\":{\"@id\":\"https:\/\/www.familinparis.fr\/en\/#primaryimage\"},\"image\":{\"@id\":\"https:\/\/www.familinparis.fr\/en\/#primaryimage\"},\"thumbnailUrl\":\"https:\/\/www.familinparis.fr\/wp-content\/uploads\/balade-paris\/balade-enigme\/jeu-d-enigme-tour-eiffel.jpg\",\"datePublished\":\"2021-05-03T09:03:04+00:00\",\"dateModified\":\"2026-02-12T11:19:31+00:00\",\"description\":\"Visit the best of Paris with your children and teenagers: outings, shows, restaurants, guided tours, shopping, good deals...\",\"breadcrumb\":{\"@id\":\"https:\/\/www.familinparis.fr\/en\/#breadcrumb\"},\"mainEntity\":[{\"@id\":\"https:\/\/www.familinparis.fr\/en\/#faq-question-1770421380202\"},{\"@id\":\"https:\/\/www.familinparis.fr\/en\/#faq-question-1770421411455\"},{\"@id\":\"https:\/\/www.familinparis.fr\/en\/#faq-question-1770421489221\"},{\"@id\":\"https:\/\/www.familinparis.fr\/en\/#faq-question-1770421606642\"},{\"@id\":\"https:\/\/www.familinparis.fr\/en\/#faq-question-1770421672633\"},{\"@id\":\"https:\/\/www.familinparis.fr\/en\/#faq-question-1770421800117\"},{\"@id\":\"https:\/\/www.familinparis.fr\/en\/#faq-question-1770421835735\"}],\"inLanguage\":\"en-US\",\"potentialAction\":[{\"@type\":\"ReadAction\",\"target\":[\"https:\/\/www.familinparis.fr\/en\/\"]}]},{\"@type\":\"ImageObject\",\"inLanguage\":\"en-US\",\"@id\":\"https:\/\/www.familinparis.fr\/en\/#primaryimage\",\"url\":\"https:\/\/www.familinparis.fr\/wp-content\/uploads\/balade-paris\/balade-enigme\/jeu-d-enigme-tour-eiffel.jpg\",\"contentUrl\":\"https:\/\/www.familinparis.fr\/wp-content\/uploads\/balade-paris\/balade-enigme\/jeu-d-enigme-tour-eiffel.jpg\",\"width\":1200,\"height\":800},{\"@type\":\"BreadcrumbList\",\"@id\":\"https:\/\/www.familinparis.fr\/en\/#breadcrumb\",\"itemListElement\":[{\"@type\":\"ListItem\",\"position\":1,\"name\":\"Home\",\"item\":\"https:\/\/www.familinparis.fr\/en\/\"},{\"@type\":\"ListItem\",\"position\":2,\"name\":\"What to do in Paris with your family?\"}]},{\"@type\":\"WebSite\",\"@id\":\"https:\/\/www.familinparis.fr\/en\/#website\",\"url\":\"https:\/\/www.familinparis.fr\/en\/\",\"name\":\"Familin&#039;Paris\",\"description\":\"Visiter le meilleur de Paris avec des enfants : sorties, spectacles, adresses de restaurants, shopping, bons plans...\",\"potentialAction\":[{\"@type\":\"SearchAction\",\"target\":{\"@type\":\"EntryPoint\",\"urlTemplate\":\"https:\/\/www.familinparis.fr\/en\/?s={search_term_string}\"},\"query-input\":{\"@type\":\"PropertyValueSpecification\",\"valueRequired\":true,\"valueName\":\"search_term_string\"}}],\"inLanguage\":\"en-US\"},{\"@type\":\"Question\",\"@id\":\"https:\/\/www.familinparis.fr\/en\/#faq-question-1770421380202\",\"position\":1,\"url\":\"https:\/\/www.familinparis.fr\/en\/#faq-question-1770421380202\",\"name\":\"Visit Paris with your family and what to do in Paris with your family?\",\"answerCount\":1,\"acceptedAnswer\":{\"@type\":\"Answer\",\"text\":\"Familin'Paris is a participatory, simple, visual, practical and friendly site that gives ideas for visiting Paris with children or rediscovering Paris with your family in a good mood. It offers many <a href=\\\"https:\/\/www.familinparis.fr\/en\/family-packs-reduced-rates-promotions-flash-sales\/\\\">activities at reduced rates<\/a> \",\"inLanguage\":\"en-US\"},\"inLanguage\":\"en-US\"},{\"@type\":\"Question\",\"@id\":\"https:\/\/www.familinparis.fr\/en\/#faq-question-1770421411455\",\"position\":2,\"url\":\"https:\/\/www.familinparis.fr\/en\/#faq-question-1770421411455\",\"name\":\"What to do in Paris with children? What outings and activities in Paris?\",\"answerCount\":1,\"acceptedAnswer\":{\"@type\":\"Answer\",\"text\":\"Enjoy <a href=\\\"https:\/\/www.familinparis.fr\/en\/shows-for-children-and-teenagers-in-paris\/\\\">the shows<\/a>, make successful outings such as visits to <a href=\\\"https:\/\/www.familinparis.fr\/en\/must-see-museum-in-paris\/\\\">museums<\/a>, <a href=\\\"https:\/\/www.familinparis.fr\/en\/paris-monuments\/\\\">monuments<\/a>, or <a href=\\\"https:\/\/www.familinparis.fr\/en\/20-off-electric-scooter-rental-at-rentgo\/\\\">scooter rides<\/a>, find shops and restaurants welcoming to children\",\"inLanguage\":\"en-US\"},\"inLanguage\":\"en-US\"},{\"@type\":\"Question\",\"@id\":\"https:\/\/www.familinparis.fr\/en\/#faq-question-1770421489221\",\"position\":3,\"url\":\"https:\/\/www.familinparis.fr\/en\/#faq-question-1770421489221\",\"name\":\"What to do right now in Paris with your family?\",\"answerCount\":1,\"acceptedAnswer\":{\"@type\":\"Answer\",\"text\":\"The concept was born from our experience as travelling parents and Parisian parents: take advantage of all our tips and tricks on current outings in Paris\",\"inLanguage\":\"en-US\"},\"inLanguage\":\"en-US\"},{\"@type\":\"Question\",\"@id\":\"https:\/\/www.familinparis.fr\/en\/#faq-question-1770421606642\",\"position\":4,\"url\":\"https:\/\/www.familinparis.fr\/en\/#faq-question-1770421606642\",\"name\":\"How to get around Paris?\",\"answerCount\":1,\"acceptedAnswer\":{\"@type\":\"Answer\",\"text\":\"On foot, by bike, by bus, by metro, but also by <a href=\\\"https:\/\/www.familinparis.fr\/en\/the-batobus-on-the-seine\/\\\">batobus<\/a> or Tuktuk or electric scooter\",\"inLanguage\":\"en-US\"},\"inLanguage\":\"en-US\"},{\"@type\":\"Question\",\"@id\":\"https:\/\/www.familinparis.fr\/en\/#faq-question-1770421672633\",\"position\":5,\"url\":\"https:\/\/www.familinparis.fr\/en\/#faq-question-1770421672633\",\"name\":\"What to do this weekend in Paris and its surroundings?\",\"answerCount\":1,\"acceptedAnswer\":{\"@type\":\"Answer\",\"text\":\"Familin'Paris makes a selection of family activities that could please you this weekend: the events scheduled this weekend, the festivals, fairs, and events of all kinds scheduled this weekend in Paris and <a href=\\\"https:\/\/www.familinparis.fr\/en\/outing-in-ile-de-france\/\\\">around Paris<\/a> (less than 100km away) or by metro\",\"inLanguage\":\"en-US\"},\"inLanguage\":\"en-US\"},{\"@type\":\"Question\",\"@id\":\"https:\/\/www.familinparis.fr\/en\/#faq-question-1770421800117\",\"position\":6,\"url\":\"https:\/\/www.familinparis.fr\/en\/#faq-question-1770421800117\",\"name\":\"Who is Familin'Paris for?\",\"answerCount\":1,\"acceptedAnswer\":{\"@type\":\"Answer\",\"text\":\"Familin'Paris is the Paris website for children and teenagers. It is aimed at parents and families who live in the capital and its suburbs. Also to tourists who come to visit Paris with their children. To all those who are looking for ideas for activities, restaurants, places to discover or rediscover and practical advice to flourish in the city.   \",\"inLanguage\":\"en-US\"},\"inLanguage\":\"en-US\"},{\"@type\":\"Question\",\"@id\":\"https:\/\/www.familinparis.fr\/en\/#faq-question-1770421835735\",\"position\":7,\"url\":\"https:\/\/www.familinparis.fr\/en\/#faq-question-1770421835735\",\"name\":\"How is it a different guide from the others?\",\"answerCount\":1,\"acceptedAnswer\":{\"@type\":\"Answer\",\"text\":\"Familin'Paris offers to make your leisure time in Paris with your family fun, simple and easy thanks to our advice, tips and recommendations enriched with YOUR good plans and suggestions. All according to your budget, your available time, the age of your children \",\"inLanguage\":\"en-US\"},\"inLanguage\":\"en-US\"}]}<\/script>\n<!-- \/ Yoast SEO plugin. -->","yoast_head_json":{"title":"Family Paris: visits, activities, outings, children \u2014 Familin'Paris","description":"Visit the best of Paris with your children and teenagers: outings, shows, restaurants, guided tours, shopping, good deals...","robots":{"index":"index","follow":"follow","max-snippet":"max-snippet:-1","max-image-preview":"max-image-preview:large","max-video-preview":"max-video-preview:-1"},"canonical":"https:\/\/www.familinparis.fr\/en\/","og_locale":"en_US","og_type":"article","og_title":"Family Paris: visits, activities, outings, children \u2014 Familin'Paris","og_description":"Visit the best of Paris with your children and teenagers: outings, shows, restaurants, guided tours, shopping, good deals...","og_url":"https:\/\/www.familinparis.fr\/en\/","og_site_name":"Familin&#039;Paris","article_modified_time":"2026-02-12T11:19:31+00:00","og_image":[{"width":1200,"height":800,"url":"https:\/\/www.familinparis.fr\/wp-content\/uploads\/balade-paris\/balade-enigme\/jeu-d-enigme-tour-eiffel.jpg","type":"image\/jpeg"}],"twitter_card":"summary_large_image","twitter_misc":{"Est. reading time":"4 minutes"},"schema":{"@context":"https:\/\/schema.org","@graph":[{"@type":["WebPage","FAQPage"],"@id":"https:\/\/www.familinparis.fr\/en\/","url":"https:\/\/www.familinparis.fr\/en\/","name":"Family Paris: visits, activities, outings, children \u2014 Familin'Paris","isPartOf":{"@id":"https:\/\/www.familinparis.fr\/en\/#website"},"primaryImageOfPage":{"@id":"https:\/\/www.familinparis.fr\/en\/#primaryimage"},"image":{"@id":"https:\/\/www.familinparis.fr\/en\/#primaryimage"},"thumbnailUrl":"https:\/\/www.familinparis.fr\/wp-content\/uploads\/balade-paris\/balade-enigme\/jeu-d-enigme-tour-eiffel.jpg","datePublished":"2021-05-03T09:03:04+00:00","dateModified":"2026-02-12T11:19:31+00:00","description":"Visit the best of Paris with your children and teenagers: outings, shows, restaurants, guided tours, shopping, good deals...","breadcrumb":{"@id":"https:\/\/www.familinparis.fr\/en\/#breadcrumb"},"mainEntity":[{"@id":"https:\/\/www.familinparis.fr\/en\/#faq-question-1770421380202"},{"@id":"https:\/\/www.familinparis.fr\/en\/#faq-question-1770421411455"},{"@id":"https:\/\/www.familinparis.fr\/en\/#faq-question-1770421489221"},{"@id":"https:\/\/www.familinparis.fr\/en\/#faq-question-1770421606642"},{"@id":"https:\/\/www.familinparis.fr\/en\/#faq-question-1770421672633"},{"@id":"https:\/\/www.familinparis.fr\/en\/#faq-question-1770421800117"},{"@id":"https:\/\/www.familinparis.fr\/en\/#faq-question-1770421835735"}],"inLanguage":"en-US","potentialAction":[{"@type":"ReadAction","target":["https:\/\/www.familinparis.fr\/en\/"]}]},{"@type":"ImageObject","inLanguage":"en-US","@id":"https:\/\/www.familinparis.fr\/en\/#primaryimage","url":"https:\/\/www.familinparis.fr\/wp-content\/uploads\/balade-paris\/balade-enigme\/jeu-d-enigme-tour-eiffel.jpg","contentUrl":"https:\/\/www.familinparis.fr\/wp-content\/uploads\/balade-paris\/balade-enigme\/jeu-d-enigme-tour-eiffel.jpg","width":1200,"height":800},{"@type":"BreadcrumbList","@id":"https:\/\/www.familinparis.fr\/en\/#breadcrumb","itemListElement":[{"@type":"ListItem","position":1,"name":"Home","item":"https:\/\/www.familinparis.fr\/en\/"},{"@type":"ListItem","position":2,"name":"What to do in Paris with your family?"}]},{"@type":"WebSite","@id":"https:\/\/www.familinparis.fr\/en\/#website","url":"https:\/\/www.familinparis.fr\/en\/","name":"Familin&#039;Paris","description":"Visiter le meilleur de Paris avec des enfants : sorties, spectacles, adresses de restaurants, shopping, bons plans...","potentialAction":[{"@type":"SearchAction","target":{"@type":"EntryPoint","urlTemplate":"https:\/\/www.familinparis.fr\/en\/?s={search_term_string}"},"query-input":{"@type":"PropertyValueSpecification","valueRequired":true,"valueName":"search_term_string"}}],"inLanguage":"en-US"},{"@type":"Question","@id":"https:\/\/www.familinparis.fr\/en\/#faq-question-1770421380202","position":1,"url":"https:\/\/www.familinparis.fr\/en\/#faq-question-1770421380202","name":"Visit Paris with your family and what to do in Paris with your family?","answerCount":1,"acceptedAnswer":{"@type":"Answer","text":"Familin'Paris is a participatory, simple, visual, practical and friendly site that gives ideas for visiting Paris with children or rediscovering Paris with your family in a good mood. It offers many <a href=\"https:\/\/www.familinparis.fr\/en\/family-packs-reduced-rates-promotions-flash-sales\/\">activities at reduced rates<\/a> ","inLanguage":"en-US"},"inLanguage":"en-US"},{"@type":"Question","@id":"https:\/\/www.familinparis.fr\/en\/#faq-question-1770421411455","position":2,"url":"https:\/\/www.familinparis.fr\/en\/#faq-question-1770421411455","name":"What to do in Paris with children? What outings and activities in Paris?","answerCount":1,"acceptedAnswer":{"@type":"Answer","text":"Enjoy <a href=\"https:\/\/www.familinparis.fr\/en\/shows-for-children-and-teenagers-in-paris\/\">the shows<\/a>, make successful outings such as visits to <a href=\"https:\/\/www.familinparis.fr\/en\/must-see-museum-in-paris\/\">museums<\/a>, <a href=\"https:\/\/www.familinparis.fr\/en\/paris-monuments\/\">monuments<\/a>, or <a href=\"https:\/\/www.familinparis.fr\/en\/20-off-electric-scooter-rental-at-rentgo\/\">scooter rides<\/a>, find shops and restaurants welcoming to children","inLanguage":"en-US"},"inLanguage":"en-US"},{"@type":"Question","@id":"https:\/\/www.familinparis.fr\/en\/#faq-question-1770421489221","position":3,"url":"https:\/\/www.familinparis.fr\/en\/#faq-question-1770421489221","name":"What to do right now in Paris with your family?","answerCount":1,"acceptedAnswer":{"@type":"Answer","text":"The concept was born from our experience as travelling parents and Parisian parents: take advantage of all our tips and tricks on current outings in Paris","inLanguage":"en-US"},"inLanguage":"en-US"},{"@type":"Question","@id":"https:\/\/www.familinparis.fr\/en\/#faq-question-1770421606642","position":4,"url":"https:\/\/www.familinparis.fr\/en\/#faq-question-1770421606642","name":"How to get around Paris?","answerCount":1,"acceptedAnswer":{"@type":"Answer","text":"On foot, by bike, by bus, by metro, but also by <a href=\"https:\/\/www.familinparis.fr\/en\/the-batobus-on-the-seine\/\">batobus<\/a> or Tuktuk or electric scooter","inLanguage":"en-US"},"inLanguage":"en-US"},{"@type":"Question","@id":"https:\/\/www.familinparis.fr\/en\/#faq-question-1770421672633","position":5,"url":"https:\/\/www.familinparis.fr\/en\/#faq-question-1770421672633","name":"What to do this weekend in Paris and its surroundings?","answerCount":1,"acceptedAnswer":{"@type":"Answer","text":"Familin'Paris makes a selection of family activities that could please you this weekend: the events scheduled this weekend, the festivals, fairs, and events of all kinds scheduled this weekend in Paris and <a href=\"https:\/\/www.familinparis.fr\/en\/outing-in-ile-de-france\/\">around Paris<\/a> (less than 100km away) or by metro","inLanguage":"en-US"},"inLanguage":"en-US"},{"@type":"Question","@id":"https:\/\/www.familinparis.fr\/en\/#faq-question-1770421800117","position":6,"url":"https:\/\/www.familinparis.fr\/en\/#faq-question-1770421800117","name":"Who is Familin'Paris for?","answerCount":1,"acceptedAnswer":{"@type":"Answer","text":"Familin'Paris is the Paris website for children and teenagers. It is aimed at parents and families who live in the capital and its suburbs. Also to tourists who come to visit Paris with their children. To all those who are looking for ideas for activities, restaurants, places to discover or rediscover and practical advice to flourish in the city.   ","inLanguage":"en-US"},"inLanguage":"en-US"},{"@type":"Question","@id":"https:\/\/www.familinparis.fr\/en\/#faq-question-1770421835735","position":7,"url":"https:\/\/www.familinparis.fr\/en\/#faq-question-1770421835735","name":"How is it a different guide from the others?","answerCount":1,"acceptedAnswer":{"@type":"Answer","text":"Familin'Paris offers to make your leisure time in Paris with your family fun, simple and easy thanks to our advice, tips and recommendations enriched with YOUR good plans and suggestions. All according to your budget, your available time, the age of your children ","inLanguage":"en-US"},"inLanguage":"en-US"}]}},"uagb_featured_image_src":{"full":["https:\/\/www.familinparis.fr\/wp-content\/uploads\/balade-paris\/balade-enigme\/jeu-d-enigme-tour-eiffel.jpg",1200,800,false],"thumbnail":["https:\/\/www.familinparis.fr\/wp-content\/uploads\/balade-paris\/balade-enigme\/jeu-d-enigme-tour-eiffel-150x150.jpg",150,150,true],"medium":["https:\/\/www.familinparis.fr\/wp-content\/uploads\/balade-paris\/balade-enigme\/jeu-d-enigme-tour-eiffel-300x200.jpg",300,200,true],"medium_large":["https:\/\/www.familinparis.fr\/wp-content\/uploads\/balade-paris\/balade-enigme\/jeu-d-enigme-tour-eiffel.jpg",768,512,false],"large":["https:\/\/www.familinparis.fr\/wp-content\/uploads\/balade-paris\/balade-enigme\/jeu-d-enigme-tour-eiffel-1024x683.jpg",770,514,true],"1536x1536":["https:\/\/www.familinparis.fr\/wp-content\/uploads\/balade-paris\/balade-enigme\/jeu-d-enigme-tour-eiffel.jpg",1200,800,false],"2048x2048":["https:\/\/www.familinparis.fr\/wp-content\/uploads\/balade-paris\/balade-enigme\/jeu-d-enigme-tour-eiffel.jpg",1200,800,false],"home-thumb":["https:\/\/www.familinparis.fr\/wp-content\/uploads\/balade-paris\/balade-enigme\/jeu-d-enigme-tour-eiffel-730x487.jpg",730,487,true],"home-slider":["https:\/\/www.familinparis.fr\/wp-content\/uploads\/balade-paris\/balade-enigme\/jeu-d-enigme-tour-eiffel-800x600.jpg",800,600,true],"lightbox-slider-size":["https:\/\/www.familinparis.fr\/wp-content\/uploads\/balade-paris\/balade-enigme\/jeu-d-enigme-tour-eiffel-564x282.jpg",564,282,true],"post-thumbnail":["https:\/\/www.familinparis.fr\/wp-content\/uploads\/balade-paris\/balade-enigme\/jeu-d-enigme-tour-eiffel-270x180.jpg",270,180,true],"cheerup-main":["https:\/\/www.familinparis.fr\/wp-content\/uploads\/balade-paris\/balade-enigme\/jeu-d-enigme-tour-eiffel-770x400.jpg",770,400,true],"cheerup-main-full":["https:\/\/www.familinparis.fr\/wp-content\/uploads\/balade-paris\/balade-enigme\/jeu-d-enigme-tour-eiffel-1170x508.jpg",1170,508,true],"cheerup-slider-alt":["https:\/\/www.familinparis.fr\/wp-content\/uploads\/balade-paris\/balade-enigme\/jeu-d-enigme-tour-eiffel-1170x508.jpg",1170,508,true],"cheerup-slider-trendy":["https:\/\/www.familinparis.fr\/wp-content\/uploads\/balade-paris\/balade-enigme\/jeu-d-enigme-tour-eiffel-960x508.jpg",960,508,true],"cheerup-slider-stylish":["https:\/\/www.familinparis.fr\/wp-content\/uploads\/balade-paris\/balade-enigme\/jeu-d-enigme-tour-eiffel-900x515.jpg",900,515,true],"cheerup-slider-grid":["https:\/\/www.familinparis.fr\/wp-content\/uploads\/balade-paris\/balade-enigme\/jeu-d-enigme-tour-eiffel-870x600.jpg",870,600,true],"cheerup-slider-grid-sm":["https:\/\/www.familinparis.fr\/wp-content\/uploads\/balade-paris\/balade-enigme\/jeu-d-enigme-tour-eiffel-300x300.jpg",300,300,true],"cheerup-slider-carousel":["https:\/\/www.familinparis.fr\/wp-content\/uploads\/balade-paris\/balade-enigme\/jeu-d-enigme-tour-eiffel-370x370.jpg",370,370,true],"cheerup-slider-grid-b":["https:\/\/www.familinparis.fr\/wp-content\/uploads\/balade-paris\/balade-enigme\/jeu-d-enigme-tour-eiffel-554x466.jpg",554,466,true],"cheerup-slider-grid-b-sm":["https:\/\/www.familinparis.fr\/wp-content\/uploads\/balade-paris\/balade-enigme\/jeu-d-enigme-tour-eiffel-306x466.jpg",306,466,true],"cheerup-slider-bold-sm":["https:\/\/www.familinparis.fr\/wp-content\/uploads\/balade-paris\/balade-enigme\/jeu-d-enigme-tour-eiffel-150x150.jpg",150,150,true],"cheerup-grid":["https:\/\/www.familinparis.fr\/wp-content\/uploads\/balade-paris\/balade-enigme\/jeu-d-enigme-tour-eiffel-370x285.jpg",370,285,true],"cheerup-carousel":["https:\/\/www.familinparis.fr\/wp-content\/uploads\/balade-paris\/balade-enigme\/jeu-d-enigme-tour-eiffel-270x180.jpg",270,180,true],"cheerup-carousel-b":["https:\/\/www.familinparis.fr\/wp-content\/uploads\/balade-paris\/balade-enigme\/jeu-d-enigme-tour-eiffel-370x285.jpg",370,285,true],"cheerup-list":["https:\/\/www.familinparis.fr\/wp-content\/uploads\/balade-paris\/balade-enigme\/jeu-d-enigme-tour-eiffel-260x200.jpg",260,200,true],"cheerup-list-b":["https:\/\/www.familinparis.fr\/wp-content\/uploads\/balade-paris\/balade-enigme\/jeu-d-enigme-tour-eiffel-370x305.jpg",370,305,true],"cheerup-thumb":["https:\/\/www.familinparis.fr\/wp-content\/uploads\/balade-paris\/balade-enigme\/jeu-d-enigme-tour-eiffel-87x67.jpg",87,67,true],"cheerup-thumb-alt":["https:\/\/www.familinparis.fr\/wp-content\/uploads\/balade-paris\/balade-enigme\/jeu-d-enigme-tour-eiffel-150x150.jpg",150,150,true]},"uagb_author_info":{"display_name":"Agn\u00e8s","author_link":"https:\/\/www.familinparis.fr\/en\/author\/agnes\/"},"uagb_comment_info":0,"uagb_excerpt":"What are we doing this month? A guided tour, a pastry workshop, a concert, an exhibition, a play&#8230; Looking for an idea for Wednesday How to keep the children busy on Wednesdays when they don&#8217;t have football or dancing? On Wednesdays, it&#8217;s an internship at the Museum of Magic, at Lili and Clo, it&#8217;s pastry","_links":{"self":[{"href":"https:\/\/www.familinparis.fr\/en\/wp-json\/wp\/v2\/pages\/133407","targetHints":{"allow":["GET"]}}],"collection":[{"href":"https:\/\/www.familinparis.fr\/en\/wp-json\/wp\/v2\/pages"}],"about":[{"href":"https:\/\/www.familinparis.fr\/en\/wp-json\/wp\/v2\/types\/page"}],"author":[{"embeddable":true,"href":"https:\/\/www.familinparis.fr\/en\/wp-json\/wp\/v2\/users\/6"}],"replies":[{"embeddable":true,"href":"https:\/\/www.familinparis.fr\/en\/wp-json\/wp\/v2\/comments?post=133407"}],"version-history":[{"count":0,"href":"https:\/\/www.familinparis.fr\/en\/wp-json\/wp\/v2\/pages\/133407\/revisions"}],"wp:featuredmedia":[{"embeddable":true,"href":"https:\/\/www.familinparis.fr\/en\/wp-json\/wp\/v2\/media\/130027"}],"wp:attachment":[{"href":"https:\/\/www.familinparis.fr\/en\/wp-json\/wp\/v2\/media?parent=133407"}],"curies":[{"name":"wp","href":"https:\/\/api.w.org\/{rel}","templated":true}]}}